{"id":15085,"date":"2026-01-19T14:39:44","date_gmt":"2026-01-19T13:39:44","guid":{"rendered":"https:\/\/www.klima-allianz.ch\/?post_type=beitrag&#038;p=15085"},"modified":"2026-04-22T16:39:18","modified_gmt":"2026-04-22T14:39:18","slug":"soumission-dune-lettre-ouverte-a-la-direction-de-la-bns","status":"publish","type":"beitrag","link":"https:\/\/www.klima-allianz.ch\/fr\/article\/soumission-dune-lettre-ouverte-a-la-direction-de-la-bns\/","title":{"rendered":"Soumission d\u2019une lettre ouverte \u00e0 la direction de la BNS"},"content":{"rendered":"<p class=\"has-medium-font-size\"><strong>Nous avons remis aujourd\u2019hui \u00e0 la direction de la BNS une lettre ouverte sign\u00e9e par 93 actionnaires. Dans son discours \u00e0 l\u2019assembl\u00e9e g\u00e9n\u00e9rale 2025, Martin Schlegel a soulign\u00e9 que la BNS \u00e9tait ouverte aux retours concernant son portefeuille d\u2019investissement, en particulier en ce qui concerne les entreprises qui ne respectent pas ses directives d\u2019investissement. En tant que coalition nous nous r\u00e9jouissons que la BNS ait entre-temps exclu certaines de ces entreprises.Toutefois, le processus de ces exclusions est tr\u00e8s criticable.<br \/>\nPar cette lettre, nous r\u00e9affirmons notre demande que la BNS communique de mani\u00e8re transparente toutes les exclusions r\u00e9sultant de ses directives d\u2019investissement.<\/strong><\/p>\n<h4 class=\"gb-headline gb-headline-038ea166 gb-headline-text\"><\/h4>\n<p><strong>Lettre ouverte, Z\u00fcrich, 19 janvier 2026<\/strong><\/p>\n<p>Madame et Messieurs les membres de la direction de la Banque nationale suisse,<\/p>\n<p>En tant qu\u2019actionnaires de la BNS, engag\u00e9\u00b7es depuis plusieurs ann\u00e9es aux c\u00f4t\u00e9s de la Coalition Notre-BNS pour une banque nationale tourn\u00e9e vers l\u2019avenir, nous vous \u00e9crivons au sujet de vos r\u00e9cents d\u00e9sinvestissements.<\/p>\n<p>Nous tenons \u00e0 vous f\u00e9liciter chaleureusement pour la vente de vos participations dans Rio Tinto, Tullow Oil et EnQuest, Chevron et Shell. Une strat\u00e9gie d\u2019investissement qui exclut les entreprises responsables de graves dommages environnementaux et de violations des droits humains et qui continuent \u00e0 miser sur l\u2019exploitation des combustibles fossiles constitue une<\/p>\n<p>avanc\u00e9e significative. Nous saluons cette \u00e9volution, car elle renforce la confiance dans la BNS et la place financi\u00e8re suisse parmi un large public. En tant que sympathisant\u00b7es de la coalition Notre-BNS, nous esp\u00e9rons que cette strat\u00e9gie sera poursuivie \u00e0 l\u2019avenir et que vos investissements dans des entreprises nuisibles \u00e0 l\u2019environnement seront r\u00e9examin\u00e9s. Il s\u2019agit notamment d\u2019entreprises telles que\u00a0<strong>TotalEnergies, ExxonMobil,<\/strong>\u00a0<strong>Glencore, Enbridge, JBS, Bunge et ADM<\/strong>, qui nuisent aux \u00e9cosyst\u00e8mes vitaux \u00e0 l\u2019\u00e9chelle mondiale et menacent \u00e9galement la stabilit\u00e9 financi\u00e8re \u00e0 long terme en aggravant la crise climatique. Nous souhaitons \u00e9galement que la BNS communique de mani\u00e8re transparente les futures exclusions et d\u00e9sinvestissements. La mise en \u0153uvre silencieuse de telles mesures emp\u00eache ces d\u00e9cisions d\u2019avoir un impact plus fort et d\u2019envoyer un signal \u00e0 tous les acteurs du march\u00e9. La BNS devrait\u00a0<strong>communiquer ouvertement quelles entreprises sont exclues et pour quelles raisons,<\/strong>\u00a0<strong>et quelle communication est \u00e9tablie avec les entreprises concern\u00e9es.<\/strong>\u00a0Il s\u2019agit l\u00e0 d\u2019un \u00e9l\u00e9ment central d\u2019une strat\u00e9gie de d\u00e9sinvestissement efficace et cr\u00e9dible.<\/p>\n<p>Nous vous remercions de votre attention et nous r\u00e9jouissons de vous retrouver \u00e0 l\u2019assembl\u00e9e g\u00e9n\u00e9rale de 2026.<\/p>\n<p><strong>93 actionnaires de la BNS pour le climat<\/strong><\/p>\n","protected":false},"featured_media":0,"template":"","categories":[17],"class_list":["post-15085","beitrag","type-beitrag","status-publish","hentry","category-news-fr-2"],"better_featured_image":null,"acf":{"inhaltstyp_mediabox":"image","galerie":null,"video_html":null,"video_vimeo":"","downloads":"","links":null},"yoast_head":"<!-- This site is optimized with the Yoast SEO plugin v27.4 - https:\/\/yoast.com\/product\/yoast-seo-wordpress\/ -->\n<title>Soumission d\u2019une lettre ouverte \u00e0 la direction de la BNS &#8226; Alliance Climatique<\/title>\n<meta name=\"robots\" content=\"index, follow, max-snippet:-1, max-image-preview:large, max-video-preview:-1\" \/>\n<link rel=\"canonical\" href=\"https:\/\/www.klima-allianz.ch\/fr\/article\/soumission-dune-lettre-ouverte-a-la-direction-de-la-bns\/\" \/>\n<meta property=\"og:locale\" content=\"fr_FR\" \/>\n<meta property=\"og:type\" content=\"article\" \/>\n<meta property=\"og:title\" content=\"Soumission d\u2019une lettre ouverte \u00e0 la direction de la BNS &#8226; Alliance Climatique\" \/>\n<meta property=\"og:description\" content=\"Nous avons remis aujourd\u2019hui \u00e0 la direction de la BNS une lettre ouverte sign\u00e9e par 93 actionnaires. Dans son discours \u00e0 l\u2019assembl\u00e9e g\u00e9n\u00e9rale 2025, Martin Schlegel a soulign\u00e9 que la BNS \u00e9tait ouverte aux retours concernant son portefeuille d\u2019investissement, en particulier en ce qui concerne les entreprises qui ne respectent pas ses directives d\u2019investissement. En &hellip; Continued\" \/>\n<meta property=\"og:url\" content=\"https:\/\/www.klima-allianz.ch\/fr\/article\/soumission-dune-lettre-ouverte-a-la-direction-de-la-bns\/\" \/>\n<meta property=\"og:site_name\" content=\"Alliance Climatique\" \/>\n<meta property=\"article:modified_time\" content=\"2026-04-22T14:39:18+00:00\" \/>\n<meta name=\"twitter:card\" content=\"summary_large_image\" \/>\n<meta name=\"twitter:label1\" content=\"Dur\u00e9e de lecture estim\u00e9e\" \/>\n\t<meta name=\"twitter:data1\" content=\"3 minutes\" \/>\n<script type=\"application\/ld+json\" class=\"yoast-schema-graph\">{\"@context\":\"https:\\\/\\\/schema.org\",\"@graph\":[{\"@type\":\"WebPage\",\"@id\":\"https:\\\/\\\/www.klima-allianz.ch\\\/fr\\\/article\\\/soumission-dune-lettre-ouverte-a-la-direction-de-la-bns\\\/\",\"url\":\"https:\\\/\\\/www.klima-allianz.ch\\\/fr\\\/article\\\/soumission-dune-lettre-ouverte-a-la-direction-de-la-bns\\\/\",\"name\":\"Soumission d\u2019une lettre ouverte \u00e0 la direction de la BNS &#8226; Alliance Climatique\",\"isPartOf\":{\"@id\":\"https:\\\/\\\/www.klima-allianz.ch\\\/fr\\\/#website\"},\"datePublished\":\"2026-01-19T13:39:44+00:00\",\"dateModified\":\"2026-04-22T14:39:18+00:00\",\"breadcrumb\":{\"@id\":\"https:\\\/\\\/www.klima-allianz.ch\\\/fr\\\/article\\\/soumission-dune-lettre-ouverte-a-la-direction-de-la-bns\\\/#breadcrumb\"},\"inLanguage\":\"fr-FR\",\"potentialAction\":[{\"@type\":\"ReadAction\",\"target\":[\"https:\\\/\\\/www.klima-allianz.ch\\\/fr\\\/article\\\/soumission-dune-lettre-ouverte-a-la-direction-de-la-bns\\\/\"]}]},{\"@type\":\"BreadcrumbList\",\"@id\":\"https:\\\/\\\/www.klima-allianz.ch\\\/fr\\\/article\\\/soumission-dune-lettre-ouverte-a-la-direction-de-la-bns\\\/#breadcrumb\",\"itemListElement\":[{\"@type\":\"ListItem\",\"position\":1,\"name\":\"Home\",\"item\":\"https:\\\/\\\/www.klima-allianz.ch\\\/fr\\\/\"},{\"@type\":\"ListItem\",\"position\":2,\"name\":\"Beitr\u00e4ge\",\"item\":\"https:\\\/\\\/www.klima-allianz.ch\\\/fr\\\/article\\\/\"},{\"@type\":\"ListItem\",\"position\":3,\"name\":\"Soumission d\u2019une lettre ouverte \u00e0 la direction de la BNS\"}]},{\"@type\":\"WebSite\",\"@id\":\"https:\\\/\\\/www.klima-allianz.ch\\\/fr\\\/#website\",\"url\":\"https:\\\/\\\/www.klima-allianz.ch\\\/fr\\\/\",\"name\":\"Alliance Climatique\",\"description\":\"\",\"publisher\":{\"@id\":\"https:\\\/\\\/www.klima-allianz.ch\\\/fr\\\/#organization\"},\"potentialAction\":[{\"@type\":\"SearchAction\",\"target\":{\"@type\":\"EntryPoint\",\"urlTemplate\":\"https:\\\/\\\/www.klima-allianz.ch\\\/fr\\\/?s={search_term_string}\"},\"query-input\":{\"@type\":\"PropertyValueSpecification\",\"valueRequired\":true,\"valueName\":\"search_term_string\"}}],\"inLanguage\":\"fr-FR\"},{\"@type\":\"Organization\",\"@id\":\"https:\\\/\\\/www.klima-allianz.ch\\\/fr\\\/#organization\",\"name\":\"Klima-Allianz\",\"url\":\"https:\\\/\\\/www.klima-allianz.ch\\\/fr\\\/\",\"logo\":{\"@type\":\"ImageObject\",\"inLanguage\":\"fr-FR\",\"@id\":\"https:\\\/\\\/www.klima-allianz.ch\\\/fr\\\/#\\\/schema\\\/logo\\\/image\\\/\",\"url\":\"https:\\\/\\\/www.klima-allianz.ch\\\/wp-content\\\/uploads\\\/KA-Favicon-Kreis-1.png\",\"contentUrl\":\"https:\\\/\\\/www.klima-allianz.ch\\\/wp-content\\\/uploads\\\/KA-Favicon-Kreis-1.png\",\"width\":512,\"height\":512,\"caption\":\"Klima-Allianz\"},\"image\":{\"@id\":\"https:\\\/\\\/www.klima-allianz.ch\\\/fr\\\/#\\\/schema\\\/logo\\\/image\\\/\"}}]}<\/script>\n<!-- \/ Yoast SEO plugin. -->","yoast_head_json":{"title":"Soumission d\u2019une lettre ouverte \u00e0 la direction de la BNS &#8226; Alliance Climatique","robots":{"index":"index","follow":"follow","max-snippet":"max-snippet:-1","max-image-preview":"max-image-preview:large","max-video-preview":"max-video-preview:-1"},"canonical":"https:\/\/www.klima-allianz.ch\/fr\/article\/soumission-dune-lettre-ouverte-a-la-direction-de-la-bns\/","og_locale":"fr_FR","og_type":"article","og_title":"Soumission d\u2019une lettre ouverte \u00e0 la direction de la BNS &#8226; Alliance Climatique","og_description":"Nous avons remis aujourd\u2019hui \u00e0 la direction de la BNS une lettre ouverte sign\u00e9e par 93 actionnaires. Dans son discours \u00e0 l\u2019assembl\u00e9e g\u00e9n\u00e9rale 2025, Martin Schlegel a soulign\u00e9 que la BNS \u00e9tait ouverte aux retours concernant son portefeuille d\u2019investissement, en particulier en ce qui concerne les entreprises qui ne respectent pas ses directives d\u2019investissement. En &hellip; Continued","og_url":"https:\/\/www.klima-allianz.ch\/fr\/article\/soumission-dune-lettre-ouverte-a-la-direction-de-la-bns\/","og_site_name":"Alliance Climatique","article_modified_time":"2026-04-22T14:39:18+00:00","twitter_card":"summary_large_image","twitter_misc":{"Dur\u00e9e de lecture estim\u00e9e":"3 minutes"},"schema":{"@context":"https:\/\/schema.org","@graph":[{"@type":"WebPage","@id":"https:\/\/www.klima-allianz.ch\/fr\/article\/soumission-dune-lettre-ouverte-a-la-direction-de-la-bns\/","url":"https:\/\/www.klima-allianz.ch\/fr\/article\/soumission-dune-lettre-ouverte-a-la-direction-de-la-bns\/","name":"Soumission d\u2019une lettre ouverte \u00e0 la direction de la BNS &#8226; Alliance Climatique","isPartOf":{"@id":"https:\/\/www.klima-allianz.ch\/fr\/#website"},"datePublished":"2026-01-19T13:39:44+00:00","dateModified":"2026-04-22T14:39:18+00:00","breadcrumb":{"@id":"https:\/\/www.klima-allianz.ch\/fr\/article\/soumission-dune-lettre-ouverte-a-la-direction-de-la-bns\/#breadcrumb"},"inLanguage":"fr-FR","potentialAction":[{"@type":"ReadAction","target":["https:\/\/www.klima-allianz.ch\/fr\/article\/soumission-dune-lettre-ouverte-a-la-direction-de-la-bns\/"]}]},{"@type":"BreadcrumbList","@id":"https:\/\/www.klima-allianz.ch\/fr\/article\/soumission-dune-lettre-ouverte-a-la-direction-de-la-bns\/#breadcrumb","itemListElement":[{"@type":"ListItem","position":1,"name":"Home","item":"https:\/\/www.klima-allianz.ch\/fr\/"},{"@type":"ListItem","position":2,"name":"Beitr\u00e4ge","item":"https:\/\/www.klima-allianz.ch\/fr\/article\/"},{"@type":"ListItem","position":3,"name":"Soumission d\u2019une lettre ouverte \u00e0 la direction de la BNS"}]},{"@type":"WebSite","@id":"https:\/\/www.klima-allianz.ch\/fr\/#website","url":"https:\/\/www.klima-allianz.ch\/fr\/","name":"Alliance Climatique","description":"","publisher":{"@id":"https:\/\/www.klima-allianz.ch\/fr\/#organization"},"potentialAction":[{"@type":"SearchAction","target":{"@type":"EntryPoint","urlTemplate":"https:\/\/www.klima-allianz.ch\/fr\/?s={search_term_string}"},"query-input":{"@type":"PropertyValueSpecification","valueRequired":true,"valueName":"search_term_string"}}],"inLanguage":"fr-FR"},{"@type":"Organization","@id":"https:\/\/www.klima-allianz.ch\/fr\/#organization","name":"Klima-Allianz","url":"https:\/\/www.klima-allianz.ch\/fr\/","logo":{"@type":"ImageObject","inLanguage":"fr-FR","@id":"https:\/\/www.klima-allianz.ch\/fr\/#\/schema\/logo\/image\/","url":"https:\/\/www.klima-allianz.ch\/wp-content\/uploads\/KA-Favicon-Kreis-1.png","contentUrl":"https:\/\/www.klima-allianz.ch\/wp-content\/uploads\/KA-Favicon-Kreis-1.png","width":512,"height":512,"caption":"Klima-Allianz"},"image":{"@id":"https:\/\/www.klima-allianz.ch\/fr\/#\/schema\/logo\/image\/"}}]}},"_links":{"self":[{"href":"https:\/\/www.klima-allianz.ch\/fr\/wp-json\/wp\/v2\/beitrag\/15085","targetHints":{"allow":["GET"]}}],"collection":[{"href":"https:\/\/www.klima-allianz.ch\/fr\/wp-json\/wp\/v2\/beitrag"}],"about":[{"href":"https:\/\/www.klima-allianz.ch\/fr\/wp-json\/wp\/v2\/types\/beitrag"}],"wp:attachment":[{"href":"https:\/\/www.klima-allianz.ch\/fr\/wp-json\/wp\/v2\/media?parent=15085"}],"wp:term":[{"taxonomy":"category","embeddable":true,"href":"https:\/\/www.klima-allianz.ch\/fr\/wp-json\/wp\/v2\/categories?post=15085"}],"curies":[{"name":"wp","href":"https:\/\/api.w.org\/{rel}","templated":true}]}}