{"id":2207,"date":"2020-06-10T00:00:00","date_gmt":"2020-06-10T00:00:00","guid":{"rendered":"https:\/\/www.klima-allianz.ch\/beitrag\/loi-sur-le-co2-des-petits-pas-dans-une-crise-climatique-majeure\/"},"modified":"2020-10-27T18:58:11","modified_gmt":"2020-10-27T18:58:11","slug":"loi-sur-le-co2-des-petits-pas-dans-une-crise-climatique-majeure","status":"publish","type":"beitrag","link":"https:\/\/www.klima-allianz.ch\/fr\/article\/loi-sur-le-co2-des-petits-pas-dans-une-crise-climatique-majeure\/","title":{"rendered":"Loi sur le CO2 : des petits pas dans une crise climatique majeure"},"content":{"rendered":"<p>Le Conseil national a dans sa majorit\u00e9 &#8211; \u00e0 l\u2019exception de l\u2019UDC &#8211; largement confirm\u00e9 la loi sur le CO2 dans le sens de la version du Conseil des \u00c9tats. Mais pour l&rsquo;Alliance climatique suisse, une chose est claire : avec cette loi, la Suisse est tr\u00e8s en retard par rapport \u00e0 ce que l&rsquo;Accord de Paris sur le climat et les conclusions scientifiques exigent depuis des ann\u00e9es.<!--more--><\/p>\n<p><span style=\"text-decoration: underline;\">Objectif climatique<\/span><br \/>\nL&rsquo;Alliance climatique salue l&rsquo;ajustement de l&rsquo;objectif de r\u00e9duction des \u00e9missions en Suisse de -30% \u00e0 -37,5% d&rsquo;ici 2030. Cependant, \u00ab pour \u00eatre scientifiquement coh\u00e9rent et atteindre l&rsquo;objectif de 1,5 degr\u00e9, une r\u00e9duction d&rsquo;au moins 60% d&rsquo;ici 2030 par rapport \u00e0 1990 est n\u00e9cessaire \u00bb, d\u00e9clare Patrick Hofstetter, expert en protection du climat au WWF Suisse. Pour l\u2019Alliance climatique, il est donc clair que cet objectif doit \u00eatre revu prochainement.<\/p>\n<p><span style=\"text-decoration: underline;\">Taxe sur les billets d&rsquo;avion<\/span><br \/>\nIl est r\u00e9jouissant de constater que le Conseil national s&rsquo;est finalement prononc\u00e9 en faveur d&rsquo;une taxe sur les billets d&rsquo;avion. Il appartient maintenant au Conseil des \u00c9tats d&rsquo;apporter les am\u00e9liorations n\u00e9cessaires : \u00ab Cette taxe sur les billets d\u2019avion doit \u00eatre proportionnellement plus \u00e9lev\u00e9e pour les classes affaires et les premi\u00e8res classes, plus \u00e9mettrices de CO2, et doit \u00e9galement s&rsquo;appliquer aux passagers en transit et en transfert \u00bb, d\u00e9clare Greta Stieger, responsable du dossier \u00e0 actif-trafiC.<\/p>\n<p><span style=\"text-decoration: underline;\">Valeur cible de CO2 pour les voitures neuves<\/span><br \/>\nLa valeur cible de CO2 pour les voitures neuves doit d\u00e9sormais \u00eatre r\u00e9duite de mani\u00e8re continue gr\u00e2ce \u00e0 des objectifs interm\u00e9diaires annuels. \u00ab Cela permettra d&rsquo;\u00e9viter des \u00e9volutions ind\u00e9sirables telles que l&rsquo;augmentation interm\u00e9diaire des \u00e9missions des nouvelles voitures de 2016 \u00e0 2019 \u00bb, explique Martin Winder, chef de projet pour la politique des transports \u00e0 l\u2019ATE Suisse. L\u2019Alliance climatique regrette toutefois que les objectifs pour les nouvelles voitures n&rsquo;aient pas \u00e9t\u00e9 fix\u00e9s \u00e0 20g CO2\/km d&rsquo;ici 2030 pour atteindre les objectifs de l\u2019accord de Paris.<\/p>\n<p><span style=\"text-decoration: underline;\">Taxe sur le CO2<\/span><br \/>\nL&rsquo;Alliance climatique salue l&rsquo;augmentation progressive de la taxe sur le CO2. Elle regrette toutefois que toutes les entreprises puissent d\u00e9sormais \u00eatre exempt\u00e9es de cette taxe. Il est donc d&rsquo;autant plus important que le Conseil des \u00c9tats veille d\u00e9sormais \u00e0 ce que les entreprises doivent respecter des obligations de r\u00e9duction plus cibl\u00e9es.<\/p>\n<p><span style=\"text-decoration: underline;\">Place financi\u00e8re<\/span><br \/>\nL&rsquo;obligation faite \u00e0 la Banque nationale suisse et \u00e0 la Finma d&rsquo;examiner et de divulguer les flux financiers qui se dessine dans le d\u00e9bat actuel est un petit pas dans la bonne direction mais insuffisant. \u00abAfin d&rsquo;aligner nos flux financiers sur les objectifs de l&rsquo;Accord de Paris, nous avons besoin d&rsquo;un cadre juridique clair qui favorise une r\u00e9duction efficace des dommages climatiques li\u00e9s aux investissements\u00bb, souligne Georg Klingler, expert en protection du climat \u00e0 Greenpeace Suisse.<\/p>\n<p><span style=\"text-decoration: underline;\">Affaiblissements<\/span><br \/>\nL\u2019Alliance Climatique critique avec v\u00e9h\u00e9mence plusieurs mesures d\u2019affaiblissement prises par le Conseil national : certains syst\u00e8mes de chauffage au p\u00e9trole et au gaz qui doivent \u00eatre remplac\u00e9s de toute fa\u00e7on ne seront soumis \u00e0 une limite de CO2 qu&rsquo;\u00e0 partir de 2026 au lieu de 2023. De m\u00eame, l&rsquo;instrument \u00e9tabli et \u00e9prouv\u00e9 de l&rsquo;\u00e9valuation de l\u2019impact environnemental pour les grands projets de construction devrait continuer \u00e0 \u00eatre exempt\u00e9 de la n\u00e9cessit\u00e9 de se conformer \u00e0 des exigences v\u00e9rifiables en mati\u00e8re de protection du climat. L\u2019Alliance climatique attend du Conseil des \u00c9tats qu&rsquo;il corrige ou compense ces affaiblissements.<\/p>\n<p>Christian L\u00fcthi, directeur de l&rsquo;Alliance Climatique Suisse, conclut : \u00abla loi ne suffit pas pour atteindre les objectifs de l\u2019Accord de Paris sur le climat. Mais elle cr\u00e9e le cadre n\u00e9cessaire pour des mesures de protection du climat beaucoup plus efficaces apr\u00e8s 2020, et il est absolument essentiel que ces mesures soient continuellement renforc\u00e9es. \u00bb<\/p>\n","protected":false},"featured_media":0,"template":"","categories":[17],"class_list":["post-2207","beitrag","type-beitrag","status-publish","hentry","category-news-fr-2"],"better_featured_image":null,"acf":{"inhaltstyp_mediabox":"image","galerie":null,"video_html":null,"video_vimeo":"","downloads":null,"links":null},"yoast_head":"<!-- This site is optimized with the Yoast SEO plugin v27.4 - https:\/\/yoast.com\/product\/yoast-seo-wordpress\/ -->\n<title>Loi sur le CO2 : des petits pas dans une crise climatique majeure<\/title>\n<meta name=\"robots\" content=\"index, follow, max-snippet:-1, max-image-preview:large, max-video-preview:-1\" \/>\n<link rel=\"canonical\" href=\"https:\/\/www.klima-allianz.ch\/fr\/article\/loi-sur-le-co2-des-petits-pas-dans-une-crise-climatique-majeure\/\" \/>\n<meta property=\"og:locale\" content=\"fr_FR\" \/>\n<meta property=\"og:type\" content=\"article\" \/>\n<meta property=\"og:title\" content=\"Loi sur le CO2 : des petits pas dans une crise climatique majeure\" \/>\n<meta property=\"og:description\" content=\"Le Conseil national a dans sa majorit\u00e9 &#8211; \u00e0 l\u2019exception de l\u2019UDC &#8211; largement confirm\u00e9 la loi sur le CO2 dans le sens de la version du Conseil des \u00c9tats. Mais pour l&rsquo;Alliance climatique suisse, une chose est claire : avec cette loi, la Suisse est tr\u00e8s en retard par rapport \u00e0 ce que l&rsquo;Accord &hellip; Continued\" \/>\n<meta property=\"og:url\" content=\"https:\/\/www.klima-allianz.ch\/fr\/article\/loi-sur-le-co2-des-petits-pas-dans-une-crise-climatique-majeure\/\" \/>\n<meta property=\"og:site_name\" content=\"Alliance Climatique\" \/>\n<meta property=\"article:modified_time\" content=\"2020-10-27T18:58:11+00:00\" \/>\n<meta name=\"twitter:card\" content=\"summary_large_image\" \/>\n<meta name=\"twitter:label1\" content=\"Dur\u00e9e de lecture estim\u00e9e\" \/>\n\t<meta name=\"twitter:data1\" content=\"3 minutes\" \/>\n<script type=\"application\/ld+json\" class=\"yoast-schema-graph\">{\"@context\":\"https:\\\/\\\/schema.org\",\"@graph\":[{\"@type\":\"WebPage\",\"@id\":\"https:\\\/\\\/www.klima-allianz.ch\\\/fr\\\/article\\\/loi-sur-le-co2-des-petits-pas-dans-une-crise-climatique-majeure\\\/\",\"url\":\"https:\\\/\\\/www.klima-allianz.ch\\\/fr\\\/article\\\/loi-sur-le-co2-des-petits-pas-dans-une-crise-climatique-majeure\\\/\",\"name\":\"Loi sur le CO2 : des petits pas dans une crise climatique majeure\",\"isPartOf\":{\"@id\":\"https:\\\/\\\/www.klima-allianz.ch\\\/fr\\\/#website\"},\"datePublished\":\"2020-06-10T00:00:00+00:00\",\"dateModified\":\"2020-10-27T18:58:11+00:00\",\"breadcrumb\":{\"@id\":\"https:\\\/\\\/www.klima-allianz.ch\\\/fr\\\/article\\\/loi-sur-le-co2-des-petits-pas-dans-une-crise-climatique-majeure\\\/#breadcrumb\"},\"inLanguage\":\"fr-FR\",\"potentialAction\":[{\"@type\":\"ReadAction\",\"target\":[\"https:\\\/\\\/www.klima-allianz.ch\\\/fr\\\/article\\\/loi-sur-le-co2-des-petits-pas-dans-une-crise-climatique-majeure\\\/\"]}]},{\"@type\":\"BreadcrumbList\",\"@id\":\"https:\\\/\\\/www.klima-allianz.ch\\\/fr\\\/article\\\/loi-sur-le-co2-des-petits-pas-dans-une-crise-climatique-majeure\\\/#breadcrumb\",\"itemListElement\":[{\"@type\":\"ListItem\",\"position\":1,\"name\":\"Home\",\"item\":\"https:\\\/\\\/www.klima-allianz.ch\\\/fr\\\/\"},{\"@type\":\"ListItem\",\"position\":2,\"name\":\"Beitr\u00e4ge\",\"item\":\"https:\\\/\\\/www.klima-allianz.ch\\\/fr\\\/article\\\/\"},{\"@type\":\"ListItem\",\"position\":3,\"name\":\"Loi sur le CO2 : des petits pas dans une crise climatique majeure\"}]},{\"@type\":\"WebSite\",\"@id\":\"https:\\\/\\\/www.klima-allianz.ch\\\/fr\\\/#website\",\"url\":\"https:\\\/\\\/www.klima-allianz.ch\\\/fr\\\/\",\"name\":\"Alliance Climatique\",\"description\":\"\",\"publisher\":{\"@id\":\"https:\\\/\\\/www.klima-allianz.ch\\\/fr\\\/#organization\"},\"potentialAction\":[{\"@type\":\"SearchAction\",\"target\":{\"@type\":\"EntryPoint\",\"urlTemplate\":\"https:\\\/\\\/www.klima-allianz.ch\\\/fr\\\/?s={search_term_string}\"},\"query-input\":{\"@type\":\"PropertyValueSpecification\",\"valueRequired\":true,\"valueName\":\"search_term_string\"}}],\"inLanguage\":\"fr-FR\"},{\"@type\":\"Organization\",\"@id\":\"https:\\\/\\\/www.klima-allianz.ch\\\/fr\\\/#organization\",\"name\":\"Klima-Allianz\",\"url\":\"https:\\\/\\\/www.klima-allianz.ch\\\/fr\\\/\",\"logo\":{\"@type\":\"ImageObject\",\"inLanguage\":\"fr-FR\",\"@id\":\"https:\\\/\\\/www.klima-allianz.ch\\\/fr\\\/#\\\/schema\\\/logo\\\/image\\\/\",\"url\":\"https:\\\/\\\/www.klima-allianz.ch\\\/wp-content\\\/uploads\\\/KA-Favicon-Kreis-1.png\",\"contentUrl\":\"https:\\\/\\\/www.klima-allianz.ch\\\/wp-content\\\/uploads\\\/KA-Favicon-Kreis-1.png\",\"width\":512,\"height\":512,\"caption\":\"Klima-Allianz\"},\"image\":{\"@id\":\"https:\\\/\\\/www.klima-allianz.ch\\\/fr\\\/#\\\/schema\\\/logo\\\/image\\\/\"}}]}<\/script>\n<!-- \/ Yoast SEO plugin. -->","yoast_head_json":{"title":"Loi sur le CO2 : des petits pas dans une crise climatique majeure","robots":{"index":"index","follow":"follow","max-snippet":"max-snippet:-1","max-image-preview":"max-image-preview:large","max-video-preview":"max-video-preview:-1"},"canonical":"https:\/\/www.klima-allianz.ch\/fr\/article\/loi-sur-le-co2-des-petits-pas-dans-une-crise-climatique-majeure\/","og_locale":"fr_FR","og_type":"article","og_title":"Loi sur le CO2 : des petits pas dans une crise climatique majeure","og_description":"Le Conseil national a dans sa majorit\u00e9 &#8211; \u00e0 l\u2019exception de l\u2019UDC &#8211; largement confirm\u00e9 la loi sur le CO2 dans le sens de la version du Conseil des \u00c9tats. Mais pour l&rsquo;Alliance climatique suisse, une chose est claire : avec cette loi, la Suisse est tr\u00e8s en retard par rapport \u00e0 ce que l&rsquo;Accord &hellip; Continued","og_url":"https:\/\/www.klima-allianz.ch\/fr\/article\/loi-sur-le-co2-des-petits-pas-dans-une-crise-climatique-majeure\/","og_site_name":"Alliance Climatique","article_modified_time":"2020-10-27T18:58:11+00:00","twitter_card":"summary_large_image","twitter_misc":{"Dur\u00e9e de lecture estim\u00e9e":"3 minutes"},"schema":{"@context":"https:\/\/schema.org","@graph":[{"@type":"WebPage","@id":"https:\/\/www.klima-allianz.ch\/fr\/article\/loi-sur-le-co2-des-petits-pas-dans-une-crise-climatique-majeure\/","url":"https:\/\/www.klima-allianz.ch\/fr\/article\/loi-sur-le-co2-des-petits-pas-dans-une-crise-climatique-majeure\/","name":"Loi sur le CO2 : des petits pas dans une crise climatique majeure","isPartOf":{"@id":"https:\/\/www.klima-allianz.ch\/fr\/#website"},"datePublished":"2020-06-10T00:00:00+00:00","dateModified":"2020-10-27T18:58:11+00:00","breadcrumb":{"@id":"https:\/\/www.klima-allianz.ch\/fr\/article\/loi-sur-le-co2-des-petits-pas-dans-une-crise-climatique-majeure\/#breadcrumb"},"inLanguage":"fr-FR","potentialAction":[{"@type":"ReadAction","target":["https:\/\/www.klima-allianz.ch\/fr\/article\/loi-sur-le-co2-des-petits-pas-dans-une-crise-climatique-majeure\/"]}]},{"@type":"BreadcrumbList","@id":"https:\/\/www.klima-allianz.ch\/fr\/article\/loi-sur-le-co2-des-petits-pas-dans-une-crise-climatique-majeure\/#breadcrumb","itemListElement":[{"@type":"ListItem","position":1,"name":"Home","item":"https:\/\/www.klima-allianz.ch\/fr\/"},{"@type":"ListItem","position":2,"name":"Beitr\u00e4ge","item":"https:\/\/www.klima-allianz.ch\/fr\/article\/"},{"@type":"ListItem","position":3,"name":"Loi sur le CO2 : des petits pas dans une crise climatique majeure"}]},{"@type":"WebSite","@id":"https:\/\/www.klima-allianz.ch\/fr\/#website","url":"https:\/\/www.klima-allianz.ch\/fr\/","name":"Alliance Climatique","description":"","publisher":{"@id":"https:\/\/www.klima-allianz.ch\/fr\/#organization"},"potentialAction":[{"@type":"SearchAction","target":{"@type":"EntryPoint","urlTemplate":"https:\/\/www.klima-allianz.ch\/fr\/?s={search_term_string}"},"query-input":{"@type":"PropertyValueSpecification","valueRequired":true,"valueName":"search_term_string"}}],"inLanguage":"fr-FR"},{"@type":"Organization","@id":"https:\/\/www.klima-allianz.ch\/fr\/#organization","name":"Klima-Allianz","url":"https:\/\/www.klima-allianz.ch\/fr\/","logo":{"@type":"ImageObject","inLanguage":"fr-FR","@id":"https:\/\/www.klima-allianz.ch\/fr\/#\/schema\/logo\/image\/","url":"https:\/\/www.klima-allianz.ch\/wp-content\/uploads\/KA-Favicon-Kreis-1.png","contentUrl":"https:\/\/www.klima-allianz.ch\/wp-content\/uploads\/KA-Favicon-Kreis-1.png","width":512,"height":512,"caption":"Klima-Allianz"},"image":{"@id":"https:\/\/www.klima-allianz.ch\/fr\/#\/schema\/logo\/image\/"}}]}},"_links":{"self":[{"href":"https:\/\/www.klima-allianz.ch\/fr\/wp-json\/wp\/v2\/beitrag\/2207","targetHints":{"allow":["GET"]}}],"collection":[{"href":"https:\/\/www.klima-allianz.ch\/fr\/wp-json\/wp\/v2\/beitrag"}],"about":[{"href":"https:\/\/www.klima-allianz.ch\/fr\/wp-json\/wp\/v2\/types\/beitrag"}],"wp:attachment":[{"href":"https:\/\/www.klima-allianz.ch\/fr\/wp-json\/wp\/v2\/media?parent=2207"}],"wp:term":[{"taxonomy":"category","embeddable":true,"href":"https:\/\/www.klima-allianz.ch\/fr\/wp-json\/wp\/v2\/categories?post=2207"}],"curies":[{"name":"wp","href":"https:\/\/api.w.org\/{rel}","templated":true}]}}