{"id":2226,"date":"2019-04-30T00:00:00","date_gmt":"2019-04-30T00:00:00","guid":{"rendered":"https:\/\/www.klima-allianz.ch\/beitrag\/atelier-avec-vincent-verzat-et-victor-vauquois\/"},"modified":"2020-10-27T18:58:14","modified_gmt":"2020-10-27T18:58:14","slug":"atelier-avec-vincent-verzat-et-victor-vauquois","status":"publish","type":"beitrag","link":"https:\/\/www.klima-allianz.ch\/fr\/article\/atelier-avec-vincent-verzat-et-victor-vauquois\/","title":{"rendered":"Atelier avec Vincent Verzat et Victor Vauquois"},"content":{"rendered":"<p>L&rsquo;Alliance Climatique a organis\u00e9 deux ateliers de formation de deux jours anim\u00e9s par les talentueux vid\u00e9astes Vincent Verzat et Victor Vauquois : Avec leur cha\u00eene <a href=\"https:\/\/www.youtube.com\/user\/elfuegoo\/videos\" target=\"_blank\" rel=\"noopener noreferrer\">\u00ab Partager C&rsquo;est Sympa \u00bb,<\/a> les militants fran\u00e7ais atteignent fr\u00e9quemment des milliers de personnes dans le monde entier. \u00ab Partager C&rsquo;est Sympa \u00bb met l&rsquo;accent sur des actions des personnes qui s&rsquo;engagent pour un avenir juste et durable pour tout le monde. Par exemple, \u00e0 <a href=\"https:\/\/www.youtube.com\/watch?v=DwRcKeM_rBc\" target=\"_blank\" rel=\"noopener noreferrer\">Ende Gel\u00e4nde en Allemagne<\/a>, lors d&rsquo;une <a href=\"https:\/\/www.youtube.com\/watch?v=1nAJHhMXdpw\" target=\"_blank\" rel=\"noopener noreferrer\">action contre les investissements dans les \u00e9nergies fossiles<\/a> en France ou pendant la <a href=\"https:\/\/www.youtube.com\/watch?v=yUOa5CndsbI\" target=\"_blank\" rel=\"noopener noreferrer\">COP24 en Pologne<\/a> .<!--more--><\/p>\n<p>Vincent Verzat et Victor Vauquois sont venus en Suisse pour deux ateliers de formation afin de partager leur savoir-faire.<\/p>\n<p>Pendant ces quatre jours, Vincent Verzat et Victor Vauquois ont expliqu\u00e9 comment raconter des histoires fortes, renforcer des campagnes de mobilisation, traiter habilement le mat\u00e9riel cin\u00e9matographique et comment atteindre un public toujours plus nombreux.<\/p>\n<p>Les participant-e-s ont non seulement acquis de solides connaissances, mais ils\/elles ont \u00e9galement pu cr\u00e9er des r\u00e9seaux entre eux\/elles et lancer de nouveaux projets. Le r\u00e9seau qui en a r\u00e9sult\u00e9 a \u00e9galement jou\u00e9 un r\u00f4le important dans la mobilisation pour la <a href=\"http:\/\/www.alliance-climatique.ch\/blog\/cl-mat-de-changement-manifestation-nationale-pour-le-climat-a-berne\" target=\"_blank\" rel=\"noopener noreferrer\">manifestation nationale pour le climat<\/a> du 28.09.2019, organis\u00e9e par l&rsquo;Alliance Climatique.<\/p>\n<p><img decoding=\"async\" class=\"crop-default\" title=\"\" src=\"\/wp-content\/uploads\/215361_974702.jpeg\" alt=\"\" data-description=\"\" \/><img decoding=\"async\" class=\"crop-default\" title=\"\" src=\"\/wp-content\/uploads\/374736_928099.jpeg\" alt=\"\" data-description=\"\" \/><img decoding=\"async\" class=\"crop-default\" title=\"\" src=\"\/wp-content\/uploads\/96667_891207.jpeg\" alt=\"\" data-description=\"\" \/><img decoding=\"async\" class=\"crop-default\" title=\"\" src=\"\/wp-content\/uploads\/862333_345028.jpeg\" alt=\"\" data-description=\"\" \/><\/p>\n","protected":false},"featured_media":1089,"template":"","categories":[17],"class_list":["post-2226","beitrag","type-beitrag","status-publish","has-post-thumbnail","hentry","category-news-fr-2"],"better_featured_image":{"id":1089,"alt_text":"","caption":"","description":"","media_type":"image","media_details":{"width":2000,"height":1334,"file":"2020\/08\/749764_308924.jpeg","sizes":{"medium":{"file":"749764_308924-300x200.jpeg","width":300,"height":200,"mime-type":"image\/jpeg","source_url":"https:\/\/www.klima-allianz.ch\/wp-content\/uploads\/2020\/08\/749764_308924-300x200.jpeg"},"large":{"file":"749764_308924-1024x683.jpeg","width":1024,"height":683,"mime-type":"image\/jpeg","source_url":"https:\/\/www.klima-allianz.ch\/wp-content\/uploads\/2020\/08\/749764_308924-1024x683.jpeg"},"thumbnail":{"file":"749764_308924-550x367.jpeg","width":550,"height":367,"mime-type":"image\/jpeg","source_url":"https:\/\/www.klima-allianz.ch\/wp-content\/uploads\/2020\/08\/749764_308924-550x367.jpeg"},"medium_large":{"file":"749764_308924-768x512.jpeg","width":768,"height":512,"mime-type":"image\/jpeg","source_url":"https:\/\/www.klima-allianz.ch\/wp-content\/uploads\/2020\/08\/749764_308924-768x512.jpeg"},"1536x1536":{"file":"749764_308924-1536x1025.jpeg","width":1536,"height":1025,"mime-type":"image\/jpeg","source_url":"https:\/\/www.klima-allianz.ch\/wp-content\/uploads\/2020\/08\/749764_308924-1536x1025.jpeg"}},"image_meta":{"aperture":"0","credit":"","camera":"","caption":"","created_timestamp":"0","copyright":"","focal_length":"0","iso":"0","shutter_speed":"0","title":"","orientation":"0","keywords":[]}},"post":null,"source_url":"https:\/\/www.klima-allianz.ch\/wp-content\/uploads\/2020\/08\/749764_308924.jpeg"},"acf":{"inhaltstyp_mediabox":"image","galerie":null,"video_html":null,"video_vimeo":"","downloads":null,"links":null},"yoast_head":"<!-- This site is optimized with the Yoast SEO plugin v27.5 - https:\/\/yoast.com\/product\/yoast-seo-wordpress\/ -->\n<title>Atelier avec Vincent Verzat et Victor Vauquois<\/title>\n<meta name=\"robots\" content=\"index, follow, max-snippet:-1, max-image-preview:large, max-video-preview:-1\" \/>\n<link rel=\"canonical\" href=\"https:\/\/www.klima-allianz.ch\/fr\/article\/atelier-avec-vincent-verzat-et-victor-vauquois\/\" \/>\n<meta property=\"og:locale\" content=\"fr_FR\" \/>\n<meta property=\"og:type\" content=\"article\" \/>\n<meta property=\"og:title\" content=\"Atelier avec Vincent Verzat et Victor Vauquois\" \/>\n<meta property=\"og:description\" content=\"L&rsquo;Alliance Climatique a organis\u00e9 deux ateliers de formation de deux jours anim\u00e9s par les talentueux vid\u00e9astes Vincent Verzat et Victor Vauquois : Avec leur cha\u00eene \u00ab Partager C&rsquo;est Sympa \u00bb, les militants fran\u00e7ais atteignent fr\u00e9quemment des milliers de personnes dans le monde entier. \u00ab Partager C&rsquo;est Sympa \u00bb met l&rsquo;accent sur des actions des personnes &hellip; Continued\" \/>\n<meta property=\"og:url\" content=\"https:\/\/www.klima-allianz.ch\/fr\/article\/atelier-avec-vincent-verzat-et-victor-vauquois\/\" \/>\n<meta property=\"og:site_name\" content=\"Alliance Climatique\" \/>\n<meta property=\"article:modified_time\" content=\"2020-10-27T18:58:14+00:00\" \/>\n<meta property=\"og:image\" content=\"https:\/\/www.klima-allianz.ch\/wp-content\/uploads\/2020\/08\/749764_308924.jpeg\" \/>\n\t<meta property=\"og:image:width\" content=\"2000\" \/>\n\t<meta property=\"og:image:height\" content=\"1334\" \/>\n\t<meta property=\"og:image:type\" content=\"image\/jpeg\" \/>\n<meta name=\"twitter:card\" content=\"summary_large_image\" \/>\n<meta name=\"twitter:label1\" content=\"Dur\u00e9e de lecture estim\u00e9e\" \/>\n\t<meta name=\"twitter:data1\" content=\"1 minute\" \/>\n<script type=\"application\/ld+json\" class=\"yoast-schema-graph\">{\"@context\":\"https:\\\/\\\/schema.org\",\"@graph\":[{\"@type\":\"WebPage\",\"@id\":\"https:\\\/\\\/www.klima-allianz.ch\\\/fr\\\/article\\\/atelier-avec-vincent-verzat-et-victor-vauquois\\\/\",\"url\":\"https:\\\/\\\/www.klima-allianz.ch\\\/fr\\\/article\\\/atelier-avec-vincent-verzat-et-victor-vauquois\\\/\",\"name\":\"Atelier avec Vincent Verzat et Victor Vauquois\",\"isPartOf\":{\"@id\":\"https:\\\/\\\/www.klima-allianz.ch\\\/fr\\\/#website\"},\"primaryImageOfPage\":{\"@id\":\"https:\\\/\\\/www.klima-allianz.ch\\\/fr\\\/article\\\/atelier-avec-vincent-verzat-et-victor-vauquois\\\/#primaryimage\"},\"image\":{\"@id\":\"https:\\\/\\\/www.klima-allianz.ch\\\/fr\\\/article\\\/atelier-avec-vincent-verzat-et-victor-vauquois\\\/#primaryimage\"},\"thumbnailUrl\":\"https:\\\/\\\/www.klima-allianz.ch\\\/wp-content\\\/uploads\\\/2020\\\/08\\\/749764_308924.jpeg\",\"datePublished\":\"2019-04-30T00:00:00+00:00\",\"dateModified\":\"2020-10-27T18:58:14+00:00\",\"breadcrumb\":{\"@id\":\"https:\\\/\\\/www.klima-allianz.ch\\\/fr\\\/article\\\/atelier-avec-vincent-verzat-et-victor-vauquois\\\/#breadcrumb\"},\"inLanguage\":\"fr-FR\",\"potentialAction\":[{\"@type\":\"ReadAction\",\"target\":[\"https:\\\/\\\/www.klima-allianz.ch\\\/fr\\\/article\\\/atelier-avec-vincent-verzat-et-victor-vauquois\\\/\"]}]},{\"@type\":\"ImageObject\",\"inLanguage\":\"fr-FR\",\"@id\":\"https:\\\/\\\/www.klima-allianz.ch\\\/fr\\\/article\\\/atelier-avec-vincent-verzat-et-victor-vauquois\\\/#primaryimage\",\"url\":\"https:\\\/\\\/www.klima-allianz.ch\\\/wp-content\\\/uploads\\\/2020\\\/08\\\/749764_308924.jpeg\",\"contentUrl\":\"https:\\\/\\\/www.klima-allianz.ch\\\/wp-content\\\/uploads\\\/2020\\\/08\\\/749764_308924.jpeg\",\"width\":2000,\"height\":1334},{\"@type\":\"BreadcrumbList\",\"@id\":\"https:\\\/\\\/www.klima-allianz.ch\\\/fr\\\/article\\\/atelier-avec-vincent-verzat-et-victor-vauquois\\\/#breadcrumb\",\"itemListElement\":[{\"@type\":\"ListItem\",\"position\":1,\"name\":\"Home\",\"item\":\"https:\\\/\\\/www.klima-allianz.ch\\\/fr\\\/\"},{\"@type\":\"ListItem\",\"position\":2,\"name\":\"Beitr\u00e4ge\",\"item\":\"https:\\\/\\\/www.klima-allianz.ch\\\/fr\\\/article\\\/\"},{\"@type\":\"ListItem\",\"position\":3,\"name\":\"Atelier avec Vincent Verzat et Victor Vauquois\"}]},{\"@type\":\"WebSite\",\"@id\":\"https:\\\/\\\/www.klima-allianz.ch\\\/fr\\\/#website\",\"url\":\"https:\\\/\\\/www.klima-allianz.ch\\\/fr\\\/\",\"name\":\"Alliance Climatique\",\"description\":\"\",\"publisher\":{\"@id\":\"https:\\\/\\\/www.klima-allianz.ch\\\/fr\\\/#organization\"},\"potentialAction\":[{\"@type\":\"SearchAction\",\"target\":{\"@type\":\"EntryPoint\",\"urlTemplate\":\"https:\\\/\\\/www.klima-allianz.ch\\\/fr\\\/?s={search_term_string}\"},\"query-input\":{\"@type\":\"PropertyValueSpecification\",\"valueRequired\":true,\"valueName\":\"search_term_string\"}}],\"inLanguage\":\"fr-FR\"},{\"@type\":\"Organization\",\"@id\":\"https:\\\/\\\/www.klima-allianz.ch\\\/fr\\\/#organization\",\"name\":\"Klima-Allianz\",\"url\":\"https:\\\/\\\/www.klima-allianz.ch\\\/fr\\\/\",\"logo\":{\"@type\":\"ImageObject\",\"inLanguage\":\"fr-FR\",\"@id\":\"https:\\\/\\\/www.klima-allianz.ch\\\/fr\\\/#\\\/schema\\\/logo\\\/image\\\/\",\"url\":\"https:\\\/\\\/www.klima-allianz.ch\\\/wp-content\\\/uploads\\\/KA-Favicon-Kreis-1.png\",\"contentUrl\":\"https:\\\/\\\/www.klima-allianz.ch\\\/wp-content\\\/uploads\\\/KA-Favicon-Kreis-1.png\",\"width\":512,\"height\":512,\"caption\":\"Klima-Allianz\"},\"image\":{\"@id\":\"https:\\\/\\\/www.klima-allianz.ch\\\/fr\\\/#\\\/schema\\\/logo\\\/image\\\/\"}}]}<\/script>\n<!-- \/ Yoast SEO plugin. -->","yoast_head_json":{"title":"Atelier avec Vincent Verzat et Victor Vauquois","robots":{"index":"index","follow":"follow","max-snippet":"max-snippet:-1","max-image-preview":"max-image-preview:large","max-video-preview":"max-video-preview:-1"},"canonical":"https:\/\/www.klima-allianz.ch\/fr\/article\/atelier-avec-vincent-verzat-et-victor-vauquois\/","og_locale":"fr_FR","og_type":"article","og_title":"Atelier avec Vincent Verzat et Victor Vauquois","og_description":"L&rsquo;Alliance Climatique a organis\u00e9 deux ateliers de formation de deux jours anim\u00e9s par les talentueux vid\u00e9astes Vincent Verzat et Victor Vauquois : Avec leur cha\u00eene \u00ab Partager C&rsquo;est Sympa \u00bb, les militants fran\u00e7ais atteignent fr\u00e9quemment des milliers de personnes dans le monde entier. \u00ab Partager C&rsquo;est Sympa \u00bb met l&rsquo;accent sur des actions des personnes &hellip; Continued","og_url":"https:\/\/www.klima-allianz.ch\/fr\/article\/atelier-avec-vincent-verzat-et-victor-vauquois\/","og_site_name":"Alliance Climatique","article_modified_time":"2020-10-27T18:58:14+00:00","og_image":[{"width":2000,"height":1334,"url":"https:\/\/www.klima-allianz.ch\/wp-content\/uploads\/2020\/08\/749764_308924.jpeg","type":"image\/jpeg"}],"twitter_card":"summary_large_image","twitter_misc":{"Dur\u00e9e de lecture estim\u00e9e":"1 minute"},"schema":{"@context":"https:\/\/schema.org","@graph":[{"@type":"WebPage","@id":"https:\/\/www.klima-allianz.ch\/fr\/article\/atelier-avec-vincent-verzat-et-victor-vauquois\/","url":"https:\/\/www.klima-allianz.ch\/fr\/article\/atelier-avec-vincent-verzat-et-victor-vauquois\/","name":"Atelier avec Vincent Verzat et Victor Vauquois","isPartOf":{"@id":"https:\/\/www.klima-allianz.ch\/fr\/#website"},"primaryImageOfPage":{"@id":"https:\/\/www.klima-allianz.ch\/fr\/article\/atelier-avec-vincent-verzat-et-victor-vauquois\/#primaryimage"},"image":{"@id":"https:\/\/www.klima-allianz.ch\/fr\/article\/atelier-avec-vincent-verzat-et-victor-vauquois\/#primaryimage"},"thumbnailUrl":"https:\/\/www.klima-allianz.ch\/wp-content\/uploads\/2020\/08\/749764_308924.jpeg","datePublished":"2019-04-30T00:00:00+00:00","dateModified":"2020-10-27T18:58:14+00:00","breadcrumb":{"@id":"https:\/\/www.klima-allianz.ch\/fr\/article\/atelier-avec-vincent-verzat-et-victor-vauquois\/#breadcrumb"},"inLanguage":"fr-FR","potentialAction":[{"@type":"ReadAction","target":["https:\/\/www.klima-allianz.ch\/fr\/article\/atelier-avec-vincent-verzat-et-victor-vauquois\/"]}]},{"@type":"ImageObject","inLanguage":"fr-FR","@id":"https:\/\/www.klima-allianz.ch\/fr\/article\/atelier-avec-vincent-verzat-et-victor-vauquois\/#primaryimage","url":"https:\/\/www.klima-allianz.ch\/wp-content\/uploads\/2020\/08\/749764_308924.jpeg","contentUrl":"https:\/\/www.klima-allianz.ch\/wp-content\/uploads\/2020\/08\/749764_308924.jpeg","width":2000,"height":1334},{"@type":"BreadcrumbList","@id":"https:\/\/www.klima-allianz.ch\/fr\/article\/atelier-avec-vincent-verzat-et-victor-vauquois\/#breadcrumb","itemListElement":[{"@type":"ListItem","position":1,"name":"Home","item":"https:\/\/www.klima-allianz.ch\/fr\/"},{"@type":"ListItem","position":2,"name":"Beitr\u00e4ge","item":"https:\/\/www.klima-allianz.ch\/fr\/article\/"},{"@type":"ListItem","position":3,"name":"Atelier avec Vincent Verzat et Victor Vauquois"}]},{"@type":"WebSite","@id":"https:\/\/www.klima-allianz.ch\/fr\/#website","url":"https:\/\/www.klima-allianz.ch\/fr\/","name":"Alliance Climatique","description":"","publisher":{"@id":"https:\/\/www.klima-allianz.ch\/fr\/#organization"},"potentialAction":[{"@type":"SearchAction","target":{"@type":"EntryPoint","urlTemplate":"https:\/\/www.klima-allianz.ch\/fr\/?s={search_term_string}"},"query-input":{"@type":"PropertyValueSpecification","valueRequired":true,"valueName":"search_term_string"}}],"inLanguage":"fr-FR"},{"@type":"Organization","@id":"https:\/\/www.klima-allianz.ch\/fr\/#organization","name":"Klima-Allianz","url":"https:\/\/www.klima-allianz.ch\/fr\/","logo":{"@type":"ImageObject","inLanguage":"fr-FR","@id":"https:\/\/www.klima-allianz.ch\/fr\/#\/schema\/logo\/image\/","url":"https:\/\/www.klima-allianz.ch\/wp-content\/uploads\/KA-Favicon-Kreis-1.png","contentUrl":"https:\/\/www.klima-allianz.ch\/wp-content\/uploads\/KA-Favicon-Kreis-1.png","width":512,"height":512,"caption":"Klima-Allianz"},"image":{"@id":"https:\/\/www.klima-allianz.ch\/fr\/#\/schema\/logo\/image\/"}}]}},"_links":{"self":[{"href":"https:\/\/www.klima-allianz.ch\/fr\/wp-json\/wp\/v2\/beitrag\/2226","targetHints":{"allow":["GET"]}}],"collection":[{"href":"https:\/\/www.klima-allianz.ch\/fr\/wp-json\/wp\/v2\/beitrag"}],"about":[{"href":"https:\/\/www.klima-allianz.ch\/fr\/wp-json\/wp\/v2\/types\/beitrag"}],"wp:featuredmedia":[{"embeddable":true,"href":"https:\/\/www.klima-allianz.ch\/fr\/wp-json\/wp\/v2\/media\/1089"}],"wp:attachment":[{"href":"https:\/\/www.klima-allianz.ch\/fr\/wp-json\/wp\/v2\/media?parent=2226"}],"wp:term":[{"taxonomy":"category","embeddable":true,"href":"https:\/\/www.klima-allianz.ch\/fr\/wp-json\/wp\/v2\/categories?post=2226"}],"curies":[{"name":"wp","href":"https:\/\/api.w.org\/{rel}","templated":true}]}}