{"id":2233,"date":"2018-11-22T00:00:00","date_gmt":"2018-11-22T00:00:00","guid":{"rendered":"https:\/\/www.klima-allianz.ch\/beitrag\/des-professeurs-de-finance-veulent-un-tournant-climatique-a-la-banque-nationale\/"},"modified":"2020-10-30T22:38:59","modified_gmt":"2020-10-30T22:38:59","slug":"des-professeurs-de-finance-veulent-un-tournant-climatique-a-la-banque-nationale","status":"publish","type":"beitrag","link":"https:\/\/www.klima-allianz.ch\/fr\/article\/des-professeurs-de-finance-veulent-un-tournant-climatique-a-la-banque-nationale\/","title":{"rendered":"Des professeurs de finance veulent un tournant climatique \u00e0 la Banque nationale"},"content":{"rendered":"<p>Les investissements \u00e9trangers de la Banque nationale suisse (BNS) g\u00e9n\u00e8rent au moins autant de gaz \u00e0 effet de serre que la Suisse dans son ensemble. Une initiative parlementaire exige qu&rsquo;\u00e0 l&rsquo;avenir, la BNS s&rsquo;engage \u00e9galement pour la durabilit\u00e9 et la protection du climat. Par une prise de position adress\u00e9e aux membres du Conseil national, des professeurs de finance renomm\u00e9s demandent un tournant dans la politique mon\u00e9taire de la BNS et la prise en compte des risques climatiques pour la place financi\u00e8re. La Banque centrale europ\u00e9enne et 18 banques centrales et autorit\u00e9s de surveillance du monde entier ont reconnu les risques climatiques croissants pour leurs places financi\u00e8res. Alors que celles-ci veulent \u00e9galement saisir les opportunit\u00e9s climatiques pour leur \u00e9conomie, la BNS reste inactive.<!--more--><\/p>\n<p>La BNS a actuellement environ 10 pour cent de ses r\u00e9serves totales, soit 61,5 milliards de dollars, investis \u00e0 la bourse am\u00e9ricaine. De ce fait, elle investit \u00e9galement massivement dans des entreprises de combustibles fossiles comme le charbon, le p\u00e9trole et le gaz naturel. Elle double ainsi les \u00e9missions de CO2 de la Suisse. D&rsquo;autre part, elle ignore les <a href=\"https:\/\/www.banque-france.fr\/en\/financial-stability\/international-role\/network-greening-financial-system\/about-us\" target=\"_blank\" rel=\"noopener noreferrer\">d\u00e9clarations<\/a> des grandes banques centrales et des institutions financi\u00e8res internationales qui d\u00e9clarent prendre le changement climatique au s\u00e9rieux.<\/p>\n<p>C&rsquo;est dans cette optique que des experts financiers et \u00e9conomiques soutiennent l&rsquo;<a href=\"\/wp-content\/uploads\/Prise de position finance InitParl BNS 181122.pdf\" target=\"_blank\" rel=\"noopener noreferrer\">prise de position <\/a>adress\u00e9e aux membres du Conseil national. La proposition qui sera soumise au vote lors de la prochaine session cr\u00e9era le cadre pour l&rsquo;int\u00e9gration des risques climatiques dans la politique d&rsquo;investissement et la gestion des risques de la BNS. En effet, les impacts du changement climatique obligeront les pays et les \u00e9conomies du monde \u00e0 agir \u00e0 la h\u00e2te. Similaire \u00e0 la crise financi\u00e8re d&rsquo;il y a 10 ans, une succession de faillites d&rsquo;entreprises d\u00e9pendantes des combustibles fossiles, de leurs banques et de leurs compagnies\u00a0d&rsquo;assurance menace d&rsquo;amener la place financi\u00e8re au bord de la d\u00e9b\u00e2cle. La transition vers une \u00e9conomie sans fossiles risque de mettre les secteurs traditionnels sous pression et de faire s&rsquo;effondrer les valeurs des entreprises. Les professeurs de finance d\u00e9clarent : \u00abCompte tenu de l&rsquo;impact potentiel des dommages climatiques sur la place financi\u00e8re et des effets n\u00e9gatifs de la transition vers une \u00e9conomie faible en carbone, elle devrait commencer \u00e0 concevoir des analyses de sc\u00e9narios climatiques et des tests de stress climatique.\u00bb<\/p>\n<p>\u00abLa clarification juridique du mandat de la BNS est dans l&rsquo;int\u00e9r\u00eat de la place financi\u00e8re et de l&rsquo;\u00e9conomie\u00bb explique Christian L\u00fcthi, directeur de l&rsquo;Alliance climatique suisse. \u00abAvec son poids en tant que<a href=\"https:\/\/www.omfif.org\/media\/1759349\/gpi-2017-concept.pdf\" target=\"_blank\" rel=\"noopener noreferrer\"> huiti\u00e8me investisseur public mondial<\/a> et responsable du syst\u00e8me financier suisse, son r\u00f4le dans la protection du climat et l&rsquo;\u00e9conomie est si important qu&rsquo;un mandat l\u00e9gal \u00e9tendu \u00e0 la durabilit\u00e9 assure l&rsquo;avenir de notre place financi\u00e8re.\u00bb L&rsquo;Alliance climatique appelle au soutien de cette initiative dans une <a href=\"https:\/\/www.klima-allianz.ch\/wp-content\/uploads\/Lettre-Membres-Conseilnational_Initiative-parlementaire-BNS-181122.pdf\" target=\"_blank\" rel=\"noopener noreferrer\">lettre adress\u00e9e aux membres du Conseil national<\/a>.<\/p>\n<p><span style=\"text-decoration: underline;\">Attendre davantage nuit \u00e0 la place financi\u00e8re<\/span><\/p>\n<p><a href=\"https:\/\/www.klima-allianz.ch\/wp-content\/uploads\/Prise-de-position-finance-InitParl-BNS-181122.pdf\" target=\"_blank\" rel=\"noopener noreferrer\">Prise de position du point de vue de la science financi\u00e8re et \u00e9conomique \u00e0 l&rsquo;appui de l&rsquo;initiative parlementaire de la Conseill\u00e8re nationale Ad\u00e8le Thorens sur la modification de la loi sur la Banque nationale &#8211; Int\u00e9gration des risques climatiques dans le syst\u00e8me de gestion des risques de la BNS<\/a> (22.11.2018)<\/p>\n<p>Quelques signataires:<\/p>\n<p>&#8211; Sergio Rossi, Chaire de macro\u00e9conomie et d&rsquo;\u00e9conomie mon\u00e9taire, list\u00e9 parmi les <a href=\"https:\/\/www3.unifr.ch\/mapom\/fr\/chaire\/equipe\/prof.html\" target=\"_blank\" rel=\"noopener noreferrer\">30 \u00e9conomistes les plus influents en Suisse<\/a> par la Neue Z\u00fcrcher Zeitung, Universit\u00e9 de Fribourg<\/p>\n<p>&#8211; Marc Chesney, chef du d\u00e9partement de la banque et des finances, chef de projet de l&rsquo;axe de recherche \u00ab\u00a0Finance et march\u00e9s financiers\u00a0\u00bb, auteur de l\u2019\u00e9tude \u201c<a href=\"https:\/\/link.springer.com\/article\/10.1007\/s10479-016-2258-5\" target=\"_blank\" rel=\"noopener noreferrer\">Mitigating Global Warming: A Real Options Approach<\/a>\u201d, co-auteur de l\u2019\u00e9tude \u201c<a href=\"https:\/\/www.sciencedirect.com\/science\/article\/pii\/S0301421502001015\" target=\"_blank\" rel=\"noopener noreferrer\">The impact of possible climate catastrophes on global warming policy<\/a>\u201d,Universit\u00e9 de Zurich<\/p>\n<p>&#8211; Philippe Thalmann, titulaire de la chaire d&rsquo;\u00e9conomie de l&rsquo;environnement, du d\u00e9veloppement durable et du changement climatique, membre de l&rsquo;Organe consultatif pour les changements climatiques OcCC et du comit\u00e9 consultatif du \u00ab\u00a0<a href=\"https:\/\/sciencesnaturelles.ch\/organisations\/proclim\" target=\"_blank\" rel=\"noopener noreferrer\">Forum for climate and global change ProClim<\/a>\u00a0\u00bb de l&rsquo;Acad\u00e9mie des sciences naturelles, EPFL Lausanne<\/p>\n<p>&#8211; Stefano Battiston, titulaire de la chaire de dynamique des syst\u00e8mes financiers, fondateur du FINEXUS Center for Financial Networks and Sustainability, auteur de l&rsquo;\u00e9tude \u00ab\u00a0<a href=\"https:\/\/papers.ssrn.com\/sol3\/papers.cfm?abstract_id=2726076\" target=\"_blank\" rel=\"noopener noreferrer\">A Climate Stress Test for the Financial System<\/a>\u00ab\u00a0, Dept. of Banking and Finance, Universit\u00e9 de Zurich<\/p>\n<p>&#8211; Anthony Patt, Sciences de l&rsquo;environnement, protection du climat et adaptation, <a href=\"http:\/\/www.cp.ethz.ch\/people\/person-detail.html?persid=197701\" target=\"_blank\" rel=\"noopener noreferrer\">Coordinating Lead Author of the Chapter on International Coordination for the Assessment Report of the International Panel on Climate Change (IPCC<\/a>), ETH Zurich<\/p>\n<p><a href=\"https:\/\/www.klima-allianz.ch\/wp-content\/uploads\/Lettre-Membres-Conseilnational_Initiative-parlementaire-BNS-181122.pdf\">Lettre de l&rsquo;Alliance climatique aux membres de la Commission des affaires \u00e9conomiques et de redevances<\/a> (29.8.2018)<\/p>\n<p><a href=\"https:\/\/www.artisansdelatransition.org\/assets\/banque-nationale-suisse-investissements-energies-fossiles-artisansdelatransition-2018.pdf\" target=\"_blank\" rel=\"noopener noreferrer\">Etude sur la politique d&rsquo;investissement de la Banque nationale<\/a>, Artisans de la Transition (avril 2018)<\/p>\n<p><a href=\"https:\/\/www.klima-allianz.ch\/wp-content\/uploads\/AllianceClimatique_BNS-Recommandations_2018-04-1.pdf\">Recommandations de l&rsquo;Alliance climatique \u00e0 la Banque nationale sur les risques climatiques<\/a> (avril 2018)<\/p>\n<p><a href=\"https:\/\/www.cepweb.org\/central-banks-should-reflect-climate-risks-in-monetary-policy-operations\/\" target=\"_blank\" rel=\"noopener noreferrer\">Central Banks should Reflect Climate Risks in Monetary Policy Operations<\/a>, Pierre Monnin, Council on Economic Policies (Sept. 2018)<\/p>\n<p><a href=\"https:\/\/www.banque-france.fr\/en\/financial-stability\/international-role\/network-greening-financial-system\/about-us\" target=\"_blank\" rel=\"noopener noreferrer\">Network for Greening the Financial System<\/a> (NGFS) (\u00e9tat des lieux actuel des membres)<\/p>\n<p><a href=\"https:\/\/www.banque-france.fr\/communique-de-presse\/publication-des-mandats-confies-aux-groupes-de-travail-techniques-du-ngfs-et-des-nouvelles-adhesions\" target=\"_blank\" rel=\"noopener noreferrer\">Publication des mandats des axes de travail techniques<\/a> du NGFS (mai 2018)<\/p>\n<p><a href=\"https:\/\/www.banque-france.fr\/intervention\/la-finance-verte-une-nouvelle-frontiere-pour-le-xxie-siecle\" target=\"_blank\" rel=\"noopener noreferrer\">La finance verte : une nouvelle fronti\u00e8re pour le XXIe si\u00e8cle<\/a> (Discours du gouverneur de la Banque de France, avril 2018)<\/p>\n","protected":false},"featured_media":0,"template":"","categories":[17],"class_list":["post-2233","beitrag","type-beitrag","status-publish","hentry","category-news-fr-2"],"better_featured_image":null,"acf":{"inhaltstyp_mediabox":"image","galerie":null,"video_html":null,"video_vimeo":"","downloads":null,"links":null},"yoast_head":"<!-- This site is optimized with the Yoast SEO plugin v27.5 - https:\/\/yoast.com\/product\/yoast-seo-wordpress\/ -->\n<title>Des professeurs de finance veulent un tournant climatique \u00e0 la Banque nationale<\/title>\n<meta name=\"robots\" content=\"index, follow, max-snippet:-1, max-image-preview:large, max-video-preview:-1\" \/>\n<link rel=\"canonical\" href=\"https:\/\/www.klima-allianz.ch\/fr\/article\/des-professeurs-de-finance-veulent-un-tournant-climatique-a-la-banque-nationale\/\" \/>\n<meta property=\"og:locale\" content=\"fr_FR\" \/>\n<meta property=\"og:type\" content=\"article\" \/>\n<meta property=\"og:title\" content=\"Des professeurs de finance veulent un tournant climatique \u00e0 la Banque nationale\" \/>\n<meta property=\"og:description\" content=\"Les investissements \u00e9trangers de la Banque nationale suisse (BNS) g\u00e9n\u00e8rent au moins autant de gaz \u00e0 effet de serre que la Suisse dans son ensemble. Une initiative parlementaire exige qu&rsquo;\u00e0 l&rsquo;avenir, la BNS s&rsquo;engage \u00e9galement pour la durabilit\u00e9 et la protection du climat. Par une prise de position adress\u00e9e aux membres du Conseil national, des &hellip; Continued\" \/>\n<meta property=\"og:url\" content=\"https:\/\/www.klima-allianz.ch\/fr\/article\/des-professeurs-de-finance-veulent-un-tournant-climatique-a-la-banque-nationale\/\" \/>\n<meta property=\"og:site_name\" content=\"Alliance Climatique\" \/>\n<meta property=\"article:modified_time\" content=\"2020-10-30T22:38:59+00:00\" \/>\n<meta name=\"twitter:card\" content=\"summary_large_image\" \/>\n<meta name=\"twitter:label1\" content=\"Dur\u00e9e de lecture estim\u00e9e\" \/>\n\t<meta name=\"twitter:data1\" content=\"4 minutes\" \/>\n<script type=\"application\/ld+json\" class=\"yoast-schema-graph\">{\"@context\":\"https:\\\/\\\/schema.org\",\"@graph\":[{\"@type\":\"WebPage\",\"@id\":\"https:\\\/\\\/www.klima-allianz.ch\\\/fr\\\/article\\\/des-professeurs-de-finance-veulent-un-tournant-climatique-a-la-banque-nationale\\\/\",\"url\":\"https:\\\/\\\/www.klima-allianz.ch\\\/fr\\\/article\\\/des-professeurs-de-finance-veulent-un-tournant-climatique-a-la-banque-nationale\\\/\",\"name\":\"Des professeurs de finance veulent un tournant climatique \u00e0 la Banque nationale\",\"isPartOf\":{\"@id\":\"https:\\\/\\\/www.klima-allianz.ch\\\/fr\\\/#website\"},\"datePublished\":\"2018-11-22T00:00:00+00:00\",\"dateModified\":\"2020-10-30T22:38:59+00:00\",\"breadcrumb\":{\"@id\":\"https:\\\/\\\/www.klima-allianz.ch\\\/fr\\\/article\\\/des-professeurs-de-finance-veulent-un-tournant-climatique-a-la-banque-nationale\\\/#breadcrumb\"},\"inLanguage\":\"fr-FR\",\"potentialAction\":[{\"@type\":\"ReadAction\",\"target\":[\"https:\\\/\\\/www.klima-allianz.ch\\\/fr\\\/article\\\/des-professeurs-de-finance-veulent-un-tournant-climatique-a-la-banque-nationale\\\/\"]}]},{\"@type\":\"BreadcrumbList\",\"@id\":\"https:\\\/\\\/www.klima-allianz.ch\\\/fr\\\/article\\\/des-professeurs-de-finance-veulent-un-tournant-climatique-a-la-banque-nationale\\\/#breadcrumb\",\"itemListElement\":[{\"@type\":\"ListItem\",\"position\":1,\"name\":\"Home\",\"item\":\"https:\\\/\\\/www.klima-allianz.ch\\\/fr\\\/\"},{\"@type\":\"ListItem\",\"position\":2,\"name\":\"Beitr\u00e4ge\",\"item\":\"https:\\\/\\\/www.klima-allianz.ch\\\/fr\\\/article\\\/\"},{\"@type\":\"ListItem\",\"position\":3,\"name\":\"Des professeurs de finance veulent un tournant climatique \u00e0 la Banque nationale\"}]},{\"@type\":\"WebSite\",\"@id\":\"https:\\\/\\\/www.klima-allianz.ch\\\/fr\\\/#website\",\"url\":\"https:\\\/\\\/www.klima-allianz.ch\\\/fr\\\/\",\"name\":\"Alliance Climatique\",\"description\":\"\",\"publisher\":{\"@id\":\"https:\\\/\\\/www.klima-allianz.ch\\\/fr\\\/#organization\"},\"potentialAction\":[{\"@type\":\"SearchAction\",\"target\":{\"@type\":\"EntryPoint\",\"urlTemplate\":\"https:\\\/\\\/www.klima-allianz.ch\\\/fr\\\/?s={search_term_string}\"},\"query-input\":{\"@type\":\"PropertyValueSpecification\",\"valueRequired\":true,\"valueName\":\"search_term_string\"}}],\"inLanguage\":\"fr-FR\"},{\"@type\":\"Organization\",\"@id\":\"https:\\\/\\\/www.klima-allianz.ch\\\/fr\\\/#organization\",\"name\":\"Klima-Allianz\",\"url\":\"https:\\\/\\\/www.klima-allianz.ch\\\/fr\\\/\",\"logo\":{\"@type\":\"ImageObject\",\"inLanguage\":\"fr-FR\",\"@id\":\"https:\\\/\\\/www.klima-allianz.ch\\\/fr\\\/#\\\/schema\\\/logo\\\/image\\\/\",\"url\":\"https:\\\/\\\/www.klima-allianz.ch\\\/wp-content\\\/uploads\\\/KA-Favicon-Kreis-1.png\",\"contentUrl\":\"https:\\\/\\\/www.klima-allianz.ch\\\/wp-content\\\/uploads\\\/KA-Favicon-Kreis-1.png\",\"width\":512,\"height\":512,\"caption\":\"Klima-Allianz\"},\"image\":{\"@id\":\"https:\\\/\\\/www.klima-allianz.ch\\\/fr\\\/#\\\/schema\\\/logo\\\/image\\\/\"}}]}<\/script>\n<!-- \/ Yoast SEO plugin. -->","yoast_head_json":{"title":"Des professeurs de finance veulent un tournant climatique \u00e0 la Banque nationale","robots":{"index":"index","follow":"follow","max-snippet":"max-snippet:-1","max-image-preview":"max-image-preview:large","max-video-preview":"max-video-preview:-1"},"canonical":"https:\/\/www.klima-allianz.ch\/fr\/article\/des-professeurs-de-finance-veulent-un-tournant-climatique-a-la-banque-nationale\/","og_locale":"fr_FR","og_type":"article","og_title":"Des professeurs de finance veulent un tournant climatique \u00e0 la Banque nationale","og_description":"Les investissements \u00e9trangers de la Banque nationale suisse (BNS) g\u00e9n\u00e8rent au moins autant de gaz \u00e0 effet de serre que la Suisse dans son ensemble. Une initiative parlementaire exige qu&rsquo;\u00e0 l&rsquo;avenir, la BNS s&rsquo;engage \u00e9galement pour la durabilit\u00e9 et la protection du climat. Par une prise de position adress\u00e9e aux membres du Conseil national, des &hellip; Continued","og_url":"https:\/\/www.klima-allianz.ch\/fr\/article\/des-professeurs-de-finance-veulent-un-tournant-climatique-a-la-banque-nationale\/","og_site_name":"Alliance Climatique","article_modified_time":"2020-10-30T22:38:59+00:00","twitter_card":"summary_large_image","twitter_misc":{"Dur\u00e9e de lecture estim\u00e9e":"4 minutes"},"schema":{"@context":"https:\/\/schema.org","@graph":[{"@type":"WebPage","@id":"https:\/\/www.klima-allianz.ch\/fr\/article\/des-professeurs-de-finance-veulent-un-tournant-climatique-a-la-banque-nationale\/","url":"https:\/\/www.klima-allianz.ch\/fr\/article\/des-professeurs-de-finance-veulent-un-tournant-climatique-a-la-banque-nationale\/","name":"Des professeurs de finance veulent un tournant climatique \u00e0 la Banque nationale","isPartOf":{"@id":"https:\/\/www.klima-allianz.ch\/fr\/#website"},"datePublished":"2018-11-22T00:00:00+00:00","dateModified":"2020-10-30T22:38:59+00:00","breadcrumb":{"@id":"https:\/\/www.klima-allianz.ch\/fr\/article\/des-professeurs-de-finance-veulent-un-tournant-climatique-a-la-banque-nationale\/#breadcrumb"},"inLanguage":"fr-FR","potentialAction":[{"@type":"ReadAction","target":["https:\/\/www.klima-allianz.ch\/fr\/article\/des-professeurs-de-finance-veulent-un-tournant-climatique-a-la-banque-nationale\/"]}]},{"@type":"BreadcrumbList","@id":"https:\/\/www.klima-allianz.ch\/fr\/article\/des-professeurs-de-finance-veulent-un-tournant-climatique-a-la-banque-nationale\/#breadcrumb","itemListElement":[{"@type":"ListItem","position":1,"name":"Home","item":"https:\/\/www.klima-allianz.ch\/fr\/"},{"@type":"ListItem","position":2,"name":"Beitr\u00e4ge","item":"https:\/\/www.klima-allianz.ch\/fr\/article\/"},{"@type":"ListItem","position":3,"name":"Des professeurs de finance veulent un tournant climatique \u00e0 la Banque nationale"}]},{"@type":"WebSite","@id":"https:\/\/www.klima-allianz.ch\/fr\/#website","url":"https:\/\/www.klima-allianz.ch\/fr\/","name":"Alliance Climatique","description":"","publisher":{"@id":"https:\/\/www.klima-allianz.ch\/fr\/#organization"},"potentialAction":[{"@type":"SearchAction","target":{"@type":"EntryPoint","urlTemplate":"https:\/\/www.klima-allianz.ch\/fr\/?s={search_term_string}"},"query-input":{"@type":"PropertyValueSpecification","valueRequired":true,"valueName":"search_term_string"}}],"inLanguage":"fr-FR"},{"@type":"Organization","@id":"https:\/\/www.klima-allianz.ch\/fr\/#organization","name":"Klima-Allianz","url":"https:\/\/www.klima-allianz.ch\/fr\/","logo":{"@type":"ImageObject","inLanguage":"fr-FR","@id":"https:\/\/www.klima-allianz.ch\/fr\/#\/schema\/logo\/image\/","url":"https:\/\/www.klima-allianz.ch\/wp-content\/uploads\/KA-Favicon-Kreis-1.png","contentUrl":"https:\/\/www.klima-allianz.ch\/wp-content\/uploads\/KA-Favicon-Kreis-1.png","width":512,"height":512,"caption":"Klima-Allianz"},"image":{"@id":"https:\/\/www.klima-allianz.ch\/fr\/#\/schema\/logo\/image\/"}}]}},"_links":{"self":[{"href":"https:\/\/www.klima-allianz.ch\/fr\/wp-json\/wp\/v2\/beitrag\/2233","targetHints":{"allow":["GET"]}}],"collection":[{"href":"https:\/\/www.klima-allianz.ch\/fr\/wp-json\/wp\/v2\/beitrag"}],"about":[{"href":"https:\/\/www.klima-allianz.ch\/fr\/wp-json\/wp\/v2\/types\/beitrag"}],"wp:attachment":[{"href":"https:\/\/www.klima-allianz.ch\/fr\/wp-json\/wp\/v2\/media?parent=2233"}],"wp:term":[{"taxonomy":"category","embeddable":true,"href":"https:\/\/www.klima-allianz.ch\/fr\/wp-json\/wp\/v2\/categories?post=2233"}],"curies":[{"name":"wp","href":"https:\/\/api.w.org\/{rel}","templated":true}]}}