{"id":2250,"date":"2017-05-30T00:00:00","date_gmt":"2017-05-30T00:00:00","guid":{"rendered":"https:\/\/www.klima-allianz.ch\/beitrag\/la-bns-tolere-t-elle-le-deni-climatique-et-le-non-respect-des-droits-humains\/"},"modified":"2020-10-27T18:58:17","modified_gmt":"2020-10-27T18:58:17","slug":"la-bns-tolere-t-elle-le-deni-climatique-et-le-non-respect-des-droits-humains","status":"publish","type":"beitrag","link":"https:\/\/www.klima-allianz.ch\/fr\/article\/la-bns-tolere-t-elle-le-deni-climatique-et-le-non-respect-des-droits-humains\/","title":{"rendered":"La BNS tol\u00e8re-t-elle le d\u00e9ni climatique et le non-respect des droits humains?"},"content":{"rendered":"<p>Lors de l&rsquo;Assembl\u00e9e annuelle de Chevron le 31 mai 2017, la BNS va exercer ses droits de vote sur la base de ses actions repr\u00e9sentant 704 millions de dollars US. Selon l&rsquo;article paru dans le journal \u00ab Le Temps \u00bb le 30 mai 2017, elle refuse de donner des informations concernant ses votes pr\u00e9sents et futurs. Nous estimons que le peuple suisse a le droit de savoir, si par leurs investissements, ses institutions publiques respectent les objectifs que la Suisse s&rsquo;est donn\u00e9e en signant l&rsquo;Accord sur le climat \u00e0 Paris et la D\u00e9claration universelle des droits de l\u2019Homme.<!--more--><\/p>\n<ul>\n<li>Chevron finance des groupes de lobbying qui alimentent le climato-scepticisme et nient l&rsquo;efficacit\u00e9 des mesures visant la protection du climat. La banque nationale va-t-elle soutenir avec ses votes la proposition demandant plus de transparence concernant les activit\u00e9s de lobbying de Chevron ?<\/li>\n<li>Chevron pratique depuis longtemps une politique offensive pour nier le changement climatique. Encore aujourd&rsquo;hui la multinationale suit une strat\u00e9gie destructrice pour le climat en s&rsquo;opposant aux r\u00e9solutions de ses actionnaires allant dans le sens d&rsquo;une planification transparente pour limiter le r\u00e9chauffement climatique. Elle estime que la strat\u00e9gie de l&rsquo;entreprise est ad\u00e9quate face aux risques li\u00e9s au changement climatique sans expliquer pourtant comment elle entend int\u00e9grer la transition vers une \u00e9conomie visant \u00e0 stabiliser le r\u00e9chauffement climatique en dessous des 1,5 degr\u00e9s, ou bien en dessous des 2 degr\u00e9s\u00a0Celsius, dans sa politique d&rsquo;entreprise. La banque nationale va-t-elle dialoguer avec Chevron pour demander l&rsquo;\u00e9laboration d&rsquo;un mod\u00e8le d&rsquo;entreprise compatible avec les objectifs de l\u2019Accord de Paris ?<\/li>\n<li>Malheureusement nous ne disposons pas d&rsquo;instruments juridiques internationaux contraignants pour pouvoir sanctionner de mani\u00e8re \u00e9quitable et rapide les pollueurs. Ce manque induit le risque que l&rsquo;exploitation fossile continue d&rsquo;acc\u00e9lerer le r\u00e9chauffement climatique en violant l&rsquo;accord de Paris malgr\u00e9 la signature par un grand nombre de pays. La banque nationale va-t-elle demander \u00e0 Chevron une meilleure transparence concernant les impacts n\u00e9gatifs de ses activit\u00e9s extractives sur l&rsquo;environnement et les droits humains ? Va-t-elle soutenir la demande d&rsquo;acc\u00e8s aux informations relatives aux co\u00fbts \u00e9normes des proc\u00e8s men\u00e9s contre les paysans et les peuples indig\u00e8nes en Amazonie \u00e9quatorienne qui attendent depuis 23 ans l&rsquo;assainissement de leurs terres et leurs rivi\u00e8res ?<\/li>\n<\/ul>\n<p>Avec d&rsquo;autres organisations de la soci\u00e9t\u00e9 civile, l&rsquo;Alliance climatique a sign\u00e9 un appel demandant \u00e0 la Banque nationale d&rsquo;intervenir avec ses votes d&rsquo;actionnaires \u00e0 l&rsquo;Assembl\u00e9e G\u00e9n\u00e9rale de Chevron Corporation le 31 mai 2017 pour la protection du climat et le respect des droits humains et environnementaux.<\/p>\n<p><a href=\"http:\/\/www.alliance-climatique.ch\/blog\/appel-a-la-bns-concernant-l-assemblee-generale-de-chevron\" target=\"_blank\" rel=\"noopener noreferrer\">Voir l\u2019appel (lien)<\/a><\/p>\n<p><a href=\"\/wp-content\/uploads\/APPEL BNS - AG CHEVRON.pdf\" target=\"_blank\" rel=\"noopener noreferrer\">T\u00e9l\u00e9charger l&rsquo;appel (pdf)<\/a><\/p>\n<p><a href=\"http:\/\/www.alliance-climatique.ch\/blog\/appel-a-la-bns-concernant-l-assemblee-generale-de-chevron\" target=\"_blank\" rel=\"noopener noreferrer\">Voir l\u2019appel (lien)<\/a><\/p>\n<p><a href=\"\/wp-content\/uploads\/APPEL BNS - AG CHEVRON.pdf\" target=\"_blank\" rel=\"noopener noreferrer\">T\u00e9l\u00e9charger l&rsquo;appel (pdf)<\/a><\/p>\n","protected":false},"featured_media":949,"template":"","categories":[],"class_list":["post-2250","beitrag","type-beitrag","status-publish","has-post-thumbnail","hentry"],"better_featured_image":{"id":949,"alt_text":"","caption":"","description":"","media_type":"image","media_details":{"width":800,"height":532,"file":"2020\/08\/Chevron_Quelle_UDAPT_bwxz1w.jpg","sizes":{"medium":{"file":"Chevron_Quelle_UDAPT_bwxz1w-300x200.jpg","width":300,"height":200,"mime-type":"image\/jpeg","source_url":"https:\/\/www.klima-allianz.ch\/wp-content\/uploads\/2020\/08\/Chevron_Quelle_UDAPT_bwxz1w-300x200.jpg"},"thumbnail":{"file":"Chevron_Quelle_UDAPT_bwxz1w-550x366.jpg","width":550,"height":366,"mime-type":"image\/jpeg","source_url":"https:\/\/www.klima-allianz.ch\/wp-content\/uploads\/2020\/08\/Chevron_Quelle_UDAPT_bwxz1w-550x366.jpg"},"medium_large":{"file":"Chevron_Quelle_UDAPT_bwxz1w-768x511.jpg","width":768,"height":511,"mime-type":"image\/jpeg","source_url":"https:\/\/www.klima-allianz.ch\/wp-content\/uploads\/2020\/08\/Chevron_Quelle_UDAPT_bwxz1w-768x511.jpg"}},"image_meta":{"aperture":"0","credit":"","camera":"","caption":"","created_timestamp":"0","copyright":"","focal_length":"0","iso":"0","shutter_speed":"0","title":"","orientation":"0","keywords":[]}},"post":null,"source_url":"https:\/\/www.klima-allianz.ch\/wp-content\/uploads\/2020\/08\/Chevron_Quelle_UDAPT_bwxz1w.jpg"},"acf":{"inhaltstyp_mediabox":"image","galerie":null,"video_html":null,"video_vimeo":"","downloads":[2810],"links":null},"yoast_head":"<!-- This site is optimized with the Yoast SEO plugin v27.4 - https:\/\/yoast.com\/product\/yoast-seo-wordpress\/ -->\n<title>La BNS tol\u00e8re-t-elle le d\u00e9ni climatique et le non-respect des droits humains?<\/title>\n<meta name=\"robots\" content=\"index, follow, max-snippet:-1, max-image-preview:large, max-video-preview:-1\" \/>\n<link rel=\"canonical\" href=\"https:\/\/www.klima-allianz.ch\/fr\/article\/la-bns-tolere-t-elle-le-deni-climatique-et-le-non-respect-des-droits-humains\/\" \/>\n<meta property=\"og:locale\" content=\"fr_FR\" \/>\n<meta property=\"og:type\" content=\"article\" \/>\n<meta property=\"og:title\" content=\"La BNS tol\u00e8re-t-elle le d\u00e9ni climatique et le non-respect des droits humains?\" \/>\n<meta property=\"og:description\" content=\"Lors de l&rsquo;Assembl\u00e9e annuelle de Chevron le 31 mai 2017, la BNS va exercer ses droits de vote sur la base de ses actions repr\u00e9sentant 704 millions de dollars US. Selon l&rsquo;article paru dans le journal \u00ab Le Temps \u00bb le 30 mai 2017, elle refuse de donner des informations concernant ses votes pr\u00e9sents et &hellip; Continued\" \/>\n<meta property=\"og:url\" content=\"https:\/\/www.klima-allianz.ch\/fr\/article\/la-bns-tolere-t-elle-le-deni-climatique-et-le-non-respect-des-droits-humains\/\" \/>\n<meta property=\"og:site_name\" content=\"Alliance Climatique\" \/>\n<meta property=\"article:modified_time\" content=\"2020-10-27T18:58:17+00:00\" \/>\n<meta property=\"og:image\" content=\"https:\/\/www.klima-allianz.ch\/wp-content\/uploads\/2020\/08\/Chevron_Quelle_UDAPT_bwxz1w.jpg\" \/>\n\t<meta property=\"og:image:width\" content=\"800\" \/>\n\t<meta property=\"og:image:height\" content=\"532\" \/>\n\t<meta property=\"og:image:type\" content=\"image\/jpeg\" \/>\n<meta name=\"twitter:card\" content=\"summary_large_image\" \/>\n<meta name=\"twitter:label1\" content=\"Dur\u00e9e de lecture estim\u00e9e\" \/>\n\t<meta name=\"twitter:data1\" content=\"2 minutes\" \/>\n<script type=\"application\/ld+json\" class=\"yoast-schema-graph\">{\"@context\":\"https:\\\/\\\/schema.org\",\"@graph\":[{\"@type\":\"WebPage\",\"@id\":\"https:\\\/\\\/www.klima-allianz.ch\\\/fr\\\/article\\\/la-bns-tolere-t-elle-le-deni-climatique-et-le-non-respect-des-droits-humains\\\/\",\"url\":\"https:\\\/\\\/www.klima-allianz.ch\\\/fr\\\/article\\\/la-bns-tolere-t-elle-le-deni-climatique-et-le-non-respect-des-droits-humains\\\/\",\"name\":\"La BNS tol\u00e8re-t-elle le d\u00e9ni climatique et le non-respect des droits humains?\",\"isPartOf\":{\"@id\":\"https:\\\/\\\/www.klima-allianz.ch\\\/fr\\\/#website\"},\"primaryImageOfPage\":{\"@id\":\"https:\\\/\\\/www.klima-allianz.ch\\\/fr\\\/article\\\/la-bns-tolere-t-elle-le-deni-climatique-et-le-non-respect-des-droits-humains\\\/#primaryimage\"},\"image\":{\"@id\":\"https:\\\/\\\/www.klima-allianz.ch\\\/fr\\\/article\\\/la-bns-tolere-t-elle-le-deni-climatique-et-le-non-respect-des-droits-humains\\\/#primaryimage\"},\"thumbnailUrl\":\"https:\\\/\\\/www.klima-allianz.ch\\\/wp-content\\\/uploads\\\/2020\\\/08\\\/Chevron_Quelle_UDAPT_bwxz1w.jpg\",\"datePublished\":\"2017-05-30T00:00:00+00:00\",\"dateModified\":\"2020-10-27T18:58:17+00:00\",\"breadcrumb\":{\"@id\":\"https:\\\/\\\/www.klima-allianz.ch\\\/fr\\\/article\\\/la-bns-tolere-t-elle-le-deni-climatique-et-le-non-respect-des-droits-humains\\\/#breadcrumb\"},\"inLanguage\":\"fr-FR\",\"potentialAction\":[{\"@type\":\"ReadAction\",\"target\":[\"https:\\\/\\\/www.klima-allianz.ch\\\/fr\\\/article\\\/la-bns-tolere-t-elle-le-deni-climatique-et-le-non-respect-des-droits-humains\\\/\"]}]},{\"@type\":\"ImageObject\",\"inLanguage\":\"fr-FR\",\"@id\":\"https:\\\/\\\/www.klima-allianz.ch\\\/fr\\\/article\\\/la-bns-tolere-t-elle-le-deni-climatique-et-le-non-respect-des-droits-humains\\\/#primaryimage\",\"url\":\"https:\\\/\\\/www.klima-allianz.ch\\\/wp-content\\\/uploads\\\/2020\\\/08\\\/Chevron_Quelle_UDAPT_bwxz1w.jpg\",\"contentUrl\":\"https:\\\/\\\/www.klima-allianz.ch\\\/wp-content\\\/uploads\\\/2020\\\/08\\\/Chevron_Quelle_UDAPT_bwxz1w.jpg\",\"width\":800,\"height\":532},{\"@type\":\"BreadcrumbList\",\"@id\":\"https:\\\/\\\/www.klima-allianz.ch\\\/fr\\\/article\\\/la-bns-tolere-t-elle-le-deni-climatique-et-le-non-respect-des-droits-humains\\\/#breadcrumb\",\"itemListElement\":[{\"@type\":\"ListItem\",\"position\":1,\"name\":\"Home\",\"item\":\"https:\\\/\\\/www.klima-allianz.ch\\\/fr\\\/\"},{\"@type\":\"ListItem\",\"position\":2,\"name\":\"Beitr\u00e4ge\",\"item\":\"https:\\\/\\\/www.klima-allianz.ch\\\/fr\\\/article\\\/\"},{\"@type\":\"ListItem\",\"position\":3,\"name\":\"La BNS tol\u00e8re-t-elle le d\u00e9ni climatique et le non-respect des droits humains?\"}]},{\"@type\":\"WebSite\",\"@id\":\"https:\\\/\\\/www.klima-allianz.ch\\\/fr\\\/#website\",\"url\":\"https:\\\/\\\/www.klima-allianz.ch\\\/fr\\\/\",\"name\":\"Alliance Climatique\",\"description\":\"\",\"publisher\":{\"@id\":\"https:\\\/\\\/www.klima-allianz.ch\\\/fr\\\/#organization\"},\"potentialAction\":[{\"@type\":\"SearchAction\",\"target\":{\"@type\":\"EntryPoint\",\"urlTemplate\":\"https:\\\/\\\/www.klima-allianz.ch\\\/fr\\\/?s={search_term_string}\"},\"query-input\":{\"@type\":\"PropertyValueSpecification\",\"valueRequired\":true,\"valueName\":\"search_term_string\"}}],\"inLanguage\":\"fr-FR\"},{\"@type\":\"Organization\",\"@id\":\"https:\\\/\\\/www.klima-allianz.ch\\\/fr\\\/#organization\",\"name\":\"Klima-Allianz\",\"url\":\"https:\\\/\\\/www.klima-allianz.ch\\\/fr\\\/\",\"logo\":{\"@type\":\"ImageObject\",\"inLanguage\":\"fr-FR\",\"@id\":\"https:\\\/\\\/www.klima-allianz.ch\\\/fr\\\/#\\\/schema\\\/logo\\\/image\\\/\",\"url\":\"https:\\\/\\\/www.klima-allianz.ch\\\/wp-content\\\/uploads\\\/KA-Favicon-Kreis-1.png\",\"contentUrl\":\"https:\\\/\\\/www.klima-allianz.ch\\\/wp-content\\\/uploads\\\/KA-Favicon-Kreis-1.png\",\"width\":512,\"height\":512,\"caption\":\"Klima-Allianz\"},\"image\":{\"@id\":\"https:\\\/\\\/www.klima-allianz.ch\\\/fr\\\/#\\\/schema\\\/logo\\\/image\\\/\"}}]}<\/script>\n<!-- \/ Yoast SEO plugin. -->","yoast_head_json":{"title":"La BNS tol\u00e8re-t-elle le d\u00e9ni climatique et le non-respect des droits humains?","robots":{"index":"index","follow":"follow","max-snippet":"max-snippet:-1","max-image-preview":"max-image-preview:large","max-video-preview":"max-video-preview:-1"},"canonical":"https:\/\/www.klima-allianz.ch\/fr\/article\/la-bns-tolere-t-elle-le-deni-climatique-et-le-non-respect-des-droits-humains\/","og_locale":"fr_FR","og_type":"article","og_title":"La BNS tol\u00e8re-t-elle le d\u00e9ni climatique et le non-respect des droits humains?","og_description":"Lors de l&rsquo;Assembl\u00e9e annuelle de Chevron le 31 mai 2017, la BNS va exercer ses droits de vote sur la base de ses actions repr\u00e9sentant 704 millions de dollars US. Selon l&rsquo;article paru dans le journal \u00ab Le Temps \u00bb le 30 mai 2017, elle refuse de donner des informations concernant ses votes pr\u00e9sents et &hellip; Continued","og_url":"https:\/\/www.klima-allianz.ch\/fr\/article\/la-bns-tolere-t-elle-le-deni-climatique-et-le-non-respect-des-droits-humains\/","og_site_name":"Alliance Climatique","article_modified_time":"2020-10-27T18:58:17+00:00","og_image":[{"width":800,"height":532,"url":"https:\/\/www.klima-allianz.ch\/wp-content\/uploads\/2020\/08\/Chevron_Quelle_UDAPT_bwxz1w.jpg","type":"image\/jpeg"}],"twitter_card":"summary_large_image","twitter_misc":{"Dur\u00e9e de lecture estim\u00e9e":"2 minutes"},"schema":{"@context":"https:\/\/schema.org","@graph":[{"@type":"WebPage","@id":"https:\/\/www.klima-allianz.ch\/fr\/article\/la-bns-tolere-t-elle-le-deni-climatique-et-le-non-respect-des-droits-humains\/","url":"https:\/\/www.klima-allianz.ch\/fr\/article\/la-bns-tolere-t-elle-le-deni-climatique-et-le-non-respect-des-droits-humains\/","name":"La BNS tol\u00e8re-t-elle le d\u00e9ni climatique et le non-respect des droits humains?","isPartOf":{"@id":"https:\/\/www.klima-allianz.ch\/fr\/#website"},"primaryImageOfPage":{"@id":"https:\/\/www.klima-allianz.ch\/fr\/article\/la-bns-tolere-t-elle-le-deni-climatique-et-le-non-respect-des-droits-humains\/#primaryimage"},"image":{"@id":"https:\/\/www.klima-allianz.ch\/fr\/article\/la-bns-tolere-t-elle-le-deni-climatique-et-le-non-respect-des-droits-humains\/#primaryimage"},"thumbnailUrl":"https:\/\/www.klima-allianz.ch\/wp-content\/uploads\/2020\/08\/Chevron_Quelle_UDAPT_bwxz1w.jpg","datePublished":"2017-05-30T00:00:00+00:00","dateModified":"2020-10-27T18:58:17+00:00","breadcrumb":{"@id":"https:\/\/www.klima-allianz.ch\/fr\/article\/la-bns-tolere-t-elle-le-deni-climatique-et-le-non-respect-des-droits-humains\/#breadcrumb"},"inLanguage":"fr-FR","potentialAction":[{"@type":"ReadAction","target":["https:\/\/www.klima-allianz.ch\/fr\/article\/la-bns-tolere-t-elle-le-deni-climatique-et-le-non-respect-des-droits-humains\/"]}]},{"@type":"ImageObject","inLanguage":"fr-FR","@id":"https:\/\/www.klima-allianz.ch\/fr\/article\/la-bns-tolere-t-elle-le-deni-climatique-et-le-non-respect-des-droits-humains\/#primaryimage","url":"https:\/\/www.klima-allianz.ch\/wp-content\/uploads\/2020\/08\/Chevron_Quelle_UDAPT_bwxz1w.jpg","contentUrl":"https:\/\/www.klima-allianz.ch\/wp-content\/uploads\/2020\/08\/Chevron_Quelle_UDAPT_bwxz1w.jpg","width":800,"height":532},{"@type":"BreadcrumbList","@id":"https:\/\/www.klima-allianz.ch\/fr\/article\/la-bns-tolere-t-elle-le-deni-climatique-et-le-non-respect-des-droits-humains\/#breadcrumb","itemListElement":[{"@type":"ListItem","position":1,"name":"Home","item":"https:\/\/www.klima-allianz.ch\/fr\/"},{"@type":"ListItem","position":2,"name":"Beitr\u00e4ge","item":"https:\/\/www.klima-allianz.ch\/fr\/article\/"},{"@type":"ListItem","position":3,"name":"La BNS tol\u00e8re-t-elle le d\u00e9ni climatique et le non-respect des droits humains?"}]},{"@type":"WebSite","@id":"https:\/\/www.klima-allianz.ch\/fr\/#website","url":"https:\/\/www.klima-allianz.ch\/fr\/","name":"Alliance Climatique","description":"","publisher":{"@id":"https:\/\/www.klima-allianz.ch\/fr\/#organization"},"potentialAction":[{"@type":"SearchAction","target":{"@type":"EntryPoint","urlTemplate":"https:\/\/www.klima-allianz.ch\/fr\/?s={search_term_string}"},"query-input":{"@type":"PropertyValueSpecification","valueRequired":true,"valueName":"search_term_string"}}],"inLanguage":"fr-FR"},{"@type":"Organization","@id":"https:\/\/www.klima-allianz.ch\/fr\/#organization","name":"Klima-Allianz","url":"https:\/\/www.klima-allianz.ch\/fr\/","logo":{"@type":"ImageObject","inLanguage":"fr-FR","@id":"https:\/\/www.klima-allianz.ch\/fr\/#\/schema\/logo\/image\/","url":"https:\/\/www.klima-allianz.ch\/wp-content\/uploads\/KA-Favicon-Kreis-1.png","contentUrl":"https:\/\/www.klima-allianz.ch\/wp-content\/uploads\/KA-Favicon-Kreis-1.png","width":512,"height":512,"caption":"Klima-Allianz"},"image":{"@id":"https:\/\/www.klima-allianz.ch\/fr\/#\/schema\/logo\/image\/"}}]}},"_links":{"self":[{"href":"https:\/\/www.klima-allianz.ch\/fr\/wp-json\/wp\/v2\/beitrag\/2250","targetHints":{"allow":["GET"]}}],"collection":[{"href":"https:\/\/www.klima-allianz.ch\/fr\/wp-json\/wp\/v2\/beitrag"}],"about":[{"href":"https:\/\/www.klima-allianz.ch\/fr\/wp-json\/wp\/v2\/types\/beitrag"}],"acf:post":[{"embeddable":true,"href":"https:\/\/www.klima-allianz.ch\/fr\/wp-json\/wp\/v2\/dokumente\/2810"}],"wp:featuredmedia":[{"embeddable":true,"href":"https:\/\/www.klima-allianz.ch\/fr\/wp-json\/wp\/v2\/media\/949"}],"wp:attachment":[{"href":"https:\/\/www.klima-allianz.ch\/fr\/wp-json\/wp\/v2\/media?parent=2250"}],"wp:term":[{"taxonomy":"category","embeddable":true,"href":"https:\/\/www.klima-allianz.ch\/fr\/wp-json\/wp\/v2\/categories?post=2250"}],"curies":[{"name":"wp","href":"https:\/\/api.w.org\/{rel}","templated":true}]}}