{"id":6621,"date":"2021-04-28T12:36:52","date_gmt":"2021-04-28T12:36:52","guid":{"rendered":"https:\/\/www.klima-allianz.ch\/?post_type=beitrag&#038;p=6621"},"modified":"2021-05-06T06:07:39","modified_gmt":"2021-05-06T06:07:39","slug":"oui-a-la-loi-sur-le-co2_dina-spoerri","status":"publish","type":"beitrag","link":"https:\/\/www.klima-allianz.ch\/fr\/article\/oui-a-la-loi-sur-le-co2_dina-spoerri\/","title":{"rendered":"OUI \u00e0 la loi sur le CO2 : entretien avec l\u2019experte en politique climatique int. Dina Sp\u00f6rri"},"content":{"rendered":"<p><b>\u00ab\u00a0La loi sur le CO2 est la preuve que nous prenons au s\u00e9rieux l&rsquo;accord de Paris sur le climat.\u00a0\u00bb\u00a0<\/b><\/p>\n<p><i><span style=\"font-weight: 400;\">Dina Sp\u00f6rri* a repr\u00e9sent\u00e9 la Suisse lors des n\u00e9gociations sur l&rsquo;Accord de Paris sur le climat. L&rsquo;experte en politique climatique internationale explique l&rsquo;engagement de la Suisse et pourquoi la loi sur le CO2 est importante, tant au niveau national qu&rsquo;international, pour freiner la crise climatique.\u00a0<\/span><\/i><\/p>\n<p>&nbsp;<\/p>\n<p><b>Pourquoi avons-nous besoin d&rsquo;un OUI \u00e0 la loi sur le CO2 ?<\/b><\/p>\n<p><span style=\"font-weight: 400;\">Un OUI \u00e0 la loi sur le CO2 signifie un OUI \u00e0 la protection du climat et un OUI \u00e0 l&rsquo;accord de Paris sur le climat. Il est essentiel que la Suisse apporte sa contribution, car un probl\u00e8me mondial tel que le changement climatique n\u00e9cessite une solution mondiale. La loi sur le CO2 est la preuve que nous prenons la protection du climat au s\u00e9rieux. Cela montre \u00e9galement que la Suisse est un partenaire de n\u00e9gociation cr\u00e9dible. Il est absolument crucial que la Suisse dispose d&rsquo;une loi solide sur le CO2, car ce n&rsquo;est qu&rsquo;\u00e0 cette condition l\u00e0 que nous pourrons exiger de mani\u00e8re cr\u00e9dible que les autres pays se fixent des objectifs ambitieux.<\/span><\/p>\n<p>&nbsp;<\/p>\n<p><b>Quel engagement a pris la Suisse lors de l&rsquo;accord de Paris sur le climat de 2015 ?<\/b><\/p>\n<p><span style=\"font-weight: 400;\">La Suisse, ainsi que les plus de 190 autres pays qui ont ratifi\u00e9 l&rsquo;accord, s&rsquo;est engag\u00e9e \u00e0 maintenir le r\u00e9chauffement climatique bien en dessous de 2 degr\u00e9s et \u00e0 faire en sorte que les \u00e9missions de CO2 soient r\u00e9duites \u00e0 z\u00e9ro au plus tard en 2050. C&rsquo;est le premier accord sur le climat qui inclut pratiquement tous les pays et qui couvre une grande partie des \u00e9missions mondiales.\u00a0<\/span><\/p>\n<p>&nbsp;<\/p>\n<p><b>Que signifie le z\u00e9ro net et quelle est la position de la Suisse \u00e0 cet \u00e9gard ?<\/b><\/p>\n<p><span style=\"font-weight: 400;\">Avec la loi sur le CO2, la Suisse fait un premier pas vers la mise en \u0153uvre de l&rsquo;engagement climatique de Paris. Avec la loi sur le CO2, elle s&rsquo;est fix\u00e9 un premier objectif interm\u00e9diaire : Les \u00e9missions de gaz \u00e0 effet de serre doivent \u00eatre r\u00e9duites d&rsquo;au moins 50 % d&rsquo;ici 2030 par rapport \u00e0 1990. C&rsquo;est une ambition r\u00e9aliste et 75 % de ces objectifs doivent \u00eatre atteints ici, en Suisse.<\/span><\/p>\n<p>&nbsp;<\/p>\n<p><b>Et comment atteindre le z\u00e9ro net ?<\/b><\/p>\n<p><span style=\"font-weight: 400;\">La Suisse et tous les autres \u00c9tats signataires se sont engag\u00e9s \u00e0 soumettre tous les cinq ans un objectif de r\u00e9duction des \u00e9missions, qui deviendra de plus en plus ambitieux au fil du temps. Cela inclut \u00e9galement l&rsquo;obligation de mettre en \u0153uvre des mesures nationales pour atteindre l&rsquo;objectif formul\u00e9 &#8211; c&rsquo;est le but que remplit la loi sur le CO2.<\/span><\/p>\n<p>&nbsp;<\/p>\n<p><b>La Suisse est un petit pays. Quelle est l&rsquo;importance de notre contribution \u00e0 la protection internationale du climat ?<\/b><\/p>\n<p><span style=\"font-weight: 400;\">Chaque pays est concern\u00e9 par la politique climatique internationale, qu&rsquo;il soit grand ou petit, avec des \u00e9missions de CO2 \u00e9lev\u00e9es ou faibles. L&rsquo;accord oblige tous les pays \u00e0 prendre des mesures contre le changement climatique en fonction de leurs responsabilit\u00e9s et de leurs possibilit\u00e9s. De nombreux pays ont des \u00e9missions de CO2 beaucoup plus faibles que la Suisse. Et nous leur demandons \u00e9galement d&rsquo;apporter leur contribution. Il n&rsquo;est pas acceptable qu&rsquo;un pays riche comme la Suisse se cache derri\u00e8re sa soi-disant \u00ab\u00a0petite taille\u00a0\u00bb. Parce que la Suisse n&rsquo;est pas vraiment si petite. Si l&rsquo;on tient compte des \u00e9missions grises import\u00e9es qui r\u00e9sultent de la production de biens \u00e0 l&rsquo;\u00e9tranger, ainsi que des effets des investissements r\u00e9alis\u00e9s par le march\u00e9 financier suisse, nous sommes le sixi\u00e8me \u00e9metteur mondial.<\/span><\/p>\n<p>&nbsp;<\/p>\n<p><b>Quelles sont les capacit\u00e9s de la Suisse en mati\u00e8re de protection du climat ?<\/b><\/p>\n<p><span style=\"font-weight: 400;\">Par rapport \u00e0 de nombreux autres pays, la Suisse dispose d&rsquo;une tr\u00e8s grande capacit\u00e9 de protection du climat. Gr\u00e2ce \u00e0 notre produit int\u00e9rieur brut \u00e9lev\u00e9, nous disposons de bonnes ressources financi\u00e8res. Et nous disposons d&rsquo;un grand nombre de connaissances technologiques. Nous pouvons nous en inspirer pour mener \u00e0 bien une protection efficace du climat en Suisse. Il est important que la Suisse exerce son r\u00f4le dans ce domaine et qu\u2019elle exploite r\u00e9ellement les possibilit\u00e9s qui s&rsquo;offrent \u00e0 elle.\u00a0<\/span><\/p>\n<p>&nbsp;<\/p>\n<p><b>Comment se d\u00e9veloppe la politique climatique internationale ?<\/b><\/p>\n<p><span style=\"font-weight: 400;\">L&rsquo;\u00e9volution de la politique climatique internationale est actuellement tr\u00e8s positive. Tous les pays ont pris conscience de l&rsquo;importance de la protection du climat. Aujourd&rsquo;hui, aucun pays ne peut se permettre de ne rien faire. La Chine en est un exemple : m\u00eame pendant la br\u00e8ve absence des \u00c9tats-Unis \u00e0 la table des n\u00e9gociations, la Chine a continu\u00e9 \u00e0 faire avancer la protection du climat. Depuis l&rsquo;\u00e9lection de Joe Biden aux \u00c9tats-Unis et son annonce qu&rsquo;il accorderait \u00e0 nouveau \u00e0 cette question l&rsquo;attention qu&rsquo;elle m\u00e9rite, la protection internationale du climat a pris un nouvel \u00e9lan. Et l&rsquo;UE s&rsquo;est \u00e9galement fix\u00e9 des objectifs ambitieux. Il est clair que tous les signes pointent en direction de la protection internationale du climat.\u00a0<\/span><\/p>\n<p>&nbsp;<\/p>\n<p><b>La loi sur le CO2 sera-t-elle suffisante pour atteindre les objectifs de l&rsquo;accord de Paris \u00e0 long terme ?\u00a0<\/b><\/p>\n<p><span style=\"font-weight: 400;\">Pour que la Suisse puisse respecter ses engagements au titre de l&rsquo;accord de Paris, il est absolument crucial qu&rsquo;elle adopte la loi sur le CO2. Sans une loi sur le CO2, la Suisse ne dispose pas de la base juridique ni de l&rsquo;effet de levier n\u00e9cessaire pour atteindre les objectifs. Avec la loi sur le CO2, l&rsquo;\u00e9conomie, la science et la soci\u00e9t\u00e9 ont un objectif \u00e0 long terme. <\/span><a href=\"https:\/\/en.wikipedia.org\/wiki\/%C3%87\"><span style=\"font-weight: 400;\">\u00c7<\/span><\/a><span style=\"font-weight: 400;\">a permet de d\u00e9finir dans quelle direction nous devons nous d\u00e9velopper. C&rsquo;est un premier pas important dans la bonne direction. La politique climatique future pourra s&rsquo;appuyer sur cette base et se d\u00e9velopper davantage. En revanche, un \u00ab\u00a0non\u00a0\u00bb \u00e0 la loi sur le CO2 bloquerait la politique climatique suisse pour les ann\u00e9es \u00e0 venir.\u00a0\u00a0<\/span><\/p>\n<p>&nbsp;<\/p>\n<p><b>Br\u00e8ve description :\u00a0<\/b><\/p>\n<p><i><span style=\"font-weight: 400;\">*Dina Sp\u00f6rri a fait partie de la d\u00e9l\u00e9gation suisse pour les n\u00e9gociations sur le climat de 2014 \u00e0 2020 et a n\u00e9goci\u00e9 au nom de la Suisse les principaux aspects de l&rsquo;Accord de Paris sur le climat et les lignes directrices pour sa mise en \u0153uvre. Elle est charg\u00e9e de mission au WWF Suisse depuis le printemps 2020. <\/span><\/i><\/p>\n","protected":false},"featured_media":0,"template":"","categories":[],"class_list":["post-6621","beitrag","type-beitrag","status-publish","hentry"],"better_featured_image":null,"acf":{"inhaltstyp_mediabox":"vimeo","galerie":null,"video_html":null,"video_vimeo":542625303,"downloads":"","links":null},"yoast_head":"<!-- This site is optimized with the Yoast SEO plugin v27.5 - https:\/\/yoast.com\/product\/yoast-seo-wordpress\/ -->\n<title>OUI \u00e0 la loi sur le CO2 : entretien avec l\u2019experte en politique climatique int. Dina Sp\u00f6rri &#8226; Alliance Climatique<\/title>\n<meta name=\"description\" content=\"&quot;La loi sur le CO2 est la preuve que nous prenons au s\u00e9rieux l&#039;accord de Paris sur le climat.&quot;\" \/>\n<meta name=\"robots\" content=\"index, follow, max-snippet:-1, max-image-preview:large, max-video-preview:-1\" \/>\n<link rel=\"canonical\" href=\"https:\/\/www.klima-allianz.ch\/fr\/article\/oui-a-la-loi-sur-le-co2_dina-spoerri\/\" \/>\n<meta property=\"og:locale\" content=\"fr_FR\" \/>\n<meta property=\"og:type\" content=\"article\" \/>\n<meta property=\"og:title\" content=\"OUI \u00e0 la loi sur le CO2 : entretien avec l\u2019experte en politique climatique int. Dina Sp\u00f6rri &#8226; Alliance Climatique\" \/>\n<meta property=\"og:description\" content=\"&quot;La loi sur le CO2 est la preuve que nous prenons au s\u00e9rieux l&#039;accord de Paris sur le climat.&quot;\" \/>\n<meta property=\"og:url\" content=\"https:\/\/www.klima-allianz.ch\/fr\/article\/oui-a-la-loi-sur-le-co2_dina-spoerri\/\" \/>\n<meta property=\"og:site_name\" content=\"Alliance Climatique\" \/>\n<meta property=\"article:modified_time\" content=\"2021-05-06T06:07:39+00:00\" \/>\n<meta name=\"twitter:card\" content=\"summary_large_image\" \/>\n<meta name=\"twitter:label1\" content=\"Dur\u00e9e de lecture estim\u00e9e\" \/>\n\t<meta name=\"twitter:data1\" content=\"5 minutes\" \/>\n<script type=\"application\/ld+json\" class=\"yoast-schema-graph\">{\"@context\":\"https:\\\/\\\/schema.org\",\"@graph\":[{\"@type\":\"WebPage\",\"@id\":\"https:\\\/\\\/www.klima-allianz.ch\\\/fr\\\/article\\\/oui-a-la-loi-sur-le-co2_dina-spoerri\\\/\",\"url\":\"https:\\\/\\\/www.klima-allianz.ch\\\/fr\\\/article\\\/oui-a-la-loi-sur-le-co2_dina-spoerri\\\/\",\"name\":\"OUI \u00e0 la loi sur le CO2 : entretien avec l\u2019experte en politique climatique int. Dina Sp\u00f6rri &#8226; Alliance Climatique\",\"isPartOf\":{\"@id\":\"https:\\\/\\\/www.klima-allianz.ch\\\/fr\\\/#website\"},\"datePublished\":\"2021-04-28T12:36:52+00:00\",\"dateModified\":\"2021-05-06T06:07:39+00:00\",\"description\":\"\\\"La loi sur le CO2 est la preuve que nous prenons au s\u00e9rieux l'accord de Paris sur le climat.\\\"\",\"breadcrumb\":{\"@id\":\"https:\\\/\\\/www.klima-allianz.ch\\\/fr\\\/article\\\/oui-a-la-loi-sur-le-co2_dina-spoerri\\\/#breadcrumb\"},\"inLanguage\":\"fr-FR\",\"potentialAction\":[{\"@type\":\"ReadAction\",\"target\":[\"https:\\\/\\\/www.klima-allianz.ch\\\/fr\\\/article\\\/oui-a-la-loi-sur-le-co2_dina-spoerri\\\/\"]}]},{\"@type\":\"BreadcrumbList\",\"@id\":\"https:\\\/\\\/www.klima-allianz.ch\\\/fr\\\/article\\\/oui-a-la-loi-sur-le-co2_dina-spoerri\\\/#breadcrumb\",\"itemListElement\":[{\"@type\":\"ListItem\",\"position\":1,\"name\":\"Home\",\"item\":\"https:\\\/\\\/www.klima-allianz.ch\\\/fr\\\/\"},{\"@type\":\"ListItem\",\"position\":2,\"name\":\"Beitr\u00e4ge\",\"item\":\"https:\\\/\\\/www.klima-allianz.ch\\\/fr\\\/article\\\/\"},{\"@type\":\"ListItem\",\"position\":3,\"name\":\"OUI \u00e0 la loi sur le CO2 : entretien avec l\u2019experte en politique climatique int. Dina Sp\u00f6rri\"}]},{\"@type\":\"WebSite\",\"@id\":\"https:\\\/\\\/www.klima-allianz.ch\\\/fr\\\/#website\",\"url\":\"https:\\\/\\\/www.klima-allianz.ch\\\/fr\\\/\",\"name\":\"Alliance Climatique\",\"description\":\"\",\"publisher\":{\"@id\":\"https:\\\/\\\/www.klima-allianz.ch\\\/fr\\\/#organization\"},\"potentialAction\":[{\"@type\":\"SearchAction\",\"target\":{\"@type\":\"EntryPoint\",\"urlTemplate\":\"https:\\\/\\\/www.klima-allianz.ch\\\/fr\\\/?s={search_term_string}\"},\"query-input\":{\"@type\":\"PropertyValueSpecification\",\"valueRequired\":true,\"valueName\":\"search_term_string\"}}],\"inLanguage\":\"fr-FR\"},{\"@type\":\"Organization\",\"@id\":\"https:\\\/\\\/www.klima-allianz.ch\\\/fr\\\/#organization\",\"name\":\"Klima-Allianz\",\"url\":\"https:\\\/\\\/www.klima-allianz.ch\\\/fr\\\/\",\"logo\":{\"@type\":\"ImageObject\",\"inLanguage\":\"fr-FR\",\"@id\":\"https:\\\/\\\/www.klima-allianz.ch\\\/fr\\\/#\\\/schema\\\/logo\\\/image\\\/\",\"url\":\"https:\\\/\\\/www.klima-allianz.ch\\\/wp-content\\\/uploads\\\/KA-Favicon-Kreis-1.png\",\"contentUrl\":\"https:\\\/\\\/www.klima-allianz.ch\\\/wp-content\\\/uploads\\\/KA-Favicon-Kreis-1.png\",\"width\":512,\"height\":512,\"caption\":\"Klima-Allianz\"},\"image\":{\"@id\":\"https:\\\/\\\/www.klima-allianz.ch\\\/fr\\\/#\\\/schema\\\/logo\\\/image\\\/\"}}]}<\/script>\n<!-- \/ Yoast SEO plugin. -->","yoast_head_json":{"title":"OUI \u00e0 la loi sur le CO2 : entretien avec l\u2019experte en politique climatique int. Dina Sp\u00f6rri &#8226; Alliance Climatique","description":"\"La loi sur le CO2 est la preuve que nous prenons au s\u00e9rieux l'accord de Paris sur le climat.\"","robots":{"index":"index","follow":"follow","max-snippet":"max-snippet:-1","max-image-preview":"max-image-preview:large","max-video-preview":"max-video-preview:-1"},"canonical":"https:\/\/www.klima-allianz.ch\/fr\/article\/oui-a-la-loi-sur-le-co2_dina-spoerri\/","og_locale":"fr_FR","og_type":"article","og_title":"OUI \u00e0 la loi sur le CO2 : entretien avec l\u2019experte en politique climatique int. Dina Sp\u00f6rri &#8226; Alliance Climatique","og_description":"\"La loi sur le CO2 est la preuve que nous prenons au s\u00e9rieux l'accord de Paris sur le climat.\"","og_url":"https:\/\/www.klima-allianz.ch\/fr\/article\/oui-a-la-loi-sur-le-co2_dina-spoerri\/","og_site_name":"Alliance Climatique","article_modified_time":"2021-05-06T06:07:39+00:00","twitter_card":"summary_large_image","twitter_misc":{"Dur\u00e9e de lecture estim\u00e9e":"5 minutes"},"schema":{"@context":"https:\/\/schema.org","@graph":[{"@type":"WebPage","@id":"https:\/\/www.klima-allianz.ch\/fr\/article\/oui-a-la-loi-sur-le-co2_dina-spoerri\/","url":"https:\/\/www.klima-allianz.ch\/fr\/article\/oui-a-la-loi-sur-le-co2_dina-spoerri\/","name":"OUI \u00e0 la loi sur le CO2 : entretien avec l\u2019experte en politique climatique int. Dina Sp\u00f6rri &#8226; Alliance Climatique","isPartOf":{"@id":"https:\/\/www.klima-allianz.ch\/fr\/#website"},"datePublished":"2021-04-28T12:36:52+00:00","dateModified":"2021-05-06T06:07:39+00:00","description":"\"La loi sur le CO2 est la preuve que nous prenons au s\u00e9rieux l'accord de Paris sur le climat.\"","breadcrumb":{"@id":"https:\/\/www.klima-allianz.ch\/fr\/article\/oui-a-la-loi-sur-le-co2_dina-spoerri\/#breadcrumb"},"inLanguage":"fr-FR","potentialAction":[{"@type":"ReadAction","target":["https:\/\/www.klima-allianz.ch\/fr\/article\/oui-a-la-loi-sur-le-co2_dina-spoerri\/"]}]},{"@type":"BreadcrumbList","@id":"https:\/\/www.klima-allianz.ch\/fr\/article\/oui-a-la-loi-sur-le-co2_dina-spoerri\/#breadcrumb","itemListElement":[{"@type":"ListItem","position":1,"name":"Home","item":"https:\/\/www.klima-allianz.ch\/fr\/"},{"@type":"ListItem","position":2,"name":"Beitr\u00e4ge","item":"https:\/\/www.klima-allianz.ch\/fr\/article\/"},{"@type":"ListItem","position":3,"name":"OUI \u00e0 la loi sur le CO2 : entretien avec l\u2019experte en politique climatique int. Dina Sp\u00f6rri"}]},{"@type":"WebSite","@id":"https:\/\/www.klima-allianz.ch\/fr\/#website","url":"https:\/\/www.klima-allianz.ch\/fr\/","name":"Alliance Climatique","description":"","publisher":{"@id":"https:\/\/www.klima-allianz.ch\/fr\/#organization"},"potentialAction":[{"@type":"SearchAction","target":{"@type":"EntryPoint","urlTemplate":"https:\/\/www.klima-allianz.ch\/fr\/?s={search_term_string}"},"query-input":{"@type":"PropertyValueSpecification","valueRequired":true,"valueName":"search_term_string"}}],"inLanguage":"fr-FR"},{"@type":"Organization","@id":"https:\/\/www.klima-allianz.ch\/fr\/#organization","name":"Klima-Allianz","url":"https:\/\/www.klima-allianz.ch\/fr\/","logo":{"@type":"ImageObject","inLanguage":"fr-FR","@id":"https:\/\/www.klima-allianz.ch\/fr\/#\/schema\/logo\/image\/","url":"https:\/\/www.klima-allianz.ch\/wp-content\/uploads\/KA-Favicon-Kreis-1.png","contentUrl":"https:\/\/www.klima-allianz.ch\/wp-content\/uploads\/KA-Favicon-Kreis-1.png","width":512,"height":512,"caption":"Klima-Allianz"},"image":{"@id":"https:\/\/www.klima-allianz.ch\/fr\/#\/schema\/logo\/image\/"}}]}},"_links":{"self":[{"href":"https:\/\/www.klima-allianz.ch\/fr\/wp-json\/wp\/v2\/beitrag\/6621","targetHints":{"allow":["GET"]}}],"collection":[{"href":"https:\/\/www.klima-allianz.ch\/fr\/wp-json\/wp\/v2\/beitrag"}],"about":[{"href":"https:\/\/www.klima-allianz.ch\/fr\/wp-json\/wp\/v2\/types\/beitrag"}],"wp:attachment":[{"href":"https:\/\/www.klima-allianz.ch\/fr\/wp-json\/wp\/v2\/media?parent=6621"}],"wp:term":[{"taxonomy":"category","embeddable":true,"href":"https:\/\/www.klima-allianz.ch\/fr\/wp-json\/wp\/v2\/categories?post=6621"}],"curies":[{"name":"wp","href":"https:\/\/api.w.org\/{rel}","templated":true}]}}