{"id":6636,"date":"2021-05-03T08:23:08","date_gmt":"2021-05-03T08:23:08","guid":{"rendered":"https:\/\/www.klima-allianz.ch\/?post_type=beitrag&#038;p=6636"},"modified":"2021-05-06T06:07:15","modified_gmt":"2021-05-06T06:07:15","slug":"geo-economiste-laurent-horvath","status":"publish","type":"beitrag","link":"https:\/\/www.klima-allianz.ch\/fr\/article\/geo-economiste-laurent-horvath\/","title":{"rendered":"OUI \u00e0 la loi sur le CO2 : entretien avec le g\u00e9o-\u00e9conomiste Laurent Horvath"},"content":{"rendered":"<p><b>\u201cLes associations p\u00e9troli\u00e8res s\u00e8ment le doute dans l\u2019esprit des gens\u201c<\/b><\/p>\n<p>&nbsp;<\/p>\n<p><i><span style=\"font-weight: 400;\">Laurent Horvath*, g\u00e9o-\u00e9conomiste, explique comment le lobby p\u00e9trolier influence la politique climatique mondiale. Le Valaisan montre \u00e0 quel point notre soci\u00e9t\u00e9 actuelle est d\u00e9pendante des \u00e9nergies fossiles, puis quelle est la contribution de la loi sur le CO2 \u00e0 la transition \u00e9nerg\u00e9tique.<\/span><\/i><\/p>\n<p>&nbsp;<\/p>\n<p><b>Qui se cache derri\u00e8re le r\u00e9f\u00e9rendum contre la loi sur le CO2 ?<\/b><\/p>\n<p><span style=\"font-weight: 400;\">C\u2019est un lobby qui est financ\u00e9 par les pays producteurs de p\u00e9trole via les compagnies p\u00e9troli\u00e8res. L&rsquo;objectif des pays producteurs et des compagnies p\u00e9troli\u00e8res comme BP, Shell, SOCAR ou Total est de vendre du p\u00e9trole. Beaucoup de pays producteurs de p\u00e9trole ont install\u00e9 leur lobby au c\u0153ur des pays consommateurs, un peu comme un cheval de Troie, faisant croire aux gens que ce n\u2019est pas possible de r\u00e9duire la consommation d\u2019essence pour leurs voitures ou bien r\u00e9duire le mazout pour chauffer leurs maisons.<\/span><\/p>\n<p>&nbsp;<\/p>\n<p><b>Comment tentent-ils de faire cela ?\u00a0<\/b><\/p>\n<p><span style=\"font-weight: 400;\">Ils s\u00e8ment le doute dans l&rsquo;esprit des gens afin de faire croire que l\u2019impact sur le climat est n\u00e9gligeable et qu\u2019il y avait assez de p\u00e9trole pour un si\u00e8cle encore. Ils ont des moyens gigantesques pour acheter des scientifiques et faire des \u00e9tudes orient\u00e9es. ExxonMobil, le plus grand p\u00e9trolier am\u00e9ricain, a admis devant un tribunal ce type de comportement. On peut comparer cette pratique avec l\u2019industrie du tabac o\u00f9, pendant des ann\u00e9es, on nous a dit \u2018\u2018Fumer n\u2019a aucun effet sur la sant\u00e9\u2018\u2018.\u00a0<\/span><\/p>\n<p>&nbsp;<\/p>\n<p><b>Pourquoi cette strat\u00e9gie de communication fonctionne-t-elle ?<\/b><\/p>\n<p><span style=\"font-weight: 400;\">Il y a un savoir-faire \u00e9norme en mati\u00e8re de strat\u00e9gie de communication qui est utilis\u00e9 depuis des d\u00e9cennies et qui avait \u00e9t\u00e9 justement invent\u00e9 par l\u2019industrie du tabac. Pour un\u00b7e citoyen\u00b7ne, qui a toujours \u00e9t\u00e9 biberonn\u00e9\u00b7e au p\u00e9trole, imaginer qu\u2019il est possible de s\u2019en passer, cela fait peur, c\u2019est compliqu\u00e9, voire inimaginable. De mani\u00e8re tr\u00e8s int\u00e9ressante, les arguments utilis\u00e9s en Suisse contre la loi sur le CO2, sont pratiquement identiques \u00e0 ceux utilis\u00e9s par le lobby am\u00e9ricain contre le Green New Deal de Biden. La strat\u00e9gie est plan\u00e9taire et donc minutieusement planifi\u00e9e avec des arguments test\u00e9s et qui font mouche.<\/span><\/p>\n<p>&nbsp;<\/p>\n<p><b>Avons-nous encore besoin des \u00e9nergies fossiles ?<\/b><\/p>\n<p><span style=\"font-weight: 400;\">Aujourd\u2019hui, oui. Mais d&rsquo;une mani\u00e8re g\u00e9n\u00e9rale, g\u00e9ologique et strat\u00e9gique, nous devons diminuer notre consommation d\u2019\u00e9nergies fossiles et d\u00e9buter le plus rapidement possible une transition vers les \u00e9nergies propres. G\u00e9ologiquement, il va \u00eatre tr\u00e8s difficile de continuer \u00e0 extraire les quantit\u00e9s de p\u00e9trole actuelles et m\u00eame l\u2019industrie p\u00e9troli\u00e8re pr\u00e9voit un pic avant la fin de la d\u00e9cennie. Il en va de notre mod\u00e8le \u00e9conomique et de nos emplois.<\/span><\/p>\n<p>&nbsp;<\/p>\n<p><b>Est-il raisonnable d&rsquo;investir dans les \u00e9nergies fossiles de nos jours ?<\/b><\/p>\n<p><span style=\"font-weight: 400;\">Durant les 2-3 prochaines ann\u00e9es, le prix du baril va certainement fortement augmenter. Ainsi, cela pourrait \u00eatre tr\u00e8s rentable pour les investisseur\u00b7se\u00b7s. Cependant, dans les 5 \u00e0 10 ann\u00e9es, on va arriver \u00e0 un vrai probl\u00e8me avec le p\u00e9trole. Les r\u00e9serves de p\u00e9trole bon march\u00e9 arrivent \u00e0 terme. Les variations \u00e9normes de l\u2019ann\u00e9e derni\u00e8re ont \u00e9t\u00e9 sans piti\u00e9 pour les investisseur\u00b7se\u00b7s et beaucoup d\u2019entreprises ont fait faillite. Il semble que nous arrivons \u00e0 la fin d\u2019un cycle. De plus en plus de pays l&rsquo;ont compris et sont en train d\u2019acc\u00e9l\u00e9rer leur transition. Le Danemark est un excellent exemple.<\/span><\/p>\n<p>&nbsp;<\/p>\n<p><b>Qu\u2019apporte un OUI \u00e0 la loi sur le CO2 ?<\/b><\/p>\n<p><span style=\"font-weight: 400;\">Un OUI permettra \u00e0 la Suisse d\u2019initier un \u00e9loignement progressif du p\u00e9trole et du gaz et un englage clair pour les \u00e9nergies renouvelables. Certes, la loi n\u2019est pas tr\u00e8s ambitieuse, mais c\u2019est un d\u00e9but. Cela permettra \u00e0 la Suisse de diminuer sa d\u00e9pendance \u00e9nerg\u00e9tique par rapport \u00e0 l&rsquo;\u00e9tranger. Ce sera un excellent signal afin de stimuler l\u2019innovation \u00e9nerg\u00e9tique, le maintien et la cr\u00e9ation d\u2019emplois locaux. De plus, au lieu d\u2019exporter huit milliards par an, une partie de cet argent retournera directement dans notre \u00e9conomie locale. Si cette loi ne devait pas passer, ce serait non seulement une victoire des pays exportateurs de p\u00e9trole et des compagnies p\u00e9troli\u00e8res mais aussi une d\u00e9faite cruelle pour les citoyen\u00b7ne\u00b7s suisses. On ne vit pas en buvant du p\u00e9trole, on boit de l\u2019eau pour vivre.\u00a0<\/span><\/p>\n<p>&nbsp;<\/p>\n<p><b>Br\u00e8ve description :<\/b><\/p>\n<p><i><span style=\"font-weight: 400;\">Laurent Horvath est dipl\u00f4m\u00e9 MBA de Dallas University, Texas et de Xavier University, Ohio, USA. L\u2019expert en \u00e9nergie valaisan \u00e9tudie depuis plus de 20 ans l&rsquo;impact des \u00e9nergies sur les \u00e9conomies au niveau mondial, tient un blog chez Le Temps et a cr\u00e9\u00e9 le site <\/span><\/i><a href=\"https:\/\/www.2000watts.org\/\"><i><span style=\"font-weight: 400;\">2000Watts.org<\/span><\/i><\/a><i><span style=\"font-weight: 400;\">.<\/span><\/i><\/p>\n","protected":false},"featured_media":0,"template":"","categories":[],"class_list":["post-6636","beitrag","type-beitrag","status-publish","hentry"],"better_featured_image":null,"acf":{"inhaltstyp_mediabox":"vimeo","galerie":null,"video_html":null,"video_vimeo":536359219,"downloads":"","links":null},"yoast_head":"<!-- This site is optimized with the Yoast SEO plugin v27.5 - https:\/\/yoast.com\/product\/yoast-seo-wordpress\/ -->\n<title>OUI \u00e0 la loi sur le CO2 : entretien avec le g\u00e9o-\u00e9conomiste Laurent Horvath &#8226; Alliance Climatique<\/title>\n<meta name=\"description\" content=\"Laurent Horvath*, g\u00e9o-\u00e9conomiste, explique comment le lobby p\u00e9trolier influence la politique climatique mondiale. Le Valaisan montre \u00e0 quel point notre soci\u00e9t\u00e9 actuelle est d\u00e9pendante des \u00e9nergies fossiles, puis quelle est la contribution de la loi sur le CO2 \u00e0 la transition \u00e9nerg\u00e9tique.\" \/>\n<meta name=\"robots\" content=\"index, follow, max-snippet:-1, max-image-preview:large, max-video-preview:-1\" \/>\n<link rel=\"canonical\" href=\"https:\/\/www.klima-allianz.ch\/fr\/article\/geo-economiste-laurent-horvath\/\" \/>\n<meta property=\"og:locale\" content=\"fr_FR\" \/>\n<meta property=\"og:type\" content=\"article\" \/>\n<meta property=\"og:title\" content=\"OUI \u00e0 la loi sur le CO2 : entretien avec le g\u00e9o-\u00e9conomiste Laurent Horvath &#8226; Alliance Climatique\" \/>\n<meta property=\"og:description\" content=\"Laurent Horvath*, g\u00e9o-\u00e9conomiste, explique comment le lobby p\u00e9trolier influence la politique climatique mondiale. Le Valaisan montre \u00e0 quel point notre soci\u00e9t\u00e9 actuelle est d\u00e9pendante des \u00e9nergies fossiles, puis quelle est la contribution de la loi sur le CO2 \u00e0 la transition \u00e9nerg\u00e9tique.\" \/>\n<meta property=\"og:url\" content=\"https:\/\/www.klima-allianz.ch\/fr\/article\/geo-economiste-laurent-horvath\/\" \/>\n<meta property=\"og:site_name\" content=\"Alliance Climatique\" \/>\n<meta property=\"article:modified_time\" content=\"2021-05-06T06:07:15+00:00\" \/>\n<meta name=\"twitter:card\" content=\"summary_large_image\" \/>\n<meta name=\"twitter:label1\" content=\"Dur\u00e9e de lecture estim\u00e9e\" \/>\n\t<meta name=\"twitter:data1\" content=\"4 minutes\" \/>\n<script type=\"application\/ld+json\" class=\"yoast-schema-graph\">{\"@context\":\"https:\\\/\\\/schema.org\",\"@graph\":[{\"@type\":\"WebPage\",\"@id\":\"https:\\\/\\\/www.klima-allianz.ch\\\/fr\\\/article\\\/geo-economiste-laurent-horvath\\\/\",\"url\":\"https:\\\/\\\/www.klima-allianz.ch\\\/fr\\\/article\\\/geo-economiste-laurent-horvath\\\/\",\"name\":\"OUI \u00e0 la loi sur le CO2 : entretien avec le g\u00e9o-\u00e9conomiste Laurent Horvath &#8226; Alliance Climatique\",\"isPartOf\":{\"@id\":\"https:\\\/\\\/www.klima-allianz.ch\\\/fr\\\/#website\"},\"datePublished\":\"2021-05-03T08:23:08+00:00\",\"dateModified\":\"2021-05-06T06:07:15+00:00\",\"description\":\"Laurent Horvath*, g\u00e9o-\u00e9conomiste, explique comment le lobby p\u00e9trolier influence la politique climatique mondiale. Le Valaisan montre \u00e0 quel point notre soci\u00e9t\u00e9 actuelle est d\u00e9pendante des \u00e9nergies fossiles, puis quelle est la contribution de la loi sur le CO2 \u00e0 la transition \u00e9nerg\u00e9tique.\",\"breadcrumb\":{\"@id\":\"https:\\\/\\\/www.klima-allianz.ch\\\/fr\\\/article\\\/geo-economiste-laurent-horvath\\\/#breadcrumb\"},\"inLanguage\":\"fr-FR\",\"potentialAction\":[{\"@type\":\"ReadAction\",\"target\":[\"https:\\\/\\\/www.klima-allianz.ch\\\/fr\\\/article\\\/geo-economiste-laurent-horvath\\\/\"]}]},{\"@type\":\"BreadcrumbList\",\"@id\":\"https:\\\/\\\/www.klima-allianz.ch\\\/fr\\\/article\\\/geo-economiste-laurent-horvath\\\/#breadcrumb\",\"itemListElement\":[{\"@type\":\"ListItem\",\"position\":1,\"name\":\"Home\",\"item\":\"https:\\\/\\\/www.klima-allianz.ch\\\/fr\\\/\"},{\"@type\":\"ListItem\",\"position\":2,\"name\":\"Beitr\u00e4ge\",\"item\":\"https:\\\/\\\/www.klima-allianz.ch\\\/fr\\\/article\\\/\"},{\"@type\":\"ListItem\",\"position\":3,\"name\":\"OUI \u00e0 la loi sur le CO2 : entretien avec le g\u00e9o-\u00e9conomiste Laurent Horvath\"}]},{\"@type\":\"WebSite\",\"@id\":\"https:\\\/\\\/www.klima-allianz.ch\\\/fr\\\/#website\",\"url\":\"https:\\\/\\\/www.klima-allianz.ch\\\/fr\\\/\",\"name\":\"Alliance Climatique\",\"description\":\"\",\"publisher\":{\"@id\":\"https:\\\/\\\/www.klima-allianz.ch\\\/fr\\\/#organization\"},\"potentialAction\":[{\"@type\":\"SearchAction\",\"target\":{\"@type\":\"EntryPoint\",\"urlTemplate\":\"https:\\\/\\\/www.klima-allianz.ch\\\/fr\\\/?s={search_term_string}\"},\"query-input\":{\"@type\":\"PropertyValueSpecification\",\"valueRequired\":true,\"valueName\":\"search_term_string\"}}],\"inLanguage\":\"fr-FR\"},{\"@type\":\"Organization\",\"@id\":\"https:\\\/\\\/www.klima-allianz.ch\\\/fr\\\/#organization\",\"name\":\"Klima-Allianz\",\"url\":\"https:\\\/\\\/www.klima-allianz.ch\\\/fr\\\/\",\"logo\":{\"@type\":\"ImageObject\",\"inLanguage\":\"fr-FR\",\"@id\":\"https:\\\/\\\/www.klima-allianz.ch\\\/fr\\\/#\\\/schema\\\/logo\\\/image\\\/\",\"url\":\"https:\\\/\\\/www.klima-allianz.ch\\\/wp-content\\\/uploads\\\/KA-Favicon-Kreis-1.png\",\"contentUrl\":\"https:\\\/\\\/www.klima-allianz.ch\\\/wp-content\\\/uploads\\\/KA-Favicon-Kreis-1.png\",\"width\":512,\"height\":512,\"caption\":\"Klima-Allianz\"},\"image\":{\"@id\":\"https:\\\/\\\/www.klima-allianz.ch\\\/fr\\\/#\\\/schema\\\/logo\\\/image\\\/\"}}]}<\/script>\n<!-- \/ Yoast SEO plugin. -->","yoast_head_json":{"title":"OUI \u00e0 la loi sur le CO2 : entretien avec le g\u00e9o-\u00e9conomiste Laurent Horvath &#8226; Alliance Climatique","description":"Laurent Horvath*, g\u00e9o-\u00e9conomiste, explique comment le lobby p\u00e9trolier influence la politique climatique mondiale. Le Valaisan montre \u00e0 quel point notre soci\u00e9t\u00e9 actuelle est d\u00e9pendante des \u00e9nergies fossiles, puis quelle est la contribution de la loi sur le CO2 \u00e0 la transition \u00e9nerg\u00e9tique.","robots":{"index":"index","follow":"follow","max-snippet":"max-snippet:-1","max-image-preview":"max-image-preview:large","max-video-preview":"max-video-preview:-1"},"canonical":"https:\/\/www.klima-allianz.ch\/fr\/article\/geo-economiste-laurent-horvath\/","og_locale":"fr_FR","og_type":"article","og_title":"OUI \u00e0 la loi sur le CO2 : entretien avec le g\u00e9o-\u00e9conomiste Laurent Horvath &#8226; Alliance Climatique","og_description":"Laurent Horvath*, g\u00e9o-\u00e9conomiste, explique comment le lobby p\u00e9trolier influence la politique climatique mondiale. Le Valaisan montre \u00e0 quel point notre soci\u00e9t\u00e9 actuelle est d\u00e9pendante des \u00e9nergies fossiles, puis quelle est la contribution de la loi sur le CO2 \u00e0 la transition \u00e9nerg\u00e9tique.","og_url":"https:\/\/www.klima-allianz.ch\/fr\/article\/geo-economiste-laurent-horvath\/","og_site_name":"Alliance Climatique","article_modified_time":"2021-05-06T06:07:15+00:00","twitter_card":"summary_large_image","twitter_misc":{"Dur\u00e9e de lecture estim\u00e9e":"4 minutes"},"schema":{"@context":"https:\/\/schema.org","@graph":[{"@type":"WebPage","@id":"https:\/\/www.klima-allianz.ch\/fr\/article\/geo-economiste-laurent-horvath\/","url":"https:\/\/www.klima-allianz.ch\/fr\/article\/geo-economiste-laurent-horvath\/","name":"OUI \u00e0 la loi sur le CO2 : entretien avec le g\u00e9o-\u00e9conomiste Laurent Horvath &#8226; Alliance Climatique","isPartOf":{"@id":"https:\/\/www.klima-allianz.ch\/fr\/#website"},"datePublished":"2021-05-03T08:23:08+00:00","dateModified":"2021-05-06T06:07:15+00:00","description":"Laurent Horvath*, g\u00e9o-\u00e9conomiste, explique comment le lobby p\u00e9trolier influence la politique climatique mondiale. Le Valaisan montre \u00e0 quel point notre soci\u00e9t\u00e9 actuelle est d\u00e9pendante des \u00e9nergies fossiles, puis quelle est la contribution de la loi sur le CO2 \u00e0 la transition \u00e9nerg\u00e9tique.","breadcrumb":{"@id":"https:\/\/www.klima-allianz.ch\/fr\/article\/geo-economiste-laurent-horvath\/#breadcrumb"},"inLanguage":"fr-FR","potentialAction":[{"@type":"ReadAction","target":["https:\/\/www.klima-allianz.ch\/fr\/article\/geo-economiste-laurent-horvath\/"]}]},{"@type":"BreadcrumbList","@id":"https:\/\/www.klima-allianz.ch\/fr\/article\/geo-economiste-laurent-horvath\/#breadcrumb","itemListElement":[{"@type":"ListItem","position":1,"name":"Home","item":"https:\/\/www.klima-allianz.ch\/fr\/"},{"@type":"ListItem","position":2,"name":"Beitr\u00e4ge","item":"https:\/\/www.klima-allianz.ch\/fr\/article\/"},{"@type":"ListItem","position":3,"name":"OUI \u00e0 la loi sur le CO2 : entretien avec le g\u00e9o-\u00e9conomiste Laurent Horvath"}]},{"@type":"WebSite","@id":"https:\/\/www.klima-allianz.ch\/fr\/#website","url":"https:\/\/www.klima-allianz.ch\/fr\/","name":"Alliance Climatique","description":"","publisher":{"@id":"https:\/\/www.klima-allianz.ch\/fr\/#organization"},"potentialAction":[{"@type":"SearchAction","target":{"@type":"EntryPoint","urlTemplate":"https:\/\/www.klima-allianz.ch\/fr\/?s={search_term_string}"},"query-input":{"@type":"PropertyValueSpecification","valueRequired":true,"valueName":"search_term_string"}}],"inLanguage":"fr-FR"},{"@type":"Organization","@id":"https:\/\/www.klima-allianz.ch\/fr\/#organization","name":"Klima-Allianz","url":"https:\/\/www.klima-allianz.ch\/fr\/","logo":{"@type":"ImageObject","inLanguage":"fr-FR","@id":"https:\/\/www.klima-allianz.ch\/fr\/#\/schema\/logo\/image\/","url":"https:\/\/www.klima-allianz.ch\/wp-content\/uploads\/KA-Favicon-Kreis-1.png","contentUrl":"https:\/\/www.klima-allianz.ch\/wp-content\/uploads\/KA-Favicon-Kreis-1.png","width":512,"height":512,"caption":"Klima-Allianz"},"image":{"@id":"https:\/\/www.klima-allianz.ch\/fr\/#\/schema\/logo\/image\/"}}]}},"_links":{"self":[{"href":"https:\/\/www.klima-allianz.ch\/fr\/wp-json\/wp\/v2\/beitrag\/6636","targetHints":{"allow":["GET"]}}],"collection":[{"href":"https:\/\/www.klima-allianz.ch\/fr\/wp-json\/wp\/v2\/beitrag"}],"about":[{"href":"https:\/\/www.klima-allianz.ch\/fr\/wp-json\/wp\/v2\/types\/beitrag"}],"wp:attachment":[{"href":"https:\/\/www.klima-allianz.ch\/fr\/wp-json\/wp\/v2\/media?parent=6636"}],"wp:term":[{"taxonomy":"category","embeddable":true,"href":"https:\/\/www.klima-allianz.ch\/fr\/wp-json\/wp\/v2\/categories?post=6636"}],"curies":[{"name":"wp","href":"https:\/\/api.w.org\/{rel}","templated":true}]}}