{"id":6647,"date":"2021-05-06T06:04:36","date_gmt":"2021-05-06T06:04:36","guid":{"rendered":"https:\/\/www.klima-allianz.ch\/?post_type=beitrag&#038;p=6647"},"modified":"2021-05-06T06:06:50","modified_gmt":"2021-05-06T06:06:50","slug":"oui-loi-co2-interview-rupa-mukerji","status":"publish","type":"beitrag","link":"https:\/\/www.klima-allianz.ch\/fr\/article\/oui-loi-co2-interview-rupa-mukerji\/","title":{"rendered":"OUI \u00e0 la loi sur le CO2 : Interview avec l&rsquo;experte en coop\u00e9ration au d\u00e9veloppement et en changement climatique Rupa Mukerji"},"content":{"rendered":"<p><b>\u00ab\u00a0Les populations pauvres du Sud n&rsquo;ont pas contribu\u00e9 \u00e0 la crise climatique, pourtant elles sont les plus touch\u00e9es par celle-ci.\u00a0\u00bb<\/b><\/p>\n<p>&nbsp;<\/p>\n<p><i><span style=\"font-weight: 400;\">Rupa Mukerji est une experte de la coop\u00e9ration au d\u00e9veloppement et du changement climatique ainsi que membre du comit\u00e9 ex\u00e9cutif d&rsquo;Helvetas. Elle explique clairement pourquoi la Suisse, en tant que nation industrialis\u00e9e, a une responsabilit\u00e9 historique envers le Sud, qui est gravement touch\u00e9 par la crise climatique. Et elle explique pourquoi la loi sur le CO2 est un pas important vers la justice climatique.<\/span><\/i><\/p>\n<p>&nbsp;<\/p>\n<p><b>Les organisations de coop\u00e9ration au d\u00e9veloppement soutiennent la loi r\u00e9vis\u00e9e sur le CO2 et plaident pour la justice climatique. Quel est le lien entre la justice climatique et la loi sur le CO2 ?<\/b><\/p>\n<p><span style=\"font-weight: 400;\">Avec la loi sur le CO2, nous prenons la responsabilit\u00e9, en tant que citoyens du monde, de nous attaquer aux causes du changement climatique. La crise climatique, dont les cons\u00e9quences affectent gravement les populations du Sud, est en grande partie la responsabilit\u00e9 des nations industrialis\u00e9es. La loi r\u00e9vis\u00e9e sur le CO2 d\u00e9finit des objectifs clairs de r\u00e9duction des \u00e9missions pour la Suisse, tant sur le plan national qu&rsquo;international. Il s&rsquo;agit d&rsquo;un pas important vers la r\u00e9duction des risques climatiques pour les populations du Sud et donc d&rsquo;une contribution importante de la Suisse \u00e0 la justice climatique.<\/span><\/p>\n<p>&nbsp;<\/p>\n<p><b>Pourquoi les pays en d\u00e9veloppement sont-ils particuli\u00e8rement touch\u00e9s par la crise climatique ?<\/b><\/p>\n<p><span style=\"font-weight: 400;\">En effet, leurs moyens de subsistance d\u00e9pendent fortement du climat et ils sont donc plus expos\u00e9s. Les ressources, les technologies et le savoir-faire dont ils disposent pour contrer les effets de la crise climatique par des mesures appropri\u00e9es est limit\u00e9.<\/span><\/p>\n<p>&nbsp;<\/p>\n<p><b>Vous parlez de justice climatique &#8211; qu&rsquo;est-ce qui est exactement \u00ab\u00a0injuste\u00a0\u00bb ?<\/b><\/p>\n<p><span style=\"font-weight: 400;\">Les pauvres du sud du monde n&rsquo;ont pas contribu\u00e9 \u00e0 la crise climatique. Ils vivent dans des maisons construites \u00e0 partir de mat\u00e9riaux naturels, sans chauffage, le plus souvent sans \u00e9lectricit\u00e9. Leur empreinte carbone est minuscule, mais ce sont eux qui subissent la plus grande partie de l&rsquo;impact et de la destruction de leurs moyens de subsistance.<\/span><\/p>\n<p>&nbsp;<\/p>\n<p><b>Pouvez-vous donner un exemple pour illustrer l&rsquo;impact de la crise climatique dans les pays du Sud ?<\/b><\/p>\n<p><span style=\"font-weight: 400;\">Nous travaillons au Bangladesh depuis plusieurs ann\u00e9es. De nombreuses personnes ont d\u00fb \u00eatre relog\u00e9es en raison de la mont\u00e9e du niveau de la mer. Les inondations extr\u00eames sont une cons\u00e9quence directe du r\u00e9chauffement climatique. Les sources d&rsquo;eau deviennent salines et ne peuvent plus \u00eatre utilis\u00e9es pour l&rsquo;irrigation. Cela rend l&rsquo;agriculture difficile. Il y a des familles qui ont d\u00e9j\u00e0 \u00e9t\u00e9 relog\u00e9es trois fois et qui ont, suite \u00e0 cela, perdu leurs biens \u00e0 chaque fois. De nombreux parents n&rsquo;ont plus les moyens d&rsquo;envoyer leurs enfants \u00e0 l&rsquo;\u00e9cole. C&rsquo;est une spirale de la pauvret\u00e9.<\/span><\/p>\n<p>&nbsp;<\/p>\n<p><b>Dans quelle mesure la loi sur le CO2 contribue-t-elle \u00e0 briser ces spirales ?<\/b><\/p>\n<p><span style=\"font-weight: 400;\">La loi sur le CO2 pr\u00e9voit la cr\u00e9ation d&rsquo;un fonds climatique \u00e0 partir des taxes d&rsquo;incitation. Ce fonds permettra \u00e0 la Suisse d&rsquo;investir dans des mesures concr\u00e8tes visant \u00e0 att\u00e9nuer les cons\u00e9quences de la crise climatique dans les pays du Sud.<\/span><\/p>\n<p><span style=\"font-weight: 400;\">Avec la r\u00e9vision de la loi sur le CO2, la Suisse reconna\u00eet aussi enfin les \u00e9missions qu&rsquo;elle provoque par l&rsquo;importation de marchandises \u00e0 partir de l&rsquo;\u00e9tranger. Ils repr\u00e9sentent deux tiers de l&#8217;empreinte CO2 de la Suisse.<\/span><\/p>\n<p>&nbsp;<\/p>\n<p><b>Pourquoi un petit pays comme la Suisse devrait-il faire quelque chose pour lutter contre la crise climatique ?<\/b><\/p>\n<p><span style=\"font-weight: 400;\">Il y a trois raisons pour lesquelles la Suisse devrait en faire plus. Tout d&rsquo;abord, en tant que pays montagneux, elle ressent tr\u00e8s fortement les effets du changement climatique, car le r\u00e9chauffement est deux fois plus \u00e9lev\u00e9 que la moyenne mondiale en raison de l&rsquo;altitude de la Suisse. En Suisse, les risques li\u00e9s aux \u00e9v\u00e9nements extr\u00eames tels que les glissements de terrain, les inondations ou les chutes de pierres sont tr\u00e8s \u00e9lev\u00e9s et constituent une menace pour la population et l&rsquo;\u00e9conomie. Deuxi\u00e8mement, la Suisse est l&rsquo;une des nations industrialis\u00e9es qui s&rsquo;est d\u00e9velopp\u00e9e gr\u00e2ce aux combustibles fossiles. Elle a une responsabilit\u00e9 historique et une importante empreinte carbone qui doit \u00eatre r\u00e9duite par des mesures en Suisse et \u00e0 l&rsquo;\u00e9tranger. Et troisi\u00e8mement, le secteur financier joue un r\u00f4le important en d\u00e9cidant de la destination des investissements. En tant que centre de la finance mondiale, la Suisse peut exercer une grande influence.<\/span><\/p>\n<p>&nbsp;<\/p>\n<p><b>Comment s\u2019expliquer pourquoi les nations industrialis\u00e9es sont responsables de la crise climatique ?<\/b><\/p>\n<p><span style=\"font-weight: 400;\">La croissance des nations industrialis\u00e9es \u00e9tait bas\u00e9e sur les combustibles fossiles. Bien s\u00fbr, vous pouvez argumenter que vous ne saviez pas, \u00e0 l&rsquo;\u00e9poque, que les combustibles fossiles provoquaient le r\u00e9chauffement de la plan\u00e8te. Mais le fait est que ces informations sont disponibles depuis au moins 50 ans. Pourtant, l&rsquo;industrie des combustibles fossiles n&rsquo;a rien fait \u00e0 ce sujet. Au contraire, les faits scientifiques ont \u00e9t\u00e9 constamment remis en question. En cons\u00e9quence, beaucoup de temps pr\u00e9cieux a \u00e9t\u00e9 perdu.<\/span><\/p>\n<p>&nbsp;<\/p>\n<p><b>Quels \u00e9l\u00e9ments englobe le terme \u00ab\u00a0justice climatique\u00a0\u00bb ?<\/b><\/p>\n<p><span style=\"font-weight: 400;\">La justice climatique est un mouvement qui reconna\u00eet l&rsquo;existence d&rsquo;une in\u00e9galit\u00e9 dans le contexte mondial. Mais le terme est \u00e9galement marqu\u00e9 par nos jeunes g\u00e9n\u00e9rations, qui en endossent aujourd&rsquo;hui les cons\u00e9quences parce que les anciennes g\u00e9n\u00e9rations n&rsquo;ont pas agi. Cela aussi est injuste. C&rsquo;est pourquoi les enfants et les jeunes descendent dans la rue pour r\u00e9clamer leurs droits. Tout comme de nombreux pays du Sud, ils ne peuvent gu\u00e8re participer aux n\u00e9gociations. Il est temps de cr\u00e9er un espace pour eux et de mettre \u00e0 disposition les ressources n\u00e9cessaires \u00e0 cette participation.<\/span><\/p>\n<p><b>\u00a0<\/b><\/p>\n<p><b>Comment la Suisse se placerait-elle sur le plan international sans loi sur le CO2 ?<\/b><\/p>\n<p><span style=\"font-weight: 400;\">M\u00eame les pays les moins d\u00e9velopp\u00e9s prennent des engagements dans le cadre de l&rsquo;accord de Paris sur le climat. La Suisse perdrait l&rsquo;occasion de jouer un r\u00f4le de premier plan dans l&rsquo;\u00e9laboration de l&rsquo;agenda mondial. M\u00eame avec la loi sur le CO2, si tous les gouvernements en faisaient autant que la Suisse pour prot\u00e9ger le climat, le r\u00e9chauffement moyen de la plan\u00e8te d&rsquo;ici la fin du si\u00e8cle se situerait entre 2 et 3 degr\u00e9s Celsius, et pour la Suisse, il pourrait \u00eatre deux fois plus \u00e9lev\u00e9. De nombreux secteurs de l&rsquo;\u00e9conomie ne seraient pas en mesure de survivre. La Suisse doit renforcer son engagement et jouer un r\u00f4le de premier plan dans la protection du climat &#8211; dans son propre int\u00e9r\u00eat !\u00a0<\/span><\/p>\n<p>&nbsp;<\/p>\n<p><b>Br\u00e8ve description :<\/b><\/p>\n<p><i><span style=\"font-weight: 400;\">Rupa Mukerji est membre du comit\u00e9 ex\u00e9cutif d&rsquo;Helvetas et conseill\u00e8re principale en mati\u00e8re de changement climatique. Elle est experte en mati\u00e8re d&rsquo;impacts, de vuln\u00e9rabilit\u00e9 et d&rsquo;adaptation au r\u00e9chauffement climatique au sein du groupe de travail international du GIEC, le groupe d&rsquo;experts international des Nations unies sur le changement climatique.<\/span><\/i><\/p>\n","protected":false},"featured_media":0,"template":"","categories":[],"class_list":["post-6647","beitrag","type-beitrag","status-publish","hentry"],"better_featured_image":null,"acf":{"inhaltstyp_mediabox":"vimeo","galerie":null,"video_html":null,"video_vimeo":536366821,"downloads":"","links":null},"yoast_head":"<!-- This site is optimized with the Yoast SEO plugin v27.5 - https:\/\/yoast.com\/product\/yoast-seo-wordpress\/ -->\n<title>OUI \u00e0 la loi sur le CO2 : Interview avec l&#039;experte en coop\u00e9ration au d\u00e9veloppement et en changement climatique Rupa Mukerji &#8226; Alliance Climatique<\/title>\n<meta name=\"description\" content=\"Rupa Mukerji est une experte de la coop\u00e9ration au d\u00e9veloppement et du changement climatique ainsi que membre du comit\u00e9 ex\u00e9cutif d&#039;Helvetas.\" \/>\n<meta name=\"robots\" content=\"index, follow, max-snippet:-1, max-image-preview:large, max-video-preview:-1\" \/>\n<link rel=\"canonical\" href=\"https:\/\/www.klima-allianz.ch\/fr\/article\/oui-loi-co2-interview-rupa-mukerji\/\" \/>\n<meta property=\"og:locale\" content=\"fr_FR\" \/>\n<meta property=\"og:type\" content=\"article\" \/>\n<meta property=\"og:title\" content=\"OUI \u00e0 la loi sur le CO2 : Interview avec l&#039;experte en coop\u00e9ration au d\u00e9veloppement et en changement climatique Rupa Mukerji &#8226; Alliance Climatique\" \/>\n<meta property=\"og:description\" content=\"Rupa Mukerji est une experte de la coop\u00e9ration au d\u00e9veloppement et du changement climatique ainsi que membre du comit\u00e9 ex\u00e9cutif d&#039;Helvetas.\" \/>\n<meta property=\"og:url\" content=\"https:\/\/www.klima-allianz.ch\/fr\/article\/oui-loi-co2-interview-rupa-mukerji\/\" \/>\n<meta property=\"og:site_name\" content=\"Alliance Climatique\" \/>\n<meta property=\"article:modified_time\" content=\"2021-05-06T06:06:50+00:00\" \/>\n<meta name=\"twitter:card\" content=\"summary_large_image\" \/>\n<meta name=\"twitter:label1\" content=\"Dur\u00e9e de lecture estim\u00e9e\" \/>\n\t<meta name=\"twitter:data1\" content=\"5 minutes\" \/>\n<script type=\"application\/ld+json\" class=\"yoast-schema-graph\">{\"@context\":\"https:\\\/\\\/schema.org\",\"@graph\":[{\"@type\":\"WebPage\",\"@id\":\"https:\\\/\\\/www.klima-allianz.ch\\\/fr\\\/article\\\/oui-loi-co2-interview-rupa-mukerji\\\/\",\"url\":\"https:\\\/\\\/www.klima-allianz.ch\\\/fr\\\/article\\\/oui-loi-co2-interview-rupa-mukerji\\\/\",\"name\":\"OUI \u00e0 la loi sur le CO2 : Interview avec l'experte en coop\u00e9ration au d\u00e9veloppement et en changement climatique Rupa Mukerji &#8226; Alliance Climatique\",\"isPartOf\":{\"@id\":\"https:\\\/\\\/www.klima-allianz.ch\\\/fr\\\/#website\"},\"datePublished\":\"2021-05-06T06:04:36+00:00\",\"dateModified\":\"2021-05-06T06:06:50+00:00\",\"description\":\"Rupa Mukerji est une experte de la coop\u00e9ration au d\u00e9veloppement et du changement climatique ainsi que membre du comit\u00e9 ex\u00e9cutif d'Helvetas.\",\"breadcrumb\":{\"@id\":\"https:\\\/\\\/www.klima-allianz.ch\\\/fr\\\/article\\\/oui-loi-co2-interview-rupa-mukerji\\\/#breadcrumb\"},\"inLanguage\":\"fr-FR\",\"potentialAction\":[{\"@type\":\"ReadAction\",\"target\":[\"https:\\\/\\\/www.klima-allianz.ch\\\/fr\\\/article\\\/oui-loi-co2-interview-rupa-mukerji\\\/\"]}]},{\"@type\":\"BreadcrumbList\",\"@id\":\"https:\\\/\\\/www.klima-allianz.ch\\\/fr\\\/article\\\/oui-loi-co2-interview-rupa-mukerji\\\/#breadcrumb\",\"itemListElement\":[{\"@type\":\"ListItem\",\"position\":1,\"name\":\"Home\",\"item\":\"https:\\\/\\\/www.klima-allianz.ch\\\/fr\\\/\"},{\"@type\":\"ListItem\",\"position\":2,\"name\":\"Beitr\u00e4ge\",\"item\":\"https:\\\/\\\/www.klima-allianz.ch\\\/fr\\\/article\\\/\"},{\"@type\":\"ListItem\",\"position\":3,\"name\":\"OUI \u00e0 la loi sur le CO2 : Interview avec l&#8217;experte en coop\u00e9ration au d\u00e9veloppement et en changement climatique Rupa Mukerji\"}]},{\"@type\":\"WebSite\",\"@id\":\"https:\\\/\\\/www.klima-allianz.ch\\\/fr\\\/#website\",\"url\":\"https:\\\/\\\/www.klima-allianz.ch\\\/fr\\\/\",\"name\":\"Alliance Climatique\",\"description\":\"\",\"publisher\":{\"@id\":\"https:\\\/\\\/www.klima-allianz.ch\\\/fr\\\/#organization\"},\"potentialAction\":[{\"@type\":\"SearchAction\",\"target\":{\"@type\":\"EntryPoint\",\"urlTemplate\":\"https:\\\/\\\/www.klima-allianz.ch\\\/fr\\\/?s={search_term_string}\"},\"query-input\":{\"@type\":\"PropertyValueSpecification\",\"valueRequired\":true,\"valueName\":\"search_term_string\"}}],\"inLanguage\":\"fr-FR\"},{\"@type\":\"Organization\",\"@id\":\"https:\\\/\\\/www.klima-allianz.ch\\\/fr\\\/#organization\",\"name\":\"Klima-Allianz\",\"url\":\"https:\\\/\\\/www.klima-allianz.ch\\\/fr\\\/\",\"logo\":{\"@type\":\"ImageObject\",\"inLanguage\":\"fr-FR\",\"@id\":\"https:\\\/\\\/www.klima-allianz.ch\\\/fr\\\/#\\\/schema\\\/logo\\\/image\\\/\",\"url\":\"https:\\\/\\\/www.klima-allianz.ch\\\/wp-content\\\/uploads\\\/KA-Favicon-Kreis-1.png\",\"contentUrl\":\"https:\\\/\\\/www.klima-allianz.ch\\\/wp-content\\\/uploads\\\/KA-Favicon-Kreis-1.png\",\"width\":512,\"height\":512,\"caption\":\"Klima-Allianz\"},\"image\":{\"@id\":\"https:\\\/\\\/www.klima-allianz.ch\\\/fr\\\/#\\\/schema\\\/logo\\\/image\\\/\"}}]}<\/script>\n<!-- \/ Yoast SEO plugin. -->","yoast_head_json":{"title":"OUI \u00e0 la loi sur le CO2 : Interview avec l'experte en coop\u00e9ration au d\u00e9veloppement et en changement climatique Rupa Mukerji &#8226; Alliance Climatique","description":"Rupa Mukerji est une experte de la coop\u00e9ration au d\u00e9veloppement et du changement climatique ainsi que membre du comit\u00e9 ex\u00e9cutif d'Helvetas.","robots":{"index":"index","follow":"follow","max-snippet":"max-snippet:-1","max-image-preview":"max-image-preview:large","max-video-preview":"max-video-preview:-1"},"canonical":"https:\/\/www.klima-allianz.ch\/fr\/article\/oui-loi-co2-interview-rupa-mukerji\/","og_locale":"fr_FR","og_type":"article","og_title":"OUI \u00e0 la loi sur le CO2 : Interview avec l'experte en coop\u00e9ration au d\u00e9veloppement et en changement climatique Rupa Mukerji &#8226; Alliance Climatique","og_description":"Rupa Mukerji est une experte de la coop\u00e9ration au d\u00e9veloppement et du changement climatique ainsi que membre du comit\u00e9 ex\u00e9cutif d'Helvetas.","og_url":"https:\/\/www.klima-allianz.ch\/fr\/article\/oui-loi-co2-interview-rupa-mukerji\/","og_site_name":"Alliance Climatique","article_modified_time":"2021-05-06T06:06:50+00:00","twitter_card":"summary_large_image","twitter_misc":{"Dur\u00e9e de lecture estim\u00e9e":"5 minutes"},"schema":{"@context":"https:\/\/schema.org","@graph":[{"@type":"WebPage","@id":"https:\/\/www.klima-allianz.ch\/fr\/article\/oui-loi-co2-interview-rupa-mukerji\/","url":"https:\/\/www.klima-allianz.ch\/fr\/article\/oui-loi-co2-interview-rupa-mukerji\/","name":"OUI \u00e0 la loi sur le CO2 : Interview avec l'experte en coop\u00e9ration au d\u00e9veloppement et en changement climatique Rupa Mukerji &#8226; Alliance Climatique","isPartOf":{"@id":"https:\/\/www.klima-allianz.ch\/fr\/#website"},"datePublished":"2021-05-06T06:04:36+00:00","dateModified":"2021-05-06T06:06:50+00:00","description":"Rupa Mukerji est une experte de la coop\u00e9ration au d\u00e9veloppement et du changement climatique ainsi que membre du comit\u00e9 ex\u00e9cutif d'Helvetas.","breadcrumb":{"@id":"https:\/\/www.klima-allianz.ch\/fr\/article\/oui-loi-co2-interview-rupa-mukerji\/#breadcrumb"},"inLanguage":"fr-FR","potentialAction":[{"@type":"ReadAction","target":["https:\/\/www.klima-allianz.ch\/fr\/article\/oui-loi-co2-interview-rupa-mukerji\/"]}]},{"@type":"BreadcrumbList","@id":"https:\/\/www.klima-allianz.ch\/fr\/article\/oui-loi-co2-interview-rupa-mukerji\/#breadcrumb","itemListElement":[{"@type":"ListItem","position":1,"name":"Home","item":"https:\/\/www.klima-allianz.ch\/fr\/"},{"@type":"ListItem","position":2,"name":"Beitr\u00e4ge","item":"https:\/\/www.klima-allianz.ch\/fr\/article\/"},{"@type":"ListItem","position":3,"name":"OUI \u00e0 la loi sur le CO2 : Interview avec l&#8217;experte en coop\u00e9ration au d\u00e9veloppement et en changement climatique Rupa Mukerji"}]},{"@type":"WebSite","@id":"https:\/\/www.klima-allianz.ch\/fr\/#website","url":"https:\/\/www.klima-allianz.ch\/fr\/","name":"Alliance Climatique","description":"","publisher":{"@id":"https:\/\/www.klima-allianz.ch\/fr\/#organization"},"potentialAction":[{"@type":"SearchAction","target":{"@type":"EntryPoint","urlTemplate":"https:\/\/www.klima-allianz.ch\/fr\/?s={search_term_string}"},"query-input":{"@type":"PropertyValueSpecification","valueRequired":true,"valueName":"search_term_string"}}],"inLanguage":"fr-FR"},{"@type":"Organization","@id":"https:\/\/www.klima-allianz.ch\/fr\/#organization","name":"Klima-Allianz","url":"https:\/\/www.klima-allianz.ch\/fr\/","logo":{"@type":"ImageObject","inLanguage":"fr-FR","@id":"https:\/\/www.klima-allianz.ch\/fr\/#\/schema\/logo\/image\/","url":"https:\/\/www.klima-allianz.ch\/wp-content\/uploads\/KA-Favicon-Kreis-1.png","contentUrl":"https:\/\/www.klima-allianz.ch\/wp-content\/uploads\/KA-Favicon-Kreis-1.png","width":512,"height":512,"caption":"Klima-Allianz"},"image":{"@id":"https:\/\/www.klima-allianz.ch\/fr\/#\/schema\/logo\/image\/"}}]}},"_links":{"self":[{"href":"https:\/\/www.klima-allianz.ch\/fr\/wp-json\/wp\/v2\/beitrag\/6647","targetHints":{"allow":["GET"]}}],"collection":[{"href":"https:\/\/www.klima-allianz.ch\/fr\/wp-json\/wp\/v2\/beitrag"}],"about":[{"href":"https:\/\/www.klima-allianz.ch\/fr\/wp-json\/wp\/v2\/types\/beitrag"}],"wp:attachment":[{"href":"https:\/\/www.klima-allianz.ch\/fr\/wp-json\/wp\/v2\/media?parent=6647"}],"wp:term":[{"taxonomy":"category","embeddable":true,"href":"https:\/\/www.klima-allianz.ch\/fr\/wp-json\/wp\/v2\/categories?post=6647"}],"curies":[{"name":"wp","href":"https:\/\/api.w.org\/{rel}","templated":true}]}}