{"id":7322,"date":"2021-09-30T09:22:56","date_gmt":"2021-09-30T07:22:56","guid":{"rendered":"https:\/\/www.klima-allianz.ch\/?post_type=beitrag&#038;p=7322"},"modified":"2021-09-30T09:28:07","modified_gmt":"2021-09-30T09:28:07","slug":"prix-climat-pour-les-agriculteur%c2%b7rice%c2%b7s-innovant%c2%b7e%c2%b7s","status":"publish","type":"beitrag","link":"https:\/\/www.klima-allianz.ch\/fr\/article\/prix-climat-pour-les-agriculteur%c2%b7rice%c2%b7s-innovant%c2%b7e%c2%b7s\/","title":{"rendered":"Prix Climat pour les agriculteur\u00b7rice\u00b7s innovant\u00b7e\u00b7s"},"content":{"rendered":"<p>On dit souvent que l\u2019agriculture est responsable du r\u00e9chauffement climatique et de la pollution de l\u2019eau. Mais ce n\u2019est pas si simple: En Suisse, il existe d\u00e9j\u00e0 de nombreuses exploitations innovantes et respectueuses du climat. Cependant, le travail important de ces agriculteur\u00b7rice\u00b7s re\u00e7oit trop peu d\u2019attention.<\/p>\n<p>Avec le Prix Climat, nous voulons honorer les exploitations respectueuses du climat et montrer \u00e0 toute la Suisse \u00e0 quoi ressemblera l\u2019agriculture du futur ! Car afin de rendre l\u2019agriculture plus respectueuse du climat, nous avons besoin d\u2019histoires fortes de pionni\u00e8r\u00b7e\u00b7s. Nous pouvons ainsi montrer aux agriculteur\u00b7rice\u00b7s de toute la Suisse qu\u2019une agriculture respectueuse du climat est possible et en vaut la peine !<\/p>\n<p>Un jury compos\u00e9 d\u2019expert\u00b7e\u00b7s du domaine de l\u2019agriculture et toute la Suisse d\u00e9cideront en mars 2022, par le biais d\u2019un vote en ligne, qui recevra le Prix Climat.<\/p>\n<p>Toutes les exploitations nomin\u00e9es recevront l\u2019attention dont elles ont besoin pour faire de leurs projets climatiques un succ\u00e8s \u00e0 l\u2019avenir et pour inspirer d\u2019autres agriculteur\u00b7rice\u00b7s. Outre un prix, les nomin\u00e9\u00b7e\u00b7s auront \u00e9galement la possibilit\u00e9 de poursuivre d\u2019approfondir leur savoir-faire \u00e0 travers d\u2019une formation dans le domaine de l\u2019agriculture respectueuse du climat.<\/p>\n<p>&nbsp;<\/p>\n<p><strong>L&rsquo;agriculture respectueuse du climat existe d\u00e9j\u00e0 !<\/strong><\/p>\n<p>Nous voulons pr\u00e9senter un total de six exploitations respectueuses du climat, les personnes derri\u00e8res et leur travail dans des vid\u00e9os et des articles. Un jury d\u2019expert\u00b7e\u00b7s et toute la Suisse d\u00e9cideront ensuite de l\u2019exploitation qui recevra le Prix Climat lors de la c\u00e9r\u00e9monie de remise en mars 2022.<\/p>\n<p>La campagne donne aux consommateur\u00b7rice\u00b7s un aper\u00e7u du travail des exploitations respectueuses du climat et de leurs produits. Les agriculteurs et agricultrices durables re\u00e7oivent l\u2019attention qu\u2019ils\/elles m\u00e9ritent et peuvent profiter des formations gratuites dans ce domaine. De plus, ces agriculteurs et agricultrices inspireront d\u2019autres par leurs approches respectueuses du climat et de l\u2019environnement.<\/p>\n","protected":false},"featured_media":7321,"template":"","categories":[17],"class_list":["post-7322","beitrag","type-beitrag","status-publish","has-post-thumbnail","hentry","category-news-fr-2"],"better_featured_image":{"id":7321,"alt_text":"","caption":"","description":"","media_type":"image","media_details":{"width":1920,"height":1080,"file":"Biohof-Huebeli-1-\u00a9-Peter-Samuel-Jaggi.jpeg","sizes":{"medium":{"file":"Biohof-Huebeli-1-\u00a9-Peter-Samuel-Jaggi-300x169.jpeg","width":300,"height":169,"mime-type":"image\/jpeg","source_url":"https:\/\/www.klima-allianz.ch\/wp-content\/uploads\/Biohof-Huebeli-1-\u00a9-Peter-Samuel-Jaggi-300x169.jpeg"},"large":{"file":"Biohof-Huebeli-1-\u00a9-Peter-Samuel-Jaggi-1024x576.jpeg","width":1024,"height":576,"mime-type":"image\/jpeg","source_url":"https:\/\/www.klima-allianz.ch\/wp-content\/uploads\/Biohof-Huebeli-1-\u00a9-Peter-Samuel-Jaggi-1024x576.jpeg"},"thumbnail":{"file":"Biohof-Huebeli-1-\u00a9-Peter-Samuel-Jaggi-550x309.jpeg","width":550,"height":309,"mime-type":"image\/jpeg","source_url":"https:\/\/www.klima-allianz.ch\/wp-content\/uploads\/Biohof-Huebeli-1-\u00a9-Peter-Samuel-Jaggi-550x309.jpeg"},"medium_large":{"file":"Biohof-Huebeli-1-\u00a9-Peter-Samuel-Jaggi-768x432.jpeg","width":768,"height":432,"mime-type":"image\/jpeg","source_url":"https:\/\/www.klima-allianz.ch\/wp-content\/uploads\/Biohof-Huebeli-1-\u00a9-Peter-Samuel-Jaggi-768x432.jpeg"},"1536x1536":{"file":"Biohof-Huebeli-1-\u00a9-Peter-Samuel-Jaggi-1536x864.jpeg","width":1536,"height":864,"mime-type":"image\/jpeg","source_url":"https:\/\/www.klima-allianz.ch\/wp-content\/uploads\/Biohof-Huebeli-1-\u00a9-Peter-Samuel-Jaggi-1536x864.jpeg"}},"image_meta":{"aperture":"0","credit":"","camera":"","caption":"","created_timestamp":"0","copyright":"","focal_length":"0","iso":"0","shutter_speed":"0","title":"","orientation":"0","keywords":[]}},"post":7322,"source_url":"https:\/\/www.klima-allianz.ch\/wp-content\/uploads\/Biohof-Huebeli-1-\u00a9-Peter-Samuel-Jaggi.jpeg"},"acf":{"inhaltstyp_mediabox":"image","galerie":null,"video_html":null,"video_vimeo":"","downloads":"","links":[{"linktitel":"Soutenez le crowdfunding d\u00e8s maintenant ! ","url":"https:\/\/wemakeit.com\/projects\/prix-climat?locale=de"}]},"yoast_head":"<!-- This site is optimized with the Yoast SEO plugin v27.5 - https:\/\/yoast.com\/product\/yoast-seo-wordpress\/ -->\n<title>Prix Climat pour les agriculteur\u00b7rice\u00b7s innovant\u00b7e\u00b7s &#8226; Alliance Climatique<\/title>\n<meta name=\"robots\" content=\"index, follow, max-snippet:-1, max-image-preview:large, max-video-preview:-1\" \/>\n<link rel=\"canonical\" href=\"https:\/\/www.klima-allianz.ch\/fr\/article\/prix-climat-pour-les-agriculteur%c2%b7rice%c2%b7s-innovant%c2%b7e%c2%b7s\/\" \/>\n<meta property=\"og:locale\" content=\"fr_FR\" \/>\n<meta property=\"og:type\" content=\"article\" \/>\n<meta property=\"og:title\" content=\"Prix Climat pour les agriculteur\u00b7rice\u00b7s innovant\u00b7e\u00b7s &#8226; Alliance Climatique\" \/>\n<meta property=\"og:description\" content=\"On dit souvent que l\u2019agriculture est responsable du r\u00e9chauffement climatique et de la pollution de l\u2019eau. Mais ce n\u2019est pas si simple: En Suisse, il existe d\u00e9j\u00e0 de nombreuses exploitations innovantes et respectueuses du climat. Cependant, le travail important de ces agriculteur\u00b7rice\u00b7s re\u00e7oit trop peu d\u2019attention. Avec le Prix Climat, nous voulons honorer les exploitations &hellip; Continued\" \/>\n<meta property=\"og:url\" content=\"https:\/\/www.klima-allianz.ch\/fr\/article\/prix-climat-pour-les-agriculteur%c2%b7rice%c2%b7s-innovant%c2%b7e%c2%b7s\/\" \/>\n<meta property=\"og:site_name\" content=\"Alliance Climatique\" \/>\n<meta property=\"article:modified_time\" content=\"2021-09-30T09:28:07+00:00\" \/>\n<meta property=\"og:image\" content=\"https:\/\/www.klima-allianz.ch\/wp-content\/uploads\/Biohof-Huebeli-1-\u00a9-Peter-Samuel-Jaggi.jpeg\" \/>\n\t<meta property=\"og:image:width\" content=\"1920\" \/>\n\t<meta property=\"og:image:height\" content=\"1080\" \/>\n\t<meta property=\"og:image:type\" content=\"image\/jpeg\" \/>\n<meta name=\"twitter:card\" content=\"summary_large_image\" \/>\n<meta name=\"twitter:label1\" content=\"Dur\u00e9e de lecture estim\u00e9e\" \/>\n\t<meta name=\"twitter:data1\" content=\"2 minutes\" \/>\n<script type=\"application\/ld+json\" class=\"yoast-schema-graph\">{\"@context\":\"https:\\\/\\\/schema.org\",\"@graph\":[{\"@type\":\"WebPage\",\"@id\":\"https:\\\/\\\/www.klima-allianz.ch\\\/fr\\\/article\\\/prix-climat-pour-les-agriculteur%c2%b7rice%c2%b7s-innovant%c2%b7e%c2%b7s\\\/\",\"url\":\"https:\\\/\\\/www.klima-allianz.ch\\\/fr\\\/article\\\/prix-climat-pour-les-agriculteur%c2%b7rice%c2%b7s-innovant%c2%b7e%c2%b7s\\\/\",\"name\":\"Prix Climat pour les agriculteur\u00b7rice\u00b7s innovant\u00b7e\u00b7s &#8226; Alliance Climatique\",\"isPartOf\":{\"@id\":\"https:\\\/\\\/www.klima-allianz.ch\\\/fr\\\/#website\"},\"primaryImageOfPage\":{\"@id\":\"https:\\\/\\\/www.klima-allianz.ch\\\/fr\\\/article\\\/prix-climat-pour-les-agriculteur%c2%b7rice%c2%b7s-innovant%c2%b7e%c2%b7s\\\/#primaryimage\"},\"image\":{\"@id\":\"https:\\\/\\\/www.klima-allianz.ch\\\/fr\\\/article\\\/prix-climat-pour-les-agriculteur%c2%b7rice%c2%b7s-innovant%c2%b7e%c2%b7s\\\/#primaryimage\"},\"thumbnailUrl\":\"https:\\\/\\\/www.klima-allianz.ch\\\/wp-content\\\/uploads\\\/Biohof-Huebeli-1-\u00a9-Peter-Samuel-Jaggi.jpeg\",\"datePublished\":\"2021-09-30T07:22:56+00:00\",\"dateModified\":\"2021-09-30T09:28:07+00:00\",\"breadcrumb\":{\"@id\":\"https:\\\/\\\/www.klima-allianz.ch\\\/fr\\\/article\\\/prix-climat-pour-les-agriculteur%c2%b7rice%c2%b7s-innovant%c2%b7e%c2%b7s\\\/#breadcrumb\"},\"inLanguage\":\"fr-FR\",\"potentialAction\":[{\"@type\":\"ReadAction\",\"target\":[\"https:\\\/\\\/www.klima-allianz.ch\\\/fr\\\/article\\\/prix-climat-pour-les-agriculteur%c2%b7rice%c2%b7s-innovant%c2%b7e%c2%b7s\\\/\"]}]},{\"@type\":\"ImageObject\",\"inLanguage\":\"fr-FR\",\"@id\":\"https:\\\/\\\/www.klima-allianz.ch\\\/fr\\\/article\\\/prix-climat-pour-les-agriculteur%c2%b7rice%c2%b7s-innovant%c2%b7e%c2%b7s\\\/#primaryimage\",\"url\":\"https:\\\/\\\/www.klima-allianz.ch\\\/wp-content\\\/uploads\\\/Biohof-Huebeli-1-\u00a9-Peter-Samuel-Jaggi.jpeg\",\"contentUrl\":\"https:\\\/\\\/www.klima-allianz.ch\\\/wp-content\\\/uploads\\\/Biohof-Huebeli-1-\u00a9-Peter-Samuel-Jaggi.jpeg\",\"width\":1920,\"height\":1080},{\"@type\":\"BreadcrumbList\",\"@id\":\"https:\\\/\\\/www.klima-allianz.ch\\\/fr\\\/article\\\/prix-climat-pour-les-agriculteur%c2%b7rice%c2%b7s-innovant%c2%b7e%c2%b7s\\\/#breadcrumb\",\"itemListElement\":[{\"@type\":\"ListItem\",\"position\":1,\"name\":\"Home\",\"item\":\"https:\\\/\\\/www.klima-allianz.ch\\\/fr\\\/\"},{\"@type\":\"ListItem\",\"position\":2,\"name\":\"Beitr\u00e4ge\",\"item\":\"https:\\\/\\\/www.klima-allianz.ch\\\/fr\\\/article\\\/\"},{\"@type\":\"ListItem\",\"position\":3,\"name\":\"Prix Climat pour les agriculteur\u00b7rice\u00b7s innovant\u00b7e\u00b7s\"}]},{\"@type\":\"WebSite\",\"@id\":\"https:\\\/\\\/www.klima-allianz.ch\\\/fr\\\/#website\",\"url\":\"https:\\\/\\\/www.klima-allianz.ch\\\/fr\\\/\",\"name\":\"Alliance Climatique\",\"description\":\"\",\"publisher\":{\"@id\":\"https:\\\/\\\/www.klima-allianz.ch\\\/fr\\\/#organization\"},\"potentialAction\":[{\"@type\":\"SearchAction\",\"target\":{\"@type\":\"EntryPoint\",\"urlTemplate\":\"https:\\\/\\\/www.klima-allianz.ch\\\/fr\\\/?s={search_term_string}\"},\"query-input\":{\"@type\":\"PropertyValueSpecification\",\"valueRequired\":true,\"valueName\":\"search_term_string\"}}],\"inLanguage\":\"fr-FR\"},{\"@type\":\"Organization\",\"@id\":\"https:\\\/\\\/www.klima-allianz.ch\\\/fr\\\/#organization\",\"name\":\"Klima-Allianz\",\"url\":\"https:\\\/\\\/www.klima-allianz.ch\\\/fr\\\/\",\"logo\":{\"@type\":\"ImageObject\",\"inLanguage\":\"fr-FR\",\"@id\":\"https:\\\/\\\/www.klima-allianz.ch\\\/fr\\\/#\\\/schema\\\/logo\\\/image\\\/\",\"url\":\"https:\\\/\\\/www.klima-allianz.ch\\\/wp-content\\\/uploads\\\/KA-Favicon-Kreis-1.png\",\"contentUrl\":\"https:\\\/\\\/www.klima-allianz.ch\\\/wp-content\\\/uploads\\\/KA-Favicon-Kreis-1.png\",\"width\":512,\"height\":512,\"caption\":\"Klima-Allianz\"},\"image\":{\"@id\":\"https:\\\/\\\/www.klima-allianz.ch\\\/fr\\\/#\\\/schema\\\/logo\\\/image\\\/\"}}]}<\/script>\n<!-- \/ Yoast SEO plugin. -->","yoast_head_json":{"title":"Prix Climat pour les agriculteur\u00b7rice\u00b7s innovant\u00b7e\u00b7s &#8226; Alliance Climatique","robots":{"index":"index","follow":"follow","max-snippet":"max-snippet:-1","max-image-preview":"max-image-preview:large","max-video-preview":"max-video-preview:-1"},"canonical":"https:\/\/www.klima-allianz.ch\/fr\/article\/prix-climat-pour-les-agriculteur%c2%b7rice%c2%b7s-innovant%c2%b7e%c2%b7s\/","og_locale":"fr_FR","og_type":"article","og_title":"Prix Climat pour les agriculteur\u00b7rice\u00b7s innovant\u00b7e\u00b7s &#8226; Alliance Climatique","og_description":"On dit souvent que l\u2019agriculture est responsable du r\u00e9chauffement climatique et de la pollution de l\u2019eau. Mais ce n\u2019est pas si simple: En Suisse, il existe d\u00e9j\u00e0 de nombreuses exploitations innovantes et respectueuses du climat. Cependant, le travail important de ces agriculteur\u00b7rice\u00b7s re\u00e7oit trop peu d\u2019attention. Avec le Prix Climat, nous voulons honorer les exploitations &hellip; Continued","og_url":"https:\/\/www.klima-allianz.ch\/fr\/article\/prix-climat-pour-les-agriculteur%c2%b7rice%c2%b7s-innovant%c2%b7e%c2%b7s\/","og_site_name":"Alliance Climatique","article_modified_time":"2021-09-30T09:28:07+00:00","og_image":[{"width":1920,"height":1080,"url":"https:\/\/www.klima-allianz.ch\/wp-content\/uploads\/Biohof-Huebeli-1-\u00a9-Peter-Samuel-Jaggi.jpeg","type":"image\/jpeg"}],"twitter_card":"summary_large_image","twitter_misc":{"Dur\u00e9e de lecture estim\u00e9e":"2 minutes"},"schema":{"@context":"https:\/\/schema.org","@graph":[{"@type":"WebPage","@id":"https:\/\/www.klima-allianz.ch\/fr\/article\/prix-climat-pour-les-agriculteur%c2%b7rice%c2%b7s-innovant%c2%b7e%c2%b7s\/","url":"https:\/\/www.klima-allianz.ch\/fr\/article\/prix-climat-pour-les-agriculteur%c2%b7rice%c2%b7s-innovant%c2%b7e%c2%b7s\/","name":"Prix Climat pour les agriculteur\u00b7rice\u00b7s innovant\u00b7e\u00b7s &#8226; Alliance Climatique","isPartOf":{"@id":"https:\/\/www.klima-allianz.ch\/fr\/#website"},"primaryImageOfPage":{"@id":"https:\/\/www.klima-allianz.ch\/fr\/article\/prix-climat-pour-les-agriculteur%c2%b7rice%c2%b7s-innovant%c2%b7e%c2%b7s\/#primaryimage"},"image":{"@id":"https:\/\/www.klima-allianz.ch\/fr\/article\/prix-climat-pour-les-agriculteur%c2%b7rice%c2%b7s-innovant%c2%b7e%c2%b7s\/#primaryimage"},"thumbnailUrl":"https:\/\/www.klima-allianz.ch\/wp-content\/uploads\/Biohof-Huebeli-1-\u00a9-Peter-Samuel-Jaggi.jpeg","datePublished":"2021-09-30T07:22:56+00:00","dateModified":"2021-09-30T09:28:07+00:00","breadcrumb":{"@id":"https:\/\/www.klima-allianz.ch\/fr\/article\/prix-climat-pour-les-agriculteur%c2%b7rice%c2%b7s-innovant%c2%b7e%c2%b7s\/#breadcrumb"},"inLanguage":"fr-FR","potentialAction":[{"@type":"ReadAction","target":["https:\/\/www.klima-allianz.ch\/fr\/article\/prix-climat-pour-les-agriculteur%c2%b7rice%c2%b7s-innovant%c2%b7e%c2%b7s\/"]}]},{"@type":"ImageObject","inLanguage":"fr-FR","@id":"https:\/\/www.klima-allianz.ch\/fr\/article\/prix-climat-pour-les-agriculteur%c2%b7rice%c2%b7s-innovant%c2%b7e%c2%b7s\/#primaryimage","url":"https:\/\/www.klima-allianz.ch\/wp-content\/uploads\/Biohof-Huebeli-1-\u00a9-Peter-Samuel-Jaggi.jpeg","contentUrl":"https:\/\/www.klima-allianz.ch\/wp-content\/uploads\/Biohof-Huebeli-1-\u00a9-Peter-Samuel-Jaggi.jpeg","width":1920,"height":1080},{"@type":"BreadcrumbList","@id":"https:\/\/www.klima-allianz.ch\/fr\/article\/prix-climat-pour-les-agriculteur%c2%b7rice%c2%b7s-innovant%c2%b7e%c2%b7s\/#breadcrumb","itemListElement":[{"@type":"ListItem","position":1,"name":"Home","item":"https:\/\/www.klima-allianz.ch\/fr\/"},{"@type":"ListItem","position":2,"name":"Beitr\u00e4ge","item":"https:\/\/www.klima-allianz.ch\/fr\/article\/"},{"@type":"ListItem","position":3,"name":"Prix Climat pour les agriculteur\u00b7rice\u00b7s innovant\u00b7e\u00b7s"}]},{"@type":"WebSite","@id":"https:\/\/www.klima-allianz.ch\/fr\/#website","url":"https:\/\/www.klima-allianz.ch\/fr\/","name":"Alliance Climatique","description":"","publisher":{"@id":"https:\/\/www.klima-allianz.ch\/fr\/#organization"},"potentialAction":[{"@type":"SearchAction","target":{"@type":"EntryPoint","urlTemplate":"https:\/\/www.klima-allianz.ch\/fr\/?s={search_term_string}"},"query-input":{"@type":"PropertyValueSpecification","valueRequired":true,"valueName":"search_term_string"}}],"inLanguage":"fr-FR"},{"@type":"Organization","@id":"https:\/\/www.klima-allianz.ch\/fr\/#organization","name":"Klima-Allianz","url":"https:\/\/www.klima-allianz.ch\/fr\/","logo":{"@type":"ImageObject","inLanguage":"fr-FR","@id":"https:\/\/www.klima-allianz.ch\/fr\/#\/schema\/logo\/image\/","url":"https:\/\/www.klima-allianz.ch\/wp-content\/uploads\/KA-Favicon-Kreis-1.png","contentUrl":"https:\/\/www.klima-allianz.ch\/wp-content\/uploads\/KA-Favicon-Kreis-1.png","width":512,"height":512,"caption":"Klima-Allianz"},"image":{"@id":"https:\/\/www.klima-allianz.ch\/fr\/#\/schema\/logo\/image\/"}}]}},"_links":{"self":[{"href":"https:\/\/www.klima-allianz.ch\/fr\/wp-json\/wp\/v2\/beitrag\/7322","targetHints":{"allow":["GET"]}}],"collection":[{"href":"https:\/\/www.klima-allianz.ch\/fr\/wp-json\/wp\/v2\/beitrag"}],"about":[{"href":"https:\/\/www.klima-allianz.ch\/fr\/wp-json\/wp\/v2\/types\/beitrag"}],"wp:featuredmedia":[{"embeddable":true,"href":"https:\/\/www.klima-allianz.ch\/fr\/wp-json\/wp\/v2\/media\/7321"}],"wp:attachment":[{"href":"https:\/\/www.klima-allianz.ch\/fr\/wp-json\/wp\/v2\/media?parent=7322"}],"wp:term":[{"taxonomy":"category","embeddable":true,"href":"https:\/\/www.klima-allianz.ch\/fr\/wp-json\/wp\/v2\/categories?post=7322"}],"curies":[{"name":"wp","href":"https:\/\/api.w.org\/{rel}","templated":true}]}}