{"id":7975,"date":"2022-03-16T12:04:05","date_gmt":"2022-03-16T11:04:05","guid":{"rendered":"https:\/\/www.klima-allianz.ch\/?post_type=beitrag&#038;p=7975"},"modified":"2022-03-17T11:10:06","modified_gmt":"2022-03-17T10:10:06","slug":"election-pour-le-climat-a-la-bns-le-conseil-federal-doit-elire-une-personne-consciente-des-enjeux-climatiques-au-sein-du-directoire-de-la-bns","status":"publish","type":"beitrag","link":"https:\/\/www.klima-allianz.ch\/fr\/article\/election-pour-le-climat-a-la-bns-le-conseil-federal-doit-elire-une-personne-consciente-des-enjeux-climatiques-au-sein-du-directoire-de-la-bns\/","title":{"rendered":"\u00c9lection pour le climat \u00e0 la BNS : le Conseil f\u00e9d\u00e9ral doit \u00e9lire une personne consciente des enjeux climatiques au sein du directoire de la BNS"},"content":{"rendered":"<p><b>Une large coalition d&rsquo;organisations de d\u00e9fense du climat a remis aujourd&rsquo;hui une p\u00e9tition au Conseil f\u00e9d\u00e9ral. La p\u00e9tition demande au Conseil f\u00e9d\u00e9ral, en particulier au ministre des Finances Ueli Maurer, d&rsquo;\u00e9lire une personne consciente des enjeux climatiques \u00e0 la t\u00eate de la BNS.<\/b><\/p>\n<p><span style=\"font-weight: 400;\">La Banque nationale suisse (BNS) et la place financi\u00e8re suisse ne sont actuellement pas \u00e0 la hauteur des enjeux li\u00e9s \u00e0 la crise climatique et de la biodiversit\u00e9. La politique mon\u00e9taire et de placement actuelle de la BNS ainsi que les mesures relatives \u00e0 la stabilit\u00e9 des march\u00e9s financiers soutiennent et favorisent l&rsquo;\u00e9conomie li\u00e9e aux combustibles fossiles. Les investissements de la BNS dans le secteur des combustibles fossiles continuent de soutenir une trajectoire de r\u00e9chauffement catastrophique de 4 \u00e0 6 degr\u00e9s.<\/span><\/p>\n<p><span style=\"font-weight: 400;\">\u00ab Le changement climatique caus\u00e9 par l&rsquo;homme et la guerre contre l&rsquo;Ukraine ont la m\u00eame racine : les combustibles fossiles et notre d\u00e9pendance \u00e0 leur \u00e9gard. \u00bb C&rsquo;est ce qu&rsquo;a d\u00e9clar\u00e9 la semaine derni\u00e8re la climatologue ukrainienne et co-auteur du rapport du Groupe d&rsquo;experts intergouvernemental sur l&rsquo;\u00e9volution du climat (GIEC) Svitlana Krakovska. Notre d\u00e9pendance vis-\u00e0-vis des exportations russes de p\u00e9trole et de gaz montre une fois de plus \u00e0 quel point il est urgent de sortir des \u00e9nergies fossiles.\u2028<\/span><\/p>\n<p><span style=\"font-weight: 400;\">Cependant, une sortie rapide n&rsquo;est possible qu&rsquo;avec un r\u00e9alignement appropri\u00e9 des flux financiers. Si la Suisse veut devenir une place de premier plan pour les services financiers durables, comme le souhaite le Conseil f\u00e9d\u00e9ral, et assumer ses responsabilit\u00e9s en mati\u00e8re de politique climatique, elle doit veiller \u00e0 ce que la place financi\u00e8re suisse aligne ses flux financiers sur l&rsquo;objectif de 1,5 degr\u00e9. Cela est \u00e9galement n\u00e9cessaire pour r\u00e9pondre aux obligations accept\u00e9es par la Suisse dans le cadre de l&rsquo;Accord de Paris sur le climat. La Banque nationale rev\u00eat ici une place centrale, non seulement en raison de son \u00e9norme portefeuille en devises, mais \u00e9galement en raison de son r\u00f4le de r\u00e9gulateur et de sa fonction de mod\u00e8le. \u00ab Tant que la BNS n&rsquo;aura pas \u00e0 son sommet des personnes qui reconnaissent la responsabilit\u00e9 des banques centrales dans la lutte contre la crise climatique et de la biodiversit\u00e9 et qui peuvent agir en cons\u00e9quence, le processus n\u00e9cessaire de transition n\u00e9cessaire vers une \u00e9conomie \u00e0 faible \u00e9mission de gaz \u00e0 effet de serre et promouvant la biodiversit\u00e9 sera presque impossible \u00bb, explique Asti Roesle, responsable place financi\u00e8re \u00e0 l\u2019Alliance climatique.\u00a0\u00a0<\/span><\/p>\n<p><span style=\"font-weight: 400;\">Fin juillet 2022, le vice-pr\u00e9sident de la BNS, Fritz Zurbr\u00fcgg, a annonc\u00e9 sa d\u00e9mission de la direction g\u00e9n\u00e9rale de la BNS. Son successeur sera propos\u00e9 par le Conseil de banque de la BNS et \u00e9lu par le Conseil f\u00e9d\u00e9ral. Il appartient maintenant au Conseil f\u00e9d\u00e9ral de prendre le bon cap avec cette nomination.<\/span><\/p>\n<p>&nbsp;<\/p>\n<p><b>La p\u00e9tition remise au Conseil f\u00e9d\u00e9ral contient les revendications suivantes :<\/b><\/p>\n<p><span style=\"font-weight: 400;\">\u00c0 travers la p\u00e9tition et plus de 12 500 signatures, une large coalition d&rsquo;organisations pour le climat appelle le Conseil f\u00e9d\u00e9ral et le Conseil de banque \u00e0 tracer la bonne voie pour une place financi\u00e8re suisse durable. La nouvelle personne qui sera \u00e9lue \u00e0 la t\u00eate de la BNS doit s&rsquo;engager clairement dans la lutte contre le r\u00e9chauffement climatique et la perte de biodiversit\u00e9. Elle doit \u00eatre en mesure de d\u00e9montrer qu&rsquo;elle dispose des comp\u00e9tences requises pour aligner les activit\u00e9s commerciales de la BNS sur les objectifs de l&rsquo;Accord de Paris.<\/span><\/p>\n<p>&nbsp;<\/p>\n<p><span style=\"font-weight: 400;\">La Banque nationale doit \u00e9galement :<\/span><\/p>\n<ul>\n<li style=\"font-weight: 400;\" aria-level=\"1\"><span style=\"font-weight: 400;\">pr\u00e9senter avec la FINMA un plan de transition avec des mesures sp\u00e9cifiques en mati\u00e8re de politique mon\u00e9taire et de r\u00e9gulation des march\u00e9s financiers, qui tient compte de la mise en \u0153uvre de la trajectoire \u00e0 1,5 degr\u00e9 et des objectifs de biodiversit\u00e9 ;<\/span><\/li>\n<li style=\"font-weight: 400;\" aria-level=\"1\"><span style=\"font-weight: 400;\">amener son portefeuille d&rsquo;investissements en ligne avec l&rsquo;objectif climatique de 1,5 degr\u00e9 et les objectifs de biodiversit\u00e9 ;<\/span><\/li>\n<li style=\"font-weight: 400;\" aria-level=\"1\"><span style=\"font-weight: 400;\">aborder les adaptations r\u00e9glementaires de la place financi\u00e8re suisse avec la FINMA et les politiques ;<\/span><\/li>\n<li style=\"font-weight: 400;\" aria-level=\"1\"><span style=\"font-weight: 400;\">impliquer davantage la soci\u00e9t\u00e9 civile et reconna\u00eetre la responsabilit\u00e9 d\u00e9mocratique ;<\/span><\/li>\n<li style=\"font-weight: 400;\" aria-level=\"1\"><span style=\"font-weight: 400;\">permettre la distribution de b\u00e9n\u00e9fices en faveur d&rsquo;une transformation socio-\u00e9cologique urgente de l&rsquo;\u00e9conomie.<\/span><\/li>\n<\/ul>\n<p>&nbsp;<\/p>\n<p><b>Images<\/b><\/p>\n<p><a href=\"https:\/\/flic.kr\/s\/aHBqjzFHQn\"><span style=\"font-weight: 400;\">Photos de la remise de la p\u00e9tition<\/span><\/a><\/p>\n<p>&nbsp;<\/p>\n","protected":false},"featured_media":7977,"template":"","categories":[17],"class_list":["post-7975","beitrag","type-beitrag","status-publish","has-post-thumbnail","hentry","category-news-fr-2"],"better_featured_image":{"id":7977,"alt_text":"","caption":"","description":"","media_type":"image","media_details":{"width":800,"height":534,"file":"51940523482_a4526c52c8_c.jpg","sizes":{"medium":{"file":"51940523482_a4526c52c8_c-300x200.jpg","width":300,"height":200,"mime-type":"image\/jpeg","source_url":"https:\/\/www.klima-allianz.ch\/wp-content\/uploads\/51940523482_a4526c52c8_c-300x200.jpg"},"thumbnail":{"file":"51940523482_a4526c52c8_c-550x367.jpg","width":550,"height":367,"mime-type":"image\/jpeg","source_url":"https:\/\/www.klima-allianz.ch\/wp-content\/uploads\/51940523482_a4526c52c8_c-550x367.jpg"},"medium_large":{"file":"51940523482_a4526c52c8_c-768x513.jpg","width":768,"height":513,"mime-type":"image\/jpeg","source_url":"https:\/\/www.klima-allianz.ch\/wp-content\/uploads\/51940523482_a4526c52c8_c-768x513.jpg"}},"image_meta":{"aperture":"0","credit":"Campax.org","camera":"","caption":"","created_timestamp":"0","copyright":"Hans P. Schlaepfer www.photoshow.ch","focal_length":"0","iso":"0","shutter_speed":"0","title":"","orientation":"0","keywords":[]}},"post":7975,"source_url":"https:\/\/www.klima-allianz.ch\/wp-content\/uploads\/51940523482_a4526c52c8_c.jpg"},"acf":{"inhaltstyp_mediabox":"image","galerie":null,"video_html":null,"video_vimeo":"","downloads":"","links":null},"yoast_head":"<!-- This site is optimized with the Yoast SEO plugin v27.5 - https:\/\/yoast.com\/product\/yoast-seo-wordpress\/ -->\n<title>\u00c9lection pour le climat \u00e0 la BNS : le Conseil f\u00e9d\u00e9ral doit \u00e9lire une personne consciente des enjeux climatiques au sein du directoire de la BNS &#8226; Alliance Climatique<\/title>\n<meta name=\"robots\" content=\"index, follow, max-snippet:-1, max-image-preview:large, max-video-preview:-1\" \/>\n<link rel=\"canonical\" href=\"https:\/\/www.klima-allianz.ch\/fr\/article\/election-pour-le-climat-a-la-bns-le-conseil-federal-doit-elire-une-personne-consciente-des-enjeux-climatiques-au-sein-du-directoire-de-la-bns\/\" \/>\n<meta property=\"og:locale\" content=\"fr_FR\" \/>\n<meta property=\"og:type\" content=\"article\" \/>\n<meta property=\"og:title\" content=\"\u00c9lection pour le climat \u00e0 la BNS : le Conseil f\u00e9d\u00e9ral doit \u00e9lire une personne consciente des enjeux climatiques au sein du directoire de la BNS &#8226; Alliance Climatique\" \/>\n<meta property=\"og:description\" content=\"Une large coalition d&rsquo;organisations de d\u00e9fense du climat a remis aujourd&rsquo;hui une p\u00e9tition au Conseil f\u00e9d\u00e9ral. La p\u00e9tition demande au Conseil f\u00e9d\u00e9ral, en particulier au ministre des Finances Ueli Maurer, d&rsquo;\u00e9lire une personne consciente des enjeux climatiques \u00e0 la t\u00eate de la BNS. La Banque nationale suisse (BNS) et la place financi\u00e8re suisse ne sont &hellip; Continued\" \/>\n<meta property=\"og:url\" content=\"https:\/\/www.klima-allianz.ch\/fr\/article\/election-pour-le-climat-a-la-bns-le-conseil-federal-doit-elire-une-personne-consciente-des-enjeux-climatiques-au-sein-du-directoire-de-la-bns\/\" \/>\n<meta property=\"og:site_name\" content=\"Alliance Climatique\" \/>\n<meta property=\"article:modified_time\" content=\"2022-03-17T10:10:06+00:00\" \/>\n<meta property=\"og:image\" content=\"https:\/\/www.klima-allianz.ch\/wp-content\/uploads\/51940523482_a4526c52c8_c.jpg\" \/>\n\t<meta property=\"og:image:width\" content=\"800\" \/>\n\t<meta property=\"og:image:height\" content=\"534\" \/>\n\t<meta property=\"og:image:type\" content=\"image\/jpeg\" \/>\n<meta name=\"twitter:card\" content=\"summary_large_image\" \/>\n<meta name=\"twitter:label1\" content=\"Dur\u00e9e de lecture estim\u00e9e\" \/>\n\t<meta name=\"twitter:data1\" content=\"4 minutes\" \/>\n<script type=\"application\/ld+json\" class=\"yoast-schema-graph\">{\"@context\":\"https:\\\/\\\/schema.org\",\"@graph\":[{\"@type\":\"WebPage\",\"@id\":\"https:\\\/\\\/www.klima-allianz.ch\\\/fr\\\/article\\\/election-pour-le-climat-a-la-bns-le-conseil-federal-doit-elire-une-personne-consciente-des-enjeux-climatiques-au-sein-du-directoire-de-la-bns\\\/\",\"url\":\"https:\\\/\\\/www.klima-allianz.ch\\\/fr\\\/article\\\/election-pour-le-climat-a-la-bns-le-conseil-federal-doit-elire-une-personne-consciente-des-enjeux-climatiques-au-sein-du-directoire-de-la-bns\\\/\",\"name\":\"\u00c9lection pour le climat \u00e0 la BNS : le Conseil f\u00e9d\u00e9ral doit \u00e9lire une personne consciente des enjeux climatiques au sein du directoire de la BNS &#8226; Alliance Climatique\",\"isPartOf\":{\"@id\":\"https:\\\/\\\/www.klima-allianz.ch\\\/fr\\\/#website\"},\"primaryImageOfPage\":{\"@id\":\"https:\\\/\\\/www.klima-allianz.ch\\\/fr\\\/article\\\/election-pour-le-climat-a-la-bns-le-conseil-federal-doit-elire-une-personne-consciente-des-enjeux-climatiques-au-sein-du-directoire-de-la-bns\\\/#primaryimage\"},\"image\":{\"@id\":\"https:\\\/\\\/www.klima-allianz.ch\\\/fr\\\/article\\\/election-pour-le-climat-a-la-bns-le-conseil-federal-doit-elire-une-personne-consciente-des-enjeux-climatiques-au-sein-du-directoire-de-la-bns\\\/#primaryimage\"},\"thumbnailUrl\":\"https:\\\/\\\/www.klima-allianz.ch\\\/wp-content\\\/uploads\\\/51940523482_a4526c52c8_c.jpg\",\"datePublished\":\"2022-03-16T11:04:05+00:00\",\"dateModified\":\"2022-03-17T10:10:06+00:00\",\"breadcrumb\":{\"@id\":\"https:\\\/\\\/www.klima-allianz.ch\\\/fr\\\/article\\\/election-pour-le-climat-a-la-bns-le-conseil-federal-doit-elire-une-personne-consciente-des-enjeux-climatiques-au-sein-du-directoire-de-la-bns\\\/#breadcrumb\"},\"inLanguage\":\"fr-FR\",\"potentialAction\":[{\"@type\":\"ReadAction\",\"target\":[\"https:\\\/\\\/www.klima-allianz.ch\\\/fr\\\/article\\\/election-pour-le-climat-a-la-bns-le-conseil-federal-doit-elire-une-personne-consciente-des-enjeux-climatiques-au-sein-du-directoire-de-la-bns\\\/\"]}]},{\"@type\":\"ImageObject\",\"inLanguage\":\"fr-FR\",\"@id\":\"https:\\\/\\\/www.klima-allianz.ch\\\/fr\\\/article\\\/election-pour-le-climat-a-la-bns-le-conseil-federal-doit-elire-une-personne-consciente-des-enjeux-climatiques-au-sein-du-directoire-de-la-bns\\\/#primaryimage\",\"url\":\"https:\\\/\\\/www.klima-allianz.ch\\\/wp-content\\\/uploads\\\/51940523482_a4526c52c8_c.jpg\",\"contentUrl\":\"https:\\\/\\\/www.klima-allianz.ch\\\/wp-content\\\/uploads\\\/51940523482_a4526c52c8_c.jpg\",\"width\":800,\"height\":534},{\"@type\":\"BreadcrumbList\",\"@id\":\"https:\\\/\\\/www.klima-allianz.ch\\\/fr\\\/article\\\/election-pour-le-climat-a-la-bns-le-conseil-federal-doit-elire-une-personne-consciente-des-enjeux-climatiques-au-sein-du-directoire-de-la-bns\\\/#breadcrumb\",\"itemListElement\":[{\"@type\":\"ListItem\",\"position\":1,\"name\":\"Home\",\"item\":\"https:\\\/\\\/www.klima-allianz.ch\\\/fr\\\/\"},{\"@type\":\"ListItem\",\"position\":2,\"name\":\"Beitr\u00e4ge\",\"item\":\"https:\\\/\\\/www.klima-allianz.ch\\\/fr\\\/article\\\/\"},{\"@type\":\"ListItem\",\"position\":3,\"name\":\"\u00c9lection pour le climat \u00e0 la BNS : le Conseil f\u00e9d\u00e9ral doit \u00e9lire une personne consciente des enjeux climatiques au sein du directoire de la BNS\"}]},{\"@type\":\"WebSite\",\"@id\":\"https:\\\/\\\/www.klima-allianz.ch\\\/fr\\\/#website\",\"url\":\"https:\\\/\\\/www.klima-allianz.ch\\\/fr\\\/\",\"name\":\"Alliance Climatique\",\"description\":\"\",\"publisher\":{\"@id\":\"https:\\\/\\\/www.klima-allianz.ch\\\/fr\\\/#organization\"},\"potentialAction\":[{\"@type\":\"SearchAction\",\"target\":{\"@type\":\"EntryPoint\",\"urlTemplate\":\"https:\\\/\\\/www.klima-allianz.ch\\\/fr\\\/?s={search_term_string}\"},\"query-input\":{\"@type\":\"PropertyValueSpecification\",\"valueRequired\":true,\"valueName\":\"search_term_string\"}}],\"inLanguage\":\"fr-FR\"},{\"@type\":\"Organization\",\"@id\":\"https:\\\/\\\/www.klima-allianz.ch\\\/fr\\\/#organization\",\"name\":\"Klima-Allianz\",\"url\":\"https:\\\/\\\/www.klima-allianz.ch\\\/fr\\\/\",\"logo\":{\"@type\":\"ImageObject\",\"inLanguage\":\"fr-FR\",\"@id\":\"https:\\\/\\\/www.klima-allianz.ch\\\/fr\\\/#\\\/schema\\\/logo\\\/image\\\/\",\"url\":\"https:\\\/\\\/www.klima-allianz.ch\\\/wp-content\\\/uploads\\\/KA-Favicon-Kreis-1.png\",\"contentUrl\":\"https:\\\/\\\/www.klima-allianz.ch\\\/wp-content\\\/uploads\\\/KA-Favicon-Kreis-1.png\",\"width\":512,\"height\":512,\"caption\":\"Klima-Allianz\"},\"image\":{\"@id\":\"https:\\\/\\\/www.klima-allianz.ch\\\/fr\\\/#\\\/schema\\\/logo\\\/image\\\/\"}}]}<\/script>\n<!-- \/ Yoast SEO plugin. -->","yoast_head_json":{"title":"\u00c9lection pour le climat \u00e0 la BNS : le Conseil f\u00e9d\u00e9ral doit \u00e9lire une personne consciente des enjeux climatiques au sein du directoire de la BNS &#8226; Alliance Climatique","robots":{"index":"index","follow":"follow","max-snippet":"max-snippet:-1","max-image-preview":"max-image-preview:large","max-video-preview":"max-video-preview:-1"},"canonical":"https:\/\/www.klima-allianz.ch\/fr\/article\/election-pour-le-climat-a-la-bns-le-conseil-federal-doit-elire-une-personne-consciente-des-enjeux-climatiques-au-sein-du-directoire-de-la-bns\/","og_locale":"fr_FR","og_type":"article","og_title":"\u00c9lection pour le climat \u00e0 la BNS : le Conseil f\u00e9d\u00e9ral doit \u00e9lire une personne consciente des enjeux climatiques au sein du directoire de la BNS &#8226; Alliance Climatique","og_description":"Une large coalition d&rsquo;organisations de d\u00e9fense du climat a remis aujourd&rsquo;hui une p\u00e9tition au Conseil f\u00e9d\u00e9ral. La p\u00e9tition demande au Conseil f\u00e9d\u00e9ral, en particulier au ministre des Finances Ueli Maurer, d&rsquo;\u00e9lire une personne consciente des enjeux climatiques \u00e0 la t\u00eate de la BNS. La Banque nationale suisse (BNS) et la place financi\u00e8re suisse ne sont &hellip; Continued","og_url":"https:\/\/www.klima-allianz.ch\/fr\/article\/election-pour-le-climat-a-la-bns-le-conseil-federal-doit-elire-une-personne-consciente-des-enjeux-climatiques-au-sein-du-directoire-de-la-bns\/","og_site_name":"Alliance Climatique","article_modified_time":"2022-03-17T10:10:06+00:00","og_image":[{"width":800,"height":534,"url":"https:\/\/www.klima-allianz.ch\/wp-content\/uploads\/51940523482_a4526c52c8_c.jpg","type":"image\/jpeg"}],"twitter_card":"summary_large_image","twitter_misc":{"Dur\u00e9e de lecture estim\u00e9e":"4 minutes"},"schema":{"@context":"https:\/\/schema.org","@graph":[{"@type":"WebPage","@id":"https:\/\/www.klima-allianz.ch\/fr\/article\/election-pour-le-climat-a-la-bns-le-conseil-federal-doit-elire-une-personne-consciente-des-enjeux-climatiques-au-sein-du-directoire-de-la-bns\/","url":"https:\/\/www.klima-allianz.ch\/fr\/article\/election-pour-le-climat-a-la-bns-le-conseil-federal-doit-elire-une-personne-consciente-des-enjeux-climatiques-au-sein-du-directoire-de-la-bns\/","name":"\u00c9lection pour le climat \u00e0 la BNS : le Conseil f\u00e9d\u00e9ral doit \u00e9lire une personne consciente des enjeux climatiques au sein du directoire de la BNS &#8226; Alliance Climatique","isPartOf":{"@id":"https:\/\/www.klima-allianz.ch\/fr\/#website"},"primaryImageOfPage":{"@id":"https:\/\/www.klima-allianz.ch\/fr\/article\/election-pour-le-climat-a-la-bns-le-conseil-federal-doit-elire-une-personne-consciente-des-enjeux-climatiques-au-sein-du-directoire-de-la-bns\/#primaryimage"},"image":{"@id":"https:\/\/www.klima-allianz.ch\/fr\/article\/election-pour-le-climat-a-la-bns-le-conseil-federal-doit-elire-une-personne-consciente-des-enjeux-climatiques-au-sein-du-directoire-de-la-bns\/#primaryimage"},"thumbnailUrl":"https:\/\/www.klima-allianz.ch\/wp-content\/uploads\/51940523482_a4526c52c8_c.jpg","datePublished":"2022-03-16T11:04:05+00:00","dateModified":"2022-03-17T10:10:06+00:00","breadcrumb":{"@id":"https:\/\/www.klima-allianz.ch\/fr\/article\/election-pour-le-climat-a-la-bns-le-conseil-federal-doit-elire-une-personne-consciente-des-enjeux-climatiques-au-sein-du-directoire-de-la-bns\/#breadcrumb"},"inLanguage":"fr-FR","potentialAction":[{"@type":"ReadAction","target":["https:\/\/www.klima-allianz.ch\/fr\/article\/election-pour-le-climat-a-la-bns-le-conseil-federal-doit-elire-une-personne-consciente-des-enjeux-climatiques-au-sein-du-directoire-de-la-bns\/"]}]},{"@type":"ImageObject","inLanguage":"fr-FR","@id":"https:\/\/www.klima-allianz.ch\/fr\/article\/election-pour-le-climat-a-la-bns-le-conseil-federal-doit-elire-une-personne-consciente-des-enjeux-climatiques-au-sein-du-directoire-de-la-bns\/#primaryimage","url":"https:\/\/www.klima-allianz.ch\/wp-content\/uploads\/51940523482_a4526c52c8_c.jpg","contentUrl":"https:\/\/www.klima-allianz.ch\/wp-content\/uploads\/51940523482_a4526c52c8_c.jpg","width":800,"height":534},{"@type":"BreadcrumbList","@id":"https:\/\/www.klima-allianz.ch\/fr\/article\/election-pour-le-climat-a-la-bns-le-conseil-federal-doit-elire-une-personne-consciente-des-enjeux-climatiques-au-sein-du-directoire-de-la-bns\/#breadcrumb","itemListElement":[{"@type":"ListItem","position":1,"name":"Home","item":"https:\/\/www.klima-allianz.ch\/fr\/"},{"@type":"ListItem","position":2,"name":"Beitr\u00e4ge","item":"https:\/\/www.klima-allianz.ch\/fr\/article\/"},{"@type":"ListItem","position":3,"name":"\u00c9lection pour le climat \u00e0 la BNS : le Conseil f\u00e9d\u00e9ral doit \u00e9lire une personne consciente des enjeux climatiques au sein du directoire de la BNS"}]},{"@type":"WebSite","@id":"https:\/\/www.klima-allianz.ch\/fr\/#website","url":"https:\/\/www.klima-allianz.ch\/fr\/","name":"Alliance Climatique","description":"","publisher":{"@id":"https:\/\/www.klima-allianz.ch\/fr\/#organization"},"potentialAction":[{"@type":"SearchAction","target":{"@type":"EntryPoint","urlTemplate":"https:\/\/www.klima-allianz.ch\/fr\/?s={search_term_string}"},"query-input":{"@type":"PropertyValueSpecification","valueRequired":true,"valueName":"search_term_string"}}],"inLanguage":"fr-FR"},{"@type":"Organization","@id":"https:\/\/www.klima-allianz.ch\/fr\/#organization","name":"Klima-Allianz","url":"https:\/\/www.klima-allianz.ch\/fr\/","logo":{"@type":"ImageObject","inLanguage":"fr-FR","@id":"https:\/\/www.klima-allianz.ch\/fr\/#\/schema\/logo\/image\/","url":"https:\/\/www.klima-allianz.ch\/wp-content\/uploads\/KA-Favicon-Kreis-1.png","contentUrl":"https:\/\/www.klima-allianz.ch\/wp-content\/uploads\/KA-Favicon-Kreis-1.png","width":512,"height":512,"caption":"Klima-Allianz"},"image":{"@id":"https:\/\/www.klima-allianz.ch\/fr\/#\/schema\/logo\/image\/"}}]}},"_links":{"self":[{"href":"https:\/\/www.klima-allianz.ch\/fr\/wp-json\/wp\/v2\/beitrag\/7975","targetHints":{"allow":["GET"]}}],"collection":[{"href":"https:\/\/www.klima-allianz.ch\/fr\/wp-json\/wp\/v2\/beitrag"}],"about":[{"href":"https:\/\/www.klima-allianz.ch\/fr\/wp-json\/wp\/v2\/types\/beitrag"}],"wp:featuredmedia":[{"embeddable":true,"href":"https:\/\/www.klima-allianz.ch\/fr\/wp-json\/wp\/v2\/media\/7977"}],"wp:attachment":[{"href":"https:\/\/www.klima-allianz.ch\/fr\/wp-json\/wp\/v2\/media?parent=7975"}],"wp:term":[{"taxonomy":"category","embeddable":true,"href":"https:\/\/www.klima-allianz.ch\/fr\/wp-json\/wp\/v2\/categories?post=7975"}],"curies":[{"name":"wp","href":"https:\/\/api.w.org\/{rel}","templated":true}]}}