{"id":8874,"date":"2022-10-17T14:24:46","date_gmt":"2022-10-17T12:24:46","guid":{"rendered":"https:\/\/www.klima-allianz.ch\/?post_type=beitrag&#038;p=8874"},"modified":"2022-10-20T11:22:56","modified_gmt":"2022-10-20T09:22:56","slug":"climate-ticker-pour-plus-de-transparence-et-de-participation-dans-la-politique-climatique-locale","status":"publish","type":"beitrag","link":"https:\/\/www.klima-allianz.ch\/fr\/article\/climate-ticker-pour-plus-de-transparence-et-de-participation-dans-la-politique-climatique-locale\/","title":{"rendered":"Climate Ticker : pour plus de transparence et de participation dans la politique climatique locale"},"content":{"rendered":"<p><strong>Lancement du nouveau projet de l&rsquo;alliance climatique : le Climate Ticker.\u00a0 <\/strong>En collaboration avec l&rsquo;<a href=\"https:\/\/alliancedigitale.ch\/fr\/\">Alliance Digitale<\/a>, nous mettons en place un classement climatique !<\/p>\n<p>Le Climate Ticker sera une <strong>plateforme communautaire d&rsquo;\u00e9chelle nationale<\/strong>, <strong>recensant des donn\u00e9es sur les mesures climatiques<\/strong>. Ses objectifs : <strong>permettre la comparaison des politiques climatiques des diverses communes et cantons<\/strong>, et <strong>aider les personnes et les ONG soucieuses du climat \u00e0 revendiquer des mesures climatiques locales<\/strong>.<\/p>\n<p>&nbsp;<\/p>\n<p><em>Ce projet\u00a0 est actuellement en phase de r\u00e9colte de financement, il peut \u00eatre soutenu via ce <a href=\"https:\/\/wemakeit.com\/projects\/climate-ticker\">crowdfunding.<\/a><\/em><\/p>\n<p>&#8212;&#8212;&#8212;&#8212;&#8212;&#8212;&#8212;&#8212;&#8212;&#8212;&#8212;&#8212;&#8212;&#8212;&#8212;&#8212;&#8212;&#8212;&#8212;&#8212;&#8212;&#8212;&#8212;&#8212;&#8212;&#8212;&#8212;&#8212;&#8212;&#8212;&#8212;&#8212;&#8212;&#8212;&#8212;&#8212;&#8212;&#8212;&#8212;&#8212;&#8212;&#8212;&#8212;&#8212;<br \/>\n<span style=\"text-decoration: underline;\">Le probl\u00e8me :<\/span> <span style=\"font-weight: 400;\">la Suisse a recul\u00e9 de la 23e \u00e0 la 51e place dans le classement international des politiques climatiques nationales (Germanwatch, 2021). Entre autres, l&rsquo;\u00e9chec de la loi sur le CO2 a rendu impossible toute avanc\u00e9e au niveau national. Alors qu&rsquo;approche une votation r\u00e9f\u00e9rendaire sur le contre-projet \u00e0 l&rsquo;initiative sur les glaciers, il faut \u00e9galement s&rsquo;int\u00e9resser aux niveaux cantonal et communal, car c&rsquo;est l\u00e0 que sont investis les deux tiers des fonds publics en Suisse. Or, les donn\u00e9es manquent pour \u00e9valuer, comparer et fa\u00e7onner les politiques climatiques locales.<\/span><\/p>\n<p><span style=\"text-decoration: underline;\">Notre proposition d&rsquo;approche :<\/span> nous collecterons, publierons et repr\u00e9senterons visuellement les donn\u00e9es sur la politique climatique locale. Pour ce faire, nous travaillons avec des citoyens conscients des enjeux climatiques, des ONG, des communes et des cantons. Une plateforme publique pr\u00e9sente l&rsquo;\u00e9valuation et permet \u00e0 tous de r\u00e9clamer des mesures climatiques concr\u00e8tes dans leur commune ou leur canton. La soci\u00e9t\u00e9 civile, le monde scientifique et les m\u00e9dias pourront \u00e9galement utiliser les donn\u00e9es pour de nouveaux projets.<\/p>\n<p><span style=\"text-decoration: underline;\">Avancement du projet :<\/span> l&rsquo;\u00e9quipe de projet travaille d\u00e9j\u00e0 sur cette id\u00e9e depuis fin 2021. Nous sommes en train d&rsquo;\u00e9changer avec tous les acteurs*ices importants, notamment les ONG climatiques, les communes, les cantons et des repr\u00e9sentants des m\u00e9dias. Avec leur aide, nous avons d\u00e9j\u00e0 cr\u00e9\u00e9 un prototype et donc une base pour la plateforme.<\/p>\n","protected":false},"featured_media":8901,"template":"","categories":[17],"class_list":["post-8874","beitrag","type-beitrag","status-publish","has-post-thumbnail","hentry","category-news-fr-2"],"better_featured_image":{"id":8901,"alt_text":"","caption":"","description":"","media_type":"image","media_details":{"width":1200,"height":675,"file":"Img-Lake-Quer.png","filesize":1919635,"sizes":{"medium":{"file":"Img-Lake-Quer-300x169.png","width":300,"height":169,"mime-type":"image\/png","filesize":118200,"source_url":"https:\/\/www.klima-allianz.ch\/wp-content\/uploads\/Img-Lake-Quer-300x169.png"},"large":{"file":"Img-Lake-Quer-1024x576.png","width":1024,"height":576,"mime-type":"image\/png","filesize":1272630,"source_url":"https:\/\/www.klima-allianz.ch\/wp-content\/uploads\/Img-Lake-Quer-1024x576.png"},"thumbnail":{"file":"Img-Lake-Quer-550x309.png","width":550,"height":309,"mime-type":"image\/png","filesize":377299,"source_url":"https:\/\/www.klima-allianz.ch\/wp-content\/uploads\/Img-Lake-Quer-550x309.png"},"medium_large":{"file":"Img-Lake-Quer-768x432.png","width":768,"height":432,"mime-type":"image\/png","filesize":725155,"source_url":"https:\/\/www.klima-allianz.ch\/wp-content\/uploads\/Img-Lake-Quer-768x432.png"}},"image_meta":{"aperture":"0","credit":"","camera":"","caption":"","created_timestamp":"0","copyright":"","focal_length":"0","iso":"0","shutter_speed":"0","title":"","orientation":"0","keywords":[]}},"post":8874,"source_url":"https:\/\/www.klima-allianz.ch\/wp-content\/uploads\/Img-Lake-Quer.png"},"acf":{"inhaltstyp_mediabox":"image","galerie":null,"video_html":null,"video_vimeo":"","downloads":"","links":null},"yoast_head":"<!-- This site is optimized with the Yoast SEO plugin v27.5 - https:\/\/yoast.com\/product\/yoast-seo-wordpress\/ -->\n<title>Climate Ticker : pour plus de transparence et de participation dans la politique climatique locale &#8226; Alliance Climatique<\/title>\n<meta name=\"description\" content=\"Tu veux faire avancer la politique climatique ? Savoir o\u00f9 il y aurait des am\u00e9liorations \u00e0 apporter dans ta commune ou ton canton ? Alors ce projet est fait pour toi !\" \/>\n<meta name=\"robots\" content=\"index, follow, max-snippet:-1, max-image-preview:large, max-video-preview:-1\" \/>\n<link rel=\"canonical\" href=\"https:\/\/www.klima-allianz.ch\/fr\/article\/climate-ticker-pour-plus-de-transparence-et-de-participation-dans-la-politique-climatique-locale\/\" \/>\n<meta property=\"og:locale\" content=\"fr_FR\" \/>\n<meta property=\"og:type\" content=\"article\" \/>\n<meta property=\"og:title\" content=\"Climate Ticker : pour plus de transparence et de participation dans la politique climatique locale\" \/>\n<meta property=\"og:description\" content=\"Tu veux faire avancer la politique climatique ? Savoir o\u00f9 il y aurait des am\u00e9liorations \u00e0 apporter dans ta commune ou ton canton ? Tu veux exiger les mesures climatiques les plus efficaces, et ce, avec le moins d&#039;efforts possible ? Alors ce projet est fait pour toi !\" \/>\n<meta property=\"og:url\" content=\"https:\/\/www.klima-allianz.ch\/fr\/article\/climate-ticker-pour-plus-de-transparence-et-de-participation-dans-la-politique-climatique-locale\/\" \/>\n<meta property=\"og:site_name\" content=\"Alliance Climatique\" \/>\n<meta property=\"article:modified_time\" content=\"2022-10-20T09:22:56+00:00\" \/>\n<meta property=\"og:image\" content=\"https:\/\/www.klima-allianz.ch\/wp-content\/uploads\/Img-Lake-Quer.png\" \/>\n\t<meta property=\"og:image:width\" content=\"1200\" \/>\n\t<meta property=\"og:image:height\" content=\"675\" \/>\n\t<meta property=\"og:image:type\" content=\"image\/png\" \/>\n<meta name=\"twitter:card\" content=\"summary_large_image\" \/>\n<meta name=\"twitter:title\" content=\"Climate Ticker : pour plus de transparence et de participation dans la politique climatique locale\" \/>\n<meta name=\"twitter:description\" content=\"Tu veux faire avancer la politique climatique ? Savoir o\u00f9 il y aurait des am\u00e9liorations \u00e0 apporter dans ta commune ou ton canton ? Tu veux exiger les mesures climatiques les plus efficaces, et ce, avec le moins d&#039;efforts possible ? Alors ce projet est fait pour toi !\" \/>\n<meta name=\"twitter:image\" content=\"https:\/\/www.klima-allianz.ch\/wp-content\/uploads\/Img-Lake-Quer.png\" \/>\n<meta name=\"twitter:label1\" content=\"Dur\u00e9e de lecture estim\u00e9e\" \/>\n\t<meta name=\"twitter:data1\" content=\"2 minutes\" \/>\n<script type=\"application\/ld+json\" class=\"yoast-schema-graph\">{\"@context\":\"https:\\\/\\\/schema.org\",\"@graph\":[{\"@type\":\"WebPage\",\"@id\":\"https:\\\/\\\/www.klima-allianz.ch\\\/fr\\\/article\\\/climate-ticker-pour-plus-de-transparence-et-de-participation-dans-la-politique-climatique-locale\\\/\",\"url\":\"https:\\\/\\\/www.klima-allianz.ch\\\/fr\\\/article\\\/climate-ticker-pour-plus-de-transparence-et-de-participation-dans-la-politique-climatique-locale\\\/\",\"name\":\"Climate Ticker : pour plus de transparence et de participation dans la politique climatique locale &#8226; Alliance Climatique\",\"isPartOf\":{\"@id\":\"https:\\\/\\\/www.klima-allianz.ch\\\/fr\\\/#website\"},\"primaryImageOfPage\":{\"@id\":\"https:\\\/\\\/www.klima-allianz.ch\\\/fr\\\/article\\\/climate-ticker-pour-plus-de-transparence-et-de-participation-dans-la-politique-climatique-locale\\\/#primaryimage\"},\"image\":{\"@id\":\"https:\\\/\\\/www.klima-allianz.ch\\\/fr\\\/article\\\/climate-ticker-pour-plus-de-transparence-et-de-participation-dans-la-politique-climatique-locale\\\/#primaryimage\"},\"thumbnailUrl\":\"https:\\\/\\\/www.klima-allianz.ch\\\/wp-content\\\/uploads\\\/Img-Lake-Quer.png\",\"datePublished\":\"2022-10-17T12:24:46+00:00\",\"dateModified\":\"2022-10-20T09:22:56+00:00\",\"description\":\"Tu veux faire avancer la politique climatique ? Savoir o\u00f9 il y aurait des am\u00e9liorations \u00e0 apporter dans ta commune ou ton canton ? Alors ce projet est fait pour toi !\",\"breadcrumb\":{\"@id\":\"https:\\\/\\\/www.klima-allianz.ch\\\/fr\\\/article\\\/climate-ticker-pour-plus-de-transparence-et-de-participation-dans-la-politique-climatique-locale\\\/#breadcrumb\"},\"inLanguage\":\"fr-FR\",\"potentialAction\":[{\"@type\":\"ReadAction\",\"target\":[\"https:\\\/\\\/www.klima-allianz.ch\\\/fr\\\/article\\\/climate-ticker-pour-plus-de-transparence-et-de-participation-dans-la-politique-climatique-locale\\\/\"]}]},{\"@type\":\"ImageObject\",\"inLanguage\":\"fr-FR\",\"@id\":\"https:\\\/\\\/www.klima-allianz.ch\\\/fr\\\/article\\\/climate-ticker-pour-plus-de-transparence-et-de-participation-dans-la-politique-climatique-locale\\\/#primaryimage\",\"url\":\"https:\\\/\\\/www.klima-allianz.ch\\\/wp-content\\\/uploads\\\/Img-Lake-Quer.png\",\"contentUrl\":\"https:\\\/\\\/www.klima-allianz.ch\\\/wp-content\\\/uploads\\\/Img-Lake-Quer.png\",\"width\":1200,\"height\":675},{\"@type\":\"BreadcrumbList\",\"@id\":\"https:\\\/\\\/www.klima-allianz.ch\\\/fr\\\/article\\\/climate-ticker-pour-plus-de-transparence-et-de-participation-dans-la-politique-climatique-locale\\\/#breadcrumb\",\"itemListElement\":[{\"@type\":\"ListItem\",\"position\":1,\"name\":\"Home\",\"item\":\"https:\\\/\\\/www.klima-allianz.ch\\\/fr\\\/\"},{\"@type\":\"ListItem\",\"position\":2,\"name\":\"Beitr\u00e4ge\",\"item\":\"https:\\\/\\\/www.klima-allianz.ch\\\/fr\\\/article\\\/\"},{\"@type\":\"ListItem\",\"position\":3,\"name\":\"Climate Ticker : pour plus de transparence et de participation dans la politique climatique locale\"}]},{\"@type\":\"WebSite\",\"@id\":\"https:\\\/\\\/www.klima-allianz.ch\\\/fr\\\/#website\",\"url\":\"https:\\\/\\\/www.klima-allianz.ch\\\/fr\\\/\",\"name\":\"Alliance Climatique\",\"description\":\"\",\"publisher\":{\"@id\":\"https:\\\/\\\/www.klima-allianz.ch\\\/fr\\\/#organization\"},\"potentialAction\":[{\"@type\":\"SearchAction\",\"target\":{\"@type\":\"EntryPoint\",\"urlTemplate\":\"https:\\\/\\\/www.klima-allianz.ch\\\/fr\\\/?s={search_term_string}\"},\"query-input\":{\"@type\":\"PropertyValueSpecification\",\"valueRequired\":true,\"valueName\":\"search_term_string\"}}],\"inLanguage\":\"fr-FR\"},{\"@type\":\"Organization\",\"@id\":\"https:\\\/\\\/www.klima-allianz.ch\\\/fr\\\/#organization\",\"name\":\"Klima-Allianz\",\"url\":\"https:\\\/\\\/www.klima-allianz.ch\\\/fr\\\/\",\"logo\":{\"@type\":\"ImageObject\",\"inLanguage\":\"fr-FR\",\"@id\":\"https:\\\/\\\/www.klima-allianz.ch\\\/fr\\\/#\\\/schema\\\/logo\\\/image\\\/\",\"url\":\"https:\\\/\\\/www.klima-allianz.ch\\\/wp-content\\\/uploads\\\/KA-Favicon-Kreis-1.png\",\"contentUrl\":\"https:\\\/\\\/www.klima-allianz.ch\\\/wp-content\\\/uploads\\\/KA-Favicon-Kreis-1.png\",\"width\":512,\"height\":512,\"caption\":\"Klima-Allianz\"},\"image\":{\"@id\":\"https:\\\/\\\/www.klima-allianz.ch\\\/fr\\\/#\\\/schema\\\/logo\\\/image\\\/\"}}]}<\/script>\n<!-- \/ Yoast SEO plugin. -->","yoast_head_json":{"title":"Climate Ticker : pour plus de transparence et de participation dans la politique climatique locale &#8226; Alliance Climatique","description":"Tu veux faire avancer la politique climatique ? Savoir o\u00f9 il y aurait des am\u00e9liorations \u00e0 apporter dans ta commune ou ton canton ? Alors ce projet est fait pour toi !","robots":{"index":"index","follow":"follow","max-snippet":"max-snippet:-1","max-image-preview":"max-image-preview:large","max-video-preview":"max-video-preview:-1"},"canonical":"https:\/\/www.klima-allianz.ch\/fr\/article\/climate-ticker-pour-plus-de-transparence-et-de-participation-dans-la-politique-climatique-locale\/","og_locale":"fr_FR","og_type":"article","og_title":"Climate Ticker : pour plus de transparence et de participation dans la politique climatique locale","og_description":"Tu veux faire avancer la politique climatique ? Savoir o\u00f9 il y aurait des am\u00e9liorations \u00e0 apporter dans ta commune ou ton canton ? Tu veux exiger les mesures climatiques les plus efficaces, et ce, avec le moins d'efforts possible ? Alors ce projet est fait pour toi !","og_url":"https:\/\/www.klima-allianz.ch\/fr\/article\/climate-ticker-pour-plus-de-transparence-et-de-participation-dans-la-politique-climatique-locale\/","og_site_name":"Alliance Climatique","article_modified_time":"2022-10-20T09:22:56+00:00","og_image":[{"width":1200,"height":675,"url":"https:\/\/www.klima-allianz.ch\/wp-content\/uploads\/Img-Lake-Quer.png","type":"image\/png"}],"twitter_card":"summary_large_image","twitter_title":"Climate Ticker : pour plus de transparence et de participation dans la politique climatique locale","twitter_description":"Tu veux faire avancer la politique climatique ? Savoir o\u00f9 il y aurait des am\u00e9liorations \u00e0 apporter dans ta commune ou ton canton ? Tu veux exiger les mesures climatiques les plus efficaces, et ce, avec le moins d'efforts possible ? Alors ce projet est fait pour toi !","twitter_image":"https:\/\/www.klima-allianz.ch\/wp-content\/uploads\/Img-Lake-Quer.png","twitter_misc":{"Dur\u00e9e de lecture estim\u00e9e":"2 minutes"},"schema":{"@context":"https:\/\/schema.org","@graph":[{"@type":"WebPage","@id":"https:\/\/www.klima-allianz.ch\/fr\/article\/climate-ticker-pour-plus-de-transparence-et-de-participation-dans-la-politique-climatique-locale\/","url":"https:\/\/www.klima-allianz.ch\/fr\/article\/climate-ticker-pour-plus-de-transparence-et-de-participation-dans-la-politique-climatique-locale\/","name":"Climate Ticker : pour plus de transparence et de participation dans la politique climatique locale &#8226; Alliance Climatique","isPartOf":{"@id":"https:\/\/www.klima-allianz.ch\/fr\/#website"},"primaryImageOfPage":{"@id":"https:\/\/www.klima-allianz.ch\/fr\/article\/climate-ticker-pour-plus-de-transparence-et-de-participation-dans-la-politique-climatique-locale\/#primaryimage"},"image":{"@id":"https:\/\/www.klima-allianz.ch\/fr\/article\/climate-ticker-pour-plus-de-transparence-et-de-participation-dans-la-politique-climatique-locale\/#primaryimage"},"thumbnailUrl":"https:\/\/www.klima-allianz.ch\/wp-content\/uploads\/Img-Lake-Quer.png","datePublished":"2022-10-17T12:24:46+00:00","dateModified":"2022-10-20T09:22:56+00:00","description":"Tu veux faire avancer la politique climatique ? Savoir o\u00f9 il y aurait des am\u00e9liorations \u00e0 apporter dans ta commune ou ton canton ? Alors ce projet est fait pour toi !","breadcrumb":{"@id":"https:\/\/www.klima-allianz.ch\/fr\/article\/climate-ticker-pour-plus-de-transparence-et-de-participation-dans-la-politique-climatique-locale\/#breadcrumb"},"inLanguage":"fr-FR","potentialAction":[{"@type":"ReadAction","target":["https:\/\/www.klima-allianz.ch\/fr\/article\/climate-ticker-pour-plus-de-transparence-et-de-participation-dans-la-politique-climatique-locale\/"]}]},{"@type":"ImageObject","inLanguage":"fr-FR","@id":"https:\/\/www.klima-allianz.ch\/fr\/article\/climate-ticker-pour-plus-de-transparence-et-de-participation-dans-la-politique-climatique-locale\/#primaryimage","url":"https:\/\/www.klima-allianz.ch\/wp-content\/uploads\/Img-Lake-Quer.png","contentUrl":"https:\/\/www.klima-allianz.ch\/wp-content\/uploads\/Img-Lake-Quer.png","width":1200,"height":675},{"@type":"BreadcrumbList","@id":"https:\/\/www.klima-allianz.ch\/fr\/article\/climate-ticker-pour-plus-de-transparence-et-de-participation-dans-la-politique-climatique-locale\/#breadcrumb","itemListElement":[{"@type":"ListItem","position":1,"name":"Home","item":"https:\/\/www.klima-allianz.ch\/fr\/"},{"@type":"ListItem","position":2,"name":"Beitr\u00e4ge","item":"https:\/\/www.klima-allianz.ch\/fr\/article\/"},{"@type":"ListItem","position":3,"name":"Climate Ticker : pour plus de transparence et de participation dans la politique climatique locale"}]},{"@type":"WebSite","@id":"https:\/\/www.klima-allianz.ch\/fr\/#website","url":"https:\/\/www.klima-allianz.ch\/fr\/","name":"Alliance Climatique","description":"","publisher":{"@id":"https:\/\/www.klima-allianz.ch\/fr\/#organization"},"potentialAction":[{"@type":"SearchAction","target":{"@type":"EntryPoint","urlTemplate":"https:\/\/www.klima-allianz.ch\/fr\/?s={search_term_string}"},"query-input":{"@type":"PropertyValueSpecification","valueRequired":true,"valueName":"search_term_string"}}],"inLanguage":"fr-FR"},{"@type":"Organization","@id":"https:\/\/www.klima-allianz.ch\/fr\/#organization","name":"Klima-Allianz","url":"https:\/\/www.klima-allianz.ch\/fr\/","logo":{"@type":"ImageObject","inLanguage":"fr-FR","@id":"https:\/\/www.klima-allianz.ch\/fr\/#\/schema\/logo\/image\/","url":"https:\/\/www.klima-allianz.ch\/wp-content\/uploads\/KA-Favicon-Kreis-1.png","contentUrl":"https:\/\/www.klima-allianz.ch\/wp-content\/uploads\/KA-Favicon-Kreis-1.png","width":512,"height":512,"caption":"Klima-Allianz"},"image":{"@id":"https:\/\/www.klima-allianz.ch\/fr\/#\/schema\/logo\/image\/"}}]}},"_links":{"self":[{"href":"https:\/\/www.klima-allianz.ch\/fr\/wp-json\/wp\/v2\/beitrag\/8874","targetHints":{"allow":["GET"]}}],"collection":[{"href":"https:\/\/www.klima-allianz.ch\/fr\/wp-json\/wp\/v2\/beitrag"}],"about":[{"href":"https:\/\/www.klima-allianz.ch\/fr\/wp-json\/wp\/v2\/types\/beitrag"}],"wp:featuredmedia":[{"embeddable":true,"href":"https:\/\/www.klima-allianz.ch\/fr\/wp-json\/wp\/v2\/media\/8901"}],"wp:attachment":[{"href":"https:\/\/www.klima-allianz.ch\/fr\/wp-json\/wp\/v2\/media?parent=8874"}],"wp:term":[{"taxonomy":"category","embeddable":true,"href":"https:\/\/www.klima-allianz.ch\/fr\/wp-json\/wp\/v2\/categories?post=8874"}],"curies":[{"name":"wp","href":"https:\/\/api.w.org\/{rel}","templated":true}]}}