{"id":9826,"date":"2023-03-23T17:10:18","date_gmt":"2023-03-23T16:10:18","guid":{"rendered":"https:\/\/www.klima-allianz.ch\/?post_type=beitrag&#038;p=9826"},"modified":"2023-03-23T18:38:27","modified_gmt":"2023-03-23T17:38:27","slug":"lancement-de-la-campagne-pour-la-loi-climat","status":"publish","type":"beitrag","link":"https:\/\/www.klima-allianz.ch\/fr\/article\/lancement-de-la-campagne-pour-la-loi-climat\/","title":{"rendered":"Lancement de la campagne pour la loi climat"},"content":{"rendered":"<p>La campagne du OUI \u00e0 la loi climat a \u00e9t\u00e9 lanc\u00e9e aujourd&rsquo;hui \u00e0 Fl\u00fceli-Ranft (OW), le centre g\u00e9ographique de la Suisse. Pr\u00e8s de 200 organisations, associations et entreprises s&rsquo;engagent sous la devise \u00ab\u00a0Prot\u00e9ger ce qui compte\u00a0\u00bb pour un OUI le 18 juin.<\/p>\n<p>Les effets de la crise climatique sont \u00e9vidents : hausse des temp\u00e9ratures, fonte des glaciers, p\u00e9nurie d&rsquo;eau. En tant que pays alpin, la Suisse est particuli\u00e8rement touch\u00e9e par les cons\u00e9quences de la crise climatique.<\/p>\n<p><b>\u00ab Prot\u00e9geons ce qui compte \u00bb<\/b><\/p>\n<p><span style=\"font-weight: 400;\">\u00ab Rien que l&rsquo;\u00e9t\u00e9 dernier, les glaciers suisses ont perdu plus de 6% de leur masse. Le recul des glaciers est un appel au r\u00e9veil \u00bb a d\u00e9clar\u00e9 la co-responsable de la campagne Sophie F\u00fcrst lors du lancement de la campagne \u00e0 Fl\u00fceli-Ranft et a ajout\u00e9 : \u00ab Ensemble, nous devons stopper le r\u00e9chauffement climatique. En votant oui le 18 juin, nous prot\u00e9geons ce qui compte \u00bb. La loi f\u00e9d\u00e9rale sur les objectifs de la protection du climat, l&rsquo;innovation et le renforcement de la s\u00e9curit\u00e9 \u00e9nerg\u00e9tique, nom complet de la loi climat, prot\u00e8ge la population, ses moyens de subsistance et la nature.<\/span><\/p>\n<p><b>Sortir de la d\u00e9pendance aux \u00e9nergies fossiles, atteindre le z\u00e9ro net<\/b><\/p>\n<p><span style=\"font-weight: 400;\">La Suisse doit apporter sa contribution \u00e0 la lutte contre la crise climatique. La r\u00e9duction de ses propres \u00e9missions est un pas important vers la justice climatique. Avec cette loi, la Suisse se fixe des objectifs clairs qui lui permettront d&rsquo;atteindre progressivement la neutralit\u00e9 climatique. En votant OUI, les votants assument leur responsabilit\u00e9 envers les g\u00e9n\u00e9rations actuelles et futures. Gr\u00e2ce \u00e0 cette loi, la d\u00e9pendance aux \u00e9nergies fossiles \u00e9trang\u00e8res prendra fin au plus tard en 2050.<\/span><\/p>\n<p><b>L&rsquo;Alliance Climatique revendique davantage<\/b><\/p>\n<p><span style=\"font-weight: 400;\">\u00ab La loi climat est un premier pas vers une politique climatique responsable en Suisse \u00bb, commente Christian L\u00fcthi, directeur de l&rsquo;Alliance Climatique. Mais pour r\u00e9pondre \u00e0 l&rsquo;urgence de la crise climatique, l&rsquo;Alliance Climatique continue de revendiquer au moins :\u00a0<\/span><\/p>\n<ul>\n<li style=\"font-weight: 400;\" aria-level=\"1\"><span style=\"font-weight: 400;\">une reconnaissance claire que la Suisse est elle-m\u00eame responsable de la r\u00e9duction de ses \u00e9missions, sans reporter cette responsabilit\u00e9 sur l&rsquo;\u00e9tranger ;<\/span><\/li>\n<li style=\"font-weight: 400;\" aria-level=\"1\"><span style=\"font-weight: 400;\">des objectifs interm\u00e9diaires bas\u00e9s sur un budget d&rsquo;\u00e9missions bas\u00e9 sur la science et sur l&rsquo;objectif de 1,5\u00b0 de l&rsquo;accord de Paris ;<\/span><\/li>\n<li style=\"font-weight: 400;\" aria-level=\"1\"><span style=\"font-weight: 400;\">au moins 1 milliard de francs par an au financement international du climat, pour soutenir les pays les plus pauvres dans la lutte et l&rsquo;adaptation \u00e0 la crise climatique.<\/span><\/li>\n<\/ul>\n","protected":false},"featured_media":9827,"template":"","categories":[17],"class_list":["post-9826","beitrag","type-beitrag","status-publish","has-post-thumbnail","hentry","category-news-fr-2"],"better_featured_image":{"id":9827,"alt_text":"","caption":"","description":"","media_type":"image","media_details":{"width":1920,"height":1440,"file":"LCOUI.jpg","filesize":3195323,"sizes":{"medium":{"file":"LCOUI-300x225.jpg","width":300,"height":225,"mime-type":"image\/jpeg","filesize":26774,"source_url":"https:\/\/www.klima-allianz.ch\/wp-content\/uploads\/LCOUI-300x225.jpg"},"large":{"file":"LCOUI-1024x768.jpg","width":1024,"height":768,"mime-type":"image\/jpeg","filesize":218205,"source_url":"https:\/\/www.klima-allianz.ch\/wp-content\/uploads\/LCOUI-1024x768.jpg"},"thumbnail":{"file":"LCOUI-550x413.jpg","width":550,"height":413,"mime-type":"image\/jpeg","filesize":74797,"source_url":"https:\/\/www.klima-allianz.ch\/wp-content\/uploads\/LCOUI-550x413.jpg"},"medium_large":{"file":"LCOUI-768x576.jpg","width":768,"height":576,"mime-type":"image\/jpeg","filesize":132080,"source_url":"https:\/\/www.klima-allianz.ch\/wp-content\/uploads\/LCOUI-768x576.jpg"},"1536x1536":{"file":"LCOUI-1536x1152.jpg","width":1536,"height":1152,"mime-type":"image\/jpeg","filesize":432978,"source_url":"https:\/\/www.klima-allianz.ch\/wp-content\/uploads\/LCOUI-1536x1152.jpg"}},"image_meta":{"aperture":"0","credit":"","camera":"","caption":"","created_timestamp":"0","copyright":"","focal_length":"0","iso":"0","shutter_speed":"0","title":"","orientation":"0","keywords":[]}},"post":9826,"source_url":"https:\/\/www.klima-allianz.ch\/wp-content\/uploads\/LCOUI.jpg"},"acf":{"inhaltstyp_mediabox":"image","galerie":null,"video_html":null,"video_vimeo":"","downloads":"","links":[{"linktitel":"vers le communiqu\u00e9 de presse","url":"https:\/\/www.klima-allianz.ch\/wp-content\/uploads\/Oui-a\u0300-la-loi-climat.pdf"},{"linktitel":"vers le site web de la campagne","url":"https:\/\/oui-loi-climat.ch\/"}]},"yoast_head":"<!-- This site is optimized with the Yoast SEO plugin v27.5 - https:\/\/yoast.com\/product\/yoast-seo-wordpress\/ -->\n<title>Lancement de la campagne pour la loi climat &#8226; Alliance Climatique<\/title>\n<meta name=\"robots\" content=\"index, follow, max-snippet:-1, max-image-preview:large, max-video-preview:-1\" \/>\n<link rel=\"canonical\" href=\"https:\/\/www.klima-allianz.ch\/fr\/article\/lancement-de-la-campagne-pour-la-loi-climat\/\" \/>\n<meta property=\"og:locale\" content=\"fr_FR\" \/>\n<meta property=\"og:type\" content=\"article\" \/>\n<meta property=\"og:title\" content=\"Lancement de la campagne pour la loi climat &#8226; Alliance Climatique\" \/>\n<meta property=\"og:description\" content=\"La campagne du OUI \u00e0 la loi climat a \u00e9t\u00e9 lanc\u00e9e aujourd&rsquo;hui \u00e0 Fl\u00fceli-Ranft (OW), le centre g\u00e9ographique de la Suisse. Pr\u00e8s de 200 organisations, associations et entreprises s&rsquo;engagent sous la devise \u00ab\u00a0Prot\u00e9ger ce qui compte\u00a0\u00bb pour un OUI le 18 juin. Les effets de la crise climatique sont \u00e9vidents : hausse des temp\u00e9ratures, fonte &hellip; Continued\" \/>\n<meta property=\"og:url\" content=\"https:\/\/www.klima-allianz.ch\/fr\/article\/lancement-de-la-campagne-pour-la-loi-climat\/\" \/>\n<meta property=\"og:site_name\" content=\"Alliance Climatique\" \/>\n<meta property=\"article:modified_time\" content=\"2023-03-23T17:38:27+00:00\" \/>\n<meta property=\"og:image\" content=\"https:\/\/www.klima-allianz.ch\/wp-content\/uploads\/LCOUI-1024x768.jpg\" \/>\n\t<meta property=\"og:image:width\" content=\"1024\" \/>\n\t<meta property=\"og:image:height\" content=\"768\" \/>\n\t<meta property=\"og:image:type\" content=\"image\/jpeg\" \/>\n<meta name=\"twitter:card\" content=\"summary_large_image\" \/>\n<meta name=\"twitter:label1\" content=\"Dur\u00e9e de lecture estim\u00e9e\" \/>\n\t<meta name=\"twitter:data1\" content=\"3 minutes\" \/>\n<script type=\"application\/ld+json\" class=\"yoast-schema-graph\">{\"@context\":\"https:\\\/\\\/schema.org\",\"@graph\":[{\"@type\":\"WebPage\",\"@id\":\"https:\\\/\\\/www.klima-allianz.ch\\\/fr\\\/article\\\/lancement-de-la-campagne-pour-la-loi-climat\\\/\",\"url\":\"https:\\\/\\\/www.klima-allianz.ch\\\/fr\\\/article\\\/lancement-de-la-campagne-pour-la-loi-climat\\\/\",\"name\":\"Lancement de la campagne pour la loi climat &#8226; Alliance Climatique\",\"isPartOf\":{\"@id\":\"https:\\\/\\\/www.klima-allianz.ch\\\/fr\\\/#website\"},\"primaryImageOfPage\":{\"@id\":\"https:\\\/\\\/www.klima-allianz.ch\\\/fr\\\/article\\\/lancement-de-la-campagne-pour-la-loi-climat\\\/#primaryimage\"},\"image\":{\"@id\":\"https:\\\/\\\/www.klima-allianz.ch\\\/fr\\\/article\\\/lancement-de-la-campagne-pour-la-loi-climat\\\/#primaryimage\"},\"thumbnailUrl\":\"https:\\\/\\\/www.klima-allianz.ch\\\/wp-content\\\/uploads\\\/LCOUI.jpg\",\"datePublished\":\"2023-03-23T16:10:18+00:00\",\"dateModified\":\"2023-03-23T17:38:27+00:00\",\"breadcrumb\":{\"@id\":\"https:\\\/\\\/www.klima-allianz.ch\\\/fr\\\/article\\\/lancement-de-la-campagne-pour-la-loi-climat\\\/#breadcrumb\"},\"inLanguage\":\"fr-FR\",\"potentialAction\":[{\"@type\":\"ReadAction\",\"target\":[\"https:\\\/\\\/www.klima-allianz.ch\\\/fr\\\/article\\\/lancement-de-la-campagne-pour-la-loi-climat\\\/\"]}]},{\"@type\":\"ImageObject\",\"inLanguage\":\"fr-FR\",\"@id\":\"https:\\\/\\\/www.klima-allianz.ch\\\/fr\\\/article\\\/lancement-de-la-campagne-pour-la-loi-climat\\\/#primaryimage\",\"url\":\"https:\\\/\\\/www.klima-allianz.ch\\\/wp-content\\\/uploads\\\/LCOUI.jpg\",\"contentUrl\":\"https:\\\/\\\/www.klima-allianz.ch\\\/wp-content\\\/uploads\\\/LCOUI.jpg\",\"width\":1920,\"height\":1440},{\"@type\":\"BreadcrumbList\",\"@id\":\"https:\\\/\\\/www.klima-allianz.ch\\\/fr\\\/article\\\/lancement-de-la-campagne-pour-la-loi-climat\\\/#breadcrumb\",\"itemListElement\":[{\"@type\":\"ListItem\",\"position\":1,\"name\":\"Home\",\"item\":\"https:\\\/\\\/www.klima-allianz.ch\\\/fr\\\/\"},{\"@type\":\"ListItem\",\"position\":2,\"name\":\"Beitr\u00e4ge\",\"item\":\"https:\\\/\\\/www.klima-allianz.ch\\\/fr\\\/article\\\/\"},{\"@type\":\"ListItem\",\"position\":3,\"name\":\"Lancement de la campagne pour la loi climat\"}]},{\"@type\":\"WebSite\",\"@id\":\"https:\\\/\\\/www.klima-allianz.ch\\\/fr\\\/#website\",\"url\":\"https:\\\/\\\/www.klima-allianz.ch\\\/fr\\\/\",\"name\":\"Alliance Climatique\",\"description\":\"\",\"publisher\":{\"@id\":\"https:\\\/\\\/www.klima-allianz.ch\\\/fr\\\/#organization\"},\"potentialAction\":[{\"@type\":\"SearchAction\",\"target\":{\"@type\":\"EntryPoint\",\"urlTemplate\":\"https:\\\/\\\/www.klima-allianz.ch\\\/fr\\\/?s={search_term_string}\"},\"query-input\":{\"@type\":\"PropertyValueSpecification\",\"valueRequired\":true,\"valueName\":\"search_term_string\"}}],\"inLanguage\":\"fr-FR\"},{\"@type\":\"Organization\",\"@id\":\"https:\\\/\\\/www.klima-allianz.ch\\\/fr\\\/#organization\",\"name\":\"Klima-Allianz\",\"url\":\"https:\\\/\\\/www.klima-allianz.ch\\\/fr\\\/\",\"logo\":{\"@type\":\"ImageObject\",\"inLanguage\":\"fr-FR\",\"@id\":\"https:\\\/\\\/www.klima-allianz.ch\\\/fr\\\/#\\\/schema\\\/logo\\\/image\\\/\",\"url\":\"https:\\\/\\\/www.klima-allianz.ch\\\/wp-content\\\/uploads\\\/KA-Favicon-Kreis-1.png\",\"contentUrl\":\"https:\\\/\\\/www.klima-allianz.ch\\\/wp-content\\\/uploads\\\/KA-Favicon-Kreis-1.png\",\"width\":512,\"height\":512,\"caption\":\"Klima-Allianz\"},\"image\":{\"@id\":\"https:\\\/\\\/www.klima-allianz.ch\\\/fr\\\/#\\\/schema\\\/logo\\\/image\\\/\"}}]}<\/script>\n<!-- \/ Yoast SEO plugin. -->","yoast_head_json":{"title":"Lancement de la campagne pour la loi climat &#8226; Alliance Climatique","robots":{"index":"index","follow":"follow","max-snippet":"max-snippet:-1","max-image-preview":"max-image-preview:large","max-video-preview":"max-video-preview:-1"},"canonical":"https:\/\/www.klima-allianz.ch\/fr\/article\/lancement-de-la-campagne-pour-la-loi-climat\/","og_locale":"fr_FR","og_type":"article","og_title":"Lancement de la campagne pour la loi climat &#8226; Alliance Climatique","og_description":"La campagne du OUI \u00e0 la loi climat a \u00e9t\u00e9 lanc\u00e9e aujourd&rsquo;hui \u00e0 Fl\u00fceli-Ranft (OW), le centre g\u00e9ographique de la Suisse. Pr\u00e8s de 200 organisations, associations et entreprises s&rsquo;engagent sous la devise \u00ab\u00a0Prot\u00e9ger ce qui compte\u00a0\u00bb pour un OUI le 18 juin. Les effets de la crise climatique sont \u00e9vidents : hausse des temp\u00e9ratures, fonte &hellip; Continued","og_url":"https:\/\/www.klima-allianz.ch\/fr\/article\/lancement-de-la-campagne-pour-la-loi-climat\/","og_site_name":"Alliance Climatique","article_modified_time":"2023-03-23T17:38:27+00:00","og_image":[{"width":1024,"height":768,"url":"https:\/\/www.klima-allianz.ch\/wp-content\/uploads\/LCOUI-1024x768.jpg","type":"image\/jpeg"}],"twitter_card":"summary_large_image","twitter_misc":{"Dur\u00e9e de lecture estim\u00e9e":"3 minutes"},"schema":{"@context":"https:\/\/schema.org","@graph":[{"@type":"WebPage","@id":"https:\/\/www.klima-allianz.ch\/fr\/article\/lancement-de-la-campagne-pour-la-loi-climat\/","url":"https:\/\/www.klima-allianz.ch\/fr\/article\/lancement-de-la-campagne-pour-la-loi-climat\/","name":"Lancement de la campagne pour la loi climat &#8226; Alliance Climatique","isPartOf":{"@id":"https:\/\/www.klima-allianz.ch\/fr\/#website"},"primaryImageOfPage":{"@id":"https:\/\/www.klima-allianz.ch\/fr\/article\/lancement-de-la-campagne-pour-la-loi-climat\/#primaryimage"},"image":{"@id":"https:\/\/www.klima-allianz.ch\/fr\/article\/lancement-de-la-campagne-pour-la-loi-climat\/#primaryimage"},"thumbnailUrl":"https:\/\/www.klima-allianz.ch\/wp-content\/uploads\/LCOUI.jpg","datePublished":"2023-03-23T16:10:18+00:00","dateModified":"2023-03-23T17:38:27+00:00","breadcrumb":{"@id":"https:\/\/www.klima-allianz.ch\/fr\/article\/lancement-de-la-campagne-pour-la-loi-climat\/#breadcrumb"},"inLanguage":"fr-FR","potentialAction":[{"@type":"ReadAction","target":["https:\/\/www.klima-allianz.ch\/fr\/article\/lancement-de-la-campagne-pour-la-loi-climat\/"]}]},{"@type":"ImageObject","inLanguage":"fr-FR","@id":"https:\/\/www.klima-allianz.ch\/fr\/article\/lancement-de-la-campagne-pour-la-loi-climat\/#primaryimage","url":"https:\/\/www.klima-allianz.ch\/wp-content\/uploads\/LCOUI.jpg","contentUrl":"https:\/\/www.klima-allianz.ch\/wp-content\/uploads\/LCOUI.jpg","width":1920,"height":1440},{"@type":"BreadcrumbList","@id":"https:\/\/www.klima-allianz.ch\/fr\/article\/lancement-de-la-campagne-pour-la-loi-climat\/#breadcrumb","itemListElement":[{"@type":"ListItem","position":1,"name":"Home","item":"https:\/\/www.klima-allianz.ch\/fr\/"},{"@type":"ListItem","position":2,"name":"Beitr\u00e4ge","item":"https:\/\/www.klima-allianz.ch\/fr\/article\/"},{"@type":"ListItem","position":3,"name":"Lancement de la campagne pour la loi climat"}]},{"@type":"WebSite","@id":"https:\/\/www.klima-allianz.ch\/fr\/#website","url":"https:\/\/www.klima-allianz.ch\/fr\/","name":"Alliance Climatique","description":"","publisher":{"@id":"https:\/\/www.klima-allianz.ch\/fr\/#organization"},"potentialAction":[{"@type":"SearchAction","target":{"@type":"EntryPoint","urlTemplate":"https:\/\/www.klima-allianz.ch\/fr\/?s={search_term_string}"},"query-input":{"@type":"PropertyValueSpecification","valueRequired":true,"valueName":"search_term_string"}}],"inLanguage":"fr-FR"},{"@type":"Organization","@id":"https:\/\/www.klima-allianz.ch\/fr\/#organization","name":"Klima-Allianz","url":"https:\/\/www.klima-allianz.ch\/fr\/","logo":{"@type":"ImageObject","inLanguage":"fr-FR","@id":"https:\/\/www.klima-allianz.ch\/fr\/#\/schema\/logo\/image\/","url":"https:\/\/www.klima-allianz.ch\/wp-content\/uploads\/KA-Favicon-Kreis-1.png","contentUrl":"https:\/\/www.klima-allianz.ch\/wp-content\/uploads\/KA-Favicon-Kreis-1.png","width":512,"height":512,"caption":"Klima-Allianz"},"image":{"@id":"https:\/\/www.klima-allianz.ch\/fr\/#\/schema\/logo\/image\/"}}]}},"_links":{"self":[{"href":"https:\/\/www.klima-allianz.ch\/fr\/wp-json\/wp\/v2\/beitrag\/9826","targetHints":{"allow":["GET"]}}],"collection":[{"href":"https:\/\/www.klima-allianz.ch\/fr\/wp-json\/wp\/v2\/beitrag"}],"about":[{"href":"https:\/\/www.klima-allianz.ch\/fr\/wp-json\/wp\/v2\/types\/beitrag"}],"wp:featuredmedia":[{"embeddable":true,"href":"https:\/\/www.klima-allianz.ch\/fr\/wp-json\/wp\/v2\/media\/9827"}],"wp:attachment":[{"href":"https:\/\/www.klima-allianz.ch\/fr\/wp-json\/wp\/v2\/media?parent=9826"}],"wp:term":[{"taxonomy":"category","embeddable":true,"href":"https:\/\/www.klima-allianz.ch\/fr\/wp-json\/wp\/v2\/categories?post=9826"}],"curies":[{"name":"wp","href":"https:\/\/api.w.org\/{rel}","templated":true}]}}