{"id":9852,"date":"2023-03-30T19:39:36","date_gmt":"2023-03-30T17:39:36","guid":{"rendered":"https:\/\/www.klima-allianz.ch\/?post_type=beitrag&#038;p=9852"},"modified":"2023-04-13T18:22:08","modified_gmt":"2023-04-13T16:22:08","slug":"ubs-avec-credit-suisse-la-nouvelle-megabanque-dimportance-systemique-est-loin-detre-sur-la-trajectoire-zero-net","status":"publish","type":"beitrag","link":"https:\/\/www.klima-allianz.ch\/fr\/article\/ubs-avec-credit-suisse-la-nouvelle-megabanque-dimportance-systemique-est-loin-detre-sur-la-trajectoire-zero-net\/","title":{"rendered":"UBS avec Credit Suisse : La nouvelle m\u00e9gabanque d&rsquo;importance syst\u00e9mique est loin d&rsquo;\u00eatre sur la trajectoire z\u00e9ro net"},"content":{"rendered":"<p>En r\u00e9ponse \u00e0 la pression internationale, les deux banques, l&rsquo;UBS et le (encore) Credit Suisse, se sont engag\u00e9es \u00e0 atteindre l&rsquo;objectif lointain de z\u00e9ro net en 2050 avec leurs financements. Or, elles sont loin derri\u00e8re leurs pairs en ce qui concerne la mise en \u0153uvre de la trajectoire de sortie des \u00e9nergies fossiles n\u00e9cessaire pour y parvenir. Avec leurs plans climatiques, elles ne pr\u00e9sentent pas d&rsquo;objectifs interm\u00e9diaires ambitieux bas\u00e9s sur la science jusqu&rsquo;en 2030, qui soient compatibles avec l&rsquo;objectif de 1,5\u00b0C.<\/p>\n<p>En raison des financements de l&rsquo;UBS et du Credit Suisse, des entreprises fossiles extraient du sol beaucoup plus de charbon, de p\u00e9trole et de gaz fossile que ce qui est autoris\u00e9 par l&rsquo;<a href=\"https:\/\/www.iea.org\/reports\/net-zero-by-2050\">Agence internationale de l&rsquo;\u00e9nergie (AIE)<\/a> pour atteindre l&rsquo;objectif de 1,5\u00b0C. C&rsquo;est ce que montre le <a href=\"https:\/\/shareaction.org\/reports\/in-debt-to-the-planet\">tableau synoptique<\/a> de <a href=\"https:\/\/shareaction.org\/unlocking-the-power\/raising-banking-standards\">Share Action<\/a>, sans doute l&rsquo;ONG la plus importante pour la perception de l&rsquo;\u00abActive Ownership\u00bb en Europe.<\/p>\n<p><a href=\"https:\/\/www.ethosfund.ch\/fr\/news\/ethos-et-11-autres-investisseurs-deposent-une-resolution-d-actionnaires-climatique-a-l\">Share Action et Ethos avaient d\u00e9j\u00e0 d\u00e9pos\u00e9 une r\u00e9solution<\/a> d&rsquo;actionnaires tr\u00e8s m\u00e9diatis\u00e9e aupr\u00e8s du Credit Suisse pour l&rsquo;assembl\u00e9e g\u00e9n\u00e9rale 2022, afin que la banque \u00e9tablisse un rapport sur le climat, ce qu&rsquo;elle a maintenant fait.<\/p>\n<p>D\u00e9but avril, deux votes d\u00e9cisifs sur le climat (\u00abSay on Climate\u00bb) sont \u00e0 l&rsquo;ordre du jour des assembl\u00e9es g\u00e9n\u00e9rales 2023 du (encore) Credit Suisse et de l&rsquo;UBS. Les signaux donn\u00e9s par les actionnaires sur les deux plans climatiques pr\u00e9sent\u00e9s de mani\u00e8re consultative seront d\u00e9terminants pour l&rsquo;impact climatique du g\u00e9ant UBS qui se dessine.<\/p>\n<p>L&rsquo;Alliance climatique soutient l&rsquo;<span style=\"text-decoration: underline;\">appel ci-dessous de Share Action aux actionnaires<\/span> de voter <span style=\"text-decoration: underline;\">contre<\/span> les plans climatiques nettement insuffisants tant \u00e0 l&rsquo;UBS qu&rsquo;au Credit Suisse. <a href=\"https:\/\/ethosfund.ch\/fr\/prestations-et-services\/positions-vote\">Ethos<\/a> recommande \u00e9galement le 2 x non.<\/p>\n<p>L&rsquo;appel de Share Action motive ce refus de la mani\u00e8re suivante :<\/p>\n<ul>\n<li>Les analyses des plans climatiques du <a href=\"https:\/\/shareaction.org\/reports\/cs-say-on-climate-assessment\">Credit Suisse<\/a> et de l&rsquo;<a href=\"https:\/\/shareaction.org\/reports\/ubs-say-on-climate-assessment-2\">UBS<\/a> montrent l&rsquo;incapacit\u00e9 \u00e0 vouloir r\u00e9aliser la trajectoire de d\u00e9carbonisation imp\u00e9rative \u00e0 mettre en oeuvre d&rsquo;ici 2030 en sortant des entreprises des \u00e9nergies fossiles en temps utile.<\/li>\n<li>Il est \u00e0 craindre que la nouvelle entreprise ne fasse pas du r\u00e9chauffement climatique une priorit\u00e9, \u00e0 moins que les investisseurs ne se fassent entendre.<\/li>\n<li>Le Credit Suisse et l&rsquo;UBS \u00e9taient d\u00e9j\u00e0 en retard sur leurs concurrents europ\u00e9ens en mati\u00e8re de changement climatique avant la fusion et occupaient respectivement la 20e et la 24e place du <a href=\"https:\/\/shareaction.org\/reports\/in-debt-to-the-planet\">classement climatique des banques par Share Action<\/a>.<\/li>\n<li>L&rsquo;UBS, notamment, ne s&rsquo;est pas encore engag\u00e9e \u00e0 se s\u00e9parer du charbon dans un d\u00e9lai appropri\u00e9 et l&rsquo;acquisition aura consid\u00e9rablement accru son exposition \u00e0 cet \u00e9gard.<\/li>\n<li>L&rsquo;UBS reprendra l&rsquo;importante client\u00e8le de fracking du Credit Suisse, mais ne respecte actuellement aucune restriction concernant cette extraction extr\u00eame de p\u00e9trole et de gaz fossile.<\/li>\n<\/ul>\n<p>Les <span style=\"text-decoration: underline;\">caisses de pension<\/span> suisses ont un <span style=\"text-decoration: underline;\">pouvoir de vote important<\/span> lors des assembl\u00e9es d&rsquo;actionnaires.<\/p>\n<ul>\n<li>L&rsquo;Alliance climatique \u00e9valuera donc les rapports de vote des institutions de pr\u00e9voyance pour 2023. Dans le <a href=\"https:\/\/alliance-climatique.ch\/rating-climatique\/\">rating climatique<\/a>, elle repr\u00e9sentera l&rsquo;approbation des deux sujets en tant que nuisibles au climat.<\/li>\n<\/ul>\n<p><span style=\"text-decoration: underline;\">La nouvelle m\u00e9ga-banque est d&rsquo;importance syst\u00e9mique pour les objectifs climatiques de la Suisse<\/span> en mati\u00e8re de r\u00e9orientation des flux financiers conform\u00e9ment \u00e0 l&rsquo;Accord de Paris sur le climat.<\/p>\n<ul>\n<li>Si ses financements ne donnent pas un coup de pouce rigoureux \u00e0 la transition climatique au lieu d&rsquo;exposer l&rsquo;humanit\u00e9 et la plan\u00e8te \u00e0 un \u00ab\u00a0lock-in\u00a0\u00bb dans les \u00e9nergies fossiles, alors le <span style=\"text-decoration: underline;\">r\u00f4le de mod\u00e8le de la place financi\u00e8re<\/span> suisse en mati\u00e8re de finance durable, fond\u00e9 sur l&rsquo;approche volontaire vis\u00e9e par le Conseil f\u00e9d\u00e9ral, est s\u00e9rieusement menac\u00e9.<\/li>\n<li>La nouvelle <span style=\"text-decoration: underline;\">m\u00e9ga-banque<\/span> doit \u00eatre soumise \u00e0 un ensemble de dispositions r\u00e9glementaires contraignantes, qui conduisent \u00e0 une trajectoire de d\u00e9carbonisation <span style=\"text-decoration: underline;\">aver\u00e9e<\/span> du <span style=\"text-decoration: underline;\">total de ses activit\u00e9s<\/span> en ligne avec l&rsquo;objectif de 1,5\u00b0C bas\u00e9 sur la science.<\/li>\n<li>L&rsquo;aiguille de la trajectoire de d\u00e9carbonisation de la <span style=\"text-decoration: underline;\">place financi\u00e8re\u00a0dans son ensemble<\/span> doit bient\u00f4t s&rsquo;orienter vers 1,5\u00b0C.<\/li>\n<li>Si l&rsquo; approche volontaire \u00e9choue, c&rsquo;est par le <span style=\"text-decoration: underline;\">biais<\/span> d&rsquo;une r\u00e9glementation et de normes cibl\u00e9es qu&rsquo;il faudra y rem\u00e9dier.<\/li>\n<\/ul>\n<p>&nbsp;<\/p>\n<p>Contact : Sandro Leuenberger, Place financi\u00e8re et climat, <a href=\"mailto:sandro.leuenberger@klima-allianz.ch\">sandro.leuenberger@klima-allianz.ch<\/a><\/p>\n","protected":false},"featured_media":9838,"template":"","categories":[17],"class_list":["post-9852","beitrag","type-beitrag","status-publish","has-post-thumbnail","hentry","category-news-fr-2"],"better_featured_image":{"id":9838,"alt_text":"","caption":"","description":"","media_type":"image","media_details":{"width":837,"height":722,"file":"BankingonClimateChaos.png","filesize":1058190,"sizes":{"medium":{"file":"BankingonClimateChaos-300x259.png","width":300,"height":259,"mime-type":"image\/png","filesize":126081,"source_url":"https:\/\/www.klima-allianz.ch\/wp-content\/uploads\/BankingonClimateChaos-300x259.png"},"thumbnail":{"file":"BankingonClimateChaos-550x474.png","width":550,"height":474,"mime-type":"image\/png","filesize":377295,"source_url":"https:\/\/www.klima-allianz.ch\/wp-content\/uploads\/BankingonClimateChaos-550x474.png"},"medium_large":{"file":"BankingonClimateChaos-768x662.png","width":768,"height":662,"mime-type":"image\/png","filesize":687540,"source_url":"https:\/\/www.klima-allianz.ch\/wp-content\/uploads\/BankingonClimateChaos-768x662.png"}},"image_meta":{"aperture":"0","credit":"","camera":"","caption":"","created_timestamp":"0","copyright":"","focal_length":"0","iso":"0","shutter_speed":"0","title":"","orientation":"0","keywords":[]}},"post":null,"source_url":"https:\/\/www.klima-allianz.ch\/wp-content\/uploads\/BankingonClimateChaos.png"},"acf":{"inhaltstyp_mediabox":"image","galerie":null,"video_html":null,"video_vimeo":"","downloads":null,"links":[{"linktitel":"Rating climatique placements mobiliers","url":"https:\/\/alliance-climatique.ch\/rating-climatique\/"},{"linktitel":"Appel de Share Action contre les plans climatiques d'UBS et du Credit Suisse mars 2023","url":"https:\/\/shareaction.org\/news\/credit-suisse-announces-say-on-climate-plan-shareaction-response"},{"linktitel":"Share Action UBS Climate Assessment mars 2023","url":"https:\/\/shareaction.org\/reports\/ubs-say-on-climate-assessment-2"},{"linktitel":"Share Action Credit Suisse Climate Assessment mars 2023","url":"https:\/\/shareaction.org\/reports\/cs-say-on-climate-assessment"},{"linktitel":"\u00c0 lire aussi: Tableau global \"Banking on Climate Chaos\" 2022 (voir photo)","url":"https:\/\/www.bankingonclimatechaos.org"}]},"yoast_head":"<!-- This site is optimized with the Yoast SEO plugin v28.4 - https:\/\/yoast.com\/product\/yoast-seo-wordpress\/ -->\n<title>UBS avec Credit Suisse : La nouvelle m\u00e9gabanque d&#039;importance syst\u00e9mique est loin d&#039;\u00eatre sur la trajectoire z\u00e9ro net &#8226; Alliance Climatique<\/title>\n<meta name=\"robots\" content=\"index, follow, max-snippet:-1, max-image-preview:large, max-video-preview:-1\" \/>\n<link rel=\"canonical\" href=\"https:\/\/www.klima-allianz.ch\/fr\/article\/ubs-avec-credit-suisse-la-nouvelle-megabanque-dimportance-systemique-est-loin-detre-sur-la-trajectoire-zero-net\/\" \/>\n<meta property=\"og:locale\" content=\"fr_FR\" \/>\n<meta property=\"og:type\" content=\"article\" \/>\n<meta property=\"og:title\" content=\"UBS avec Credit Suisse : La nouvelle m\u00e9gabanque d&#039;importance syst\u00e9mique est loin d&#039;\u00eatre sur la trajectoire z\u00e9ro net &#8226; Alliance Climatique\" \/>\n<meta property=\"og:description\" content=\"En r\u00e9ponse \u00e0 la pression internationale, les deux banques, l&rsquo;UBS et le (encore) Credit Suisse, se sont engag\u00e9es \u00e0 atteindre l&rsquo;objectif lointain de z\u00e9ro net en 2050 avec leurs financements. Or, elles sont loin derri\u00e8re leurs pairs en ce qui concerne la mise en \u0153uvre de la trajectoire de sortie des \u00e9nergies fossiles n\u00e9cessaire pour &hellip; Continued\" \/>\n<meta property=\"og:url\" content=\"https:\/\/www.klima-allianz.ch\/fr\/article\/ubs-avec-credit-suisse-la-nouvelle-megabanque-dimportance-systemique-est-loin-detre-sur-la-trajectoire-zero-net\/\" \/>\n<meta property=\"og:site_name\" content=\"Alliance Climatique\" \/>\n<meta property=\"article:modified_time\" content=\"2023-04-13T16:22:08+00:00\" \/>\n<meta property=\"og:image\" content=\"https:\/\/www.klima-allianz.ch\/wp-content\/uploads\/BankingonClimateChaos.png\" \/>\n\t<meta property=\"og:image:width\" content=\"837\" \/>\n\t<meta property=\"og:image:height\" content=\"722\" \/>\n\t<meta property=\"og:image:type\" content=\"image\/png\" \/>\n<meta name=\"twitter:card\" content=\"summary_large_image\" \/>\n<meta name=\"twitter:label1\" content=\"Dur\u00e9e de lecture estim\u00e9e\" \/>\n\t<meta name=\"twitter:data1\" content=\"4 minutes\" \/>\n<script type=\"application\/ld+json\" class=\"yoast-schema-graph\">{\"@context\":\"https:\\\/\\\/schema.org\",\"@graph\":[{\"@type\":\"WebPage\",\"@id\":\"https:\\\/\\\/www.klima-allianz.ch\\\/fr\\\/article\\\/ubs-avec-credit-suisse-la-nouvelle-megabanque-dimportance-systemique-est-loin-detre-sur-la-trajectoire-zero-net\\\/\",\"url\":\"https:\\\/\\\/www.klima-allianz.ch\\\/fr\\\/article\\\/ubs-avec-credit-suisse-la-nouvelle-megabanque-dimportance-systemique-est-loin-detre-sur-la-trajectoire-zero-net\\\/\",\"name\":\"UBS avec Credit Suisse : La nouvelle m\u00e9gabanque d'importance syst\u00e9mique est loin d'\u00eatre sur la trajectoire z\u00e9ro net &#8226; Alliance Climatique\",\"isPartOf\":{\"@id\":\"https:\\\/\\\/www.klima-allianz.ch\\\/fr\\\/#website\"},\"primaryImageOfPage\":{\"@id\":\"https:\\\/\\\/www.klima-allianz.ch\\\/fr\\\/article\\\/ubs-avec-credit-suisse-la-nouvelle-megabanque-dimportance-systemique-est-loin-detre-sur-la-trajectoire-zero-net\\\/#primaryimage\"},\"image\":{\"@id\":\"https:\\\/\\\/www.klima-allianz.ch\\\/fr\\\/article\\\/ubs-avec-credit-suisse-la-nouvelle-megabanque-dimportance-systemique-est-loin-detre-sur-la-trajectoire-zero-net\\\/#primaryimage\"},\"thumbnailUrl\":\"https:\\\/\\\/www.klima-allianz.ch\\\/wp-content\\\/uploads\\\/BankingonClimateChaos.png\",\"datePublished\":\"2023-03-30T17:39:36+00:00\",\"dateModified\":\"2023-04-13T16:22:08+00:00\",\"breadcrumb\":{\"@id\":\"https:\\\/\\\/www.klima-allianz.ch\\\/fr\\\/article\\\/ubs-avec-credit-suisse-la-nouvelle-megabanque-dimportance-systemique-est-loin-detre-sur-la-trajectoire-zero-net\\\/#breadcrumb\"},\"inLanguage\":\"fr-FR\",\"potentialAction\":[{\"@type\":\"ReadAction\",\"target\":[\"https:\\\/\\\/www.klima-allianz.ch\\\/fr\\\/article\\\/ubs-avec-credit-suisse-la-nouvelle-megabanque-dimportance-systemique-est-loin-detre-sur-la-trajectoire-zero-net\\\/\"]}]},{\"@type\":\"ImageObject\",\"inLanguage\":\"fr-FR\",\"@id\":\"https:\\\/\\\/www.klima-allianz.ch\\\/fr\\\/article\\\/ubs-avec-credit-suisse-la-nouvelle-megabanque-dimportance-systemique-est-loin-detre-sur-la-trajectoire-zero-net\\\/#primaryimage\",\"url\":\"https:\\\/\\\/www.klima-allianz.ch\\\/wp-content\\\/uploads\\\/BankingonClimateChaos.png\",\"contentUrl\":\"https:\\\/\\\/www.klima-allianz.ch\\\/wp-content\\\/uploads\\\/BankingonClimateChaos.png\",\"width\":837,\"height\":722},{\"@type\":\"BreadcrumbList\",\"@id\":\"https:\\\/\\\/www.klima-allianz.ch\\\/fr\\\/article\\\/ubs-avec-credit-suisse-la-nouvelle-megabanque-dimportance-systemique-est-loin-detre-sur-la-trajectoire-zero-net\\\/#breadcrumb\",\"itemListElement\":[{\"@type\":\"ListItem\",\"position\":1,\"name\":\"Home\",\"item\":\"https:\\\/\\\/www.klima-allianz.ch\\\/fr\\\/\"},{\"@type\":\"ListItem\",\"position\":2,\"name\":\"Beitr\u00e4ge\",\"item\":\"https:\\\/\\\/www.klima-allianz.ch\\\/fr\\\/article\\\/\"},{\"@type\":\"ListItem\",\"position\":3,\"name\":\"UBS avec Credit Suisse : La nouvelle m\u00e9gabanque d&#8217;importance syst\u00e9mique est loin d&#8217;\u00eatre sur la trajectoire z\u00e9ro net\"}]},{\"@type\":\"WebSite\",\"@id\":\"https:\\\/\\\/www.klima-allianz.ch\\\/fr\\\/#website\",\"url\":\"https:\\\/\\\/www.klima-allianz.ch\\\/fr\\\/\",\"name\":\"Alliance Climatique\",\"description\":\"\",\"publisher\":{\"@id\":\"https:\\\/\\\/www.klima-allianz.ch\\\/fr\\\/#organization\"},\"potentialAction\":[{\"@type\":\"SearchAction\",\"target\":{\"@type\":\"EntryPoint\",\"urlTemplate\":\"https:\\\/\\\/www.klima-allianz.ch\\\/fr\\\/?s={search_term_string}\"},\"query-input\":{\"@type\":\"PropertyValueSpecification\",\"valueRequired\":true,\"valueName\":\"search_term_string\"}}],\"inLanguage\":\"fr-FR\"},{\"@type\":\"Organization\",\"@id\":\"https:\\\/\\\/www.klima-allianz.ch\\\/fr\\\/#organization\",\"name\":\"Klima-Allianz\",\"url\":\"https:\\\/\\\/www.klima-allianz.ch\\\/fr\\\/\",\"logo\":{\"@type\":\"ImageObject\",\"inLanguage\":\"fr-FR\",\"@id\":\"https:\\\/\\\/www.klima-allianz.ch\\\/fr\\\/#\\\/schema\\\/logo\\\/image\\\/\",\"url\":\"https:\\\/\\\/www.klima-allianz.ch\\\/wp-content\\\/uploads\\\/KA-Favicon-Kreis-1.png\",\"contentUrl\":\"https:\\\/\\\/www.klima-allianz.ch\\\/wp-content\\\/uploads\\\/KA-Favicon-Kreis-1.png\",\"width\":512,\"height\":512,\"caption\":\"Klima-Allianz\"},\"image\":{\"@id\":\"https:\\\/\\\/www.klima-allianz.ch\\\/fr\\\/#\\\/schema\\\/logo\\\/image\\\/\"}}]}<\/script>\n<!-- \/ Yoast SEO plugin. -->","yoast_head_json":{"title":"UBS avec Credit Suisse : La nouvelle m\u00e9gabanque d'importance syst\u00e9mique est loin d'\u00eatre sur la trajectoire z\u00e9ro net &#8226; Alliance Climatique","robots":{"index":"index","follow":"follow","max-snippet":"max-snippet:-1","max-image-preview":"max-image-preview:large","max-video-preview":"max-video-preview:-1"},"canonical":"https:\/\/www.klima-allianz.ch\/fr\/article\/ubs-avec-credit-suisse-la-nouvelle-megabanque-dimportance-systemique-est-loin-detre-sur-la-trajectoire-zero-net\/","og_locale":"fr_FR","og_type":"article","og_title":"UBS avec Credit Suisse : La nouvelle m\u00e9gabanque d'importance syst\u00e9mique est loin d'\u00eatre sur la trajectoire z\u00e9ro net &#8226; Alliance Climatique","og_description":"En r\u00e9ponse \u00e0 la pression internationale, les deux banques, l&rsquo;UBS et le (encore) Credit Suisse, se sont engag\u00e9es \u00e0 atteindre l&rsquo;objectif lointain de z\u00e9ro net en 2050 avec leurs financements. Or, elles sont loin derri\u00e8re leurs pairs en ce qui concerne la mise en \u0153uvre de la trajectoire de sortie des \u00e9nergies fossiles n\u00e9cessaire pour &hellip; Continued","og_url":"https:\/\/www.klima-allianz.ch\/fr\/article\/ubs-avec-credit-suisse-la-nouvelle-megabanque-dimportance-systemique-est-loin-detre-sur-la-trajectoire-zero-net\/","og_site_name":"Alliance Climatique","article_modified_time":"2023-04-13T16:22:08+00:00","og_image":[{"width":837,"height":722,"url":"https:\/\/www.klima-allianz.ch\/wp-content\/uploads\/BankingonClimateChaos.png","type":"image\/png"}],"twitter_card":"summary_large_image","twitter_misc":{"Dur\u00e9e de lecture estim\u00e9e":"4 minutes"},"schema":{"@context":"https:\/\/schema.org","@graph":[{"@type":"WebPage","@id":"https:\/\/www.klima-allianz.ch\/fr\/article\/ubs-avec-credit-suisse-la-nouvelle-megabanque-dimportance-systemique-est-loin-detre-sur-la-trajectoire-zero-net\/","url":"https:\/\/www.klima-allianz.ch\/fr\/article\/ubs-avec-credit-suisse-la-nouvelle-megabanque-dimportance-systemique-est-loin-detre-sur-la-trajectoire-zero-net\/","name":"UBS avec Credit Suisse : La nouvelle m\u00e9gabanque d'importance syst\u00e9mique est loin d'\u00eatre sur la trajectoire z\u00e9ro net &#8226; Alliance Climatique","isPartOf":{"@id":"https:\/\/www.klima-allianz.ch\/fr\/#website"},"primaryImageOfPage":{"@id":"https:\/\/www.klima-allianz.ch\/fr\/article\/ubs-avec-credit-suisse-la-nouvelle-megabanque-dimportance-systemique-est-loin-detre-sur-la-trajectoire-zero-net\/#primaryimage"},"image":{"@id":"https:\/\/www.klima-allianz.ch\/fr\/article\/ubs-avec-credit-suisse-la-nouvelle-megabanque-dimportance-systemique-est-loin-detre-sur-la-trajectoire-zero-net\/#primaryimage"},"thumbnailUrl":"https:\/\/www.klima-allianz.ch\/wp-content\/uploads\/BankingonClimateChaos.png","datePublished":"2023-03-30T17:39:36+00:00","dateModified":"2023-04-13T16:22:08+00:00","breadcrumb":{"@id":"https:\/\/www.klima-allianz.ch\/fr\/article\/ubs-avec-credit-suisse-la-nouvelle-megabanque-dimportance-systemique-est-loin-detre-sur-la-trajectoire-zero-net\/#breadcrumb"},"inLanguage":"fr-FR","potentialAction":[{"@type":"ReadAction","target":["https:\/\/www.klima-allianz.ch\/fr\/article\/ubs-avec-credit-suisse-la-nouvelle-megabanque-dimportance-systemique-est-loin-detre-sur-la-trajectoire-zero-net\/"]}]},{"@type":"ImageObject","inLanguage":"fr-FR","@id":"https:\/\/www.klima-allianz.ch\/fr\/article\/ubs-avec-credit-suisse-la-nouvelle-megabanque-dimportance-systemique-est-loin-detre-sur-la-trajectoire-zero-net\/#primaryimage","url":"https:\/\/www.klima-allianz.ch\/wp-content\/uploads\/BankingonClimateChaos.png","contentUrl":"https:\/\/www.klima-allianz.ch\/wp-content\/uploads\/BankingonClimateChaos.png","width":837,"height":722},{"@type":"BreadcrumbList","@id":"https:\/\/www.klima-allianz.ch\/fr\/article\/ubs-avec-credit-suisse-la-nouvelle-megabanque-dimportance-systemique-est-loin-detre-sur-la-trajectoire-zero-net\/#breadcrumb","itemListElement":[{"@type":"ListItem","position":1,"name":"Home","item":"https:\/\/www.klima-allianz.ch\/fr\/"},{"@type":"ListItem","position":2,"name":"Beitr\u00e4ge","item":"https:\/\/www.klima-allianz.ch\/fr\/article\/"},{"@type":"ListItem","position":3,"name":"UBS avec Credit Suisse : La nouvelle m\u00e9gabanque d&#8217;importance syst\u00e9mique est loin d&#8217;\u00eatre sur la trajectoire z\u00e9ro net"}]},{"@type":"WebSite","@id":"https:\/\/www.klima-allianz.ch\/fr\/#website","url":"https:\/\/www.klima-allianz.ch\/fr\/","name":"Alliance Climatique","description":"","publisher":{"@id":"https:\/\/www.klima-allianz.ch\/fr\/#organization"},"potentialAction":[{"@type":"SearchAction","target":{"@type":"EntryPoint","urlTemplate":"https:\/\/www.klima-allianz.ch\/fr\/?s={search_term_string}"},"query-input":{"@type":"PropertyValueSpecification","valueRequired":true,"valueName":"search_term_string"}}],"inLanguage":"fr-FR"},{"@type":"Organization","@id":"https:\/\/www.klima-allianz.ch\/fr\/#organization","name":"Klima-Allianz","url":"https:\/\/www.klima-allianz.ch\/fr\/","logo":{"@type":"ImageObject","inLanguage":"fr-FR","@id":"https:\/\/www.klima-allianz.ch\/fr\/#\/schema\/logo\/image\/","url":"https:\/\/www.klima-allianz.ch\/wp-content\/uploads\/KA-Favicon-Kreis-1.png","contentUrl":"https:\/\/www.klima-allianz.ch\/wp-content\/uploads\/KA-Favicon-Kreis-1.png","width":512,"height":512,"caption":"Klima-Allianz"},"image":{"@id":"https:\/\/www.klima-allianz.ch\/fr\/#\/schema\/logo\/image\/"}}]}},"_links":{"self":[{"href":"https:\/\/www.klima-allianz.ch\/fr\/wp-json\/wp\/v2\/beitrag\/9852","targetHints":{"allow":["GET"]}}],"collection":[{"href":"https:\/\/www.klima-allianz.ch\/fr\/wp-json\/wp\/v2\/beitrag"}],"about":[{"href":"https:\/\/www.klima-allianz.ch\/fr\/wp-json\/wp\/v2\/types\/beitrag"}],"wp:featuredmedia":[{"embeddable":true,"href":"https:\/\/www.klima-allianz.ch\/fr\/wp-json\/wp\/v2\/media\/9838"}],"wp:attachment":[{"href":"https:\/\/www.klima-allianz.ch\/fr\/wp-json\/wp\/v2\/media?parent=9852"}],"wp:term":[{"taxonomy":"category","embeddable":true,"href":"https:\/\/www.klima-allianz.ch\/fr\/wp-json\/wp\/v2\/categories?post=9852"}],"curies":[{"name":"wp","href":"https:\/\/api.w.org\/{rel}","templated":true}]}}