{"id":15169,"date":"2026-04-30T17:51:01","date_gmt":"2026-04-30T15:51:01","guid":{"rendered":"https:\/\/www.klima-allianz.ch\/?post_type=kampagnen&#038;p=15169"},"modified":"2026-04-30T17:52:48","modified_gmt":"2026-04-30T15:52:48","slug":"une-loi-efficace-sur-la-responsabilite-des-multinationales-est-necessaire-en-suisse","status":"publish","type":"kampagnen","link":"https:\/\/www.klima-allianz.ch\/fr\/campagnes\/une-loi-efficace-sur-la-responsabilite-des-multinationales-est-necessaire-en-suisse\/","title":{"rendered":"Une loi efficace sur la responsabilit\u00e9 des multinationales est n\u00e9cessaire en Suisse"},"content":{"rendered":"<p><span style=\"font-weight: 400;\">Nous sommes \u00e0 un moment d\u00e9cisif dans le processus politique autour de l\u2019initiative pour des multinationales responsables<\/span><span style=\"font-weight: 400;\">. Un contre-projet est actuellement en discussion, mais il comporte de nombreuses lacunes probl\u00e9matiques pour les multinationales actives dans le secteur des mati\u00e8res premi\u00e8res. <b><a href=\"http:\/\/www.responsabilite-multinationales.ch\/lettre-ouverte\/?sce=allianceclimatique\">Signez sans attendre la lettre ouverte adress\u00e9e au Conseil f\u00e9d\u00e9ral !<\/a><\/b><\/span><\/p>\n<p>&nbsp;<\/p>\n<p><span style=\"font-weight: 400;\">La p\u00e9riode de consultation est de courte dur\u00e9e<\/span><b> et il nous reste peu de temps <\/b><span style=\"font-weight: 400;\">pour augmenter la pression de la part de la population avant de soumettre la<\/span><a href=\"http:\/\/www.responsabilite-multinationales.ch\/lettre-ouverte\/\"><span style=\"font-weight: 400;\"> lettre ouverte <\/span><\/a><span style=\"font-weight: 400;\">au Conseil f\u00e9d\u00e9ral. Nous lui demandons d&rsquo;apporter les am\u00e9liorations suivantes au contre-projet :<\/span><\/p>\n<ul>\n<li style=\"font-weight: 400;\" aria-level=\"1\"><span style=\"font-weight: 400;\">la loi doit s&rsquo;appliquer aux grands n\u00e9gociants en mati\u00e8res premi\u00e8res ;<\/span><\/li>\n<li style=\"font-weight: 400;\" aria-level=\"1\"><span style=\"font-weight: 400;\">les raffineries d&rsquo;or doivent cesser de traiter de l\u2019or sale ;<\/span><\/li>\n<li style=\"font-weight: 400;\" aria-level=\"1\"><span style=\"font-weight: 400;\">la vente de pesticides hautement toxiques doit \u00eatre interdite ;<\/span><\/li>\n<li style=\"font-weight: 400;\" aria-level=\"1\"><span style=\"font-weight: 400;\">les multinationales doivent aussi assumer la responsabilit\u00e9 de leur cha\u00eene de valeur en aval, comme par exemple lors de l&rsquo;\u00e9limination des d\u00e9chets.<\/span><\/li>\n<\/ul>\n<p>&nbsp;<\/p>\n<p><a href=\"http:\/\/www.responsabilite-multinationales.ch\/lettre-ouverte\/?sce=allianceclimatique\"><b>Signer maintenant<\/b><\/a><\/p>\n","protected":false},"featured_media":15168,"template":"","class_list":["post-15169","kampagnen","type-kampagnen","status-publish","has-post-thumbnail","hentry"],"better_featured_image":{"id":15168,"alt_text":"","caption":"from the air, north mara mine, tanzania-David Chancellor","description":"","media_type":"image","media_details":{"width":1536,"height":1236,"file":"North-Mara-mine-Tanzania-\u00a9-David-Chancellor.jpg","filesize":461974,"sizes":{"medium":{"file":"North-Mara-mine-Tanzania-\u00a9-David-Chancellor-300x241.jpg","width":300,"height":241,"mime-type":"image\/jpeg","filesize":34324,"source_url":"https:\/\/www.klima-allianz.ch\/wp-content\/uploads\/North-Mara-mine-Tanzania-\u00a9-David-Chancellor-300x241.jpg"},"large":{"file":"North-Mara-mine-Tanzania-\u00a9-David-Chancellor-1024x824.jpg","width":1024,"height":824,"mime-type":"image\/jpeg","filesize":203369,"source_url":"https:\/\/www.klima-allianz.ch\/wp-content\/uploads\/North-Mara-mine-Tanzania-\u00a9-David-Chancellor-1024x824.jpg"},"thumbnail":{"file":"North-Mara-mine-Tanzania-\u00a9-David-Chancellor-550x443.jpg","width":550,"height":443,"mime-type":"image\/jpeg","filesize":73428,"source_url":"https:\/\/www.klima-allianz.ch\/wp-content\/uploads\/North-Mara-mine-Tanzania-\u00a9-David-Chancellor-550x443.jpg"},"medium_large":{"file":"North-Mara-mine-Tanzania-\u00a9-David-Chancellor-768x618.jpg","width":768,"height":618,"mime-type":"image\/jpeg","filesize":123231,"source_url":"https:\/\/www.klima-allianz.ch\/wp-content\/uploads\/North-Mara-mine-Tanzania-\u00a9-David-Chancellor-768x618.jpg"}},"image_meta":{"aperture":"0","credit":"David Chancellor","camera":"","caption":"from the air, north mara mine, tanzania-David Chancellor","created_timestamp":"1307059200","copyright":"David Chancellor","focal_length":"0","iso":"0","shutter_speed":"0","title":"from the air, north mara mine, tanzania-David Chancellor","orientation":"1","keywords":[]}},"post":15169,"source_url":"https:\/\/www.klima-allianz.ch\/wp-content\/uploads\/North-Mara-mine-Tanzania-\u00a9-David-Chancellor.jpg"},"acf":{"kampagnen_typ":"extern","inhaltstyp_mediabox":"image","campaign_owner":"","campaign_owner_extern":null,"kontakt":{"name":"Koalition f\u00fcr Konzernverantwortung","member_organisation":"","telefon":"","email":"","bild":null,"links":null},"galerie":null,"links":null,"lead_kurz":"","downloads":""},"yoast_head":"<!-- This site is optimized with the Yoast SEO plugin v27.5 - https:\/\/yoast.com\/product\/yoast-seo-wordpress\/ -->\n<title>Une loi efficace sur la responsabilit\u00e9 des multinationales est n\u00e9cessaire en Suisse &#8226; Alliance Climatique<\/title>\n<meta name=\"robots\" content=\"index, follow, max-snippet:-1, max-image-preview:large, max-video-preview:-1\" \/>\n<link rel=\"canonical\" href=\"https:\/\/www.klima-allianz.ch\/fr\/campagnes\/une-loi-efficace-sur-la-responsabilite-des-multinationales-est-necessaire-en-suisse\/\" \/>\n<meta property=\"og:locale\" content=\"fr_FR\" \/>\n<meta property=\"og:type\" content=\"article\" \/>\n<meta property=\"og:title\" content=\"Une loi efficace sur la responsabilit\u00e9 des multinationales est n\u00e9cessaire en Suisse &#8226; Alliance Climatique\" \/>\n<meta property=\"og:description\" content=\"Nous sommes \u00e0 un moment d\u00e9cisif dans le processus politique autour de l\u2019initiative pour des multinationales responsables. Un contre-projet est actuellement en discussion, mais il comporte de nombreuses lacunes probl\u00e9matiques pour les multinationales actives dans le secteur des mati\u00e8res premi\u00e8res. Signez sans attendre la lettre ouverte adress\u00e9e au Conseil f\u00e9d\u00e9ral ! &nbsp; La p\u00e9riode de &hellip; Continued\" \/>\n<meta property=\"og:url\" content=\"https:\/\/www.klima-allianz.ch\/fr\/campagnes\/une-loi-efficace-sur-la-responsabilite-des-multinationales-est-necessaire-en-suisse\/\" \/>\n<meta property=\"og:site_name\" content=\"Alliance Climatique\" \/>\n<meta property=\"article:modified_time\" content=\"2026-04-30T15:52:48+00:00\" \/>\n<meta property=\"og:image\" content=\"https:\/\/www.klima-allianz.ch\/wp-content\/uploads\/North-Mara-mine-Tanzania-\u00a9-David-Chancellor.jpg\" \/>\n\t<meta property=\"og:image:width\" content=\"1536\" \/>\n\t<meta property=\"og:image:height\" content=\"1236\" \/>\n\t<meta property=\"og:image:type\" content=\"image\/jpeg\" \/>\n<meta name=\"twitter:card\" content=\"summary_large_image\" \/>\n<meta name=\"twitter:label1\" content=\"Dur\u00e9e de lecture estim\u00e9e\" \/>\n\t<meta name=\"twitter:data1\" content=\"1 minute\" \/>\n<script type=\"application\/ld+json\" class=\"yoast-schema-graph\">{\"@context\":\"https:\\\/\\\/schema.org\",\"@graph\":[{\"@type\":\"WebPage\",\"@id\":\"https:\\\/\\\/www.klima-allianz.ch\\\/fr\\\/campagnes\\\/une-loi-efficace-sur-la-responsabilite-des-multinationales-est-necessaire-en-suisse\\\/\",\"url\":\"https:\\\/\\\/www.klima-allianz.ch\\\/fr\\\/campagnes\\\/une-loi-efficace-sur-la-responsabilite-des-multinationales-est-necessaire-en-suisse\\\/\",\"name\":\"Une loi efficace sur la responsabilit\u00e9 des multinationales est n\u00e9cessaire en Suisse &#8226; Alliance Climatique\",\"isPartOf\":{\"@id\":\"https:\\\/\\\/www.klima-allianz.ch\\\/fr\\\/#website\"},\"primaryImageOfPage\":{\"@id\":\"https:\\\/\\\/www.klima-allianz.ch\\\/fr\\\/campagnes\\\/une-loi-efficace-sur-la-responsabilite-des-multinationales-est-necessaire-en-suisse\\\/#primaryimage\"},\"image\":{\"@id\":\"https:\\\/\\\/www.klima-allianz.ch\\\/fr\\\/campagnes\\\/une-loi-efficace-sur-la-responsabilite-des-multinationales-est-necessaire-en-suisse\\\/#primaryimage\"},\"thumbnailUrl\":\"https:\\\/\\\/www.klima-allianz.ch\\\/wp-content\\\/uploads\\\/North-Mara-mine-Tanzania-\u00a9-David-Chancellor.jpg\",\"datePublished\":\"2026-04-30T15:51:01+00:00\",\"dateModified\":\"2026-04-30T15:52:48+00:00\",\"breadcrumb\":{\"@id\":\"https:\\\/\\\/www.klima-allianz.ch\\\/fr\\\/campagnes\\\/une-loi-efficace-sur-la-responsabilite-des-multinationales-est-necessaire-en-suisse\\\/#breadcrumb\"},\"inLanguage\":\"fr-FR\",\"potentialAction\":[{\"@type\":\"ReadAction\",\"target\":[\"https:\\\/\\\/www.klima-allianz.ch\\\/fr\\\/campagnes\\\/une-loi-efficace-sur-la-responsabilite-des-multinationales-est-necessaire-en-suisse\\\/\"]}]},{\"@type\":\"ImageObject\",\"inLanguage\":\"fr-FR\",\"@id\":\"https:\\\/\\\/www.klima-allianz.ch\\\/fr\\\/campagnes\\\/une-loi-efficace-sur-la-responsabilite-des-multinationales-est-necessaire-en-suisse\\\/#primaryimage\",\"url\":\"https:\\\/\\\/www.klima-allianz.ch\\\/wp-content\\\/uploads\\\/North-Mara-mine-Tanzania-\u00a9-David-Chancellor.jpg\",\"contentUrl\":\"https:\\\/\\\/www.klima-allianz.ch\\\/wp-content\\\/uploads\\\/North-Mara-mine-Tanzania-\u00a9-David-Chancellor.jpg\",\"width\":1536,\"height\":1236,\"caption\":\"from the air, north mara mine, tanzania-David Chancellor\"},{\"@type\":\"BreadcrumbList\",\"@id\":\"https:\\\/\\\/www.klima-allianz.ch\\\/fr\\\/campagnes\\\/une-loi-efficace-sur-la-responsabilite-des-multinationales-est-necessaire-en-suisse\\\/#breadcrumb\",\"itemListElement\":[{\"@type\":\"ListItem\",\"position\":1,\"name\":\"Home\",\"item\":\"https:\\\/\\\/www.klima-allianz.ch\\\/fr\\\/\"},{\"@type\":\"ListItem\",\"position\":2,\"name\":\"Campagnes\",\"item\":\"https:\\\/\\\/www.klima-allianz.ch\\\/fr\\\/campagnes\\\/\"},{\"@type\":\"ListItem\",\"position\":3,\"name\":\"Une loi efficace sur la responsabilit\u00e9 des multinationales est n\u00e9cessaire en Suisse\"}]},{\"@type\":\"WebSite\",\"@id\":\"https:\\\/\\\/www.klima-allianz.ch\\\/fr\\\/#website\",\"url\":\"https:\\\/\\\/www.klima-allianz.ch\\\/fr\\\/\",\"name\":\"Alliance Climatique\",\"description\":\"\",\"publisher\":{\"@id\":\"https:\\\/\\\/www.klima-allianz.ch\\\/fr\\\/#organization\"},\"potentialAction\":[{\"@type\":\"SearchAction\",\"target\":{\"@type\":\"EntryPoint\",\"urlTemplate\":\"https:\\\/\\\/www.klima-allianz.ch\\\/fr\\\/?s={search_term_string}\"},\"query-input\":{\"@type\":\"PropertyValueSpecification\",\"valueRequired\":true,\"valueName\":\"search_term_string\"}}],\"inLanguage\":\"fr-FR\"},{\"@type\":\"Organization\",\"@id\":\"https:\\\/\\\/www.klima-allianz.ch\\\/fr\\\/#organization\",\"name\":\"Klima-Allianz\",\"url\":\"https:\\\/\\\/www.klima-allianz.ch\\\/fr\\\/\",\"logo\":{\"@type\":\"ImageObject\",\"inLanguage\":\"fr-FR\",\"@id\":\"https:\\\/\\\/www.klima-allianz.ch\\\/fr\\\/#\\\/schema\\\/logo\\\/image\\\/\",\"url\":\"https:\\\/\\\/www.klima-allianz.ch\\\/wp-content\\\/uploads\\\/KA-Favicon-Kreis-1.png\",\"contentUrl\":\"https:\\\/\\\/www.klima-allianz.ch\\\/wp-content\\\/uploads\\\/KA-Favicon-Kreis-1.png\",\"width\":512,\"height\":512,\"caption\":\"Klima-Allianz\"},\"image\":{\"@id\":\"https:\\\/\\\/www.klima-allianz.ch\\\/fr\\\/#\\\/schema\\\/logo\\\/image\\\/\"}}]}<\/script>\n<!-- \/ Yoast SEO plugin. -->","yoast_head_json":{"title":"Une loi efficace sur la responsabilit\u00e9 des multinationales est n\u00e9cessaire en Suisse &#8226; Alliance Climatique","robots":{"index":"index","follow":"follow","max-snippet":"max-snippet:-1","max-image-preview":"max-image-preview:large","max-video-preview":"max-video-preview:-1"},"canonical":"https:\/\/www.klima-allianz.ch\/fr\/campagnes\/une-loi-efficace-sur-la-responsabilite-des-multinationales-est-necessaire-en-suisse\/","og_locale":"fr_FR","og_type":"article","og_title":"Une loi efficace sur la responsabilit\u00e9 des multinationales est n\u00e9cessaire en Suisse &#8226; Alliance Climatique","og_description":"Nous sommes \u00e0 un moment d\u00e9cisif dans le processus politique autour de l\u2019initiative pour des multinationales responsables. Un contre-projet est actuellement en discussion, mais il comporte de nombreuses lacunes probl\u00e9matiques pour les multinationales actives dans le secteur des mati\u00e8res premi\u00e8res. Signez sans attendre la lettre ouverte adress\u00e9e au Conseil f\u00e9d\u00e9ral ! &nbsp; La p\u00e9riode de &hellip; Continued","og_url":"https:\/\/www.klima-allianz.ch\/fr\/campagnes\/une-loi-efficace-sur-la-responsabilite-des-multinationales-est-necessaire-en-suisse\/","og_site_name":"Alliance Climatique","article_modified_time":"2026-04-30T15:52:48+00:00","og_image":[{"width":1536,"height":1236,"url":"https:\/\/www.klima-allianz.ch\/wp-content\/uploads\/North-Mara-mine-Tanzania-\u00a9-David-Chancellor.jpg","type":"image\/jpeg"}],"twitter_card":"summary_large_image","twitter_misc":{"Dur\u00e9e de lecture estim\u00e9e":"1 minute"},"schema":{"@context":"https:\/\/schema.org","@graph":[{"@type":"WebPage","@id":"https:\/\/www.klima-allianz.ch\/fr\/campagnes\/une-loi-efficace-sur-la-responsabilite-des-multinationales-est-necessaire-en-suisse\/","url":"https:\/\/www.klima-allianz.ch\/fr\/campagnes\/une-loi-efficace-sur-la-responsabilite-des-multinationales-est-necessaire-en-suisse\/","name":"Une loi efficace sur la responsabilit\u00e9 des multinationales est n\u00e9cessaire en Suisse &#8226; Alliance Climatique","isPartOf":{"@id":"https:\/\/www.klima-allianz.ch\/fr\/#website"},"primaryImageOfPage":{"@id":"https:\/\/www.klima-allianz.ch\/fr\/campagnes\/une-loi-efficace-sur-la-responsabilite-des-multinationales-est-necessaire-en-suisse\/#primaryimage"},"image":{"@id":"https:\/\/www.klima-allianz.ch\/fr\/campagnes\/une-loi-efficace-sur-la-responsabilite-des-multinationales-est-necessaire-en-suisse\/#primaryimage"},"thumbnailUrl":"https:\/\/www.klima-allianz.ch\/wp-content\/uploads\/North-Mara-mine-Tanzania-\u00a9-David-Chancellor.jpg","datePublished":"2026-04-30T15:51:01+00:00","dateModified":"2026-04-30T15:52:48+00:00","breadcrumb":{"@id":"https:\/\/www.klima-allianz.ch\/fr\/campagnes\/une-loi-efficace-sur-la-responsabilite-des-multinationales-est-necessaire-en-suisse\/#breadcrumb"},"inLanguage":"fr-FR","potentialAction":[{"@type":"ReadAction","target":["https:\/\/www.klima-allianz.ch\/fr\/campagnes\/une-loi-efficace-sur-la-responsabilite-des-multinationales-est-necessaire-en-suisse\/"]}]},{"@type":"ImageObject","inLanguage":"fr-FR","@id":"https:\/\/www.klima-allianz.ch\/fr\/campagnes\/une-loi-efficace-sur-la-responsabilite-des-multinationales-est-necessaire-en-suisse\/#primaryimage","url":"https:\/\/www.klima-allianz.ch\/wp-content\/uploads\/North-Mara-mine-Tanzania-\u00a9-David-Chancellor.jpg","contentUrl":"https:\/\/www.klima-allianz.ch\/wp-content\/uploads\/North-Mara-mine-Tanzania-\u00a9-David-Chancellor.jpg","width":1536,"height":1236,"caption":"from the air, north mara mine, tanzania-David Chancellor"},{"@type":"BreadcrumbList","@id":"https:\/\/www.klima-allianz.ch\/fr\/campagnes\/une-loi-efficace-sur-la-responsabilite-des-multinationales-est-necessaire-en-suisse\/#breadcrumb","itemListElement":[{"@type":"ListItem","position":1,"name":"Home","item":"https:\/\/www.klima-allianz.ch\/fr\/"},{"@type":"ListItem","position":2,"name":"Campagnes","item":"https:\/\/www.klima-allianz.ch\/fr\/campagnes\/"},{"@type":"ListItem","position":3,"name":"Une loi efficace sur la responsabilit\u00e9 des multinationales est n\u00e9cessaire en Suisse"}]},{"@type":"WebSite","@id":"https:\/\/www.klima-allianz.ch\/fr\/#website","url":"https:\/\/www.klima-allianz.ch\/fr\/","name":"Alliance Climatique","description":"","publisher":{"@id":"https:\/\/www.klima-allianz.ch\/fr\/#organization"},"potentialAction":[{"@type":"SearchAction","target":{"@type":"EntryPoint","urlTemplate":"https:\/\/www.klima-allianz.ch\/fr\/?s={search_term_string}"},"query-input":{"@type":"PropertyValueSpecification","valueRequired":true,"valueName":"search_term_string"}}],"inLanguage":"fr-FR"},{"@type":"Organization","@id":"https:\/\/www.klima-allianz.ch\/fr\/#organization","name":"Klima-Allianz","url":"https:\/\/www.klima-allianz.ch\/fr\/","logo":{"@type":"ImageObject","inLanguage":"fr-FR","@id":"https:\/\/www.klima-allianz.ch\/fr\/#\/schema\/logo\/image\/","url":"https:\/\/www.klima-allianz.ch\/wp-content\/uploads\/KA-Favicon-Kreis-1.png","contentUrl":"https:\/\/www.klima-allianz.ch\/wp-content\/uploads\/KA-Favicon-Kreis-1.png","width":512,"height":512,"caption":"Klima-Allianz"},"image":{"@id":"https:\/\/www.klima-allianz.ch\/fr\/#\/schema\/logo\/image\/"}}]}},"_links":{"self":[{"href":"https:\/\/www.klima-allianz.ch\/fr\/wp-json\/wp\/v2\/kampagnen\/15169","targetHints":{"allow":["GET"]}}],"collection":[{"href":"https:\/\/www.klima-allianz.ch\/fr\/wp-json\/wp\/v2\/kampagnen"}],"about":[{"href":"https:\/\/www.klima-allianz.ch\/fr\/wp-json\/wp\/v2\/types\/kampagnen"}],"wp:featuredmedia":[{"embeddable":true,"href":"https:\/\/www.klima-allianz.ch\/fr\/wp-json\/wp\/v2\/media\/15168"}],"wp:attachment":[{"href":"https:\/\/www.klima-allianz.ch\/fr\/wp-json\/wp\/v2\/media?parent=15169"}],"curies":[{"name":"wp","href":"https:\/\/api.w.org\/{rel}","templated":true}]}}