{"id":672,"date":"2020-08-21T15:18:30","date_gmt":"2020-08-21T13:18:30","guid":{"rendered":"https:\/\/www.klima-allianz.ch\/themen\/justice-climatique\/"},"modified":"2025-07-24T10:02:22","modified_gmt":"2025-07-24T08:02:22","slug":"justice-climatique","status":"publish","type":"themen","link":"https:\/\/www.klima-allianz.ch\/fr\/themes\/justice-climatique\/","title":{"rendered":"Justice climatique"},"featured_media":1246,"template":"","class_list":["post-672","themen","type-themen","status-publish","has-post-thumbnail","hentry"],"better_featured_image":{"id":1246,"alt_text":"","caption":"","description":"","media_type":"image","media_details":{"width":524,"height":524,"file":"KT-Klimagerechtigkeit.jpg","sizes":{"medium":{"file":"KT-Klimagerechtigkeit-300x300.jpg","width":300,"height":300,"mime-type":"image\/jpeg","source_url":"https:\/\/www.klima-allianz.ch\/wp-content\/uploads\/KT-Klimagerechtigkeit-300x300.jpg"}},"image_meta":{"aperture":"0","credit":"","camera":"","caption":"","created_timestamp":"0","copyright":"","focal_length":"0","iso":"0","shutter_speed":"0","title":"","orientation":"1","keywords":[]}},"post":null,"source_url":"https:\/\/www.klima-allianz.ch\/wp-content\/uploads\/KT-Klimagerechtigkeit.jpg"},"acf":{"teaser":"Le principe a d\u00e9j\u00e0 \u00e9t\u00e9 formul\u00e9 \u00e0 Rio en 1992, mais n'a pas encore \u00e9t\u00e9 mis en \u0153uvre par les pays riches. La Suisse cane \u00e9galement devant les engagements qu'elle a pris.","textblocks":[{"titel":"Des droits \u00e9gaux pour tou\u00b7te\u00b7s","text":"La justice climatique exige que chaque \u00eatre humain ait droit au m\u00eame budget pour les gaz \u00e0 effet de serre et que les \u00e9missions historiques soient prises en compte."},{"titel":"Responsabilit\u00e9 partag\u00e9e","text":"L'Accord de Paris sur le climat exige des \u00c9tats qu'ils assument \"une responsabilit\u00e9 commune mais partag\u00e9e\" pour atteindre les objectifs climatiques. Les pays riches \u00e0 fortes \u00e9missions de gaz \u00e0 effet de serre doivent non seulement r\u00e9duire rapidement leurs \u00e9missions, mais aussi soutenir les pays pauvres dans leurs mesures de protection du climat et dans leur adaptation aux cons\u00e9quences du r\u00e9chauffement climatique."},{"titel":"R\u00e9orienter les flux financiers","text":"L'Accord de Paris sur le climat pr\u00e9voit l'orientation des flux financiers publics et priv\u00e9s vers un d\u00e9veloppement \u00e0 faible \u00e9mission de gaz \u00e0 effet de serre et une meilleure adaptabilit\u00e9 au changement climatique. Au lieu d'\u00eatre dirig\u00e9s vers l'\u00e9conomie fossile, les fonds doivent \u00eatre affect\u00e9s \u00e0 l'expansion mondiale des \u00e9nergies renouvelables, \u00e0 l'\u00e9conomie circulaire, \u00e0 l'agriculture respectueuse du climat et \u00e0 d'autres secteurs \u00e9conomiques durables.\r\nL'Alliance Climatique Suisse demande \u00e0 l'\u00c9tat de fournir des r\u00e9glementations et des normes pour la d\u00e9carbonisation des flux financiers."},{"titel":"Financement international du climat","text":"Les pays industrialis\u00e9s se sont engag\u00e9s \u00e0 consacrer conjointement 300 milliards de dollars par an \u00e0 des mesures de protection du climat et d'adaptation dans les pays en d\u00e9veloppement. Il convient de saluer cette initiative, mais elle ne doit pas se faire au d\u00e9triment de la coop\u00e9ration au d\u00e9veloppement. Les mesures financ\u00e9es par les pays industrialis\u00e9s peuvent compl\u00e9ter la coop\u00e9ration au d\u00e9veloppement, mais ne peuvent en aucun cas la remplacer. Nous avons \u00e9galement besoin de financements pour les dommages climatiques dans les pays en d\u00e9veloppement."},{"titel":"Jeune contre moins jeune? ","text":"En rapport avec les gr\u00e8ves climatiques influenc\u00e9es par la jeunesse, \"Justice climatique\" s'adresse \u00e9galement aux g\u00e9n\u00e9rations plus \u00e2g\u00e9es : vous nous avez laiss\u00e9 un monde \u00e0 l'ab\u00eeme, vous avez cr\u00e9\u00e9 un probl\u00e8me que nous devons r\u00e9soudre. La perspective globale et locale de la justice climatique exige une mise en \u0153uvre rapide de l'Accord de Paris par la Suisse."}],"downloads":[2798,4794]},"yoast_head":"<!-- This site is optimized with the Yoast SEO plugin v27.5 - https:\/\/yoast.com\/product\/yoast-seo-wordpress\/ -->\n<title>Justice climatique &#8226; Alliance Climatique<\/title>\n<meta name=\"robots\" content=\"index, follow, max-snippet:-1, max-image-preview:large, max-video-preview:-1\" \/>\n<link rel=\"canonical\" href=\"https:\/\/www.klima-allianz.ch\/fr\/themes\/justice-climatique\/\" \/>\n<meta property=\"og:locale\" content=\"fr_FR\" \/>\n<meta property=\"og:type\" content=\"article\" \/>\n<meta property=\"og:title\" content=\"Justice climatique &#8226; Alliance Climatique\" \/>\n<meta property=\"og:url\" content=\"https:\/\/www.klima-allianz.ch\/fr\/themes\/justice-climatique\/\" \/>\n<meta property=\"og:site_name\" content=\"Alliance Climatique\" \/>\n<meta property=\"article:modified_time\" content=\"2025-07-24T08:02:22+00:00\" \/>\n<meta property=\"og:image\" content=\"https:\/\/www.klima-allianz.ch\/wp-content\/uploads\/KT-Klimagerechtigkeit.jpg\" \/>\n\t<meta property=\"og:image:width\" content=\"524\" \/>\n\t<meta property=\"og:image:height\" content=\"524\" \/>\n\t<meta property=\"og:image:type\" content=\"image\/jpeg\" \/>\n<meta name=\"twitter:card\" content=\"summary_large_image\" \/>\n<meta name=\"twitter:label1\" content=\"Dur\u00e9e de lecture estim\u00e9e\" \/>\n\t<meta name=\"twitter:data1\" content=\"1 minute\" \/>\n<script type=\"application\/ld+json\" class=\"yoast-schema-graph\">{\"@context\":\"https:\\\/\\\/schema.org\",\"@graph\":[{\"@type\":\"WebPage\",\"@id\":\"https:\\\/\\\/www.klima-allianz.ch\\\/fr\\\/themes\\\/justice-climatique\\\/\",\"url\":\"https:\\\/\\\/www.klima-allianz.ch\\\/fr\\\/themes\\\/justice-climatique\\\/\",\"name\":\"Justice climatique &#8226; Alliance Climatique\",\"isPartOf\":{\"@id\":\"https:\\\/\\\/www.klima-allianz.ch\\\/fr\\\/#website\"},\"primaryImageOfPage\":{\"@id\":\"https:\\\/\\\/www.klima-allianz.ch\\\/fr\\\/themes\\\/justice-climatique\\\/#primaryimage\"},\"image\":{\"@id\":\"https:\\\/\\\/www.klima-allianz.ch\\\/fr\\\/themes\\\/justice-climatique\\\/#primaryimage\"},\"thumbnailUrl\":\"https:\\\/\\\/www.klima-allianz.ch\\\/wp-content\\\/uploads\\\/KT-Klimagerechtigkeit.jpg\",\"datePublished\":\"2020-08-21T13:18:30+00:00\",\"dateModified\":\"2025-07-24T08:02:22+00:00\",\"breadcrumb\":{\"@id\":\"https:\\\/\\\/www.klima-allianz.ch\\\/fr\\\/themes\\\/justice-climatique\\\/#breadcrumb\"},\"inLanguage\":\"fr-FR\",\"potentialAction\":[{\"@type\":\"ReadAction\",\"target\":[\"https:\\\/\\\/www.klima-allianz.ch\\\/fr\\\/themes\\\/justice-climatique\\\/\"]}]},{\"@type\":\"ImageObject\",\"inLanguage\":\"fr-FR\",\"@id\":\"https:\\\/\\\/www.klima-allianz.ch\\\/fr\\\/themes\\\/justice-climatique\\\/#primaryimage\",\"url\":\"https:\\\/\\\/www.klima-allianz.ch\\\/wp-content\\\/uploads\\\/KT-Klimagerechtigkeit.jpg\",\"contentUrl\":\"https:\\\/\\\/www.klima-allianz.ch\\\/wp-content\\\/uploads\\\/KT-Klimagerechtigkeit.jpg\",\"width\":524,\"height\":524},{\"@type\":\"BreadcrumbList\",\"@id\":\"https:\\\/\\\/www.klima-allianz.ch\\\/fr\\\/themes\\\/justice-climatique\\\/#breadcrumb\",\"itemListElement\":[{\"@type\":\"ListItem\",\"position\":1,\"name\":\"Home\",\"item\":\"https:\\\/\\\/www.klima-allianz.ch\\\/fr\\\/\"},{\"@type\":\"ListItem\",\"position\":2,\"name\":\"Th\u00e8mes\",\"item\":\"https:\\\/\\\/www.klima-allianz.ch\\\/fr\\\/themes\\\/\"},{\"@type\":\"ListItem\",\"position\":3,\"name\":\"Justice climatique\"}]},{\"@type\":\"WebSite\",\"@id\":\"https:\\\/\\\/www.klima-allianz.ch\\\/fr\\\/#website\",\"url\":\"https:\\\/\\\/www.klima-allianz.ch\\\/fr\\\/\",\"name\":\"Alliance Climatique\",\"description\":\"\",\"publisher\":{\"@id\":\"https:\\\/\\\/www.klima-allianz.ch\\\/fr\\\/#organization\"},\"potentialAction\":[{\"@type\":\"SearchAction\",\"target\":{\"@type\":\"EntryPoint\",\"urlTemplate\":\"https:\\\/\\\/www.klima-allianz.ch\\\/fr\\\/?s={search_term_string}\"},\"query-input\":{\"@type\":\"PropertyValueSpecification\",\"valueRequired\":true,\"valueName\":\"search_term_string\"}}],\"inLanguage\":\"fr-FR\"},{\"@type\":\"Organization\",\"@id\":\"https:\\\/\\\/www.klima-allianz.ch\\\/fr\\\/#organization\",\"name\":\"Klima-Allianz\",\"url\":\"https:\\\/\\\/www.klima-allianz.ch\\\/fr\\\/\",\"logo\":{\"@type\":\"ImageObject\",\"inLanguage\":\"fr-FR\",\"@id\":\"https:\\\/\\\/www.klima-allianz.ch\\\/fr\\\/#\\\/schema\\\/logo\\\/image\\\/\",\"url\":\"https:\\\/\\\/www.klima-allianz.ch\\\/wp-content\\\/uploads\\\/KA-Favicon-Kreis-1.png\",\"contentUrl\":\"https:\\\/\\\/www.klima-allianz.ch\\\/wp-content\\\/uploads\\\/KA-Favicon-Kreis-1.png\",\"width\":512,\"height\":512,\"caption\":\"Klima-Allianz\"},\"image\":{\"@id\":\"https:\\\/\\\/www.klima-allianz.ch\\\/fr\\\/#\\\/schema\\\/logo\\\/image\\\/\"}}]}<\/script>\n<!-- \/ Yoast SEO plugin. -->","yoast_head_json":{"title":"Justice climatique &#8226; Alliance Climatique","robots":{"index":"index","follow":"follow","max-snippet":"max-snippet:-1","max-image-preview":"max-image-preview:large","max-video-preview":"max-video-preview:-1"},"canonical":"https:\/\/www.klima-allianz.ch\/fr\/themes\/justice-climatique\/","og_locale":"fr_FR","og_type":"article","og_title":"Justice climatique &#8226; Alliance Climatique","og_url":"https:\/\/www.klima-allianz.ch\/fr\/themes\/justice-climatique\/","og_site_name":"Alliance Climatique","article_modified_time":"2025-07-24T08:02:22+00:00","og_image":[{"width":524,"height":524,"url":"https:\/\/www.klima-allianz.ch\/wp-content\/uploads\/KT-Klimagerechtigkeit.jpg","type":"image\/jpeg"}],"twitter_card":"summary_large_image","twitter_misc":{"Dur\u00e9e de lecture estim\u00e9e":"1 minute"},"schema":{"@context":"https:\/\/schema.org","@graph":[{"@type":"WebPage","@id":"https:\/\/www.klima-allianz.ch\/fr\/themes\/justice-climatique\/","url":"https:\/\/www.klima-allianz.ch\/fr\/themes\/justice-climatique\/","name":"Justice climatique &#8226; Alliance Climatique","isPartOf":{"@id":"https:\/\/www.klima-allianz.ch\/fr\/#website"},"primaryImageOfPage":{"@id":"https:\/\/www.klima-allianz.ch\/fr\/themes\/justice-climatique\/#primaryimage"},"image":{"@id":"https:\/\/www.klima-allianz.ch\/fr\/themes\/justice-climatique\/#primaryimage"},"thumbnailUrl":"https:\/\/www.klima-allianz.ch\/wp-content\/uploads\/KT-Klimagerechtigkeit.jpg","datePublished":"2020-08-21T13:18:30+00:00","dateModified":"2025-07-24T08:02:22+00:00","breadcrumb":{"@id":"https:\/\/www.klima-allianz.ch\/fr\/themes\/justice-climatique\/#breadcrumb"},"inLanguage":"fr-FR","potentialAction":[{"@type":"ReadAction","target":["https:\/\/www.klima-allianz.ch\/fr\/themes\/justice-climatique\/"]}]},{"@type":"ImageObject","inLanguage":"fr-FR","@id":"https:\/\/www.klima-allianz.ch\/fr\/themes\/justice-climatique\/#primaryimage","url":"https:\/\/www.klima-allianz.ch\/wp-content\/uploads\/KT-Klimagerechtigkeit.jpg","contentUrl":"https:\/\/www.klima-allianz.ch\/wp-content\/uploads\/KT-Klimagerechtigkeit.jpg","width":524,"height":524},{"@type":"BreadcrumbList","@id":"https:\/\/www.klima-allianz.ch\/fr\/themes\/justice-climatique\/#breadcrumb","itemListElement":[{"@type":"ListItem","position":1,"name":"Home","item":"https:\/\/www.klima-allianz.ch\/fr\/"},{"@type":"ListItem","position":2,"name":"Th\u00e8mes","item":"https:\/\/www.klima-allianz.ch\/fr\/themes\/"},{"@type":"ListItem","position":3,"name":"Justice climatique"}]},{"@type":"WebSite","@id":"https:\/\/www.klima-allianz.ch\/fr\/#website","url":"https:\/\/www.klima-allianz.ch\/fr\/","name":"Alliance Climatique","description":"","publisher":{"@id":"https:\/\/www.klima-allianz.ch\/fr\/#organization"},"potentialAction":[{"@type":"SearchAction","target":{"@type":"EntryPoint","urlTemplate":"https:\/\/www.klima-allianz.ch\/fr\/?s={search_term_string}"},"query-input":{"@type":"PropertyValueSpecification","valueRequired":true,"valueName":"search_term_string"}}],"inLanguage":"fr-FR"},{"@type":"Organization","@id":"https:\/\/www.klima-allianz.ch\/fr\/#organization","name":"Klima-Allianz","url":"https:\/\/www.klima-allianz.ch\/fr\/","logo":{"@type":"ImageObject","inLanguage":"fr-FR","@id":"https:\/\/www.klima-allianz.ch\/fr\/#\/schema\/logo\/image\/","url":"https:\/\/www.klima-allianz.ch\/wp-content\/uploads\/KA-Favicon-Kreis-1.png","contentUrl":"https:\/\/www.klima-allianz.ch\/wp-content\/uploads\/KA-Favicon-Kreis-1.png","width":512,"height":512,"caption":"Klima-Allianz"},"image":{"@id":"https:\/\/www.klima-allianz.ch\/fr\/#\/schema\/logo\/image\/"}}]}},"_links":{"self":[{"href":"https:\/\/www.klima-allianz.ch\/fr\/wp-json\/wp\/v2\/themen\/672","targetHints":{"allow":["GET"]}}],"collection":[{"href":"https:\/\/www.klima-allianz.ch\/fr\/wp-json\/wp\/v2\/themen"}],"about":[{"href":"https:\/\/www.klima-allianz.ch\/fr\/wp-json\/wp\/v2\/types\/themen"}],"acf:post":[{"embeddable":true,"href":"https:\/\/www.klima-allianz.ch\/fr\/wp-json\/wp\/v2\/dokumente\/4794"},{"embeddable":true,"href":"https:\/\/www.klima-allianz.ch\/fr\/wp-json\/wp\/v2\/dokumente\/2798"}],"wp:featuredmedia":[{"embeddable":true,"href":"https:\/\/www.klima-allianz.ch\/fr\/wp-json\/wp\/v2\/media\/1246"}],"wp:attachment":[{"href":"https:\/\/www.klima-allianz.ch\/fr\/wp-json\/wp\/v2\/media?parent=672"}],"curies":[{"name":"wp","href":"https:\/\/api.w.org\/{rel}","templated":true}]}}