{"id":674,"date":"2020-08-21T15:19:13","date_gmt":"2020-08-21T13:19:13","guid":{"rendered":"https:\/\/www.klima-allianz.ch\/themen\/nutrition\/"},"modified":"2023-12-21T16:19:07","modified_gmt":"2023-12-21T15:19:07","slug":"nutrition","status":"publish","type":"themen","link":"https:\/\/www.klima-allianz.ch\/fr\/themes\/nutrition\/","title":{"rendered":"Syst\u00e8me de l&rsquo;Alimentation"},"featured_media":1248,"template":"","class_list":["post-674","themen","type-themen","status-publish","has-post-thumbnail","hentry"],"better_featured_image":{"id":1248,"alt_text":"","caption":"","description":"","media_type":"image","media_details":{"width":524,"height":524,"file":"KT-Politik.jpg","sizes":{"medium":{"file":"KT-Politik-300x300.jpg","width":300,"height":300,"mime-type":"image\/jpeg","source_url":"https:\/\/www.klima-allianz.ch\/wp-content\/uploads\/KT-Politik-300x300.jpg"}},"image_meta":{"aperture":"0","credit":"","camera":"","caption":"","created_timestamp":"0","copyright":"","focal_length":"0","iso":"0","shutter_speed":"0","title":"","orientation":"1","keywords":[]}},"post":null,"source_url":"https:\/\/www.klima-allianz.ch\/wp-content\/uploads\/KT-Politik.jpg"},"acf":{"teaser":"L'Alliance Climatique appelle \u00e0 un \u00e9loignement de l'agriculture intensive. Il faut passer \u00e0 une production \u00e9cologique qui repose davantage sur les nutriments plantaires et les cycles locaux. ","textblocks":[{"titel":"Agriculture","text":"L'agriculture intensive nuit au climat de mani\u00e8re consid\u00e9rable, par exemple par le m\u00e9thane lib\u00e9r\u00e9 par les animaux de ferme. Une taxe climatique sur tous les produits proportionnelle aux \u00e9missions de gaz \u00e0 effet de serre caus\u00e9es acc\u00e9l\u00e9rerait une r\u00e9orientation vers une production \u00e9cologique. Cette taxe devrait s'appliquer de la m\u00eame mani\u00e8re aux produits fabriqu\u00e9s dans le pays et aux produits import\u00e9s. Cela devrait s'accompagner d'une r\u00e9duction des fausses incitations telles que la promotion de l'\u00e9levage non-li\u00e9 \u00e0 la surface. Il est \u00e9galement incompr\u00e9hensible que la consommation de viande continue d'\u00eatre soutenue par la promotion des ventes au niveau f\u00e9d\u00e9ral."},{"titel":"Formation de l'humus","text":"L'humus est compos\u00e9 d'environ 60 % de carbone. Avec certaines m\u00e9thodes, les agriculteur\u00b7rice\u00b7s peuvent augmenter la teneur en humus de leurs champs et ainsi extraire le CO2 de l'atmosph\u00e8re. \u00c0 travers la production r\u00e9g\u00e9n\u00e9rative des aliments et la consommation de ces produits, nous pouvons non seulement ralentir le changement climatique, mais aussi accro\u00eetre la fertilit\u00e9 des sols et donc garantir notre approvisionnement alimentaire \u00e0 long terme."},{"titel":"Consommation d'\u00e9nergie","text":"Dans l'agriculture suisse actuelle, environ 2,5 fois plus d'\u00e9nergie est utilis\u00e9e pour la production que celle contenue dans les produits agricoles r\u00e9colt\u00e9s. Outre les combustibles et les carburants, il est particuli\u00e8rement important de r\u00e9duire l'\u00e9nergie grise produite dans la fabrication des aliments pour animaux et des engrais, des machines et des b\u00e2timents. En contrepartie, l'agriculture suisse fournit de l'\u00e9nergie renouvelable \u00e0 partir du soleil, du bois et des d\u00e9chets biologiques. Comme les agrocarburants sont en concurrence avec la production alimentaire, l'Alliance Climatique ne consid\u00e8re pas les agrocarburants comme une source d'\u00e9nergie raisonnable."},{"titel":"Food Waste","text":"Environ un tiers de la nourriture produite en Suisse finit en d\u00e9chets. \u00c0 chaque \u00e9tape du traitement, les d\u00e9chets sont tri\u00e9s et \u00e9limin\u00e9s. Les agriculteurs ne peuvent vendre que des carottes parfaitement form\u00e9es et des pommes sans d\u00e9faut. Il y a \u00e9galement des pertes dans les entreprises de transformation et de commerce (par exemple, en raison de la production de trop grandes quantit\u00e9s) et dans les ventes (en raison de la date d'expiration). Cependant, la moiti\u00e9 du gaspillage alimentaire se produit dans les m\u00e9nages et les restaurants. Des d\u00e9cisions d'achat irr\u00e9fl\u00e9chies, un mauvais stockage et des portions trop importantes font que les aliments disparaissent dans le gaspillage des consommateur\u00b7rice\u00b7s. Les d\u00e9chets alimentaires constituent un gaspillage inutile de ressources, d'\u00e9nergie et d'argent. Une approche consciente de l'alimentation contribue \u00e0 r\u00e9duire le gaspillage de nourriture."}],"downloads":[11345,3413]},"yoast_head":"<!-- This site is optimized with the Yoast SEO plugin v27.5 - https:\/\/yoast.com\/product\/yoast-seo-wordpress\/ -->\n<title>Syst\u00e8me de l&#039;Alimentation &#8226; Alliance Climatique<\/title>\n<meta name=\"robots\" content=\"index, follow, max-snippet:-1, max-image-preview:large, max-video-preview:-1\" \/>\n<link rel=\"canonical\" href=\"https:\/\/www.klima-allianz.ch\/fr\/themes\/nutrition\/\" \/>\n<meta property=\"og:locale\" content=\"fr_FR\" \/>\n<meta property=\"og:type\" content=\"article\" \/>\n<meta property=\"og:title\" content=\"Syst\u00e8me de l&#039;Alimentation &#8226; Alliance Climatique\" \/>\n<meta property=\"og:url\" content=\"https:\/\/www.klima-allianz.ch\/fr\/themes\/nutrition\/\" \/>\n<meta property=\"og:site_name\" content=\"Alliance Climatique\" \/>\n<meta property=\"article:modified_time\" content=\"2023-12-21T15:19:07+00:00\" \/>\n<meta property=\"og:image\" content=\"https:\/\/www.klima-allianz.ch\/wp-content\/uploads\/KT-Politik.jpg\" \/>\n\t<meta property=\"og:image:width\" content=\"524\" \/>\n\t<meta property=\"og:image:height\" content=\"524\" \/>\n\t<meta property=\"og:image:type\" content=\"image\/jpeg\" \/>\n<meta name=\"twitter:card\" content=\"summary_large_image\" \/>\n<script type=\"application\/ld+json\" class=\"yoast-schema-graph\">{\"@context\":\"https:\\\/\\\/schema.org\",\"@graph\":[{\"@type\":\"WebPage\",\"@id\":\"https:\\\/\\\/www.klima-allianz.ch\\\/fr\\\/themes\\\/nutrition\\\/\",\"url\":\"https:\\\/\\\/www.klima-allianz.ch\\\/fr\\\/themes\\\/nutrition\\\/\",\"name\":\"Syst\u00e8me de l'Alimentation &#8226; Alliance Climatique\",\"isPartOf\":{\"@id\":\"https:\\\/\\\/www.klima-allianz.ch\\\/fr\\\/#website\"},\"primaryImageOfPage\":{\"@id\":\"https:\\\/\\\/www.klima-allianz.ch\\\/fr\\\/themes\\\/nutrition\\\/#primaryimage\"},\"image\":{\"@id\":\"https:\\\/\\\/www.klima-allianz.ch\\\/fr\\\/themes\\\/nutrition\\\/#primaryimage\"},\"thumbnailUrl\":\"https:\\\/\\\/www.klima-allianz.ch\\\/wp-content\\\/uploads\\\/KT-Politik.jpg\",\"datePublished\":\"2020-08-21T13:19:13+00:00\",\"dateModified\":\"2023-12-21T15:19:07+00:00\",\"breadcrumb\":{\"@id\":\"https:\\\/\\\/www.klima-allianz.ch\\\/fr\\\/themes\\\/nutrition\\\/#breadcrumb\"},\"inLanguage\":\"fr-FR\",\"potentialAction\":[{\"@type\":\"ReadAction\",\"target\":[\"https:\\\/\\\/www.klima-allianz.ch\\\/fr\\\/themes\\\/nutrition\\\/\"]}]},{\"@type\":\"ImageObject\",\"inLanguage\":\"fr-FR\",\"@id\":\"https:\\\/\\\/www.klima-allianz.ch\\\/fr\\\/themes\\\/nutrition\\\/#primaryimage\",\"url\":\"https:\\\/\\\/www.klima-allianz.ch\\\/wp-content\\\/uploads\\\/KT-Politik.jpg\",\"contentUrl\":\"https:\\\/\\\/www.klima-allianz.ch\\\/wp-content\\\/uploads\\\/KT-Politik.jpg\",\"width\":524,\"height\":524},{\"@type\":\"BreadcrumbList\",\"@id\":\"https:\\\/\\\/www.klima-allianz.ch\\\/fr\\\/themes\\\/nutrition\\\/#breadcrumb\",\"itemListElement\":[{\"@type\":\"ListItem\",\"position\":1,\"name\":\"Home\",\"item\":\"https:\\\/\\\/www.klima-allianz.ch\\\/fr\\\/\"},{\"@type\":\"ListItem\",\"position\":2,\"name\":\"Th\u00e8mes\",\"item\":\"https:\\\/\\\/www.klima-allianz.ch\\\/fr\\\/themes\\\/\"},{\"@type\":\"ListItem\",\"position\":3,\"name\":\"Syst\u00e8me de l&#8217;Alimentation\"}]},{\"@type\":\"WebSite\",\"@id\":\"https:\\\/\\\/www.klima-allianz.ch\\\/fr\\\/#website\",\"url\":\"https:\\\/\\\/www.klima-allianz.ch\\\/fr\\\/\",\"name\":\"Alliance Climatique\",\"description\":\"\",\"publisher\":{\"@id\":\"https:\\\/\\\/www.klima-allianz.ch\\\/fr\\\/#organization\"},\"potentialAction\":[{\"@type\":\"SearchAction\",\"target\":{\"@type\":\"EntryPoint\",\"urlTemplate\":\"https:\\\/\\\/www.klima-allianz.ch\\\/fr\\\/?s={search_term_string}\"},\"query-input\":{\"@type\":\"PropertyValueSpecification\",\"valueRequired\":true,\"valueName\":\"search_term_string\"}}],\"inLanguage\":\"fr-FR\"},{\"@type\":\"Organization\",\"@id\":\"https:\\\/\\\/www.klima-allianz.ch\\\/fr\\\/#organization\",\"name\":\"Klima-Allianz\",\"url\":\"https:\\\/\\\/www.klima-allianz.ch\\\/fr\\\/\",\"logo\":{\"@type\":\"ImageObject\",\"inLanguage\":\"fr-FR\",\"@id\":\"https:\\\/\\\/www.klima-allianz.ch\\\/fr\\\/#\\\/schema\\\/logo\\\/image\\\/\",\"url\":\"https:\\\/\\\/www.klima-allianz.ch\\\/wp-content\\\/uploads\\\/KA-Favicon-Kreis-1.png\",\"contentUrl\":\"https:\\\/\\\/www.klima-allianz.ch\\\/wp-content\\\/uploads\\\/KA-Favicon-Kreis-1.png\",\"width\":512,\"height\":512,\"caption\":\"Klima-Allianz\"},\"image\":{\"@id\":\"https:\\\/\\\/www.klima-allianz.ch\\\/fr\\\/#\\\/schema\\\/logo\\\/image\\\/\"}}]}<\/script>\n<!-- \/ Yoast SEO plugin. -->","yoast_head_json":{"title":"Syst\u00e8me de l'Alimentation &#8226; Alliance Climatique","robots":{"index":"index","follow":"follow","max-snippet":"max-snippet:-1","max-image-preview":"max-image-preview:large","max-video-preview":"max-video-preview:-1"},"canonical":"https:\/\/www.klima-allianz.ch\/fr\/themes\/nutrition\/","og_locale":"fr_FR","og_type":"article","og_title":"Syst\u00e8me de l'Alimentation &#8226; Alliance Climatique","og_url":"https:\/\/www.klima-allianz.ch\/fr\/themes\/nutrition\/","og_site_name":"Alliance Climatique","article_modified_time":"2023-12-21T15:19:07+00:00","og_image":[{"width":524,"height":524,"url":"https:\/\/www.klima-allianz.ch\/wp-content\/uploads\/KT-Politik.jpg","type":"image\/jpeg"}],"twitter_card":"summary_large_image","schema":{"@context":"https:\/\/schema.org","@graph":[{"@type":"WebPage","@id":"https:\/\/www.klima-allianz.ch\/fr\/themes\/nutrition\/","url":"https:\/\/www.klima-allianz.ch\/fr\/themes\/nutrition\/","name":"Syst\u00e8me de l'Alimentation &#8226; Alliance Climatique","isPartOf":{"@id":"https:\/\/www.klima-allianz.ch\/fr\/#website"},"primaryImageOfPage":{"@id":"https:\/\/www.klima-allianz.ch\/fr\/themes\/nutrition\/#primaryimage"},"image":{"@id":"https:\/\/www.klima-allianz.ch\/fr\/themes\/nutrition\/#primaryimage"},"thumbnailUrl":"https:\/\/www.klima-allianz.ch\/wp-content\/uploads\/KT-Politik.jpg","datePublished":"2020-08-21T13:19:13+00:00","dateModified":"2023-12-21T15:19:07+00:00","breadcrumb":{"@id":"https:\/\/www.klima-allianz.ch\/fr\/themes\/nutrition\/#breadcrumb"},"inLanguage":"fr-FR","potentialAction":[{"@type":"ReadAction","target":["https:\/\/www.klima-allianz.ch\/fr\/themes\/nutrition\/"]}]},{"@type":"ImageObject","inLanguage":"fr-FR","@id":"https:\/\/www.klima-allianz.ch\/fr\/themes\/nutrition\/#primaryimage","url":"https:\/\/www.klima-allianz.ch\/wp-content\/uploads\/KT-Politik.jpg","contentUrl":"https:\/\/www.klima-allianz.ch\/wp-content\/uploads\/KT-Politik.jpg","width":524,"height":524},{"@type":"BreadcrumbList","@id":"https:\/\/www.klima-allianz.ch\/fr\/themes\/nutrition\/#breadcrumb","itemListElement":[{"@type":"ListItem","position":1,"name":"Home","item":"https:\/\/www.klima-allianz.ch\/fr\/"},{"@type":"ListItem","position":2,"name":"Th\u00e8mes","item":"https:\/\/www.klima-allianz.ch\/fr\/themes\/"},{"@type":"ListItem","position":3,"name":"Syst\u00e8me de l&#8217;Alimentation"}]},{"@type":"WebSite","@id":"https:\/\/www.klima-allianz.ch\/fr\/#website","url":"https:\/\/www.klima-allianz.ch\/fr\/","name":"Alliance Climatique","description":"","publisher":{"@id":"https:\/\/www.klima-allianz.ch\/fr\/#organization"},"potentialAction":[{"@type":"SearchAction","target":{"@type":"EntryPoint","urlTemplate":"https:\/\/www.klima-allianz.ch\/fr\/?s={search_term_string}"},"query-input":{"@type":"PropertyValueSpecification","valueRequired":true,"valueName":"search_term_string"}}],"inLanguage":"fr-FR"},{"@type":"Organization","@id":"https:\/\/www.klima-allianz.ch\/fr\/#organization","name":"Klima-Allianz","url":"https:\/\/www.klima-allianz.ch\/fr\/","logo":{"@type":"ImageObject","inLanguage":"fr-FR","@id":"https:\/\/www.klima-allianz.ch\/fr\/#\/schema\/logo\/image\/","url":"https:\/\/www.klima-allianz.ch\/wp-content\/uploads\/KA-Favicon-Kreis-1.png","contentUrl":"https:\/\/www.klima-allianz.ch\/wp-content\/uploads\/KA-Favicon-Kreis-1.png","width":512,"height":512,"caption":"Klima-Allianz"},"image":{"@id":"https:\/\/www.klima-allianz.ch\/fr\/#\/schema\/logo\/image\/"}}]}},"_links":{"self":[{"href":"https:\/\/www.klima-allianz.ch\/fr\/wp-json\/wp\/v2\/themen\/674","targetHints":{"allow":["GET"]}}],"collection":[{"href":"https:\/\/www.klima-allianz.ch\/fr\/wp-json\/wp\/v2\/themen"}],"about":[{"href":"https:\/\/www.klima-allianz.ch\/fr\/wp-json\/wp\/v2\/types\/themen"}],"acf:post":[{"embeddable":true,"href":"https:\/\/www.klima-allianz.ch\/fr\/wp-json\/wp\/v2\/dokumente\/3413"},{"embeddable":true,"href":"https:\/\/www.klima-allianz.ch\/fr\/wp-json\/wp\/v2\/dokumente\/11345"}],"wp:featuredmedia":[{"embeddable":true,"href":"https:\/\/www.klima-allianz.ch\/fr\/wp-json\/wp\/v2\/media\/1248"}],"wp:attachment":[{"href":"https:\/\/www.klima-allianz.ch\/fr\/wp-json\/wp\/v2\/media?parent=674"}],"curies":[{"name":"wp","href":"https:\/\/api.w.org\/{rel}","templated":true}]}}