{"id":11815,"date":"2024-03-07T15:54:23","date_gmt":"2024-03-07T14:54:23","guid":{"rendered":"https:\/\/www.klima-allianz.ch\/?post_type=veranstaltungen&#038;p=11815"},"modified":"2024-03-18T15:04:22","modified_gmt":"2024-03-18T14:04:22","slug":"bird-dogging-fr","status":"publish","type":"veranstaltungen","link":"https:\/\/www.klima-allianz.ch\/fr\/evenements\/bird-dogging-fr\/","title":{"rendered":"Invitation \u00e0 l\u2019atelier \u00abBird-Dogging\u00bb"},"content":{"rendered":"","protected":false},"featured_media":11819,"template":"","regionen":[75,28],"themen_tax":[],"class_list":["post-11815","veranstaltungen","type-veranstaltungen","status-publish","has-post-thumbnail","hentry","regionen-geneve","regionen-suisse-romande"],"better_featured_image":{"id":11819,"alt_text":"","caption":"","description":"","media_type":"image","media_details":{"width":3280,"height":1248,"file":"Bird-Dogging-FR1.png","filesize":4215584,"sizes":{"medium":{"file":"Bird-Dogging-FR1-300x114.png","width":300,"height":114,"mime-type":"image\/png","filesize":54125,"source_url":"https:\/\/www.klima-allianz.ch\/wp-content\/uploads\/Bird-Dogging-FR1-300x114.png"},"large":{"file":"Bird-Dogging-FR1-1024x390.png","width":1024,"height":390,"mime-type":"image\/png","filesize":468786,"source_url":"https:\/\/www.klima-allianz.ch\/wp-content\/uploads\/Bird-Dogging-FR1-1024x390.png"},"thumbnail":{"file":"Bird-Dogging-FR1-550x209.png","width":550,"height":209,"mime-type":"image\/png","filesize":153567,"source_url":"https:\/\/www.klima-allianz.ch\/wp-content\/uploads\/Bird-Dogging-FR1-550x209.png"},"medium_large":{"file":"Bird-Dogging-FR1-768x292.png","width":768,"height":292,"mime-type":"image\/png","filesize":278755,"source_url":"https:\/\/www.klima-allianz.ch\/wp-content\/uploads\/Bird-Dogging-FR1-768x292.png"},"1536x1536":{"file":"Bird-Dogging-FR1-1536x584.png","width":1536,"height":584,"mime-type":"image\/png","filesize":971969,"source_url":"https:\/\/www.klima-allianz.ch\/wp-content\/uploads\/Bird-Dogging-FR1-1536x584.png"},"2048x2048":{"file":"Bird-Dogging-FR1-2048x779.png","width":2048,"height":779,"mime-type":"image\/png","filesize":1632303,"source_url":"https:\/\/www.klima-allianz.ch\/wp-content\/uploads\/Bird-Dogging-FR1-2048x779.png"}},"image_meta":{"aperture":"0","credit":"","camera":"","caption":"","created_timestamp":"0","copyright":"","focal_length":"0","iso":"0","shutter_speed":"0","title":"","orientation":"0","keywords":[]}},"post":11815,"source_url":"https:\/\/www.klima-allianz.ch\/wp-content\/uploads\/Bird-Dogging-FR1.png"},"acf":{"single_day_event":"single-day","zeige_uhrzeit":true,"datum":"2024-04-13 13:30:00","multipleday_event_end_datum":null,"endzeit":"18:00","beschreibung":"Le bird-dogging est une forme d'action qui consiste \u00e0 confronter des d\u00e9cideureusexs (par exemple des politicien\u00b7nexs ou des repr\u00e9sentant\u00b7exs d'entreprises) et \u00e0 les amener \u00e0 prendre position en public et devant une cam\u00e9ra. La tactique activiste a \u00e9t\u00e9 utilis\u00e9e par exemple lors de la r\u00e9sistance autour des projets de charbon Adani en Australie. Mais pour \u00eatre efficace, elle doit \u00eatre pratiqu\u00e9e !\r\n\r\nTu veux en savoir plus sur cette tactique ? Alors viens \u00e0 l'atelier d'une demi-journ\u00e9e \u00e0 Gen\u00e8ve le samedi 13 avril. L'atelier est organis\u00e9 par l'Alliance Climatique et le collectif BreakFree Suisse et la participation est gratuite. Les places sont toutefois limit\u00e9es. <a href=\"https:\/\/klima-allianz.mfs.gg\/atelierbirddogging\">Inscris-toi donc d\u00e8s maintenant et au plus tard 31 mars.\r\n<\/a>Langue de l'atelier : fran\u00e7ais. Nous nous effor\u00e7ons de rendre l'atelier aussi inclusif et diversifi\u00e9 que possible.\r\n\r\n<!-- MightyForms Section -->\r\n<div id=\"mf-853a8176-a02b-4975-aebc-8296b58034e1\" class=\"mighty-form\"><\/div>\r\n<script async src=\"https:\/\/form.mightyforms.com\/loader\/v1\/mightyforms.min.js\"><\/script> <!-- End MightyForms Section -->","adresse":"Gen\u00e8ve","map":{"address":"Genf, Schweiz","lat":46.20439069999999759374986751936376094818115234375,"lng":6.143157699999999721285348641686141490936279296875,"zoom":11,"place_id":"ChIJ6-LQkwZljEcRObwLezWVtqA","name":"Genf","city":"Genf","state":"Genf","state_short":"GE","country":"Schweiz","country_short":"CH"},"organisator_type":"ka","veranstalter":null,"veranstalter_extern":{"name_des_veranstalters":"","logo":null},"downloads":null},"yoast_head":"<!-- This site is optimized with the Yoast SEO plugin v27.4 - https:\/\/yoast.com\/product\/yoast-seo-wordpress\/ -->\n<title>Invitation \u00e0 l\u2019atelier \u00abBird-Dogging\u00bb &#8226; Alliance Climatique<\/title>\n<meta name=\"robots\" content=\"index, follow, max-snippet:-1, max-image-preview:large, max-video-preview:-1\" \/>\n<link rel=\"canonical\" href=\"https:\/\/www.klima-allianz.ch\/fr\/evenements\/bird-dogging-fr\/\" \/>\n<meta property=\"og:locale\" content=\"fr_FR\" \/>\n<meta property=\"og:type\" content=\"article\" \/>\n<meta property=\"og:title\" content=\"Invitation \u00e0 l\u2019atelier \u00abBird-Dogging\u00bb &#8226; Alliance Climatique\" \/>\n<meta property=\"og:url\" content=\"https:\/\/www.klima-allianz.ch\/fr\/evenements\/bird-dogging-fr\/\" \/>\n<meta property=\"og:site_name\" content=\"Alliance Climatique\" \/>\n<meta property=\"article:modified_time\" content=\"2024-03-18T14:04:22+00:00\" \/>\n<meta property=\"og:image\" content=\"https:\/\/www.klima-allianz.ch\/wp-content\/uploads\/Bird-Dogging-FR1-1024x390.png\" \/>\n\t<meta property=\"og:image:width\" content=\"1024\" \/>\n\t<meta property=\"og:image:height\" content=\"390\" \/>\n\t<meta property=\"og:image:type\" content=\"image\/png\" \/>\n<meta name=\"twitter:card\" content=\"summary_large_image\" \/>\n<meta name=\"twitter:label1\" content=\"Dur\u00e9e de lecture estim\u00e9e\" \/>\n\t<meta name=\"twitter:data1\" content=\"1 minute\" \/>\n<script type=\"application\/ld+json\" class=\"yoast-schema-graph\">{\"@context\":\"https:\\\/\\\/schema.org\",\"@graph\":[{\"@type\":\"WebPage\",\"@id\":\"https:\\\/\\\/www.klima-allianz.ch\\\/fr\\\/evenements\\\/bird-dogging-fr\\\/\",\"url\":\"https:\\\/\\\/www.klima-allianz.ch\\\/fr\\\/evenements\\\/bird-dogging-fr\\\/\",\"name\":\"Invitation \u00e0 l\u2019atelier \u00abBird-Dogging\u00bb &#8226; Alliance Climatique\",\"isPartOf\":{\"@id\":\"https:\\\/\\\/www.klima-allianz.ch\\\/fr\\\/#website\"},\"primaryImageOfPage\":{\"@id\":\"https:\\\/\\\/www.klima-allianz.ch\\\/fr\\\/evenements\\\/bird-dogging-fr\\\/#primaryimage\"},\"image\":{\"@id\":\"https:\\\/\\\/www.klima-allianz.ch\\\/fr\\\/evenements\\\/bird-dogging-fr\\\/#primaryimage\"},\"thumbnailUrl\":\"https:\\\/\\\/www.klima-allianz.ch\\\/wp-content\\\/uploads\\\/Bird-Dogging-FR1.png\",\"datePublished\":\"2024-03-07T14:54:23+00:00\",\"dateModified\":\"2024-03-18T14:04:22+00:00\",\"breadcrumb\":{\"@id\":\"https:\\\/\\\/www.klima-allianz.ch\\\/fr\\\/evenements\\\/bird-dogging-fr\\\/#breadcrumb\"},\"inLanguage\":\"fr-FR\",\"potentialAction\":[{\"@type\":\"ReadAction\",\"target\":[\"https:\\\/\\\/www.klima-allianz.ch\\\/fr\\\/evenements\\\/bird-dogging-fr\\\/\"]}]},{\"@type\":\"ImageObject\",\"inLanguage\":\"fr-FR\",\"@id\":\"https:\\\/\\\/www.klima-allianz.ch\\\/fr\\\/evenements\\\/bird-dogging-fr\\\/#primaryimage\",\"url\":\"https:\\\/\\\/www.klima-allianz.ch\\\/wp-content\\\/uploads\\\/Bird-Dogging-FR1.png\",\"contentUrl\":\"https:\\\/\\\/www.klima-allianz.ch\\\/wp-content\\\/uploads\\\/Bird-Dogging-FR1.png\",\"width\":3280,\"height\":1248},{\"@type\":\"BreadcrumbList\",\"@id\":\"https:\\\/\\\/www.klima-allianz.ch\\\/fr\\\/evenements\\\/bird-dogging-fr\\\/#breadcrumb\",\"itemListElement\":[{\"@type\":\"ListItem\",\"position\":1,\"name\":\"Home\",\"item\":\"https:\\\/\\\/www.klima-allianz.ch\\\/fr\\\/\"},{\"@type\":\"ListItem\",\"position\":2,\"name\":\"\u00c9v\u00e9nements\",\"item\":\"https:\\\/\\\/www.klima-allianz.ch\\\/fr\\\/evenements\\\/\"},{\"@type\":\"ListItem\",\"position\":3,\"name\":\"Invitation \u00e0 l\u2019atelier \u00abBird-Dogging\u00bb\"}]},{\"@type\":\"WebSite\",\"@id\":\"https:\\\/\\\/www.klima-allianz.ch\\\/fr\\\/#website\",\"url\":\"https:\\\/\\\/www.klima-allianz.ch\\\/fr\\\/\",\"name\":\"Alliance Climatique\",\"description\":\"\",\"publisher\":{\"@id\":\"https:\\\/\\\/www.klima-allianz.ch\\\/fr\\\/#organization\"},\"potentialAction\":[{\"@type\":\"SearchAction\",\"target\":{\"@type\":\"EntryPoint\",\"urlTemplate\":\"https:\\\/\\\/www.klima-allianz.ch\\\/fr\\\/?s={search_term_string}\"},\"query-input\":{\"@type\":\"PropertyValueSpecification\",\"valueRequired\":true,\"valueName\":\"search_term_string\"}}],\"inLanguage\":\"fr-FR\"},{\"@type\":\"Organization\",\"@id\":\"https:\\\/\\\/www.klima-allianz.ch\\\/fr\\\/#organization\",\"name\":\"Klima-Allianz\",\"url\":\"https:\\\/\\\/www.klima-allianz.ch\\\/fr\\\/\",\"logo\":{\"@type\":\"ImageObject\",\"inLanguage\":\"fr-FR\",\"@id\":\"https:\\\/\\\/www.klima-allianz.ch\\\/fr\\\/#\\\/schema\\\/logo\\\/image\\\/\",\"url\":\"https:\\\/\\\/www.klima-allianz.ch\\\/wp-content\\\/uploads\\\/KA-Favicon-Kreis-1.png\",\"contentUrl\":\"https:\\\/\\\/www.klima-allianz.ch\\\/wp-content\\\/uploads\\\/KA-Favicon-Kreis-1.png\",\"width\":512,\"height\":512,\"caption\":\"Klima-Allianz\"},\"image\":{\"@id\":\"https:\\\/\\\/www.klima-allianz.ch\\\/fr\\\/#\\\/schema\\\/logo\\\/image\\\/\"}}]}<\/script>\n<!-- \/ Yoast SEO plugin. -->","yoast_head_json":{"title":"Invitation \u00e0 l\u2019atelier \u00abBird-Dogging\u00bb &#8226; Alliance Climatique","robots":{"index":"index","follow":"follow","max-snippet":"max-snippet:-1","max-image-preview":"max-image-preview:large","max-video-preview":"max-video-preview:-1"},"canonical":"https:\/\/www.klima-allianz.ch\/fr\/evenements\/bird-dogging-fr\/","og_locale":"fr_FR","og_type":"article","og_title":"Invitation \u00e0 l\u2019atelier \u00abBird-Dogging\u00bb &#8226; Alliance Climatique","og_url":"https:\/\/www.klima-allianz.ch\/fr\/evenements\/bird-dogging-fr\/","og_site_name":"Alliance Climatique","article_modified_time":"2024-03-18T14:04:22+00:00","og_image":[{"width":1024,"height":390,"url":"https:\/\/www.klima-allianz.ch\/wp-content\/uploads\/Bird-Dogging-FR1-1024x390.png","type":"image\/png"}],"twitter_card":"summary_large_image","twitter_misc":{"Dur\u00e9e de lecture estim\u00e9e":"1 minute"},"schema":{"@context":"https:\/\/schema.org","@graph":[{"@type":"WebPage","@id":"https:\/\/www.klima-allianz.ch\/fr\/evenements\/bird-dogging-fr\/","url":"https:\/\/www.klima-allianz.ch\/fr\/evenements\/bird-dogging-fr\/","name":"Invitation \u00e0 l\u2019atelier \u00abBird-Dogging\u00bb &#8226; Alliance Climatique","isPartOf":{"@id":"https:\/\/www.klima-allianz.ch\/fr\/#website"},"primaryImageOfPage":{"@id":"https:\/\/www.klima-allianz.ch\/fr\/evenements\/bird-dogging-fr\/#primaryimage"},"image":{"@id":"https:\/\/www.klima-allianz.ch\/fr\/evenements\/bird-dogging-fr\/#primaryimage"},"thumbnailUrl":"https:\/\/www.klima-allianz.ch\/wp-content\/uploads\/Bird-Dogging-FR1.png","datePublished":"2024-03-07T14:54:23+00:00","dateModified":"2024-03-18T14:04:22+00:00","breadcrumb":{"@id":"https:\/\/www.klima-allianz.ch\/fr\/evenements\/bird-dogging-fr\/#breadcrumb"},"inLanguage":"fr-FR","potentialAction":[{"@type":"ReadAction","target":["https:\/\/www.klima-allianz.ch\/fr\/evenements\/bird-dogging-fr\/"]}]},{"@type":"ImageObject","inLanguage":"fr-FR","@id":"https:\/\/www.klima-allianz.ch\/fr\/evenements\/bird-dogging-fr\/#primaryimage","url":"https:\/\/www.klima-allianz.ch\/wp-content\/uploads\/Bird-Dogging-FR1.png","contentUrl":"https:\/\/www.klima-allianz.ch\/wp-content\/uploads\/Bird-Dogging-FR1.png","width":3280,"height":1248},{"@type":"BreadcrumbList","@id":"https:\/\/www.klima-allianz.ch\/fr\/evenements\/bird-dogging-fr\/#breadcrumb","itemListElement":[{"@type":"ListItem","position":1,"name":"Home","item":"https:\/\/www.klima-allianz.ch\/fr\/"},{"@type":"ListItem","position":2,"name":"\u00c9v\u00e9nements","item":"https:\/\/www.klima-allianz.ch\/fr\/evenements\/"},{"@type":"ListItem","position":3,"name":"Invitation \u00e0 l\u2019atelier \u00abBird-Dogging\u00bb"}]},{"@type":"WebSite","@id":"https:\/\/www.klima-allianz.ch\/fr\/#website","url":"https:\/\/www.klima-allianz.ch\/fr\/","name":"Alliance Climatique","description":"","publisher":{"@id":"https:\/\/www.klima-allianz.ch\/fr\/#organization"},"potentialAction":[{"@type":"SearchAction","target":{"@type":"EntryPoint","urlTemplate":"https:\/\/www.klima-allianz.ch\/fr\/?s={search_term_string}"},"query-input":{"@type":"PropertyValueSpecification","valueRequired":true,"valueName":"search_term_string"}}],"inLanguage":"fr-FR"},{"@type":"Organization","@id":"https:\/\/www.klima-allianz.ch\/fr\/#organization","name":"Klima-Allianz","url":"https:\/\/www.klima-allianz.ch\/fr\/","logo":{"@type":"ImageObject","inLanguage":"fr-FR","@id":"https:\/\/www.klima-allianz.ch\/fr\/#\/schema\/logo\/image\/","url":"https:\/\/www.klima-allianz.ch\/wp-content\/uploads\/KA-Favicon-Kreis-1.png","contentUrl":"https:\/\/www.klima-allianz.ch\/wp-content\/uploads\/KA-Favicon-Kreis-1.png","width":512,"height":512,"caption":"Klima-Allianz"},"image":{"@id":"https:\/\/www.klima-allianz.ch\/fr\/#\/schema\/logo\/image\/"}}]}},"_links":{"self":[{"href":"https:\/\/www.klima-allianz.ch\/fr\/wp-json\/wp\/v2\/veranstaltungen\/11815","targetHints":{"allow":["GET"]}}],"collection":[{"href":"https:\/\/www.klima-allianz.ch\/fr\/wp-json\/wp\/v2\/veranstaltungen"}],"about":[{"href":"https:\/\/www.klima-allianz.ch\/fr\/wp-json\/wp\/v2\/types\/veranstaltungen"}],"wp:featuredmedia":[{"embeddable":true,"href":"https:\/\/www.klima-allianz.ch\/fr\/wp-json\/wp\/v2\/media\/11819"}],"wp:attachment":[{"href":"https:\/\/www.klima-allianz.ch\/fr\/wp-json\/wp\/v2\/media?parent=11815"}],"wp:term":[{"taxonomy":"regionen","embeddable":true,"href":"https:\/\/www.klima-allianz.ch\/fr\/wp-json\/wp\/v2\/regionen?post=11815"},{"taxonomy":"themen_tax","embeddable":true,"href":"https:\/\/www.klima-allianz.ch\/fr\/wp-json\/wp\/v2\/themen_tax?post=11815"}],"curies":[{"name":"wp","href":"https:\/\/api.w.org\/{rel}","templated":true}]}}