{"id":12817,"date":"2024-11-05T09:07:38","date_gmt":"2024-11-05T08:07:38","guid":{"rendered":"https:\/\/www.klima-allianz.ch\/?post_type=veranstaltungen&#038;p=12817"},"modified":"2024-11-05T09:16:26","modified_gmt":"2024-11-05T08:16:26","slug":"marche-festif","status":"publish","type":"veranstaltungen","link":"https:\/\/www.klima-allianz.ch\/fr\/evenements\/marche-festif\/","title":{"rendered":"March\u00e9 Festif !"},"content":{"rendered":"","protected":false},"featured_media":0,"template":"","regionen":[],"themen_tax":[],"class_list":["post-12817","veranstaltungen","type-veranstaltungen","status-publish","hentry"],"better_featured_image":null,"acf":{"single_day_event":"single-day","zeige_uhrzeit":true,"datum":"2024-11-07 17:30:00","multipleday_event_end_datum":null,"endzeit":"","beschreibung":"L\u2019Association TRICROCHET c\u2019est 10 ann\u00e9es de partages, d\u2019ateliers de revalorisation plastique et textile, de renforcement du lien social et de sensibilisation \u00e0 la r\u00e9duction de d\u00e9chets et \u00e0 la consommation responsable dans tout le canton de Gen\u00e8ve. 10 ans et \u00e7a continue, encore et encore ! Alors, avec l\u2019\u00e9quipe, les participant.e.s, les b\u00e9n\u00e9voles, ...et toi? on va f\u00eater \u00e7a et nous serions vraiment tr\u00e8s heureuses et heureux de partager cette c\u00e9l\u00e9bration avec toi lors d'un March\u00e9 de cr\u00e9ations originales et durables. Une Exposition retra\u00e7ant l'histoire de Tricrochet. Des D\u00e9monstrations de tissage, crochet, couture par nos participant.e.s. Un Ap\u00e9ritif et plein de Belles rencontres.\r\n\r\nViens trinquer avec toute l\u2019association \u00e0 une longue vie pour TRICROCHET ! Viens (re)d\u00e9couvrir et te faire plaisir avec les splendides cr\u00e9ations des artistes de nos ateliers. Viens essayer le tissage, la couture, le crochet et rencontrer les participant.e.s. Surtout, viens partager et tisser le lien de l\u2019amiti\u00e9 autour des valeurs qui nous unissent !\r\n\r\nOn compte sur toi ?\r\nPour des questions d\u2019organisation, merci de confirmer votre pr\u00e9sence sur le lien suivant : <a id=\"m_4690202051024011333m_1659828210894048327OWAa5a226c0-fa71-69ea-03f2-ecc7d2f33430\" href=\"https:\/\/tricrochet.ch\/fete-des-10-ans-de-tricrochet\" target=\"_blank\" rel=\"noopener noreferrer\" data-saferedirecturl=\"https:\/\/www.google.com\/url?q=https:\/\/tricrochet.ch\/fete-des-10-ans-de-tricrochet&amp;source=gmail&amp;ust=1730876550087000&amp;usg=AOvVaw2p9xDMnUDNq_z0x5ZwGF7F\">https:\/\/tricrochet.ch\/fete-<wbr \/>des-10-ans-de-tricrochet<\/a>","adresse":"Pavillon de l\u2019Orangerie, Chemin de Surville 12, 1213 Petit-Lancy","map":{"address":"Pavillon de l'Orangerie, Chemin de Surville 12, 1213 Petit-Lancy, Schweiz","lat":46.1910845000000023219399736262857913970947265625,"lng":6.1243381000000010061512512038461863994598388671875,"zoom":11,"place_id":"ChIJTZ38ADF7jEcRj7-P5MudVTc","name":"Pavillon de l'Orangerie","street_number":12,"street_name":"Chemin de Surville","street_name_short":"Chem. de Surville","city":"Petit-Lancy","state":"Gen\u00e8ve","state_short":"GE","post_code":1213,"country":"Schweiz","country_short":"CH"},"organisator_type":"extern","veranstalter":null,"veranstalter_extern":{"name_des_veranstalters":"Association Tricrochet","logo":""},"downloads":null},"yoast_head":"<!-- This site is optimized with the Yoast SEO plugin v27.5 - https:\/\/yoast.com\/product\/yoast-seo-wordpress\/ -->\n<title>March\u00e9 Festif ! &#8226; Alliance Climatique<\/title>\n<meta name=\"robots\" content=\"index, follow, max-snippet:-1, max-image-preview:large, max-video-preview:-1\" \/>\n<link rel=\"canonical\" href=\"https:\/\/www.klima-allianz.ch\/fr\/evenements\/marche-festif\/\" \/>\n<meta property=\"og:locale\" content=\"fr_FR\" \/>\n<meta property=\"og:type\" content=\"article\" \/>\n<meta property=\"og:title\" content=\"March\u00e9 Festif ! &#8226; Alliance Climatique\" \/>\n<meta property=\"og:url\" content=\"https:\/\/www.klima-allianz.ch\/fr\/evenements\/marche-festif\/\" \/>\n<meta property=\"og:site_name\" content=\"Alliance Climatique\" \/>\n<meta property=\"article:modified_time\" content=\"2024-11-05T08:16:26+00:00\" \/>\n<meta name=\"twitter:card\" content=\"summary_large_image\" \/>\n<script type=\"application\/ld+json\" class=\"yoast-schema-graph\">{\"@context\":\"https:\\\/\\\/schema.org\",\"@graph\":[{\"@type\":\"WebPage\",\"@id\":\"https:\\\/\\\/www.klima-allianz.ch\\\/fr\\\/evenements\\\/marche-festif\\\/\",\"url\":\"https:\\\/\\\/www.klima-allianz.ch\\\/fr\\\/evenements\\\/marche-festif\\\/\",\"name\":\"March\u00e9 Festif ! &#8226; Alliance Climatique\",\"isPartOf\":{\"@id\":\"https:\\\/\\\/www.klima-allianz.ch\\\/fr\\\/#website\"},\"datePublished\":\"2024-11-05T08:07:38+00:00\",\"dateModified\":\"2024-11-05T08:16:26+00:00\",\"breadcrumb\":{\"@id\":\"https:\\\/\\\/www.klima-allianz.ch\\\/fr\\\/evenements\\\/marche-festif\\\/#breadcrumb\"},\"inLanguage\":\"fr-FR\",\"potentialAction\":[{\"@type\":\"ReadAction\",\"target\":[\"https:\\\/\\\/www.klima-allianz.ch\\\/fr\\\/evenements\\\/marche-festif\\\/\"]}]},{\"@type\":\"BreadcrumbList\",\"@id\":\"https:\\\/\\\/www.klima-allianz.ch\\\/fr\\\/evenements\\\/marche-festif\\\/#breadcrumb\",\"itemListElement\":[{\"@type\":\"ListItem\",\"position\":1,\"name\":\"Home\",\"item\":\"https:\\\/\\\/www.klima-allianz.ch\\\/fr\\\/\"},{\"@type\":\"ListItem\",\"position\":2,\"name\":\"\u00c9v\u00e9nements\",\"item\":\"https:\\\/\\\/www.klima-allianz.ch\\\/fr\\\/evenements\\\/\"},{\"@type\":\"ListItem\",\"position\":3,\"name\":\"March\u00e9 Festif !\"}]},{\"@type\":\"WebSite\",\"@id\":\"https:\\\/\\\/www.klima-allianz.ch\\\/fr\\\/#website\",\"url\":\"https:\\\/\\\/www.klima-allianz.ch\\\/fr\\\/\",\"name\":\"Alliance Climatique\",\"description\":\"\",\"publisher\":{\"@id\":\"https:\\\/\\\/www.klima-allianz.ch\\\/fr\\\/#organization\"},\"potentialAction\":[{\"@type\":\"SearchAction\",\"target\":{\"@type\":\"EntryPoint\",\"urlTemplate\":\"https:\\\/\\\/www.klima-allianz.ch\\\/fr\\\/?s={search_term_string}\"},\"query-input\":{\"@type\":\"PropertyValueSpecification\",\"valueRequired\":true,\"valueName\":\"search_term_string\"}}],\"inLanguage\":\"fr-FR\"},{\"@type\":\"Organization\",\"@id\":\"https:\\\/\\\/www.klima-allianz.ch\\\/fr\\\/#organization\",\"name\":\"Klima-Allianz\",\"url\":\"https:\\\/\\\/www.klima-allianz.ch\\\/fr\\\/\",\"logo\":{\"@type\":\"ImageObject\",\"inLanguage\":\"fr-FR\",\"@id\":\"https:\\\/\\\/www.klima-allianz.ch\\\/fr\\\/#\\\/schema\\\/logo\\\/image\\\/\",\"url\":\"https:\\\/\\\/www.klima-allianz.ch\\\/wp-content\\\/uploads\\\/KA-Favicon-Kreis-1.png\",\"contentUrl\":\"https:\\\/\\\/www.klima-allianz.ch\\\/wp-content\\\/uploads\\\/KA-Favicon-Kreis-1.png\",\"width\":512,\"height\":512,\"caption\":\"Klima-Allianz\"},\"image\":{\"@id\":\"https:\\\/\\\/www.klima-allianz.ch\\\/fr\\\/#\\\/schema\\\/logo\\\/image\\\/\"}}]}<\/script>\n<!-- \/ Yoast SEO plugin. -->","yoast_head_json":{"title":"March\u00e9 Festif ! &#8226; Alliance Climatique","robots":{"index":"index","follow":"follow","max-snippet":"max-snippet:-1","max-image-preview":"max-image-preview:large","max-video-preview":"max-video-preview:-1"},"canonical":"https:\/\/www.klima-allianz.ch\/fr\/evenements\/marche-festif\/","og_locale":"fr_FR","og_type":"article","og_title":"March\u00e9 Festif ! &#8226; Alliance Climatique","og_url":"https:\/\/www.klima-allianz.ch\/fr\/evenements\/marche-festif\/","og_site_name":"Alliance Climatique","article_modified_time":"2024-11-05T08:16:26+00:00","twitter_card":"summary_large_image","schema":{"@context":"https:\/\/schema.org","@graph":[{"@type":"WebPage","@id":"https:\/\/www.klima-allianz.ch\/fr\/evenements\/marche-festif\/","url":"https:\/\/www.klima-allianz.ch\/fr\/evenements\/marche-festif\/","name":"March\u00e9 Festif ! &#8226; Alliance Climatique","isPartOf":{"@id":"https:\/\/www.klima-allianz.ch\/fr\/#website"},"datePublished":"2024-11-05T08:07:38+00:00","dateModified":"2024-11-05T08:16:26+00:00","breadcrumb":{"@id":"https:\/\/www.klima-allianz.ch\/fr\/evenements\/marche-festif\/#breadcrumb"},"inLanguage":"fr-FR","potentialAction":[{"@type":"ReadAction","target":["https:\/\/www.klima-allianz.ch\/fr\/evenements\/marche-festif\/"]}]},{"@type":"BreadcrumbList","@id":"https:\/\/www.klima-allianz.ch\/fr\/evenements\/marche-festif\/#breadcrumb","itemListElement":[{"@type":"ListItem","position":1,"name":"Home","item":"https:\/\/www.klima-allianz.ch\/fr\/"},{"@type":"ListItem","position":2,"name":"\u00c9v\u00e9nements","item":"https:\/\/www.klima-allianz.ch\/fr\/evenements\/"},{"@type":"ListItem","position":3,"name":"March\u00e9 Festif !"}]},{"@type":"WebSite","@id":"https:\/\/www.klima-allianz.ch\/fr\/#website","url":"https:\/\/www.klima-allianz.ch\/fr\/","name":"Alliance Climatique","description":"","publisher":{"@id":"https:\/\/www.klima-allianz.ch\/fr\/#organization"},"potentialAction":[{"@type":"SearchAction","target":{"@type":"EntryPoint","urlTemplate":"https:\/\/www.klima-allianz.ch\/fr\/?s={search_term_string}"},"query-input":{"@type":"PropertyValueSpecification","valueRequired":true,"valueName":"search_term_string"}}],"inLanguage":"fr-FR"},{"@type":"Organization","@id":"https:\/\/www.klima-allianz.ch\/fr\/#organization","name":"Klima-Allianz","url":"https:\/\/www.klima-allianz.ch\/fr\/","logo":{"@type":"ImageObject","inLanguage":"fr-FR","@id":"https:\/\/www.klima-allianz.ch\/fr\/#\/schema\/logo\/image\/","url":"https:\/\/www.klima-allianz.ch\/wp-content\/uploads\/KA-Favicon-Kreis-1.png","contentUrl":"https:\/\/www.klima-allianz.ch\/wp-content\/uploads\/KA-Favicon-Kreis-1.png","width":512,"height":512,"caption":"Klima-Allianz"},"image":{"@id":"https:\/\/www.klima-allianz.ch\/fr\/#\/schema\/logo\/image\/"}}]}},"_links":{"self":[{"href":"https:\/\/www.klima-allianz.ch\/fr\/wp-json\/wp\/v2\/veranstaltungen\/12817","targetHints":{"allow":["GET"]}}],"collection":[{"href":"https:\/\/www.klima-allianz.ch\/fr\/wp-json\/wp\/v2\/veranstaltungen"}],"about":[{"href":"https:\/\/www.klima-allianz.ch\/fr\/wp-json\/wp\/v2\/types\/veranstaltungen"}],"wp:attachment":[{"href":"https:\/\/www.klima-allianz.ch\/fr\/wp-json\/wp\/v2\/media?parent=12817"}],"wp:term":[{"taxonomy":"regionen","embeddable":true,"href":"https:\/\/www.klima-allianz.ch\/fr\/wp-json\/wp\/v2\/regionen?post=12817"},{"taxonomy":"themen_tax","embeddable":true,"href":"https:\/\/www.klima-allianz.ch\/fr\/wp-json\/wp\/v2\/themen_tax?post=12817"}],"curies":[{"name":"wp","href":"https:\/\/api.w.org\/{rel}","templated":true}]}}