{"id":13294,"date":"2025-02-05T10:35:13","date_gmt":"2025-02-05T09:35:13","guid":{"rendered":"https:\/\/www.klima-allianz.ch\/?post_type=veranstaltungen&#038;p=13294"},"modified":"2025-05-14T15:33:36","modified_gmt":"2025-05-14T13:33:36","slug":"recolte-de-signatures-pour-linitiative-pour-une-place-financiere-durable-geneve-lausanne-2","status":"publish","type":"veranstaltungen","link":"https:\/\/www.klima-allianz.ch\/fr\/evenements\/recolte-de-signatures-pour-linitiative-pour-une-place-financiere-durable-geneve-lausanne-2\/","title":{"rendered":"R\u00e9colte de signatures pour l\u2019initiative pour une place financi\u00e8re durable (Gen\u00e8ve, Lausanne)"},"content":{"rendered":"","protected":false},"featured_media":13638,"template":"","regionen":[26,27,75,28,70,71,30],"themen_tax":[59],"class_list":["post-13294","veranstaltungen","type-veranstaltungen","status-publish","has-post-thumbnail","hentry","regionen-bale","regionen-berne","regionen-geneve","regionen-suisse-romande","regionen-suisse-centrale","regionen-suisse-orientale","regionen-zurich","themen_tax-place-financiere"],"better_featured_image":{"id":13638,"alt_text":"","caption":"","description":"","media_type":"image","media_details":{"width":1080,"height":1080,"file":"Viens-recolter-des-signatures-avec-nous-.png","filesize":2427438,"sizes":{"medium":{"file":"Viens-recolter-des-signatures-avec-nous--300x300.png","width":300,"height":300,"mime-type":"image\/png","filesize":163061,"source_url":"https:\/\/www.klima-allianz.ch\/wp-content\/uploads\/Viens-recolter-des-signatures-avec-nous--300x300.png"},"large":{"file":"Viens-recolter-des-signatures-avec-nous--1024x1024.png","width":1024,"height":1024,"mime-type":"image\/png","filesize":1442481,"source_url":"https:\/\/www.klima-allianz.ch\/wp-content\/uploads\/Viens-recolter-des-signatures-avec-nous--1024x1024.png"},"thumbnail":{"file":"Viens-recolter-des-signatures-avec-nous--550x550.png","width":550,"height":550,"mime-type":"image\/png","filesize":487969,"source_url":"https:\/\/www.klima-allianz.ch\/wp-content\/uploads\/Viens-recolter-des-signatures-avec-nous--550x550.png"},"medium_large":{"file":"Viens-recolter-des-signatures-avec-nous--768x768.png","width":768,"height":768,"mime-type":"image\/png","filesize":881518,"source_url":"https:\/\/www.klima-allianz.ch\/wp-content\/uploads\/Viens-recolter-des-signatures-avec-nous--768x768.png"}},"image_meta":{"aperture":"0","credit":"","camera":"","caption":"","created_timestamp":"0","copyright":"","focal_length":"0","iso":"0","shutter_speed":"0","title":"","orientation":"0","keywords":[]}},"post":13294,"source_url":"https:\/\/www.klima-allianz.ch\/wp-content\/uploads\/Viens-recolter-des-signatures-avec-nous-.png"},"acf":{"single_day_event":"single-day","zeige_uhrzeit":true,"datum":"2025-05-24 09:00:00","multipleday_event_end_datum":null,"endzeit":"15:00:00","beschreibung":"Journ\u00e9e nationale de r\u00e9colte de signatures pour l\u2019initiative pour une place financi\u00e8re durable : \u00e0 Z\u00fcrich, B\u00e2le, Berne, Gen\u00e8ve, Lausanne.\r\n\r\n<a href=\"https:\/\/form.typeform.com\/to\/dgUAd20V\">Lien d\u2019inscription<\/a>\r\n\r\n<a href=\"https:\/\/docs.google.com\/document\/d\/1Sqx4EmdY4AOQ3dXeM1drcLuYAJFRhro6h8n3soQdpIY\/edit?usp=sharing\">Kit de communication pour les organisations (newsletter + messages)\u00a0<\/a>","adresse":"Z\u00fcrich, B\u00e2le, Berne, Gen\u00e8ve, Lausanne","map":null,"organisator_type":"ka","veranstalter":null,"veranstalter_extern":{"name_des_veranstalters":"","logo":null},"downloads":null},"yoast_head":"<!-- This site is optimized with the Yoast SEO plugin v27.4 - https:\/\/yoast.com\/product\/yoast-seo-wordpress\/ -->\n<title>R\u00e9colte de signatures pour l\u2019initiative pour une place financi\u00e8re durable (Gen\u00e8ve, Lausanne) &#8226; Alliance Climatique<\/title>\n<meta name=\"robots\" content=\"index, follow, max-snippet:-1, max-image-preview:large, max-video-preview:-1\" \/>\n<link rel=\"canonical\" href=\"https:\/\/www.klima-allianz.ch\/fr\/evenements\/recolte-de-signatures-pour-linitiative-pour-une-place-financiere-durable-geneve-lausanne-2\/\" \/>\n<meta property=\"og:locale\" content=\"fr_FR\" \/>\n<meta property=\"og:type\" content=\"article\" \/>\n<meta property=\"og:title\" content=\"R\u00e9colte de signatures pour l\u2019initiative pour une place financi\u00e8re durable (Gen\u00e8ve, Lausanne) &#8226; Alliance Climatique\" \/>\n<meta property=\"og:url\" content=\"https:\/\/www.klima-allianz.ch\/fr\/evenements\/recolte-de-signatures-pour-linitiative-pour-une-place-financiere-durable-geneve-lausanne-2\/\" \/>\n<meta property=\"og:site_name\" content=\"Alliance Climatique\" \/>\n<meta property=\"article:modified_time\" content=\"2025-05-14T13:33:36+00:00\" \/>\n<meta property=\"og:image\" content=\"https:\/\/www.klima-allianz.ch\/wp-content\/uploads\/Viens-recolter-des-signatures-avec-nous--1024x1024.png\" \/>\n\t<meta property=\"og:image:width\" content=\"1024\" \/>\n\t<meta property=\"og:image:height\" content=\"1024\" \/>\n\t<meta property=\"og:image:type\" content=\"image\/png\" \/>\n<meta name=\"twitter:card\" content=\"summary_large_image\" \/>\n<meta name=\"twitter:label1\" content=\"Dur\u00e9e de lecture estim\u00e9e\" \/>\n\t<meta name=\"twitter:data1\" content=\"1 minute\" \/>\n<script type=\"application\/ld+json\" class=\"yoast-schema-graph\">{\"@context\":\"https:\\\/\\\/schema.org\",\"@graph\":[{\"@type\":\"WebPage\",\"@id\":\"https:\\\/\\\/www.klima-allianz.ch\\\/fr\\\/evenements\\\/recolte-de-signatures-pour-linitiative-pour-une-place-financiere-durable-geneve-lausanne-2\\\/\",\"url\":\"https:\\\/\\\/www.klima-allianz.ch\\\/fr\\\/evenements\\\/recolte-de-signatures-pour-linitiative-pour-une-place-financiere-durable-geneve-lausanne-2\\\/\",\"name\":\"R\u00e9colte de signatures pour l\u2019initiative pour une place financi\u00e8re durable (Gen\u00e8ve, Lausanne) &#8226; Alliance Climatique\",\"isPartOf\":{\"@id\":\"https:\\\/\\\/www.klima-allianz.ch\\\/fr\\\/#website\"},\"primaryImageOfPage\":{\"@id\":\"https:\\\/\\\/www.klima-allianz.ch\\\/fr\\\/evenements\\\/recolte-de-signatures-pour-linitiative-pour-une-place-financiere-durable-geneve-lausanne-2\\\/#primaryimage\"},\"image\":{\"@id\":\"https:\\\/\\\/www.klima-allianz.ch\\\/fr\\\/evenements\\\/recolte-de-signatures-pour-linitiative-pour-une-place-financiere-durable-geneve-lausanne-2\\\/#primaryimage\"},\"thumbnailUrl\":\"https:\\\/\\\/www.klima-allianz.ch\\\/wp-content\\\/uploads\\\/Viens-recolter-des-signatures-avec-nous-.png\",\"datePublished\":\"2025-02-05T09:35:13+00:00\",\"dateModified\":\"2025-05-14T13:33:36+00:00\",\"breadcrumb\":{\"@id\":\"https:\\\/\\\/www.klima-allianz.ch\\\/fr\\\/evenements\\\/recolte-de-signatures-pour-linitiative-pour-une-place-financiere-durable-geneve-lausanne-2\\\/#breadcrumb\"},\"inLanguage\":\"fr-FR\",\"potentialAction\":[{\"@type\":\"ReadAction\",\"target\":[\"https:\\\/\\\/www.klima-allianz.ch\\\/fr\\\/evenements\\\/recolte-de-signatures-pour-linitiative-pour-une-place-financiere-durable-geneve-lausanne-2\\\/\"]}]},{\"@type\":\"ImageObject\",\"inLanguage\":\"fr-FR\",\"@id\":\"https:\\\/\\\/www.klima-allianz.ch\\\/fr\\\/evenements\\\/recolte-de-signatures-pour-linitiative-pour-une-place-financiere-durable-geneve-lausanne-2\\\/#primaryimage\",\"url\":\"https:\\\/\\\/www.klima-allianz.ch\\\/wp-content\\\/uploads\\\/Viens-recolter-des-signatures-avec-nous-.png\",\"contentUrl\":\"https:\\\/\\\/www.klima-allianz.ch\\\/wp-content\\\/uploads\\\/Viens-recolter-des-signatures-avec-nous-.png\",\"width\":1080,\"height\":1080},{\"@type\":\"BreadcrumbList\",\"@id\":\"https:\\\/\\\/www.klima-allianz.ch\\\/fr\\\/evenements\\\/recolte-de-signatures-pour-linitiative-pour-une-place-financiere-durable-geneve-lausanne-2\\\/#breadcrumb\",\"itemListElement\":[{\"@type\":\"ListItem\",\"position\":1,\"name\":\"Home\",\"item\":\"https:\\\/\\\/www.klima-allianz.ch\\\/fr\\\/\"},{\"@type\":\"ListItem\",\"position\":2,\"name\":\"\u00c9v\u00e9nements\",\"item\":\"https:\\\/\\\/www.klima-allianz.ch\\\/fr\\\/evenements\\\/\"},{\"@type\":\"ListItem\",\"position\":3,\"name\":\"R\u00e9colte de signatures pour l\u2019initiative pour une place financi\u00e8re durable (Gen\u00e8ve, Lausanne)\"}]},{\"@type\":\"WebSite\",\"@id\":\"https:\\\/\\\/www.klima-allianz.ch\\\/fr\\\/#website\",\"url\":\"https:\\\/\\\/www.klima-allianz.ch\\\/fr\\\/\",\"name\":\"Alliance Climatique\",\"description\":\"\",\"publisher\":{\"@id\":\"https:\\\/\\\/www.klima-allianz.ch\\\/fr\\\/#organization\"},\"potentialAction\":[{\"@type\":\"SearchAction\",\"target\":{\"@type\":\"EntryPoint\",\"urlTemplate\":\"https:\\\/\\\/www.klima-allianz.ch\\\/fr\\\/?s={search_term_string}\"},\"query-input\":{\"@type\":\"PropertyValueSpecification\",\"valueRequired\":true,\"valueName\":\"search_term_string\"}}],\"inLanguage\":\"fr-FR\"},{\"@type\":\"Organization\",\"@id\":\"https:\\\/\\\/www.klima-allianz.ch\\\/fr\\\/#organization\",\"name\":\"Klima-Allianz\",\"url\":\"https:\\\/\\\/www.klima-allianz.ch\\\/fr\\\/\",\"logo\":{\"@type\":\"ImageObject\",\"inLanguage\":\"fr-FR\",\"@id\":\"https:\\\/\\\/www.klima-allianz.ch\\\/fr\\\/#\\\/schema\\\/logo\\\/image\\\/\",\"url\":\"https:\\\/\\\/www.klima-allianz.ch\\\/wp-content\\\/uploads\\\/KA-Favicon-Kreis-1.png\",\"contentUrl\":\"https:\\\/\\\/www.klima-allianz.ch\\\/wp-content\\\/uploads\\\/KA-Favicon-Kreis-1.png\",\"width\":512,\"height\":512,\"caption\":\"Klima-Allianz\"},\"image\":{\"@id\":\"https:\\\/\\\/www.klima-allianz.ch\\\/fr\\\/#\\\/schema\\\/logo\\\/image\\\/\"}}]}<\/script>\n<!-- \/ Yoast SEO plugin. -->","yoast_head_json":{"title":"R\u00e9colte de signatures pour l\u2019initiative pour une place financi\u00e8re durable (Gen\u00e8ve, Lausanne) &#8226; Alliance Climatique","robots":{"index":"index","follow":"follow","max-snippet":"max-snippet:-1","max-image-preview":"max-image-preview:large","max-video-preview":"max-video-preview:-1"},"canonical":"https:\/\/www.klima-allianz.ch\/fr\/evenements\/recolte-de-signatures-pour-linitiative-pour-une-place-financiere-durable-geneve-lausanne-2\/","og_locale":"fr_FR","og_type":"article","og_title":"R\u00e9colte de signatures pour l\u2019initiative pour une place financi\u00e8re durable (Gen\u00e8ve, Lausanne) &#8226; Alliance Climatique","og_url":"https:\/\/www.klima-allianz.ch\/fr\/evenements\/recolte-de-signatures-pour-linitiative-pour-une-place-financiere-durable-geneve-lausanne-2\/","og_site_name":"Alliance Climatique","article_modified_time":"2025-05-14T13:33:36+00:00","og_image":[{"width":1024,"height":1024,"url":"https:\/\/www.klima-allianz.ch\/wp-content\/uploads\/Viens-recolter-des-signatures-avec-nous--1024x1024.png","type":"image\/png"}],"twitter_card":"summary_large_image","twitter_misc":{"Dur\u00e9e de lecture estim\u00e9e":"1 minute"},"schema":{"@context":"https:\/\/schema.org","@graph":[{"@type":"WebPage","@id":"https:\/\/www.klima-allianz.ch\/fr\/evenements\/recolte-de-signatures-pour-linitiative-pour-une-place-financiere-durable-geneve-lausanne-2\/","url":"https:\/\/www.klima-allianz.ch\/fr\/evenements\/recolte-de-signatures-pour-linitiative-pour-une-place-financiere-durable-geneve-lausanne-2\/","name":"R\u00e9colte de signatures pour l\u2019initiative pour une place financi\u00e8re durable (Gen\u00e8ve, Lausanne) &#8226; Alliance Climatique","isPartOf":{"@id":"https:\/\/www.klima-allianz.ch\/fr\/#website"},"primaryImageOfPage":{"@id":"https:\/\/www.klima-allianz.ch\/fr\/evenements\/recolte-de-signatures-pour-linitiative-pour-une-place-financiere-durable-geneve-lausanne-2\/#primaryimage"},"image":{"@id":"https:\/\/www.klima-allianz.ch\/fr\/evenements\/recolte-de-signatures-pour-linitiative-pour-une-place-financiere-durable-geneve-lausanne-2\/#primaryimage"},"thumbnailUrl":"https:\/\/www.klima-allianz.ch\/wp-content\/uploads\/Viens-recolter-des-signatures-avec-nous-.png","datePublished":"2025-02-05T09:35:13+00:00","dateModified":"2025-05-14T13:33:36+00:00","breadcrumb":{"@id":"https:\/\/www.klima-allianz.ch\/fr\/evenements\/recolte-de-signatures-pour-linitiative-pour-une-place-financiere-durable-geneve-lausanne-2\/#breadcrumb"},"inLanguage":"fr-FR","potentialAction":[{"@type":"ReadAction","target":["https:\/\/www.klima-allianz.ch\/fr\/evenements\/recolte-de-signatures-pour-linitiative-pour-une-place-financiere-durable-geneve-lausanne-2\/"]}]},{"@type":"ImageObject","inLanguage":"fr-FR","@id":"https:\/\/www.klima-allianz.ch\/fr\/evenements\/recolte-de-signatures-pour-linitiative-pour-une-place-financiere-durable-geneve-lausanne-2\/#primaryimage","url":"https:\/\/www.klima-allianz.ch\/wp-content\/uploads\/Viens-recolter-des-signatures-avec-nous-.png","contentUrl":"https:\/\/www.klima-allianz.ch\/wp-content\/uploads\/Viens-recolter-des-signatures-avec-nous-.png","width":1080,"height":1080},{"@type":"BreadcrumbList","@id":"https:\/\/www.klima-allianz.ch\/fr\/evenements\/recolte-de-signatures-pour-linitiative-pour-une-place-financiere-durable-geneve-lausanne-2\/#breadcrumb","itemListElement":[{"@type":"ListItem","position":1,"name":"Home","item":"https:\/\/www.klima-allianz.ch\/fr\/"},{"@type":"ListItem","position":2,"name":"\u00c9v\u00e9nements","item":"https:\/\/www.klima-allianz.ch\/fr\/evenements\/"},{"@type":"ListItem","position":3,"name":"R\u00e9colte de signatures pour l\u2019initiative pour une place financi\u00e8re durable (Gen\u00e8ve, Lausanne)"}]},{"@type":"WebSite","@id":"https:\/\/www.klima-allianz.ch\/fr\/#website","url":"https:\/\/www.klima-allianz.ch\/fr\/","name":"Alliance Climatique","description":"","publisher":{"@id":"https:\/\/www.klima-allianz.ch\/fr\/#organization"},"potentialAction":[{"@type":"SearchAction","target":{"@type":"EntryPoint","urlTemplate":"https:\/\/www.klima-allianz.ch\/fr\/?s={search_term_string}"},"query-input":{"@type":"PropertyValueSpecification","valueRequired":true,"valueName":"search_term_string"}}],"inLanguage":"fr-FR"},{"@type":"Organization","@id":"https:\/\/www.klima-allianz.ch\/fr\/#organization","name":"Klima-Allianz","url":"https:\/\/www.klima-allianz.ch\/fr\/","logo":{"@type":"ImageObject","inLanguage":"fr-FR","@id":"https:\/\/www.klima-allianz.ch\/fr\/#\/schema\/logo\/image\/","url":"https:\/\/www.klima-allianz.ch\/wp-content\/uploads\/KA-Favicon-Kreis-1.png","contentUrl":"https:\/\/www.klima-allianz.ch\/wp-content\/uploads\/KA-Favicon-Kreis-1.png","width":512,"height":512,"caption":"Klima-Allianz"},"image":{"@id":"https:\/\/www.klima-allianz.ch\/fr\/#\/schema\/logo\/image\/"}}]}},"_links":{"self":[{"href":"https:\/\/www.klima-allianz.ch\/fr\/wp-json\/wp\/v2\/veranstaltungen\/13294","targetHints":{"allow":["GET"]}}],"collection":[{"href":"https:\/\/www.klima-allianz.ch\/fr\/wp-json\/wp\/v2\/veranstaltungen"}],"about":[{"href":"https:\/\/www.klima-allianz.ch\/fr\/wp-json\/wp\/v2\/types\/veranstaltungen"}],"wp:featuredmedia":[{"embeddable":true,"href":"https:\/\/www.klima-allianz.ch\/fr\/wp-json\/wp\/v2\/media\/13638"}],"wp:attachment":[{"href":"https:\/\/www.klima-allianz.ch\/fr\/wp-json\/wp\/v2\/media?parent=13294"}],"wp:term":[{"taxonomy":"regionen","embeddable":true,"href":"https:\/\/www.klima-allianz.ch\/fr\/wp-json\/wp\/v2\/regionen?post=13294"},{"taxonomy":"themen_tax","embeddable":true,"href":"https:\/\/www.klima-allianz.ch\/fr\/wp-json\/wp\/v2\/themen_tax?post=13294"}],"curies":[{"name":"wp","href":"https:\/\/api.w.org\/{rel}","templated":true}]}}