{"id":14762,"date":"2026-01-23T11:04:31","date_gmt":"2026-01-23T10:04:31","guid":{"rendered":"https:\/\/www.klima-allianz.ch\/?post_type=veranstaltungen&#038;p=14762"},"modified":"2026-01-23T11:04:31","modified_gmt":"2026-01-23T10:04:31","slug":"conference-publique-de-salome-saque","status":"publish","type":"veranstaltungen","link":"https:\/\/www.klima-allianz.ch\/fr\/evenements\/conference-publique-de-salome-saque\/","title":{"rendered":"Conf\u00e9rence publique de Salom\u00e9 Saqu\u00e9"},"content":{"rendered":"","protected":false},"featured_media":14763,"template":"","regionen":[75],"themen_tax":[],"class_list":["post-14762","veranstaltungen","type-veranstaltungen","status-publish","has-post-thumbnail","hentry","regionen-geneve"],"better_featured_image":{"id":14763,"alt_text":"","caption":"","description":"","media_type":"image","media_details":{"width":1200,"height":1200,"file":"2026-01-22-21-35-40-Flyer-Salome-Saque.jpeg","filesize":130331,"sizes":{"medium":{"file":"2026-01-22-21-35-40-Flyer-Salome-Saque-300x300.jpeg","width":300,"height":300,"mime-type":"image\/jpeg","filesize":18849,"source_url":"https:\/\/www.klima-allianz.ch\/wp-content\/uploads\/2026-01-22-21-35-40-Flyer-Salome-Saque-300x300.jpeg"},"large":{"file":"2026-01-22-21-35-40-Flyer-Salome-Saque-1024x1024.jpeg","width":1024,"height":1024,"mime-type":"image\/jpeg","filesize":110936,"source_url":"https:\/\/www.klima-allianz.ch\/wp-content\/uploads\/2026-01-22-21-35-40-Flyer-Salome-Saque-1024x1024.jpeg"},"thumbnail":{"file":"2026-01-22-21-35-40-Flyer-Salome-Saque-550x550.jpeg","width":550,"height":550,"mime-type":"image\/jpeg","filesize":46439,"source_url":"https:\/\/www.klima-allianz.ch\/wp-content\/uploads\/2026-01-22-21-35-40-Flyer-Salome-Saque-550x550.jpeg"},"medium_large":{"file":"2026-01-22-21-35-40-Flyer-Salome-Saque-768x768.jpeg","width":768,"height":768,"mime-type":"image\/jpeg","filesize":73876,"source_url":"https:\/\/www.klima-allianz.ch\/wp-content\/uploads\/2026-01-22-21-35-40-Flyer-Salome-Saque-768x768.jpeg"}},"image_meta":{"aperture":"0","credit":"","camera":"","caption":"","created_timestamp":"0","copyright":"","focal_length":"0","iso":"0","shutter_speed":"0","title":"","orientation":"0","keywords":[]}},"post":14762,"source_url":"https:\/\/www.klima-allianz.ch\/wp-content\/uploads\/2026-01-22-21-35-40-Flyer-Salome-Saque.jpeg"},"acf":{"single_day_event":"single-day","zeige_uhrzeit":true,"datum":"2026-01-28 18:30:00","multipleday_event_end_datum":null,"endzeit":"","beschreibung":"Bienvenue \u00e0 la conf\u00e9rence publique de la c\u00e9l\u00e8bre journaliste <strong>Salom\u00e9 Saqu\u00e9<\/strong>, sp\u00e9cialiste de l'urgence climatique et \u00e0 la direction du p\u00f4le Economie du m\u00e9dia Blast.\r\n\r\nSalom\u00e9 Saqu\u00e9 est \u00e9galement l'autrice des essais \"Sois jeune et tais-toi : R\u00e9ponse \u00e0 ceux qui critiquent la jeunesse\" (2023) et \"R\u00e9sister\" (2024).\r\n\r\nUn cocktail d\u00eenatoire suivra afin de partager un moment convivial en pr\u00e9sence de Salom\u00e9 Saqu\u00e9 d\u00e8s 19h30.","adresse":"Th\u00e9\u00e2tre les salons, Gen\u00e8ve","map":{"address":"Les Salons, rue Jean-F. Bartholoni, Gen\u00e8ve, Suisse","lat":46.20025720000000291065589408390223979949951171875,"lng":6.1419207000000000107320374809205532073974609375,"zoom":11,"place_id":"ChIJD5gvWSpljEcRWpjEIFiRtBY","name":"Les Salons","street_number":6,"street_name":"rue Jean-F. Bartholoni","city":"Gen\u00e8ve","state":"Gen\u00e8ve","state_short":"GE","post_code":1204,"country":"Suisse","country_short":"CH"},"organisator_type":"intern","veranstalter":[13956],"veranstalter_extern":{"name_des_veranstalters":"","logo":null},"downloads":null},"yoast_head":"<!-- This site is optimized with the Yoast SEO plugin v27.5 - https:\/\/yoast.com\/product\/yoast-seo-wordpress\/ -->\n<title>Conf\u00e9rence publique de Salom\u00e9 Saqu\u00e9 &#8226; Alliance Climatique<\/title>\n<meta name=\"robots\" content=\"index, follow, max-snippet:-1, max-image-preview:large, max-video-preview:-1\" \/>\n<link rel=\"canonical\" href=\"https:\/\/www.klima-allianz.ch\/fr\/evenements\/conference-publique-de-salome-saque\/\" \/>\n<meta property=\"og:locale\" content=\"fr_FR\" \/>\n<meta property=\"og:type\" content=\"article\" \/>\n<meta property=\"og:title\" content=\"Conf\u00e9rence publique de Salom\u00e9 Saqu\u00e9 &#8226; Alliance Climatique\" \/>\n<meta property=\"og:url\" content=\"https:\/\/www.klima-allianz.ch\/fr\/evenements\/conference-publique-de-salome-saque\/\" \/>\n<meta property=\"og:site_name\" content=\"Alliance Climatique\" \/>\n<meta property=\"og:image\" content=\"https:\/\/www.klima-allianz.ch\/wp-content\/uploads\/2026-01-22-21-35-40-Flyer-Salome-Saque.jpeg\" \/>\n\t<meta property=\"og:image:width\" content=\"1200\" \/>\n\t<meta property=\"og:image:height\" content=\"1200\" \/>\n\t<meta property=\"og:image:type\" content=\"image\/jpeg\" \/>\n<meta name=\"twitter:card\" content=\"summary_large_image\" \/>\n<meta name=\"twitter:label1\" content=\"Dur\u00e9e de lecture estim\u00e9e\" \/>\n\t<meta name=\"twitter:data1\" content=\"1 minute\" \/>\n<script type=\"application\/ld+json\" class=\"yoast-schema-graph\">{\"@context\":\"https:\\\/\\\/schema.org\",\"@graph\":[{\"@type\":\"WebPage\",\"@id\":\"https:\\\/\\\/www.klima-allianz.ch\\\/fr\\\/evenements\\\/conference-publique-de-salome-saque\\\/\",\"url\":\"https:\\\/\\\/www.klima-allianz.ch\\\/fr\\\/evenements\\\/conference-publique-de-salome-saque\\\/\",\"name\":\"Conf\u00e9rence publique de Salom\u00e9 Saqu\u00e9 &#8226; Alliance Climatique\",\"isPartOf\":{\"@id\":\"https:\\\/\\\/www.klima-allianz.ch\\\/fr\\\/#website\"},\"primaryImageOfPage\":{\"@id\":\"https:\\\/\\\/www.klima-allianz.ch\\\/fr\\\/evenements\\\/conference-publique-de-salome-saque\\\/#primaryimage\"},\"image\":{\"@id\":\"https:\\\/\\\/www.klima-allianz.ch\\\/fr\\\/evenements\\\/conference-publique-de-salome-saque\\\/#primaryimage\"},\"thumbnailUrl\":\"https:\\\/\\\/www.klima-allianz.ch\\\/wp-content\\\/uploads\\\/2026-01-22-21-35-40-Flyer-Salome-Saque.jpeg\",\"datePublished\":\"2026-01-23T10:04:31+00:00\",\"breadcrumb\":{\"@id\":\"https:\\\/\\\/www.klima-allianz.ch\\\/fr\\\/evenements\\\/conference-publique-de-salome-saque\\\/#breadcrumb\"},\"inLanguage\":\"fr-FR\",\"potentialAction\":[{\"@type\":\"ReadAction\",\"target\":[\"https:\\\/\\\/www.klima-allianz.ch\\\/fr\\\/evenements\\\/conference-publique-de-salome-saque\\\/\"]}]},{\"@type\":\"ImageObject\",\"inLanguage\":\"fr-FR\",\"@id\":\"https:\\\/\\\/www.klima-allianz.ch\\\/fr\\\/evenements\\\/conference-publique-de-salome-saque\\\/#primaryimage\",\"url\":\"https:\\\/\\\/www.klima-allianz.ch\\\/wp-content\\\/uploads\\\/2026-01-22-21-35-40-Flyer-Salome-Saque.jpeg\",\"contentUrl\":\"https:\\\/\\\/www.klima-allianz.ch\\\/wp-content\\\/uploads\\\/2026-01-22-21-35-40-Flyer-Salome-Saque.jpeg\",\"width\":1200,\"height\":1200},{\"@type\":\"BreadcrumbList\",\"@id\":\"https:\\\/\\\/www.klima-allianz.ch\\\/fr\\\/evenements\\\/conference-publique-de-salome-saque\\\/#breadcrumb\",\"itemListElement\":[{\"@type\":\"ListItem\",\"position\":1,\"name\":\"Home\",\"item\":\"https:\\\/\\\/www.klima-allianz.ch\\\/fr\\\/\"},{\"@type\":\"ListItem\",\"position\":2,\"name\":\"\u00c9v\u00e9nements\",\"item\":\"https:\\\/\\\/www.klima-allianz.ch\\\/fr\\\/evenements\\\/\"},{\"@type\":\"ListItem\",\"position\":3,\"name\":\"Conf\u00e9rence publique de Salom\u00e9 Saqu\u00e9\"}]},{\"@type\":\"WebSite\",\"@id\":\"https:\\\/\\\/www.klima-allianz.ch\\\/fr\\\/#website\",\"url\":\"https:\\\/\\\/www.klima-allianz.ch\\\/fr\\\/\",\"name\":\"Alliance Climatique\",\"description\":\"\",\"publisher\":{\"@id\":\"https:\\\/\\\/www.klima-allianz.ch\\\/fr\\\/#organization\"},\"potentialAction\":[{\"@type\":\"SearchAction\",\"target\":{\"@type\":\"EntryPoint\",\"urlTemplate\":\"https:\\\/\\\/www.klima-allianz.ch\\\/fr\\\/?s={search_term_string}\"},\"query-input\":{\"@type\":\"PropertyValueSpecification\",\"valueRequired\":true,\"valueName\":\"search_term_string\"}}],\"inLanguage\":\"fr-FR\"},{\"@type\":\"Organization\",\"@id\":\"https:\\\/\\\/www.klima-allianz.ch\\\/fr\\\/#organization\",\"name\":\"Klima-Allianz\",\"url\":\"https:\\\/\\\/www.klima-allianz.ch\\\/fr\\\/\",\"logo\":{\"@type\":\"ImageObject\",\"inLanguage\":\"fr-FR\",\"@id\":\"https:\\\/\\\/www.klima-allianz.ch\\\/fr\\\/#\\\/schema\\\/logo\\\/image\\\/\",\"url\":\"https:\\\/\\\/www.klima-allianz.ch\\\/wp-content\\\/uploads\\\/KA-Favicon-Kreis-1.png\",\"contentUrl\":\"https:\\\/\\\/www.klima-allianz.ch\\\/wp-content\\\/uploads\\\/KA-Favicon-Kreis-1.png\",\"width\":512,\"height\":512,\"caption\":\"Klima-Allianz\"},\"image\":{\"@id\":\"https:\\\/\\\/www.klima-allianz.ch\\\/fr\\\/#\\\/schema\\\/logo\\\/image\\\/\"}}]}<\/script>\n<!-- \/ Yoast SEO plugin. -->","yoast_head_json":{"title":"Conf\u00e9rence publique de Salom\u00e9 Saqu\u00e9 &#8226; Alliance Climatique","robots":{"index":"index","follow":"follow","max-snippet":"max-snippet:-1","max-image-preview":"max-image-preview:large","max-video-preview":"max-video-preview:-1"},"canonical":"https:\/\/www.klima-allianz.ch\/fr\/evenements\/conference-publique-de-salome-saque\/","og_locale":"fr_FR","og_type":"article","og_title":"Conf\u00e9rence publique de Salom\u00e9 Saqu\u00e9 &#8226; Alliance Climatique","og_url":"https:\/\/www.klima-allianz.ch\/fr\/evenements\/conference-publique-de-salome-saque\/","og_site_name":"Alliance Climatique","og_image":[{"width":1200,"height":1200,"url":"https:\/\/www.klima-allianz.ch\/wp-content\/uploads\/2026-01-22-21-35-40-Flyer-Salome-Saque.jpeg","type":"image\/jpeg"}],"twitter_card":"summary_large_image","twitter_misc":{"Dur\u00e9e de lecture estim\u00e9e":"1 minute"},"schema":{"@context":"https:\/\/schema.org","@graph":[{"@type":"WebPage","@id":"https:\/\/www.klima-allianz.ch\/fr\/evenements\/conference-publique-de-salome-saque\/","url":"https:\/\/www.klima-allianz.ch\/fr\/evenements\/conference-publique-de-salome-saque\/","name":"Conf\u00e9rence publique de Salom\u00e9 Saqu\u00e9 &#8226; Alliance Climatique","isPartOf":{"@id":"https:\/\/www.klima-allianz.ch\/fr\/#website"},"primaryImageOfPage":{"@id":"https:\/\/www.klima-allianz.ch\/fr\/evenements\/conference-publique-de-salome-saque\/#primaryimage"},"image":{"@id":"https:\/\/www.klima-allianz.ch\/fr\/evenements\/conference-publique-de-salome-saque\/#primaryimage"},"thumbnailUrl":"https:\/\/www.klima-allianz.ch\/wp-content\/uploads\/2026-01-22-21-35-40-Flyer-Salome-Saque.jpeg","datePublished":"2026-01-23T10:04:31+00:00","breadcrumb":{"@id":"https:\/\/www.klima-allianz.ch\/fr\/evenements\/conference-publique-de-salome-saque\/#breadcrumb"},"inLanguage":"fr-FR","potentialAction":[{"@type":"ReadAction","target":["https:\/\/www.klima-allianz.ch\/fr\/evenements\/conference-publique-de-salome-saque\/"]}]},{"@type":"ImageObject","inLanguage":"fr-FR","@id":"https:\/\/www.klima-allianz.ch\/fr\/evenements\/conference-publique-de-salome-saque\/#primaryimage","url":"https:\/\/www.klima-allianz.ch\/wp-content\/uploads\/2026-01-22-21-35-40-Flyer-Salome-Saque.jpeg","contentUrl":"https:\/\/www.klima-allianz.ch\/wp-content\/uploads\/2026-01-22-21-35-40-Flyer-Salome-Saque.jpeg","width":1200,"height":1200},{"@type":"BreadcrumbList","@id":"https:\/\/www.klima-allianz.ch\/fr\/evenements\/conference-publique-de-salome-saque\/#breadcrumb","itemListElement":[{"@type":"ListItem","position":1,"name":"Home","item":"https:\/\/www.klima-allianz.ch\/fr\/"},{"@type":"ListItem","position":2,"name":"\u00c9v\u00e9nements","item":"https:\/\/www.klima-allianz.ch\/fr\/evenements\/"},{"@type":"ListItem","position":3,"name":"Conf\u00e9rence publique de Salom\u00e9 Saqu\u00e9"}]},{"@type":"WebSite","@id":"https:\/\/www.klima-allianz.ch\/fr\/#website","url":"https:\/\/www.klima-allianz.ch\/fr\/","name":"Alliance Climatique","description":"","publisher":{"@id":"https:\/\/www.klima-allianz.ch\/fr\/#organization"},"potentialAction":[{"@type":"SearchAction","target":{"@type":"EntryPoint","urlTemplate":"https:\/\/www.klima-allianz.ch\/fr\/?s={search_term_string}"},"query-input":{"@type":"PropertyValueSpecification","valueRequired":true,"valueName":"search_term_string"}}],"inLanguage":"fr-FR"},{"@type":"Organization","@id":"https:\/\/www.klima-allianz.ch\/fr\/#organization","name":"Klima-Allianz","url":"https:\/\/www.klima-allianz.ch\/fr\/","logo":{"@type":"ImageObject","inLanguage":"fr-FR","@id":"https:\/\/www.klima-allianz.ch\/fr\/#\/schema\/logo\/image\/","url":"https:\/\/www.klima-allianz.ch\/wp-content\/uploads\/KA-Favicon-Kreis-1.png","contentUrl":"https:\/\/www.klima-allianz.ch\/wp-content\/uploads\/KA-Favicon-Kreis-1.png","width":512,"height":512,"caption":"Klima-Allianz"},"image":{"@id":"https:\/\/www.klima-allianz.ch\/fr\/#\/schema\/logo\/image\/"}}]}},"_links":{"self":[{"href":"https:\/\/www.klima-allianz.ch\/fr\/wp-json\/wp\/v2\/veranstaltungen\/14762","targetHints":{"allow":["GET"]}}],"collection":[{"href":"https:\/\/www.klima-allianz.ch\/fr\/wp-json\/wp\/v2\/veranstaltungen"}],"about":[{"href":"https:\/\/www.klima-allianz.ch\/fr\/wp-json\/wp\/v2\/types\/veranstaltungen"}],"acf:post":[{"embeddable":true,"href":"https:\/\/www.klima-allianz.ch\/fr\/wp-json\/wp\/v2\/mitglieder\/13956"}],"wp:featuredmedia":[{"embeddable":true,"href":"https:\/\/www.klima-allianz.ch\/fr\/wp-json\/wp\/v2\/media\/14763"}],"wp:attachment":[{"href":"https:\/\/www.klima-allianz.ch\/fr\/wp-json\/wp\/v2\/media?parent=14762"}],"wp:term":[{"taxonomy":"regionen","embeddable":true,"href":"https:\/\/www.klima-allianz.ch\/fr\/wp-json\/wp\/v2\/regionen?post=14762"},{"taxonomy":"themen_tax","embeddable":true,"href":"https:\/\/www.klima-allianz.ch\/fr\/wp-json\/wp\/v2\/themen_tax?post=14762"}],"curies":[{"name":"wp","href":"https:\/\/api.w.org\/{rel}","templated":true}]}}