{"id":15151,"date":"2026-04-30T09:59:45","date_gmt":"2026-04-30T07:59:45","guid":{"rendered":"https:\/\/www.klima-allianz.ch\/?post_type=veranstaltungen&#038;p=15151"},"modified":"2026-04-30T09:59:45","modified_gmt":"2026-04-30T07:59:45","slug":"symposium-changement-climatique-et-sante","status":"publish","type":"veranstaltungen","link":"https:\/\/www.klima-allianz.ch\/fr\/evenements\/symposium-changement-climatique-et-sante\/","title":{"rendered":"Symposium: changement climatique et sant\u00e9"},"content":{"rendered":"","protected":false},"featured_media":15152,"template":"","regionen":[28],"themen_tax":[],"class_list":["post-15151","veranstaltungen","type-veranstaltungen","status-publish","has-post-thumbnail","hentry","regionen-suisse-romande"],"better_featured_image":{"id":15152,"alt_text":"","caption":"","description":"","media_type":"image","media_details":{"width":960,"height":500,"file":"unisante_web_symposium_changement_climatique_sante_0.png","filesize":109993,"sizes":{"medium":{"file":"unisante_web_symposium_changement_climatique_sante_0-300x156.png","width":300,"height":156,"mime-type":"image\/png","filesize":10846,"source_url":"https:\/\/www.klima-allianz.ch\/wp-content\/uploads\/unisante_web_symposium_changement_climatique_sante_0-300x156.png"},"thumbnail":{"file":"unisante_web_symposium_changement_climatique_sante_0-550x286.png","width":550,"height":286,"mime-type":"image\/png","filesize":34523,"source_url":"https:\/\/www.klima-allianz.ch\/wp-content\/uploads\/unisante_web_symposium_changement_climatique_sante_0-550x286.png"},"medium_large":{"file":"unisante_web_symposium_changement_climatique_sante_0-768x400.png","width":768,"height":400,"mime-type":"image\/png","filesize":61742,"source_url":"https:\/\/www.klima-allianz.ch\/wp-content\/uploads\/unisante_web_symposium_changement_climatique_sante_0-768x400.png"}},"image_meta":{"aperture":"0","credit":"","camera":"","caption":"","created_timestamp":"0","copyright":"","focal_length":"0","iso":"0","shutter_speed":"0","title":"","orientation":"0","keywords":[]}},"post":15151,"source_url":"https:\/\/www.klima-allianz.ch\/wp-content\/uploads\/unisante_web_symposium_changement_climatique_sante_0.png"},"acf":{"single_day_event":"single-day","zeige_uhrzeit":true,"datum":"2026-05-07 08:45:00","multipleday_event_end_datum":null,"endzeit":"17:00:00","beschreibung":"Le changement climatique a un impact consid\u00e9rable sur la sant\u00e9 des populations. Il engendre des nouveaux d\u00e9fis pour les syst\u00e8mes de sant\u00e9 et les actrices et acteurs de la promotion de la sant\u00e9 et pr\u00e9vention. Ces derniers ont un r\u00f4le essentiel \u00e0 jouer non seulement pour permettre aux populations, aux organisations de sant\u00e9 et aux environnements de s\u2019adapter aux effets du changement climatique, mais aussi pour en att\u00e9nuer son \u00e9volution, en luttant contre ses causes. Ce symposium vise \u00e0 explorer les r\u00f4les ces enjeux.\r\n\r\n<strong><a href=\"https:\/\/www.unisante.ch\/fr\/propos-dunisante\/agenda\/symposium-changement-climatique-sante\">En savoir plus<\/a><\/strong>","adresse":"Institut et Haute \u00c9cole de la Sant\u00e9 - La Source","map":{"address":"Institut et Haute Ecole de la Sant\u00e9 La Source, Avenue Alexandre-Vinet, Lausanne, Suisse","lat":46.527253999999999223291524685919284820556640625,"lng":6.62882200000000043615955291897989809513092041015625,"zoom":11,"place_id":"ChIJA-U5fyUujEcRD19bw6LGYg0","name":"Institut et Haute Ecole de la Sant\u00e9 La Source","street_number":30,"street_name":"Avenue Alexandre-Vinet","street_name_short":"Ave Alexandre-Vinet","city":"Lausanne","state":"Vaud","state_short":"VD","post_code":1004,"country":"Suisse","country_short":"CH"},"organisator_type":"extern","veranstalter":null,"veranstalter_extern":{"name_des_veranstalters":"Institut et Haute \u00e9cole de la sant\u00e9 la Source","logo":""},"downloads":null},"yoast_head":"<!-- This site is optimized with the Yoast SEO plugin v27.5 - https:\/\/yoast.com\/product\/yoast-seo-wordpress\/ -->\n<title>Symposium: changement climatique et sant\u00e9 &#8226; Alliance Climatique<\/title>\n<meta name=\"robots\" content=\"index, follow, max-snippet:-1, max-image-preview:large, max-video-preview:-1\" \/>\n<link rel=\"canonical\" href=\"https:\/\/www.klima-allianz.ch\/fr\/evenements\/symposium-changement-climatique-et-sante\/\" \/>\n<meta property=\"og:locale\" content=\"fr_FR\" \/>\n<meta property=\"og:type\" content=\"article\" \/>\n<meta property=\"og:title\" content=\"Symposium: changement climatique et sant\u00e9 &#8226; Alliance Climatique\" \/>\n<meta property=\"og:url\" content=\"https:\/\/www.klima-allianz.ch\/fr\/evenements\/symposium-changement-climatique-et-sante\/\" \/>\n<meta property=\"og:site_name\" content=\"Alliance Climatique\" \/>\n<meta property=\"og:image\" content=\"https:\/\/www.klima-allianz.ch\/wp-content\/uploads\/unisante_web_symposium_changement_climatique_sante_0.png\" \/>\n\t<meta property=\"og:image:width\" content=\"960\" \/>\n\t<meta property=\"og:image:height\" content=\"500\" \/>\n\t<meta property=\"og:image:type\" content=\"image\/png\" \/>\n<meta name=\"twitter:card\" content=\"summary_large_image\" \/>\n<meta name=\"twitter:label1\" content=\"Dur\u00e9e de lecture estim\u00e9e\" \/>\n\t<meta name=\"twitter:data1\" content=\"1 minute\" \/>\n<script type=\"application\/ld+json\" class=\"yoast-schema-graph\">{\"@context\":\"https:\\\/\\\/schema.org\",\"@graph\":[{\"@type\":\"WebPage\",\"@id\":\"https:\\\/\\\/www.klima-allianz.ch\\\/fr\\\/evenements\\\/symposium-changement-climatique-et-sante\\\/\",\"url\":\"https:\\\/\\\/www.klima-allianz.ch\\\/fr\\\/evenements\\\/symposium-changement-climatique-et-sante\\\/\",\"name\":\"Symposium: changement climatique et sant\u00e9 &#8226; Alliance Climatique\",\"isPartOf\":{\"@id\":\"https:\\\/\\\/www.klima-allianz.ch\\\/fr\\\/#website\"},\"primaryImageOfPage\":{\"@id\":\"https:\\\/\\\/www.klima-allianz.ch\\\/fr\\\/evenements\\\/symposium-changement-climatique-et-sante\\\/#primaryimage\"},\"image\":{\"@id\":\"https:\\\/\\\/www.klima-allianz.ch\\\/fr\\\/evenements\\\/symposium-changement-climatique-et-sante\\\/#primaryimage\"},\"thumbnailUrl\":\"https:\\\/\\\/www.klima-allianz.ch\\\/wp-content\\\/uploads\\\/unisante_web_symposium_changement_climatique_sante_0.png\",\"datePublished\":\"2026-04-30T07:59:45+00:00\",\"breadcrumb\":{\"@id\":\"https:\\\/\\\/www.klima-allianz.ch\\\/fr\\\/evenements\\\/symposium-changement-climatique-et-sante\\\/#breadcrumb\"},\"inLanguage\":\"fr-FR\",\"potentialAction\":[{\"@type\":\"ReadAction\",\"target\":[\"https:\\\/\\\/www.klima-allianz.ch\\\/fr\\\/evenements\\\/symposium-changement-climatique-et-sante\\\/\"]}]},{\"@type\":\"ImageObject\",\"inLanguage\":\"fr-FR\",\"@id\":\"https:\\\/\\\/www.klima-allianz.ch\\\/fr\\\/evenements\\\/symposium-changement-climatique-et-sante\\\/#primaryimage\",\"url\":\"https:\\\/\\\/www.klima-allianz.ch\\\/wp-content\\\/uploads\\\/unisante_web_symposium_changement_climatique_sante_0.png\",\"contentUrl\":\"https:\\\/\\\/www.klima-allianz.ch\\\/wp-content\\\/uploads\\\/unisante_web_symposium_changement_climatique_sante_0.png\",\"width\":960,\"height\":500},{\"@type\":\"BreadcrumbList\",\"@id\":\"https:\\\/\\\/www.klima-allianz.ch\\\/fr\\\/evenements\\\/symposium-changement-climatique-et-sante\\\/#breadcrumb\",\"itemListElement\":[{\"@type\":\"ListItem\",\"position\":1,\"name\":\"Home\",\"item\":\"https:\\\/\\\/www.klima-allianz.ch\\\/fr\\\/\"},{\"@type\":\"ListItem\",\"position\":2,\"name\":\"\u00c9v\u00e9nements\",\"item\":\"https:\\\/\\\/www.klima-allianz.ch\\\/fr\\\/evenements\\\/\"},{\"@type\":\"ListItem\",\"position\":3,\"name\":\"Symposium: changement climatique et sant\u00e9\"}]},{\"@type\":\"WebSite\",\"@id\":\"https:\\\/\\\/www.klima-allianz.ch\\\/fr\\\/#website\",\"url\":\"https:\\\/\\\/www.klima-allianz.ch\\\/fr\\\/\",\"name\":\"Alliance Climatique\",\"description\":\"\",\"publisher\":{\"@id\":\"https:\\\/\\\/www.klima-allianz.ch\\\/fr\\\/#organization\"},\"potentialAction\":[{\"@type\":\"SearchAction\",\"target\":{\"@type\":\"EntryPoint\",\"urlTemplate\":\"https:\\\/\\\/www.klima-allianz.ch\\\/fr\\\/?s={search_term_string}\"},\"query-input\":{\"@type\":\"PropertyValueSpecification\",\"valueRequired\":true,\"valueName\":\"search_term_string\"}}],\"inLanguage\":\"fr-FR\"},{\"@type\":\"Organization\",\"@id\":\"https:\\\/\\\/www.klima-allianz.ch\\\/fr\\\/#organization\",\"name\":\"Klima-Allianz\",\"url\":\"https:\\\/\\\/www.klima-allianz.ch\\\/fr\\\/\",\"logo\":{\"@type\":\"ImageObject\",\"inLanguage\":\"fr-FR\",\"@id\":\"https:\\\/\\\/www.klima-allianz.ch\\\/fr\\\/#\\\/schema\\\/logo\\\/image\\\/\",\"url\":\"https:\\\/\\\/www.klima-allianz.ch\\\/wp-content\\\/uploads\\\/KA-Favicon-Kreis-1.png\",\"contentUrl\":\"https:\\\/\\\/www.klima-allianz.ch\\\/wp-content\\\/uploads\\\/KA-Favicon-Kreis-1.png\",\"width\":512,\"height\":512,\"caption\":\"Klima-Allianz\"},\"image\":{\"@id\":\"https:\\\/\\\/www.klima-allianz.ch\\\/fr\\\/#\\\/schema\\\/logo\\\/image\\\/\"}}]}<\/script>\n<!-- \/ Yoast SEO plugin. -->","yoast_head_json":{"title":"Symposium: changement climatique et sant\u00e9 &#8226; Alliance Climatique","robots":{"index":"index","follow":"follow","max-snippet":"max-snippet:-1","max-image-preview":"max-image-preview:large","max-video-preview":"max-video-preview:-1"},"canonical":"https:\/\/www.klima-allianz.ch\/fr\/evenements\/symposium-changement-climatique-et-sante\/","og_locale":"fr_FR","og_type":"article","og_title":"Symposium: changement climatique et sant\u00e9 &#8226; Alliance Climatique","og_url":"https:\/\/www.klima-allianz.ch\/fr\/evenements\/symposium-changement-climatique-et-sante\/","og_site_name":"Alliance Climatique","og_image":[{"width":960,"height":500,"url":"https:\/\/www.klima-allianz.ch\/wp-content\/uploads\/unisante_web_symposium_changement_climatique_sante_0.png","type":"image\/png"}],"twitter_card":"summary_large_image","twitter_misc":{"Dur\u00e9e de lecture estim\u00e9e":"1 minute"},"schema":{"@context":"https:\/\/schema.org","@graph":[{"@type":"WebPage","@id":"https:\/\/www.klima-allianz.ch\/fr\/evenements\/symposium-changement-climatique-et-sante\/","url":"https:\/\/www.klima-allianz.ch\/fr\/evenements\/symposium-changement-climatique-et-sante\/","name":"Symposium: changement climatique et sant\u00e9 &#8226; Alliance Climatique","isPartOf":{"@id":"https:\/\/www.klima-allianz.ch\/fr\/#website"},"primaryImageOfPage":{"@id":"https:\/\/www.klima-allianz.ch\/fr\/evenements\/symposium-changement-climatique-et-sante\/#primaryimage"},"image":{"@id":"https:\/\/www.klima-allianz.ch\/fr\/evenements\/symposium-changement-climatique-et-sante\/#primaryimage"},"thumbnailUrl":"https:\/\/www.klima-allianz.ch\/wp-content\/uploads\/unisante_web_symposium_changement_climatique_sante_0.png","datePublished":"2026-04-30T07:59:45+00:00","breadcrumb":{"@id":"https:\/\/www.klima-allianz.ch\/fr\/evenements\/symposium-changement-climatique-et-sante\/#breadcrumb"},"inLanguage":"fr-FR","potentialAction":[{"@type":"ReadAction","target":["https:\/\/www.klima-allianz.ch\/fr\/evenements\/symposium-changement-climatique-et-sante\/"]}]},{"@type":"ImageObject","inLanguage":"fr-FR","@id":"https:\/\/www.klima-allianz.ch\/fr\/evenements\/symposium-changement-climatique-et-sante\/#primaryimage","url":"https:\/\/www.klima-allianz.ch\/wp-content\/uploads\/unisante_web_symposium_changement_climatique_sante_0.png","contentUrl":"https:\/\/www.klima-allianz.ch\/wp-content\/uploads\/unisante_web_symposium_changement_climatique_sante_0.png","width":960,"height":500},{"@type":"BreadcrumbList","@id":"https:\/\/www.klima-allianz.ch\/fr\/evenements\/symposium-changement-climatique-et-sante\/#breadcrumb","itemListElement":[{"@type":"ListItem","position":1,"name":"Home","item":"https:\/\/www.klima-allianz.ch\/fr\/"},{"@type":"ListItem","position":2,"name":"\u00c9v\u00e9nements","item":"https:\/\/www.klima-allianz.ch\/fr\/evenements\/"},{"@type":"ListItem","position":3,"name":"Symposium: changement climatique et sant\u00e9"}]},{"@type":"WebSite","@id":"https:\/\/www.klima-allianz.ch\/fr\/#website","url":"https:\/\/www.klima-allianz.ch\/fr\/","name":"Alliance Climatique","description":"","publisher":{"@id":"https:\/\/www.klima-allianz.ch\/fr\/#organization"},"potentialAction":[{"@type":"SearchAction","target":{"@type":"EntryPoint","urlTemplate":"https:\/\/www.klima-allianz.ch\/fr\/?s={search_term_string}"},"query-input":{"@type":"PropertyValueSpecification","valueRequired":true,"valueName":"search_term_string"}}],"inLanguage":"fr-FR"},{"@type":"Organization","@id":"https:\/\/www.klima-allianz.ch\/fr\/#organization","name":"Klima-Allianz","url":"https:\/\/www.klima-allianz.ch\/fr\/","logo":{"@type":"ImageObject","inLanguage":"fr-FR","@id":"https:\/\/www.klima-allianz.ch\/fr\/#\/schema\/logo\/image\/","url":"https:\/\/www.klima-allianz.ch\/wp-content\/uploads\/KA-Favicon-Kreis-1.png","contentUrl":"https:\/\/www.klima-allianz.ch\/wp-content\/uploads\/KA-Favicon-Kreis-1.png","width":512,"height":512,"caption":"Klima-Allianz"},"image":{"@id":"https:\/\/www.klima-allianz.ch\/fr\/#\/schema\/logo\/image\/"}}]}},"_links":{"self":[{"href":"https:\/\/www.klima-allianz.ch\/fr\/wp-json\/wp\/v2\/veranstaltungen\/15151","targetHints":{"allow":["GET"]}}],"collection":[{"href":"https:\/\/www.klima-allianz.ch\/fr\/wp-json\/wp\/v2\/veranstaltungen"}],"about":[{"href":"https:\/\/www.klima-allianz.ch\/fr\/wp-json\/wp\/v2\/types\/veranstaltungen"}],"wp:featuredmedia":[{"embeddable":true,"href":"https:\/\/www.klima-allianz.ch\/fr\/wp-json\/wp\/v2\/media\/15152"}],"wp:attachment":[{"href":"https:\/\/www.klima-allianz.ch\/fr\/wp-json\/wp\/v2\/media?parent=15151"}],"wp:term":[{"taxonomy":"regionen","embeddable":true,"href":"https:\/\/www.klima-allianz.ch\/fr\/wp-json\/wp\/v2\/regionen?post=15151"},{"taxonomy":"themen_tax","embeddable":true,"href":"https:\/\/www.klima-allianz.ch\/fr\/wp-json\/wp\/v2\/themen_tax?post=15151"}],"curies":[{"name":"wp","href":"https:\/\/api.w.org\/{rel}","templated":true}]}}