{"id":15154,"date":"2026-04-30T10:01:36","date_gmt":"2026-04-30T08:01:36","guid":{"rendered":"https:\/\/www.klima-allianz.ch\/?post_type=veranstaltungen&#038;p=15154"},"modified":"2026-04-30T10:01:36","modified_gmt":"2026-04-30T08:01:36","slug":"les-pfas-sont-partout-que-fait-on","status":"publish","type":"veranstaltungen","link":"https:\/\/www.klima-allianz.ch\/fr\/evenements\/les-pfas-sont-partout-que-fait-on\/","title":{"rendered":"Les PFAS sont partout: que fait-on?"},"content":{"rendered":"","protected":false},"featured_media":15155,"template":"","regionen":[28],"themen_tax":[],"class_list":["post-15154","veranstaltungen","type-veranstaltungen","status-publish","has-post-thumbnail","hentry","regionen-suisse-romande"],"better_featured_image":{"id":15155,"alt_text":"","caption":"","description":"","media_type":"image","media_details":{"width":1066,"height":799,"file":"1768818708026.M.png","filesize":85966,"sizes":{"medium":{"file":"1768818708026.M-300x225.png","width":300,"height":225,"mime-type":"image\/png","filesize":26939,"source_url":"https:\/\/www.klima-allianz.ch\/wp-content\/uploads\/1768818708026.M-300x225.png"},"large":{"file":"1768818708026.M-1024x768.png","width":1024,"height":768,"mime-type":"image\/png","filesize":129075,"source_url":"https:\/\/www.klima-allianz.ch\/wp-content\/uploads\/1768818708026.M-1024x768.png"},"thumbnail":{"file":"1768818708026.M-550x412.png","width":550,"height":412,"mime-type":"image\/png","filesize":65045,"source_url":"https:\/\/www.klima-allianz.ch\/wp-content\/uploads\/1768818708026.M-550x412.png"},"medium_large":{"file":"1768818708026.M-768x576.png","width":768,"height":576,"mime-type":"image\/png","filesize":98034,"source_url":"https:\/\/www.klima-allianz.ch\/wp-content\/uploads\/1768818708026.M-768x576.png"}},"image_meta":{"aperture":"0","credit":"","camera":"","caption":"","created_timestamp":"0","copyright":"","focal_length":"0","iso":"0","shutter_speed":"0","title":"","orientation":"0","keywords":[]}},"post":15154,"source_url":"https:\/\/www.klima-allianz.ch\/wp-content\/uploads\/1768818708026.M.png"},"acf":{"single_day_event":"single-day","zeige_uhrzeit":true,"datum":"2026-05-05 12:15:00","multipleday_event_end_datum":null,"endzeit":"13:15:00","beschreibung":"Ce s\u00e9minaire en deux parties reviendra sur les r\u00e9sultats de la grande \u00e9tude national de biomonitoring des PFAS dont les r\u00e9sultats sont parus en avril 2025. Dans la deuxi\u00e8me partie, il s'agira de voir quel r\u00f4le peuvent jouer les professionnels de sant\u00e9 dans le fait de limiter l'exposition des enfants aux PFAS.\r\n\r\n<strong><a href=\"https:\/\/www.unil.ch\/events\/fr\/1768818708026?utm_source=mailpoet&amp;utm_medium=email&amp;utm_source_platform=mailpoet&amp;utm_campaign=newsletter-unil-en-transition-janvier-2026-4\">En savoir plus<\/a><\/strong>","adresse":"H\u00f4pital des enfants (Rue du Bugnon 50), Lausanne","map":{"address":"H\u00f4pital des enfants CHUV, Rue du Bugnon 50, Lausanne, Suisse","lat":46.52605779999999668916643713600933551788330078125,"lng":6.64158139999999974634192767553031444549560546875,"zoom":11,"place_id":"ChIJ5dytDgAvjEcRwBsyX9TmA_o","name":"H\u00f4pital des enfants CHUV","street_number":50,"street_name":"Rue du Bugnon","city":"Lausanne","state":"Vaud","state_short":"VD","post_code":1011,"country":"Suisse","country_short":"CH"},"organisator_type":"extern","veranstalter":null,"veranstalter_extern":{"name_des_veranstalters":"Universit\u00e9 de Lausanne","logo":""},"downloads":null},"yoast_head":"<!-- This site is optimized with the Yoast SEO plugin v27.5 - https:\/\/yoast.com\/product\/yoast-seo-wordpress\/ -->\n<title>Les PFAS sont partout: que fait-on? &#8226; Alliance Climatique<\/title>\n<meta name=\"robots\" content=\"index, follow, max-snippet:-1, max-image-preview:large, max-video-preview:-1\" \/>\n<link rel=\"canonical\" href=\"https:\/\/www.klima-allianz.ch\/fr\/evenements\/les-pfas-sont-partout-que-fait-on\/\" \/>\n<meta property=\"og:locale\" content=\"fr_FR\" \/>\n<meta property=\"og:type\" content=\"article\" \/>\n<meta property=\"og:title\" content=\"Les PFAS sont partout: que fait-on? &#8226; Alliance Climatique\" \/>\n<meta property=\"og:url\" content=\"https:\/\/www.klima-allianz.ch\/fr\/evenements\/les-pfas-sont-partout-que-fait-on\/\" \/>\n<meta property=\"og:site_name\" content=\"Alliance Climatique\" \/>\n<meta property=\"og:image\" content=\"https:\/\/www.klima-allianz.ch\/wp-content\/uploads\/1768818708026.M.png\" \/>\n\t<meta property=\"og:image:width\" content=\"1066\" \/>\n\t<meta property=\"og:image:height\" content=\"799\" \/>\n\t<meta property=\"og:image:type\" content=\"image\/png\" \/>\n<meta name=\"twitter:card\" content=\"summary_large_image\" \/>\n<meta name=\"twitter:label1\" content=\"Dur\u00e9e de lecture estim\u00e9e\" \/>\n\t<meta name=\"twitter:data1\" content=\"1 minute\" \/>\n<script type=\"application\/ld+json\" class=\"yoast-schema-graph\">{\"@context\":\"https:\\\/\\\/schema.org\",\"@graph\":[{\"@type\":\"WebPage\",\"@id\":\"https:\\\/\\\/www.klima-allianz.ch\\\/fr\\\/evenements\\\/les-pfas-sont-partout-que-fait-on\\\/\",\"url\":\"https:\\\/\\\/www.klima-allianz.ch\\\/fr\\\/evenements\\\/les-pfas-sont-partout-que-fait-on\\\/\",\"name\":\"Les PFAS sont partout: que fait-on? &#8226; Alliance Climatique\",\"isPartOf\":{\"@id\":\"https:\\\/\\\/www.klima-allianz.ch\\\/fr\\\/#website\"},\"primaryImageOfPage\":{\"@id\":\"https:\\\/\\\/www.klima-allianz.ch\\\/fr\\\/evenements\\\/les-pfas-sont-partout-que-fait-on\\\/#primaryimage\"},\"image\":{\"@id\":\"https:\\\/\\\/www.klima-allianz.ch\\\/fr\\\/evenements\\\/les-pfas-sont-partout-que-fait-on\\\/#primaryimage\"},\"thumbnailUrl\":\"https:\\\/\\\/www.klima-allianz.ch\\\/wp-content\\\/uploads\\\/1768818708026.M.png\",\"datePublished\":\"2026-04-30T08:01:36+00:00\",\"breadcrumb\":{\"@id\":\"https:\\\/\\\/www.klima-allianz.ch\\\/fr\\\/evenements\\\/les-pfas-sont-partout-que-fait-on\\\/#breadcrumb\"},\"inLanguage\":\"fr-FR\",\"potentialAction\":[{\"@type\":\"ReadAction\",\"target\":[\"https:\\\/\\\/www.klima-allianz.ch\\\/fr\\\/evenements\\\/les-pfas-sont-partout-que-fait-on\\\/\"]}]},{\"@type\":\"ImageObject\",\"inLanguage\":\"fr-FR\",\"@id\":\"https:\\\/\\\/www.klima-allianz.ch\\\/fr\\\/evenements\\\/les-pfas-sont-partout-que-fait-on\\\/#primaryimage\",\"url\":\"https:\\\/\\\/www.klima-allianz.ch\\\/wp-content\\\/uploads\\\/1768818708026.M.png\",\"contentUrl\":\"https:\\\/\\\/www.klima-allianz.ch\\\/wp-content\\\/uploads\\\/1768818708026.M.png\",\"width\":1066,\"height\":799},{\"@type\":\"BreadcrumbList\",\"@id\":\"https:\\\/\\\/www.klima-allianz.ch\\\/fr\\\/evenements\\\/les-pfas-sont-partout-que-fait-on\\\/#breadcrumb\",\"itemListElement\":[{\"@type\":\"ListItem\",\"position\":1,\"name\":\"Home\",\"item\":\"https:\\\/\\\/www.klima-allianz.ch\\\/fr\\\/\"},{\"@type\":\"ListItem\",\"position\":2,\"name\":\"\u00c9v\u00e9nements\",\"item\":\"https:\\\/\\\/www.klima-allianz.ch\\\/fr\\\/evenements\\\/\"},{\"@type\":\"ListItem\",\"position\":3,\"name\":\"Les PFAS sont partout: que fait-on?\"}]},{\"@type\":\"WebSite\",\"@id\":\"https:\\\/\\\/www.klima-allianz.ch\\\/fr\\\/#website\",\"url\":\"https:\\\/\\\/www.klima-allianz.ch\\\/fr\\\/\",\"name\":\"Alliance Climatique\",\"description\":\"\",\"publisher\":{\"@id\":\"https:\\\/\\\/www.klima-allianz.ch\\\/fr\\\/#organization\"},\"potentialAction\":[{\"@type\":\"SearchAction\",\"target\":{\"@type\":\"EntryPoint\",\"urlTemplate\":\"https:\\\/\\\/www.klima-allianz.ch\\\/fr\\\/?s={search_term_string}\"},\"query-input\":{\"@type\":\"PropertyValueSpecification\",\"valueRequired\":true,\"valueName\":\"search_term_string\"}}],\"inLanguage\":\"fr-FR\"},{\"@type\":\"Organization\",\"@id\":\"https:\\\/\\\/www.klima-allianz.ch\\\/fr\\\/#organization\",\"name\":\"Klima-Allianz\",\"url\":\"https:\\\/\\\/www.klima-allianz.ch\\\/fr\\\/\",\"logo\":{\"@type\":\"ImageObject\",\"inLanguage\":\"fr-FR\",\"@id\":\"https:\\\/\\\/www.klima-allianz.ch\\\/fr\\\/#\\\/schema\\\/logo\\\/image\\\/\",\"url\":\"https:\\\/\\\/www.klima-allianz.ch\\\/wp-content\\\/uploads\\\/KA-Favicon-Kreis-1.png\",\"contentUrl\":\"https:\\\/\\\/www.klima-allianz.ch\\\/wp-content\\\/uploads\\\/KA-Favicon-Kreis-1.png\",\"width\":512,\"height\":512,\"caption\":\"Klima-Allianz\"},\"image\":{\"@id\":\"https:\\\/\\\/www.klima-allianz.ch\\\/fr\\\/#\\\/schema\\\/logo\\\/image\\\/\"}}]}<\/script>\n<!-- \/ Yoast SEO plugin. -->","yoast_head_json":{"title":"Les PFAS sont partout: que fait-on? &#8226; Alliance Climatique","robots":{"index":"index","follow":"follow","max-snippet":"max-snippet:-1","max-image-preview":"max-image-preview:large","max-video-preview":"max-video-preview:-1"},"canonical":"https:\/\/www.klima-allianz.ch\/fr\/evenements\/les-pfas-sont-partout-que-fait-on\/","og_locale":"fr_FR","og_type":"article","og_title":"Les PFAS sont partout: que fait-on? &#8226; Alliance Climatique","og_url":"https:\/\/www.klima-allianz.ch\/fr\/evenements\/les-pfas-sont-partout-que-fait-on\/","og_site_name":"Alliance Climatique","og_image":[{"width":1066,"height":799,"url":"https:\/\/www.klima-allianz.ch\/wp-content\/uploads\/1768818708026.M.png","type":"image\/png"}],"twitter_card":"summary_large_image","twitter_misc":{"Dur\u00e9e de lecture estim\u00e9e":"1 minute"},"schema":{"@context":"https:\/\/schema.org","@graph":[{"@type":"WebPage","@id":"https:\/\/www.klima-allianz.ch\/fr\/evenements\/les-pfas-sont-partout-que-fait-on\/","url":"https:\/\/www.klima-allianz.ch\/fr\/evenements\/les-pfas-sont-partout-que-fait-on\/","name":"Les PFAS sont partout: que fait-on? &#8226; Alliance Climatique","isPartOf":{"@id":"https:\/\/www.klima-allianz.ch\/fr\/#website"},"primaryImageOfPage":{"@id":"https:\/\/www.klima-allianz.ch\/fr\/evenements\/les-pfas-sont-partout-que-fait-on\/#primaryimage"},"image":{"@id":"https:\/\/www.klima-allianz.ch\/fr\/evenements\/les-pfas-sont-partout-que-fait-on\/#primaryimage"},"thumbnailUrl":"https:\/\/www.klima-allianz.ch\/wp-content\/uploads\/1768818708026.M.png","datePublished":"2026-04-30T08:01:36+00:00","breadcrumb":{"@id":"https:\/\/www.klima-allianz.ch\/fr\/evenements\/les-pfas-sont-partout-que-fait-on\/#breadcrumb"},"inLanguage":"fr-FR","potentialAction":[{"@type":"ReadAction","target":["https:\/\/www.klima-allianz.ch\/fr\/evenements\/les-pfas-sont-partout-que-fait-on\/"]}]},{"@type":"ImageObject","inLanguage":"fr-FR","@id":"https:\/\/www.klima-allianz.ch\/fr\/evenements\/les-pfas-sont-partout-que-fait-on\/#primaryimage","url":"https:\/\/www.klima-allianz.ch\/wp-content\/uploads\/1768818708026.M.png","contentUrl":"https:\/\/www.klima-allianz.ch\/wp-content\/uploads\/1768818708026.M.png","width":1066,"height":799},{"@type":"BreadcrumbList","@id":"https:\/\/www.klima-allianz.ch\/fr\/evenements\/les-pfas-sont-partout-que-fait-on\/#breadcrumb","itemListElement":[{"@type":"ListItem","position":1,"name":"Home","item":"https:\/\/www.klima-allianz.ch\/fr\/"},{"@type":"ListItem","position":2,"name":"\u00c9v\u00e9nements","item":"https:\/\/www.klima-allianz.ch\/fr\/evenements\/"},{"@type":"ListItem","position":3,"name":"Les PFAS sont partout: que fait-on?"}]},{"@type":"WebSite","@id":"https:\/\/www.klima-allianz.ch\/fr\/#website","url":"https:\/\/www.klima-allianz.ch\/fr\/","name":"Alliance Climatique","description":"","publisher":{"@id":"https:\/\/www.klima-allianz.ch\/fr\/#organization"},"potentialAction":[{"@type":"SearchAction","target":{"@type":"EntryPoint","urlTemplate":"https:\/\/www.klima-allianz.ch\/fr\/?s={search_term_string}"},"query-input":{"@type":"PropertyValueSpecification","valueRequired":true,"valueName":"search_term_string"}}],"inLanguage":"fr-FR"},{"@type":"Organization","@id":"https:\/\/www.klima-allianz.ch\/fr\/#organization","name":"Klima-Allianz","url":"https:\/\/www.klima-allianz.ch\/fr\/","logo":{"@type":"ImageObject","inLanguage":"fr-FR","@id":"https:\/\/www.klima-allianz.ch\/fr\/#\/schema\/logo\/image\/","url":"https:\/\/www.klima-allianz.ch\/wp-content\/uploads\/KA-Favicon-Kreis-1.png","contentUrl":"https:\/\/www.klima-allianz.ch\/wp-content\/uploads\/KA-Favicon-Kreis-1.png","width":512,"height":512,"caption":"Klima-Allianz"},"image":{"@id":"https:\/\/www.klima-allianz.ch\/fr\/#\/schema\/logo\/image\/"}}]}},"_links":{"self":[{"href":"https:\/\/www.klima-allianz.ch\/fr\/wp-json\/wp\/v2\/veranstaltungen\/15154","targetHints":{"allow":["GET"]}}],"collection":[{"href":"https:\/\/www.klima-allianz.ch\/fr\/wp-json\/wp\/v2\/veranstaltungen"}],"about":[{"href":"https:\/\/www.klima-allianz.ch\/fr\/wp-json\/wp\/v2\/types\/veranstaltungen"}],"wp:featuredmedia":[{"embeddable":true,"href":"https:\/\/www.klima-allianz.ch\/fr\/wp-json\/wp\/v2\/media\/15155"}],"wp:attachment":[{"href":"https:\/\/www.klima-allianz.ch\/fr\/wp-json\/wp\/v2\/media?parent=15154"}],"wp:term":[{"taxonomy":"regionen","embeddable":true,"href":"https:\/\/www.klima-allianz.ch\/fr\/wp-json\/wp\/v2\/regionen?post=15154"},{"taxonomy":"themen_tax","embeddable":true,"href":"https:\/\/www.klima-allianz.ch\/fr\/wp-json\/wp\/v2\/themen_tax?post=15154"}],"curies":[{"name":"wp","href":"https:\/\/api.w.org\/{rel}","templated":true}]}}