{"id":6773,"date":"2021-06-01T10:04:48","date_gmt":"2021-06-01T10:04:48","guid":{"rendered":"https:\/\/www.klima-allianz.ch\/?post_type=veranstaltungen&#038;p=6773"},"modified":"2021-06-01T10:05:14","modified_gmt":"2021-06-01T10:05:14","slug":"lenergie-nucleaire-dans-la-crise-climatique-sortie-ou-impasse","status":"publish","type":"veranstaltungen","link":"https:\/\/www.klima-allianz.ch\/fr\/evenements\/lenergie-nucleaire-dans-la-crise-climatique-sortie-ou-impasse\/","title":{"rendered":"L&rsquo;\u00e9nergie nucl\u00e9aire dans la crise climatique : sortie ou impasse ?"},"content":{"rendered":"","protected":false},"featured_media":0,"template":"","regionen":[],"themen_tax":[],"class_list":["post-6773","veranstaltungen","type-veranstaltungen","status-publish","hentry"],"better_featured_image":null,"acf":{"single_day_event":"single-day","zeige_uhrzeit":true,"datum":"2021-09-25 14:00:00","multipleday_event_end_datum":null,"endzeit":"18:30","beschreibung":"La crise climatique progresse - il faut agir rapidement ! Afin d'arr\u00eater le r\u00e9chauffement climatique, nous devons d\u00e9carboniser compl\u00e8tement le secteur de l'\u00e9nergie. Le temps venu pour l'\u00e9nergie nucl\u00e9aire - disent certains. Les voix critiques r\u00e9torquent que les centrales nucl\u00e9aires sont trop dangereuses, trop co\u00fbteuses et trop lentes pour apporter une contribution utile \u00e0 la protection du climat. Les centrales nucl\u00e9aires ont-elles un r\u00f4le \u00e0 jouer dans la crise climatique ? Qu'en est-il du bilan CO2 ? Que se passe-t-il avec les d\u00e9chets nucl\u00e9aires ? Qu'en est-il des co\u00fbts et des risques ? \u00c0 quoi ressemble une alimentation \u00e9lectrique respectueuse du climat et de l'environnement ? AKWende et SES vous invitent \u00e0 l'atelier \"L'\u00e9nergie nucl\u00e9aire dans la crise climatique : sortie ou impasse ?\" et \u00e0 une discussion commune avec des experts scientifiques. Informations et inscriptions sur : www.akw-und-klima.ch, entr\u00e9e libre.","adresse":"Kulturpark Z\u00fcrich","map":null,"organisator_type":"intern","veranstalter":4459,"veranstalter_extern":{"name_des_veranstalters":"","logo":null},"downloads":[{"titel":"","datei":6772}]},"yoast_head":"<!-- This site is optimized with the Yoast SEO plugin v27.5 - https:\/\/yoast.com\/product\/yoast-seo-wordpress\/ -->\n<title>L&#039;\u00e9nergie nucl\u00e9aire dans la crise climatique : sortie ou impasse ? &#8226; Alliance Climatique<\/title>\n<meta name=\"description\" content=\"La crise climatique progresse - il faut agir rapidement ! Afin d&#039;arr\u00eater le r\u00e9chauffement climatique, nous devons d\u00e9carboniser compl\u00e8tement le secteur de l&#039;\u00e9nergie.\" \/>\n<meta name=\"robots\" content=\"index, follow, max-snippet:-1, max-image-preview:large, max-video-preview:-1\" \/>\n<link rel=\"canonical\" href=\"https:\/\/www.klima-allianz.ch\/fr\/evenements\/lenergie-nucleaire-dans-la-crise-climatique-sortie-ou-impasse\/\" \/>\n<meta property=\"og:locale\" content=\"fr_FR\" \/>\n<meta property=\"og:type\" content=\"article\" \/>\n<meta property=\"og:title\" content=\"L&#039;\u00e9nergie nucl\u00e9aire dans la crise climatique : sortie ou impasse ? &#8226; Alliance Climatique\" \/>\n<meta property=\"og:description\" content=\"La crise climatique progresse - il faut agir rapidement ! Afin d&#039;arr\u00eater le r\u00e9chauffement climatique, nous devons d\u00e9carboniser compl\u00e8tement le secteur de l&#039;\u00e9nergie.\" \/>\n<meta property=\"og:url\" content=\"https:\/\/www.klima-allianz.ch\/fr\/evenements\/lenergie-nucleaire-dans-la-crise-climatique-sortie-ou-impasse\/\" \/>\n<meta property=\"og:site_name\" content=\"Alliance Climatique\" \/>\n<meta property=\"article:modified_time\" content=\"2021-06-01T10:05:14+00:00\" \/>\n<meta name=\"twitter:card\" content=\"summary_large_image\" \/>\n<script type=\"application\/ld+json\" class=\"yoast-schema-graph\">{\"@context\":\"https:\\\/\\\/schema.org\",\"@graph\":[{\"@type\":\"WebPage\",\"@id\":\"https:\\\/\\\/www.klima-allianz.ch\\\/fr\\\/evenements\\\/lenergie-nucleaire-dans-la-crise-climatique-sortie-ou-impasse\\\/\",\"url\":\"https:\\\/\\\/www.klima-allianz.ch\\\/fr\\\/evenements\\\/lenergie-nucleaire-dans-la-crise-climatique-sortie-ou-impasse\\\/\",\"name\":\"L'\u00e9nergie nucl\u00e9aire dans la crise climatique : sortie ou impasse ? &#8226; Alliance Climatique\",\"isPartOf\":{\"@id\":\"https:\\\/\\\/www.klima-allianz.ch\\\/fr\\\/#website\"},\"datePublished\":\"2021-06-01T10:04:48+00:00\",\"dateModified\":\"2021-06-01T10:05:14+00:00\",\"description\":\"La crise climatique progresse - il faut agir rapidement ! Afin d'arr\u00eater le r\u00e9chauffement climatique, nous devons d\u00e9carboniser compl\u00e8tement le secteur de l'\u00e9nergie.\",\"breadcrumb\":{\"@id\":\"https:\\\/\\\/www.klima-allianz.ch\\\/fr\\\/evenements\\\/lenergie-nucleaire-dans-la-crise-climatique-sortie-ou-impasse\\\/#breadcrumb\"},\"inLanguage\":\"fr-FR\",\"potentialAction\":[{\"@type\":\"ReadAction\",\"target\":[\"https:\\\/\\\/www.klima-allianz.ch\\\/fr\\\/evenements\\\/lenergie-nucleaire-dans-la-crise-climatique-sortie-ou-impasse\\\/\"]}]},{\"@type\":\"BreadcrumbList\",\"@id\":\"https:\\\/\\\/www.klima-allianz.ch\\\/fr\\\/evenements\\\/lenergie-nucleaire-dans-la-crise-climatique-sortie-ou-impasse\\\/#breadcrumb\",\"itemListElement\":[{\"@type\":\"ListItem\",\"position\":1,\"name\":\"Home\",\"item\":\"https:\\\/\\\/www.klima-allianz.ch\\\/fr\\\/\"},{\"@type\":\"ListItem\",\"position\":2,\"name\":\"\u00c9v\u00e9nements\",\"item\":\"https:\\\/\\\/www.klima-allianz.ch\\\/fr\\\/evenements\\\/\"},{\"@type\":\"ListItem\",\"position\":3,\"name\":\"L&#8217;\u00e9nergie nucl\u00e9aire dans la crise climatique : sortie ou impasse ?\"}]},{\"@type\":\"WebSite\",\"@id\":\"https:\\\/\\\/www.klima-allianz.ch\\\/fr\\\/#website\",\"url\":\"https:\\\/\\\/www.klima-allianz.ch\\\/fr\\\/\",\"name\":\"Alliance Climatique\",\"description\":\"\",\"publisher\":{\"@id\":\"https:\\\/\\\/www.klima-allianz.ch\\\/fr\\\/#organization\"},\"potentialAction\":[{\"@type\":\"SearchAction\",\"target\":{\"@type\":\"EntryPoint\",\"urlTemplate\":\"https:\\\/\\\/www.klima-allianz.ch\\\/fr\\\/?s={search_term_string}\"},\"query-input\":{\"@type\":\"PropertyValueSpecification\",\"valueRequired\":true,\"valueName\":\"search_term_string\"}}],\"inLanguage\":\"fr-FR\"},{\"@type\":\"Organization\",\"@id\":\"https:\\\/\\\/www.klima-allianz.ch\\\/fr\\\/#organization\",\"name\":\"Klima-Allianz\",\"url\":\"https:\\\/\\\/www.klima-allianz.ch\\\/fr\\\/\",\"logo\":{\"@type\":\"ImageObject\",\"inLanguage\":\"fr-FR\",\"@id\":\"https:\\\/\\\/www.klima-allianz.ch\\\/fr\\\/#\\\/schema\\\/logo\\\/image\\\/\",\"url\":\"https:\\\/\\\/www.klima-allianz.ch\\\/wp-content\\\/uploads\\\/KA-Favicon-Kreis-1.png\",\"contentUrl\":\"https:\\\/\\\/www.klima-allianz.ch\\\/wp-content\\\/uploads\\\/KA-Favicon-Kreis-1.png\",\"width\":512,\"height\":512,\"caption\":\"Klima-Allianz\"},\"image\":{\"@id\":\"https:\\\/\\\/www.klima-allianz.ch\\\/fr\\\/#\\\/schema\\\/logo\\\/image\\\/\"}}]}<\/script>\n<!-- \/ Yoast SEO plugin. -->","yoast_head_json":{"title":"L'\u00e9nergie nucl\u00e9aire dans la crise climatique : sortie ou impasse ? &#8226; Alliance Climatique","description":"La crise climatique progresse - il faut agir rapidement ! Afin d'arr\u00eater le r\u00e9chauffement climatique, nous devons d\u00e9carboniser compl\u00e8tement le secteur de l'\u00e9nergie.","robots":{"index":"index","follow":"follow","max-snippet":"max-snippet:-1","max-image-preview":"max-image-preview:large","max-video-preview":"max-video-preview:-1"},"canonical":"https:\/\/www.klima-allianz.ch\/fr\/evenements\/lenergie-nucleaire-dans-la-crise-climatique-sortie-ou-impasse\/","og_locale":"fr_FR","og_type":"article","og_title":"L'\u00e9nergie nucl\u00e9aire dans la crise climatique : sortie ou impasse ? &#8226; Alliance Climatique","og_description":"La crise climatique progresse - il faut agir rapidement ! Afin d'arr\u00eater le r\u00e9chauffement climatique, nous devons d\u00e9carboniser compl\u00e8tement le secteur de l'\u00e9nergie.","og_url":"https:\/\/www.klima-allianz.ch\/fr\/evenements\/lenergie-nucleaire-dans-la-crise-climatique-sortie-ou-impasse\/","og_site_name":"Alliance Climatique","article_modified_time":"2021-06-01T10:05:14+00:00","twitter_card":"summary_large_image","schema":{"@context":"https:\/\/schema.org","@graph":[{"@type":"WebPage","@id":"https:\/\/www.klima-allianz.ch\/fr\/evenements\/lenergie-nucleaire-dans-la-crise-climatique-sortie-ou-impasse\/","url":"https:\/\/www.klima-allianz.ch\/fr\/evenements\/lenergie-nucleaire-dans-la-crise-climatique-sortie-ou-impasse\/","name":"L'\u00e9nergie nucl\u00e9aire dans la crise climatique : sortie ou impasse ? &#8226; Alliance Climatique","isPartOf":{"@id":"https:\/\/www.klima-allianz.ch\/fr\/#website"},"datePublished":"2021-06-01T10:04:48+00:00","dateModified":"2021-06-01T10:05:14+00:00","description":"La crise climatique progresse - il faut agir rapidement ! Afin d'arr\u00eater le r\u00e9chauffement climatique, nous devons d\u00e9carboniser compl\u00e8tement le secteur de l'\u00e9nergie.","breadcrumb":{"@id":"https:\/\/www.klima-allianz.ch\/fr\/evenements\/lenergie-nucleaire-dans-la-crise-climatique-sortie-ou-impasse\/#breadcrumb"},"inLanguage":"fr-FR","potentialAction":[{"@type":"ReadAction","target":["https:\/\/www.klima-allianz.ch\/fr\/evenements\/lenergie-nucleaire-dans-la-crise-climatique-sortie-ou-impasse\/"]}]},{"@type":"BreadcrumbList","@id":"https:\/\/www.klima-allianz.ch\/fr\/evenements\/lenergie-nucleaire-dans-la-crise-climatique-sortie-ou-impasse\/#breadcrumb","itemListElement":[{"@type":"ListItem","position":1,"name":"Home","item":"https:\/\/www.klima-allianz.ch\/fr\/"},{"@type":"ListItem","position":2,"name":"\u00c9v\u00e9nements","item":"https:\/\/www.klima-allianz.ch\/fr\/evenements\/"},{"@type":"ListItem","position":3,"name":"L&#8217;\u00e9nergie nucl\u00e9aire dans la crise climatique : sortie ou impasse ?"}]},{"@type":"WebSite","@id":"https:\/\/www.klima-allianz.ch\/fr\/#website","url":"https:\/\/www.klima-allianz.ch\/fr\/","name":"Alliance Climatique","description":"","publisher":{"@id":"https:\/\/www.klima-allianz.ch\/fr\/#organization"},"potentialAction":[{"@type":"SearchAction","target":{"@type":"EntryPoint","urlTemplate":"https:\/\/www.klima-allianz.ch\/fr\/?s={search_term_string}"},"query-input":{"@type":"PropertyValueSpecification","valueRequired":true,"valueName":"search_term_string"}}],"inLanguage":"fr-FR"},{"@type":"Organization","@id":"https:\/\/www.klima-allianz.ch\/fr\/#organization","name":"Klima-Allianz","url":"https:\/\/www.klima-allianz.ch\/fr\/","logo":{"@type":"ImageObject","inLanguage":"fr-FR","@id":"https:\/\/www.klima-allianz.ch\/fr\/#\/schema\/logo\/image\/","url":"https:\/\/www.klima-allianz.ch\/wp-content\/uploads\/KA-Favicon-Kreis-1.png","contentUrl":"https:\/\/www.klima-allianz.ch\/wp-content\/uploads\/KA-Favicon-Kreis-1.png","width":512,"height":512,"caption":"Klima-Allianz"},"image":{"@id":"https:\/\/www.klima-allianz.ch\/fr\/#\/schema\/logo\/image\/"}}]}},"_links":{"self":[{"href":"https:\/\/www.klima-allianz.ch\/fr\/wp-json\/wp\/v2\/veranstaltungen\/6773","targetHints":{"allow":["GET"]}}],"collection":[{"href":"https:\/\/www.klima-allianz.ch\/fr\/wp-json\/wp\/v2\/veranstaltungen"}],"about":[{"href":"https:\/\/www.klima-allianz.ch\/fr\/wp-json\/wp\/v2\/types\/veranstaltungen"}],"acf:post":[{"embeddable":true,"href":"https:\/\/www.klima-allianz.ch\/fr\/wp-json\/wp\/v2\/mitglieder\/4459"}],"wp:attachment":[{"href":"https:\/\/www.klima-allianz.ch\/fr\/wp-json\/wp\/v2\/media?parent=6773"}],"wp:term":[{"taxonomy":"regionen","embeddable":true,"href":"https:\/\/www.klima-allianz.ch\/fr\/wp-json\/wp\/v2\/regionen?post=6773"},{"taxonomy":"themen_tax","embeddable":true,"href":"https:\/\/www.klima-allianz.ch\/fr\/wp-json\/wp\/v2\/themen_tax?post=6773"}],"curies":[{"name":"wp","href":"https:\/\/api.w.org\/{rel}","templated":true}]}}