{"id":8251,"date":"2022-05-03T11:00:47","date_gmt":"2022-05-03T09:00:47","guid":{"rendered":"https:\/\/www.klima-allianz.ch\/?post_type=veranstaltungen&#038;p=8251"},"modified":"2022-05-04T17:19:26","modified_gmt":"2022-05-04T15:19:26","slug":"lalimentation-une-cle-pour-la-transition-formation-lien-entre-lhumain-et-la-nature","status":"publish","type":"veranstaltungen","link":"https:\/\/www.klima-allianz.ch\/fr\/evenements\/lalimentation-une-cle-pour-la-transition-formation-lien-entre-lhumain-et-la-nature\/","title":{"rendered":"L\u2019alimentation, une cl\u00e9 pour la transition: formation Lien entre l&rsquo;humain et la nature"},"content":{"rendered":"","protected":false},"featured_media":8254,"template":"","regionen":[28],"themen_tax":[],"class_list":["post-8251","veranstaltungen","type-veranstaltungen","status-publish","has-post-thumbnail","hentry","regionen-suisse-romande"],"better_featured_image":{"id":8254,"alt_text":"","caption":"","description":"","media_type":"image","media_details":{"width":1033,"height":741,"file":"img_6786_formation2_20pc.jpg","sizes":{"medium":{"file":"img_6786_formation2_20pc-300x215.jpg","width":300,"height":215,"mime-type":"image\/jpeg","source_url":"https:\/\/www.klima-allianz.ch\/wp-content\/uploads\/img_6786_formation2_20pc-300x215.jpg"},"large":{"file":"img_6786_formation2_20pc-1024x735.jpg","width":1024,"height":735,"mime-type":"image\/jpeg","source_url":"https:\/\/www.klima-allianz.ch\/wp-content\/uploads\/img_6786_formation2_20pc-1024x735.jpg"},"thumbnail":{"file":"img_6786_formation2_20pc-550x395.jpg","width":550,"height":395,"mime-type":"image\/jpeg","source_url":"https:\/\/www.klima-allianz.ch\/wp-content\/uploads\/img_6786_formation2_20pc-550x395.jpg"},"medium_large":{"file":"img_6786_formation2_20pc-768x551.jpg","width":768,"height":551,"mime-type":"image\/jpeg","source_url":"https:\/\/www.klima-allianz.ch\/wp-content\/uploads\/img_6786_formation2_20pc-768x551.jpg"}},"image_meta":{"aperture":"0","credit":"","camera":"","caption":"","created_timestamp":"0","copyright":"","focal_length":"0","iso":"0","shutter_speed":"0","title":"","orientation":"0","keywords":[]}},"post":8251,"source_url":"https:\/\/www.klima-allianz.ch\/wp-content\/uploads\/img_6786_formation2_20pc.jpg"},"acf":{"single_day_event":"single-day","zeige_uhrzeit":true,"datum":"2022-06-09 09:00:00","multipleday_event_end_datum":null,"endzeit":"16:00","beschreibung":"<blockquote class=\"\">\r\n<div class=\"\">\r\n<div class=\"gmail_quote\">\r\n<div class=\"\">\r\n<p class=\"\"><span class=\"\">Il est possible d'entrer en contact avec la nature \u2013 les plantes, les animaux \u2013 et aussi avec les producteurs \u00e0 travers l'acte de manger. Quand on go\u00fbte quelque chose on se connecte avec le monde. Ne dit-on pas\u00a0<em class=\"\">Croquer la vie \u00e0 pleine dent?\u00a0<\/em>Cette facult\u00e9 d'entrer en lien avec la nature permet de mieux la comprendre et d'agir en faveur du climat avec justesse et conviction.\u00a0<\/span><\/p>\r\n<p class=\"\"><span class=\"\">Lors de cette journ\u00e9e, nous vous proposons de d\u00e9couvrir et de mettre en\u00a0application les objectifs de l'\u00e9copsychologie qui sont, selon le site du\u00a0<a class=\"\" href=\"https:\/\/ecopsychologie.site\/\" target=\"_blank\" rel=\"noopener noreferrer\">R\u00e9seau romand d\u2019\u00e9copsychologie,<\/a><em class=\"\">de restaurer notre lien \u00e0 la nature, d\u00e9grad\u00e9 ou bris\u00e9 par la modernit\u00e9 occidentale. La restauration de ce lien favoriserait le d\u00e9veloppement d'une soci\u00e9t\u00e9 qui soutient la vie, en harmonie avec son environnement naturel.\u00a0<\/em><\/span><\/p>\r\n<p class=\"\"><span class=\"\">Nous serons aid\u00e9 par\u00a0l\u2019accompagnement de Sarah Koller,\u00a0doctorante a\u0300 l'Institut de ge\u0301ographie et durabilite\u0301 de l\u2019UNIL et co-fondatrice\u00a0du r\u00e9seau romand d\u2019\u00e9copsychologie. Ainsi que par\u00a0<\/span><span class=\"\">le cadre particuli\u00e8rement propice du\u00a0<a class=\"\" href=\"https:\/\/domaine-challandes.ch\/\" target=\"_blank\" rel=\"noopener noreferrer\">Domaine Challandes<\/a>\u00a0qui est labellis\u00e9 bio suisse et qui accueille\u00a0chaque semaine une classe de l'\u00e9tablissement scolaire d'Yvonand et environs.<\/span><\/p>\r\n<p class=\"\"><span class=\"\">Nous aurons l\u2019occasion de visiter le Domaine avec\u00a0Sarah Challandes\u00a0<\/span><span class=\"\">l\u2019apr\u00e8s-midi et de discuter de son exp\u00e9rience d\u2019accueil \u00e0 la ferme qui est une belle mani\u00e8re d\u2019aider les enfants \u00e0 se relier \u00e0 l\u2019agriculture, la nature et la nourriture.<\/span><\/p>\r\n\r\n<\/div>\r\n<blockquote class=\"\">\r\n<div class=\"\">\r\n<div class=\"gmail_quote\">\r\n<div class=\"\">\r\n<p class=\"\"><span class=\"\">Lien vers la page de pr\u00e9sentation : <a class=\"\" href=\"https:\/\/www.gpclimat.ch\/lalimentation-une-cle-pour-la-transition-formation-lien-entre-lhumain-et-la-nature\/\" target=\"_blank\" rel=\"noopener noreferrer\">https:\/\/www.gpclimat.ch\/lalimentation-une-cle-pour-la-transition-formation-lien-entre-lhumain-et-la-nature\/<\/a> <\/span><\/p>\r\n\r\n<\/div>\r\n<\/div>\r\n<\/div><\/blockquote>\r\n<\/div>\r\n<\/div><\/blockquote>","adresse":"Domaine Challandes\u00a0La Mauguettaz, rue du Casino 11, 1462 Yvonand","map":null,"organisator_type":"intern","veranstalter":[4436],"veranstalter_extern":{"name_des_veranstalters":"","logo":null},"downloads":null},"yoast_head":"<!-- This site is optimized with the Yoast SEO plugin v27.5 - https:\/\/yoast.com\/product\/yoast-seo-wordpress\/ -->\n<title>L\u2019alimentation, une cl\u00e9 pour la transition: formation Lien entre l&#039;humain et la nature &#8226; Alliance Climatique<\/title>\n<meta name=\"robots\" content=\"index, follow, max-snippet:-1, max-image-preview:large, max-video-preview:-1\" \/>\n<link rel=\"canonical\" href=\"https:\/\/www.klima-allianz.ch\/fr\/evenements\/lalimentation-une-cle-pour-la-transition-formation-lien-entre-lhumain-et-la-nature\/\" \/>\n<meta property=\"og:locale\" content=\"fr_FR\" \/>\n<meta property=\"og:type\" content=\"article\" \/>\n<meta property=\"og:title\" content=\"L\u2019alimentation, une cl\u00e9 pour la transition: formation Lien entre l&#039;humain et la nature &#8226; Alliance Climatique\" \/>\n<meta property=\"og:url\" content=\"https:\/\/www.klima-allianz.ch\/fr\/evenements\/lalimentation-une-cle-pour-la-transition-formation-lien-entre-lhumain-et-la-nature\/\" \/>\n<meta property=\"og:site_name\" content=\"Alliance Climatique\" \/>\n<meta property=\"article:modified_time\" content=\"2022-05-04T15:19:26+00:00\" \/>\n<meta property=\"og:image\" content=\"https:\/\/www.klima-allianz.ch\/wp-content\/uploads\/img_6786_formation2_20pc.jpg\" \/>\n\t<meta property=\"og:image:width\" content=\"1033\" \/>\n\t<meta property=\"og:image:height\" content=\"741\" \/>\n\t<meta property=\"og:image:type\" content=\"image\/jpeg\" \/>\n<meta name=\"twitter:card\" content=\"summary_large_image\" \/>\n<script type=\"application\/ld+json\" class=\"yoast-schema-graph\">{\"@context\":\"https:\\\/\\\/schema.org\",\"@graph\":[{\"@type\":\"WebPage\",\"@id\":\"https:\\\/\\\/www.klima-allianz.ch\\\/fr\\\/evenements\\\/lalimentation-une-cle-pour-la-transition-formation-lien-entre-lhumain-et-la-nature\\\/\",\"url\":\"https:\\\/\\\/www.klima-allianz.ch\\\/fr\\\/evenements\\\/lalimentation-une-cle-pour-la-transition-formation-lien-entre-lhumain-et-la-nature\\\/\",\"name\":\"L\u2019alimentation, une cl\u00e9 pour la transition: formation Lien entre l'humain et la nature &#8226; Alliance Climatique\",\"isPartOf\":{\"@id\":\"https:\\\/\\\/www.klima-allianz.ch\\\/fr\\\/#website\"},\"primaryImageOfPage\":{\"@id\":\"https:\\\/\\\/www.klima-allianz.ch\\\/fr\\\/evenements\\\/lalimentation-une-cle-pour-la-transition-formation-lien-entre-lhumain-et-la-nature\\\/#primaryimage\"},\"image\":{\"@id\":\"https:\\\/\\\/www.klima-allianz.ch\\\/fr\\\/evenements\\\/lalimentation-une-cle-pour-la-transition-formation-lien-entre-lhumain-et-la-nature\\\/#primaryimage\"},\"thumbnailUrl\":\"https:\\\/\\\/www.klima-allianz.ch\\\/wp-content\\\/uploads\\\/img_6786_formation2_20pc.jpg\",\"datePublished\":\"2022-05-03T09:00:47+00:00\",\"dateModified\":\"2022-05-04T15:19:26+00:00\",\"breadcrumb\":{\"@id\":\"https:\\\/\\\/www.klima-allianz.ch\\\/fr\\\/evenements\\\/lalimentation-une-cle-pour-la-transition-formation-lien-entre-lhumain-et-la-nature\\\/#breadcrumb\"},\"inLanguage\":\"fr-FR\",\"potentialAction\":[{\"@type\":\"ReadAction\",\"target\":[\"https:\\\/\\\/www.klima-allianz.ch\\\/fr\\\/evenements\\\/lalimentation-une-cle-pour-la-transition-formation-lien-entre-lhumain-et-la-nature\\\/\"]}]},{\"@type\":\"ImageObject\",\"inLanguage\":\"fr-FR\",\"@id\":\"https:\\\/\\\/www.klima-allianz.ch\\\/fr\\\/evenements\\\/lalimentation-une-cle-pour-la-transition-formation-lien-entre-lhumain-et-la-nature\\\/#primaryimage\",\"url\":\"https:\\\/\\\/www.klima-allianz.ch\\\/wp-content\\\/uploads\\\/img_6786_formation2_20pc.jpg\",\"contentUrl\":\"https:\\\/\\\/www.klima-allianz.ch\\\/wp-content\\\/uploads\\\/img_6786_formation2_20pc.jpg\",\"width\":1033,\"height\":741},{\"@type\":\"BreadcrumbList\",\"@id\":\"https:\\\/\\\/www.klima-allianz.ch\\\/fr\\\/evenements\\\/lalimentation-une-cle-pour-la-transition-formation-lien-entre-lhumain-et-la-nature\\\/#breadcrumb\",\"itemListElement\":[{\"@type\":\"ListItem\",\"position\":1,\"name\":\"Home\",\"item\":\"https:\\\/\\\/www.klima-allianz.ch\\\/fr\\\/\"},{\"@type\":\"ListItem\",\"position\":2,\"name\":\"\u00c9v\u00e9nements\",\"item\":\"https:\\\/\\\/www.klima-allianz.ch\\\/fr\\\/evenements\\\/\"},{\"@type\":\"ListItem\",\"position\":3,\"name\":\"L\u2019alimentation, une cl\u00e9 pour la transition: formation Lien entre l&#8217;humain et la nature\"}]},{\"@type\":\"WebSite\",\"@id\":\"https:\\\/\\\/www.klima-allianz.ch\\\/fr\\\/#website\",\"url\":\"https:\\\/\\\/www.klima-allianz.ch\\\/fr\\\/\",\"name\":\"Alliance Climatique\",\"description\":\"\",\"publisher\":{\"@id\":\"https:\\\/\\\/www.klima-allianz.ch\\\/fr\\\/#organization\"},\"potentialAction\":[{\"@type\":\"SearchAction\",\"target\":{\"@type\":\"EntryPoint\",\"urlTemplate\":\"https:\\\/\\\/www.klima-allianz.ch\\\/fr\\\/?s={search_term_string}\"},\"query-input\":{\"@type\":\"PropertyValueSpecification\",\"valueRequired\":true,\"valueName\":\"search_term_string\"}}],\"inLanguage\":\"fr-FR\"},{\"@type\":\"Organization\",\"@id\":\"https:\\\/\\\/www.klima-allianz.ch\\\/fr\\\/#organization\",\"name\":\"Klima-Allianz\",\"url\":\"https:\\\/\\\/www.klima-allianz.ch\\\/fr\\\/\",\"logo\":{\"@type\":\"ImageObject\",\"inLanguage\":\"fr-FR\",\"@id\":\"https:\\\/\\\/www.klima-allianz.ch\\\/fr\\\/#\\\/schema\\\/logo\\\/image\\\/\",\"url\":\"https:\\\/\\\/www.klima-allianz.ch\\\/wp-content\\\/uploads\\\/KA-Favicon-Kreis-1.png\",\"contentUrl\":\"https:\\\/\\\/www.klima-allianz.ch\\\/wp-content\\\/uploads\\\/KA-Favicon-Kreis-1.png\",\"width\":512,\"height\":512,\"caption\":\"Klima-Allianz\"},\"image\":{\"@id\":\"https:\\\/\\\/www.klima-allianz.ch\\\/fr\\\/#\\\/schema\\\/logo\\\/image\\\/\"}}]}<\/script>\n<!-- \/ Yoast SEO plugin. -->","yoast_head_json":{"title":"L\u2019alimentation, une cl\u00e9 pour la transition: formation Lien entre l'humain et la nature &#8226; Alliance Climatique","robots":{"index":"index","follow":"follow","max-snippet":"max-snippet:-1","max-image-preview":"max-image-preview:large","max-video-preview":"max-video-preview:-1"},"canonical":"https:\/\/www.klima-allianz.ch\/fr\/evenements\/lalimentation-une-cle-pour-la-transition-formation-lien-entre-lhumain-et-la-nature\/","og_locale":"fr_FR","og_type":"article","og_title":"L\u2019alimentation, une cl\u00e9 pour la transition: formation Lien entre l'humain et la nature &#8226; Alliance Climatique","og_url":"https:\/\/www.klima-allianz.ch\/fr\/evenements\/lalimentation-une-cle-pour-la-transition-formation-lien-entre-lhumain-et-la-nature\/","og_site_name":"Alliance Climatique","article_modified_time":"2022-05-04T15:19:26+00:00","og_image":[{"width":1033,"height":741,"url":"https:\/\/www.klima-allianz.ch\/wp-content\/uploads\/img_6786_formation2_20pc.jpg","type":"image\/jpeg"}],"twitter_card":"summary_large_image","schema":{"@context":"https:\/\/schema.org","@graph":[{"@type":"WebPage","@id":"https:\/\/www.klima-allianz.ch\/fr\/evenements\/lalimentation-une-cle-pour-la-transition-formation-lien-entre-lhumain-et-la-nature\/","url":"https:\/\/www.klima-allianz.ch\/fr\/evenements\/lalimentation-une-cle-pour-la-transition-formation-lien-entre-lhumain-et-la-nature\/","name":"L\u2019alimentation, une cl\u00e9 pour la transition: formation Lien entre l'humain et la nature &#8226; Alliance Climatique","isPartOf":{"@id":"https:\/\/www.klima-allianz.ch\/fr\/#website"},"primaryImageOfPage":{"@id":"https:\/\/www.klima-allianz.ch\/fr\/evenements\/lalimentation-une-cle-pour-la-transition-formation-lien-entre-lhumain-et-la-nature\/#primaryimage"},"image":{"@id":"https:\/\/www.klima-allianz.ch\/fr\/evenements\/lalimentation-une-cle-pour-la-transition-formation-lien-entre-lhumain-et-la-nature\/#primaryimage"},"thumbnailUrl":"https:\/\/www.klima-allianz.ch\/wp-content\/uploads\/img_6786_formation2_20pc.jpg","datePublished":"2022-05-03T09:00:47+00:00","dateModified":"2022-05-04T15:19:26+00:00","breadcrumb":{"@id":"https:\/\/www.klima-allianz.ch\/fr\/evenements\/lalimentation-une-cle-pour-la-transition-formation-lien-entre-lhumain-et-la-nature\/#breadcrumb"},"inLanguage":"fr-FR","potentialAction":[{"@type":"ReadAction","target":["https:\/\/www.klima-allianz.ch\/fr\/evenements\/lalimentation-une-cle-pour-la-transition-formation-lien-entre-lhumain-et-la-nature\/"]}]},{"@type":"ImageObject","inLanguage":"fr-FR","@id":"https:\/\/www.klima-allianz.ch\/fr\/evenements\/lalimentation-une-cle-pour-la-transition-formation-lien-entre-lhumain-et-la-nature\/#primaryimage","url":"https:\/\/www.klima-allianz.ch\/wp-content\/uploads\/img_6786_formation2_20pc.jpg","contentUrl":"https:\/\/www.klima-allianz.ch\/wp-content\/uploads\/img_6786_formation2_20pc.jpg","width":1033,"height":741},{"@type":"BreadcrumbList","@id":"https:\/\/www.klima-allianz.ch\/fr\/evenements\/lalimentation-une-cle-pour-la-transition-formation-lien-entre-lhumain-et-la-nature\/#breadcrumb","itemListElement":[{"@type":"ListItem","position":1,"name":"Home","item":"https:\/\/www.klima-allianz.ch\/fr\/"},{"@type":"ListItem","position":2,"name":"\u00c9v\u00e9nements","item":"https:\/\/www.klima-allianz.ch\/fr\/evenements\/"},{"@type":"ListItem","position":3,"name":"L\u2019alimentation, une cl\u00e9 pour la transition: formation Lien entre l&#8217;humain et la nature"}]},{"@type":"WebSite","@id":"https:\/\/www.klima-allianz.ch\/fr\/#website","url":"https:\/\/www.klima-allianz.ch\/fr\/","name":"Alliance Climatique","description":"","publisher":{"@id":"https:\/\/www.klima-allianz.ch\/fr\/#organization"},"potentialAction":[{"@type":"SearchAction","target":{"@type":"EntryPoint","urlTemplate":"https:\/\/www.klima-allianz.ch\/fr\/?s={search_term_string}"},"query-input":{"@type":"PropertyValueSpecification","valueRequired":true,"valueName":"search_term_string"}}],"inLanguage":"fr-FR"},{"@type":"Organization","@id":"https:\/\/www.klima-allianz.ch\/fr\/#organization","name":"Klima-Allianz","url":"https:\/\/www.klima-allianz.ch\/fr\/","logo":{"@type":"ImageObject","inLanguage":"fr-FR","@id":"https:\/\/www.klima-allianz.ch\/fr\/#\/schema\/logo\/image\/","url":"https:\/\/www.klima-allianz.ch\/wp-content\/uploads\/KA-Favicon-Kreis-1.png","contentUrl":"https:\/\/www.klima-allianz.ch\/wp-content\/uploads\/KA-Favicon-Kreis-1.png","width":512,"height":512,"caption":"Klima-Allianz"},"image":{"@id":"https:\/\/www.klima-allianz.ch\/fr\/#\/schema\/logo\/image\/"}}]}},"_links":{"self":[{"href":"https:\/\/www.klima-allianz.ch\/fr\/wp-json\/wp\/v2\/veranstaltungen\/8251","targetHints":{"allow":["GET"]}}],"collection":[{"href":"https:\/\/www.klima-allianz.ch\/fr\/wp-json\/wp\/v2\/veranstaltungen"}],"about":[{"href":"https:\/\/www.klima-allianz.ch\/fr\/wp-json\/wp\/v2\/types\/veranstaltungen"}],"acf:post":[{"embeddable":true,"href":"https:\/\/www.klima-allianz.ch\/fr\/wp-json\/wp\/v2\/mitglieder\/4436"}],"wp:featuredmedia":[{"embeddable":true,"href":"https:\/\/www.klima-allianz.ch\/fr\/wp-json\/wp\/v2\/media\/8254"}],"wp:attachment":[{"href":"https:\/\/www.klima-allianz.ch\/fr\/wp-json\/wp\/v2\/media?parent=8251"}],"wp:term":[{"taxonomy":"regionen","embeddable":true,"href":"https:\/\/www.klima-allianz.ch\/fr\/wp-json\/wp\/v2\/regionen?post=8251"},{"taxonomy":"themen_tax","embeddable":true,"href":"https:\/\/www.klima-allianz.ch\/fr\/wp-json\/wp\/v2\/themen_tax?post=8251"}],"curies":[{"name":"wp","href":"https:\/\/api.w.org\/{rel}","templated":true}]}}